{"id":10370,"date":"2021-02-12T10:31:08","date_gmt":"2021-02-12T09:31:08","guid":{"rendered":"https:\/\/remembermefrance.org\/?page_id=10370"},"modified":"2025-10-03T10:16:27","modified_gmt":"2025-10-03T08:16:27","slug":"notre-projet","status":"publish","type":"page","link":"https:\/\/remembermefrance.org\/en\/agir\/notre-projet\/","title":{"rendered":"Our project"},"content":{"rendered":"\n<div class=\"wp-block-cover alignfull alignfull1\" style=\"min-height:407px;aspect-ratio:unset;\"><img decoding=\"async\" width=\"800\" height=\"600\" class=\"wp-block-cover__image-background wp-image-10371\" alt=\"\" src=\"https:\/\/remembermefrance.org\/wp-content\/uploads\/ourano48.jpg\" style=\"object-position:43% 60%\" data-object-fit=\"cover\" data-object-position=\"43% 60%\" srcset=\"https:\/\/remembermefrance.org\/wp-content\/uploads\/ourano48.jpg 800w, https:\/\/remembermefrance.org\/wp-content\/uploads\/ourano48-300x225.jpg 300w, https:\/\/remembermefrance.org\/wp-content\/uploads\/ourano48-500x375.jpg 500w, https:\/\/remembermefrance.org\/wp-content\/uploads\/ourano48-768x576.jpg 768w, https:\/\/remembermefrance.org\/wp-content\/uploads\/ourano48-360x270.jpg 360w\" sizes=\"(max-width: 800px) 100vw, 800px\" \/><span aria-hidden=\"true\" class=\"wp-block-cover__background has-background-dim-0 has-background-dim\"><\/span><div class=\"wp-block-cover__inner-container is-layout-flow wp-block-cover-is-layout-flow\">\n<h2 class=\"wp-block-heading has-text-align-center\" style=\"font-size:49px\">Notre projet<\/h2>\n<\/div><\/div>\n\n\n\n<h2 class=\"wp-block-heading\">Remember Me Park : un refuge d\u00e9di\u00e9 au sauvetage des chiens roumains en France<\/h2>\n\n\n\n<div style=\"height:16px\" aria-hidden=\"true\" class=\"wp-block-spacer\"><\/div>\n\n\n\n<div class=\"wp-block-columns are-vertically-aligned-center is-layout-flex wp-container-core-columns-is-layout-9d6595d7 wp-block-columns-is-layout-flex\">\n<div class=\"wp-block-column is-vertically-aligned-center is-layout-flow wp-block-column-is-layout-flow\">\n<p><strong>Notre r\u00eave : une terre d\u2019accueil pour les chiens roumains en France. Un petit refuge qui leur est d\u00e9di\u00e9, un lieu de passage avant le bonheur.<\/strong><\/p>\n\n\n\n<p>Tous les types de chiens pourront y \u00eatre accueillis, notamment : les <strong>chiots fragiles<\/strong> qui ne survivent pas \u00e0 l\u2019hiver ; <strong>les vieux animaux malades, handicap\u00e9s ou paralys\u00e9s ; les chiens n\u00e9cessitant des soins v\u00e9t\u00e9rinaires sp\u00e9cifiques ; mais \u00e9galement les chiens craintifs<\/strong> qui ont besoin d&rsquo;un suivi et d&rsquo;un travail quotidien afin de progresser et de devenir adoptables en France. <\/p>\n\n\n\n<p>Ce travail est tr\u00e8s compliqu\u00e9 \u00e0 mener en Roumanie : Remember Me Land h\u00e9berge 350 chiens (et des chats) en permanence toute l\u2019ann\u00e9e&#8230; Une plus petite structure, situ\u00e9e en France, serait plus adapt\u00e9e pour les faire \u00e9voluer et leur permettrait de trouver une famille plus facilement.<\/p>\n\n\n\n<p>Remember Me Park permettrait de lib\u00e9rer des places \u00e0 Remember Me Land, et ainsi de pouvoir <strong>sauver davantage de chiens menac\u00e9s d\u2019euthanasie dans les fourri\u00e8res publiques roumaines<\/strong> telles que Roman, Golesti, Orastie, ou Piatra Neamt.<\/p>\n\n\n\n<p>Gr\u00e2ce \u00e0 Remember Me Park, nous pourrions \u00e9galement <strong>r\u00e9cup\u00e9rer en urgence nos chiens de retour \u00e0 l\u2019adoption<\/strong>, probl\u00e8me que nous rencontrons malheureusement de temps \u00e0 autre.<\/p>\n<\/div>\n\n\n\n<div class=\"wp-block-column is-vertically-aligned-center is-layout-flow wp-block-column-is-layout-flow\">\n<figure class=\"wp-block-image size-large\"><a href=\"https:\/\/remembermefrance.org\/wp-content\/uploads\/chimen82-e1613078567128.jpg\"><img decoding=\"async\" src=\"https:\/\/remembermefrance.org\/wp-content\/uploads\/chimen82-375x500.jpg\" alt=\"\" class=\"wp-image-10360\"\/><\/a><figcaption class=\"wp-element-caption\"><a href=\"https:\/\/remembermefrance.org\/index.php\/pets\/chimene\/\" data-type=\"pets\" data-id=\"2736\" target=\"_blank\" rel=\"noreferrer noopener\">Chim\u00e8ne<\/a> &amp; <a href=\"https:\/\/remembermefrance.org\/index.php\/pets\/jazz\/\" data-type=\"pets\" data-id=\"3755\" target=\"_blank\" rel=\"noreferrer noopener\">Jazz<\/a><\/figcaption><\/figure>\n<\/div>\n<\/div>\n\n\n\n<div class=\"wp-block-columns alignfull alignfull1 has-background is-layout-flex wp-container-core-columns-is-layout-9d6595d7 wp-block-columns-is-layout-flex\" style=\"background-color:#e2e5f7\">\n<div class=\"wp-block-column is-layout-flow wp-block-column-is-layout-flow\">\n<h2 class=\"wp-block-heading has-text-align-center\">Comment pouvez-vous nous aider \u00e0 accomplir ce r\u00eave\u202f?<\/h2>\n\n\n\n<div class=\"wp-block-columns is-layout-flex wp-container-core-columns-is-layout-9d6595d7 wp-block-columns-is-layout-flex\">\n<div class=\"wp-block-column is-layout-flow wp-block-column-is-layout-flow\"><\/div>\n<\/div>\n\n\n\n<div class=\"wp-block-columns is-layout-flex wp-container-core-columns-is-layout-9d6595d7 wp-block-columns-is-layout-flex\">\n<div class=\"wp-block-column is-layout-flow wp-block-column-is-layout-flow\">\n<ol class=\"wp-block-list\">\n<li>En devenant notre m\u00e9c\u00e8ne&nbsp;! Nous n\u2019arriverons pas \u00e0 financer ce projet seuls avec nos seuls fonds ; ceux-ci sont minces, puisque nous agissons de fa\u00e7on permanente en Roumanie. Si vous pouviez nous aider \u00e0 cr\u00e9er ce refuge en France avec un don cons\u00e9quent, ce serait merveilleux&nbsp;! Une mise en avant des principaux donateurs est pr\u00e9vue \u00e0 Remember Me Park.<br><\/li>\n\n\n\n<li>En nous faisant des dons pour couvrir l\u2019achat ou la location d\u2019une ferme, d\u2019un terrain, d\u2019un ancien refuge ou pension.<br><\/li>\n\n\n\n<li>En nous informant si vous avez un terrain que vous souhaitez vendre ou louer qui pourrait correspondre \u00e0 ce que nous recherchons. Si vous connaissez une pension, un petit refuge en vente, ou toute autre structure qui pourrait faire l&rsquo;affaire. Nous n\u2019avons pas encore trouv\u00e9 le lieu de construction de ce projet ; nous souhaiterions simplement rester dans l\u2019est de la France au sens large (du 57 au 06, donc vraiment tout l\u2019est de la France), pour que l&rsquo;organisation de nos rapatriements reste simple.<br><\/li>\n\n\n\n<li>En nous donnant du mat\u00e9riel de construction, ou en aidant au sens large \u00e0 la cr\u00e9ation et \u00e0 l\u2019am\u00e9nagement de boxes.<br><\/li>\n\n\n\n<li>En vous proposant comme b\u00e9n\u00e9vole pour la construction du refuge ou son am\u00e9nagement. Quand nous aurons le lieu, nous pourrons alors commencer l&rsquo;\u00e9dification ou l\u2019agencement pur de celui-ci, en vue de sa l\u00e9galisation par la DDPP locale. Nous aurons alors besoin de bras sur place ! Vos bras ?<\/li>\n<\/ol>\n\n\n\n<p><\/p>\n<\/div>\n<\/div>\n\n\n\n<div class=\"wp-block-columns alignfull alignfull1 is-layout-flex wp-container-core-columns-is-layout-9d6595d7 wp-block-columns-is-layout-flex\">\n<div class=\"wp-block-column is-layout-flow wp-block-column-is-layout-flow\"><\/div>\n<\/div>\n\n\n\n<p><\/p>\n<\/div>\n<\/div>\n\n\n\n<div class=\"wp-block-columns is-layout-flex wp-container-core-columns-is-layout-9d6595d7 wp-block-columns-is-layout-flex\">\n<div class=\"wp-block-column is-layout-flow wp-block-column-is-layout-flow\"><div class=\"wp-block-image .thumbnail-caption { display: none; }\">\n<figure class=\"aligncenter size-large\"><a href=\"https:\/\/remembermefrance.org\/wp-content\/uploads\/dsc_0569.jpg\"><img decoding=\"async\" width=\"335\" height=\"500\" src=\"https:\/\/remembermefrance.org\/wp-content\/uploads\/dsc_0569-335x500.jpg\" alt=\"\" class=\"wp-image-10471\" srcset=\"https:\/\/remembermefrance.org\/wp-content\/uploads\/dsc_0569-335x500.jpg 335w, https:\/\/remembermefrance.org\/wp-content\/uploads\/dsc_0569-201x300.jpg 201w, https:\/\/remembermefrance.org\/wp-content\/uploads\/dsc_0569-360x537.jpg 360w, https:\/\/remembermefrance.org\/wp-content\/uploads\/dsc_0569.jpg 536w\" sizes=\"(max-width: 335px) 100vw, 335px\" \/><\/a><figcaption class=\"wp-element-caption\"><a href=\"https:\/\/remembermefrance.org\/index.php\/pets\/lazia\/\" data-type=\"pets\" data-id=\"3916\" target=\"_blank\" rel=\"noreferrer noopener\">Lazia<\/a> &amp; <a href=\"https:\/\/remembermefrance.org\/index.php\/pets\/kayla\/\" data-type=\"pets\" data-id=\"3849\" target=\"_blank\" rel=\"noreferrer noopener\">Kayla<\/a><\/figcaption><\/figure><\/div><\/div>\n\n\n\n<div class=\"wp-block-column is-layout-flow wp-block-column-is-layout-flow\">\n<p><br>La derni\u00e8re fois que nous avons os\u00e9 r\u00eaver \u00e0 un si gros projet, c\u2019\u00e9tait en ao\u00fbt 2015, lors de la cr\u00e9ation de Remember Me Land. En d\u00e9cembre 2015, nous avions fini de construire notre premi\u00e8re rang\u00e9e de boxes ; nous avions sign\u00e9 le contrat avec la mairie de Pascani, faisant officiellement de Remember Me Land la nouvelle fourri\u00e8re. L\u2019ancienne fourri\u00e8re mouroir, o\u00f9 tant de chiens avaient perdu la vie, \u00e9tait ferm\u00e9e. Aujourd&rsquo;hui, de nombreuses ann\u00e9es apr\u00e8s la r\u00e9alisation de ce r\u00eave, Remember Me Land est un refuge l\u00e9galis\u00e9 par l\u2019administration roumaine ; le refuge abrite en permanence 500 chiens, et a permis le sauvetage de milliers de chiens. Remember Me Park serait le prolongement naturel de Remember Me Land en France. Une terre d\u2019accueil sur notre territoire, permettant ainsi de sauver davantage d\u2019animaux.<\/p>\n\n\n\n<p>Voil\u00e0, vous connaissez \u00e0 pr\u00e9sent notre projet. <strong>Nous aideriez-vous \u00e0 le r\u00e9aliser ? Notre devise : \u00ab\u00a0Cela semble toujours impossible, jusqu&rsquo;\u00e0 ce qu&rsquo;on le fasse\u00a0\u00bb.<\/strong><\/p>\n<\/div>\n<\/div>\n\n\n\n<div class=\"wp-block-columns alignfull alignfull1 has-background is-layout-flex wp-container-core-columns-is-layout-9d6595d7 wp-block-columns-is-layout-flex\" style=\"background-color:#e2e5f7\">\n<div class=\"wp-block-column alignfull1 is-layout-flow wp-block-column-is-layout-flow\">\n<p><\/p>\n\n\n\n<h2 class=\"wp-block-heading has-text-align-center\">Et si on le faisait ensemble ? <\/h2>\n\n\n\n<div style=\"height:17px\" aria-hidden=\"true\" class=\"wp-block-spacer\"><\/div>\n\n\n\n<div class=\"wp-block-columns is-layout-flex wp-container-core-columns-is-layout-9d6595d7 wp-block-columns-is-layout-flex\">\n<div class=\"wp-block-column is-layout-flow wp-block-column-is-layout-flow\">\n<div class=\"ha-embed\">\n  <iframe\n    id=\"haDonation\"\n    title=\"Formulaire de dons \u2014 Remember Me\"\n    src=\"https:\/\/www.helloasso.com\/beta\/associations\/association-remember-me\/formulaires\/16\/widget\"\n    scrolling=\"no\"\n    loading=\"lazy\">\n  <\/iframe>\n<\/div>\n\n<script>\n(function () {\n  var FORM_URLS = {\n    general:  \"https:\/\/www.helloasso.com\/beta\/associations\/association-remember-me\/formulaires\/16\/widget\",\n    facebook: \"https:\/\/www.helloasso.com\/beta\/associations\/association-remember-me\/formulaires\/12\/widget\",\n    instagram:\"https:\/\/www.helloasso.com\/beta\/associations\/association-remember-me\/formulaires\/14\/widget\",\n    email:    \"https:\/\/www.helloasso.com\/beta\/associations\/association-remember-me\/formulaires\/15\/widget\",\n    ads:      \"https:\/\/www.helloasso.com\/beta\/associations\/association-remember-me\/formulaires\/17\/widget\"\n  };\n\n  function chooseAndSetSrc() {\n    var params = new URLSearchParams(window.location.search);\n    var raw = (params.get('utm_source') || '').toLowerCase();\n    var alias = { fb:'facebook', ig:'instagram', adwords:'ads', gads:'ads', google:'ads' };\n    var key = alias[raw] || raw;\n    var chosen = FORM_URLS[key] || FORM_URLS.general;\n\n    var iframe = document.getElementById(\"haDonation\");\n    if (iframe && iframe.src !== chosen) iframe.src = chosen;\n\n    setHeight(iframe, 1200);\n    var n=0, iv=setInterval(function(){ setHeight(iframe,1200); if(++n>10) clearInterval(iv); },500);\n  }\n\n  var ORIGINS=[\"https:\/\/www.helloasso.com\",\"https:\/\/helloasso.com\"];\n  function setHeight(frame,h){\n    if(!frame||!h||isNaN(h))return;\n    h=Math.max(900, parseInt(h,10));\n    frame.style.height=h+\"px\";\n    frame.setAttribute(\"height\",h);\n  }\n  window.addEventListener(\"message\",function(e){\n    if(!ORIGINS.includes(e.origin)) return;\n    var frames=[...document.querySelectorAll(\"iframe\")];\n    var frame=frames.find(f=>f.contentWindow===e.source);\n    if(!frame) return;\n    var h;\n    if(typeof e.data===\"number\") h=e.data;\n    else if(typeof e.data===\"string\"){ try{var o=JSON.parse(e.data); h=o.height||(o.payload&&o.payload.height);}catch(_){}} \n    else if(e.data&&typeof e.data===\"object\") h=e.data.height||(e.data.payload&&e.data.payload.height);\n    setHeight(frame,h);\n  },false);\n\n  if(document.readyState==='loading'){ document.addEventListener('DOMContentLoaded', chooseAndSetSrc); }\n  else { chooseAndSetSrc(); }\n})();\n<\/script>\n\n<style>\n.ha-embed{width:100%;max-width:100%;overflow:visible!important;}\n.ha-embed iframe#haDonation{display:block;width:100%;max-width:100%;border:0;height:1200px;min-height:900px}\n<\/style>\n<\/div>\n<\/div>\n<\/div>\n<\/div>\n\n\n\n<h2 class=\"wp-block-heading has-text-align-center\">Autres moyens de faire un don<\/h2>\n\n\n\n<div class=\"wp-block-columns is-layout-flex wp-container-core-columns-is-layout-9d6595d7 wp-block-columns-is-layout-flex\">\n<div class=\"wp-block-column is-layout-flow wp-block-column-is-layout-flow\">\n<h4 class=\"wp-block-heading\">PayPal<\/h4>\n\n\n<!-- Begin PayPal Donations by https:\/\/www.tipsandtricks-hq.com\/paypal-donations-widgets-plugin -->\n\n<form action=\"https:\/\/www.paypal.com\/cgi-bin\/webscr\" method=\"post\" target=\"_blank\">\n    <div class=\"paypal-donations\">\n        <input type=\"hidden\" name=\"cmd\" value=\"_donations\" \/>\n        <input type=\"hidden\" name=\"bn\" value=\"TipsandTricks_SP\" \/>\n        <input type=\"hidden\" name=\"business\" value=\"assorememberme@gmail.com\" \/>\n        <input type=\"hidden\" name=\"item_name\" value=\"Spline Importer\" \/>\n        <input type=\"hidden\" name=\"item_number\" value=\"LW3D Plugins\" \/>\n        <input type=\"hidden\" name=\"rm\" value=\"0\" \/>\n        <input type=\"hidden\" name=\"currency_code\" value=\"EUR\" \/>\n        <input type=\"image\" style=\"cursor: pointer;\" src=\"https:\/\/www.paypalobjects.com\/fr_FR\/FR\/i\/btn\/btn_donateCC_LG.gif\" name=\"submit\" alt=\"PayPal - The safer, easier way to pay online.\" \/>\n        <img decoding=\"async\" alt=\"\" src=\"https:\/\/www.paypalobjects.com\/en_US\/i\/scr\/pixel.gif\" width=\"1\" height=\"1\" \/>\n    <\/div>\n<\/form>\n<!-- End PayPal Donations -->\n\n\n\n\n<div style=\"height:21px\" aria-hidden=\"true\" class=\"wp-block-spacer\"><\/div>\n\n\n\n<h4 class=\"wp-block-heading\">Ch\u00e8que<\/h4>\n\n\n\n<p>Vous pouvez nous envoyer un ch\u00e8que \u00e0 l&rsquo;adresse du si\u00e8ge (en pr\u00e9cisant qu&rsquo;il est pour la cr\u00e9ation de Remember Me Park) : Envoyez-nous un mail \u00e0 contact@remembermefrance.org pour obtenir l&rsquo;adresse o\u00f9 envoyer votre ch\u00e8que.<\/p>\n\n\n\n<p><\/p>\n<\/div>\n\n\n\n<div class=\"wp-block-column is-layout-flow wp-block-column-is-layout-flow\">\n<h4 class=\"wp-block-heading\">Virement<\/h4>\n\n\n\n<p>Vous pouvez effectuer un virement sur le compte de l&rsquo;association (en pr\u00e9cisant qu&rsquo;il est pour la cr\u00e9ation de Remember Me Park) :<\/p>\n\n\n\n<figure class=\"wp-block-image size-large\"><a href=\"https:\/\/remembermefrance.org\/wp-content\/uploads\/captur10.jpg\"><img decoding=\"async\" src=\"https:\/\/remembermefrance.org\/wp-content\/uploads\/captur10-500x256.jpg\" alt=\"\" class=\"wp-image-1242\"\/><\/a><\/figure>\n<\/div>\n<\/div>\n","protected":false},"excerpt":{"rendered":"<p>Remember Me Park : un refuge d\u00e9di\u00e9 au sauvetage des chiens roumains en France Notre r\u00eave : une terre d\u2019accueil pour les chiens roumains en&hellip;<\/p>","protected":false},"author":5,"featured_media":0,"parent":802,"menu_order":0,"comment_status":"closed","ping_status":"closed","template":"","meta":{"cybocfi_hide_featured_image":"","footnotes":""},"class_list":["post-10370","page","type-page","status-publish","hentry"],"yoast_head":"<!-- This site is optimized with the Yoast SEO plugin v27.5 - https:\/\/yoast.com\/product\/yoast-seo-wordpress\/ -->\n<title>Notre projet - Association RMF<\/title>\n<meta name=\"robots\" content=\"index, follow, max-snippet:-1, max-image-preview:large, max-video-preview:-1\" \/>\n<link rel=\"canonical\" href=\"https:\/\/remembermefrance.org\/en\/agir\/notre-projet\/\" \/>\n<meta property=\"og:locale\" content=\"en_GB\" \/>\n<meta property=\"og:type\" content=\"article\" \/>\n<meta property=\"og:title\" content=\"Notre projet - Association RMF\" \/>\n<meta property=\"og:description\" content=\"Remember Me Park : un refuge d\u00e9di\u00e9 au sauvetage des chiens roumains en France Notre r\u00eave : une terre d\u2019accueil pour les chiens roumains en&hellip;\" \/>\n<meta property=\"og:url\" content=\"https:\/\/remembermefrance.org\/en\/agir\/notre-projet\/\" \/>\n<meta property=\"og:site_name\" content=\"Association RMF\" \/>\n<meta property=\"article:publisher\" content=\"https:\/\/www.facebook.com\/remembermefrance\" \/>\n<meta property=\"article:modified_time\" content=\"2025-10-03T08:16:27+00:00\" \/>\n<meta property=\"og:image\" content=\"https:\/\/remembermefrance.org\/wp-content\/uploads\/ourano48.jpg\" \/>\n\t<meta property=\"og:image:width\" content=\"800\" \/>\n\t<meta property=\"og:image:height\" content=\"600\" \/>\n\t<meta property=\"og:image:type\" content=\"image\/jpeg\" \/>\n<meta name=\"twitter:card\" content=\"summary_large_image\" \/>\n<meta name=\"twitter:label1\" content=\"Estimated reading time\" \/>\n\t<meta name=\"twitter:data1\" content=\"5 minutes\" \/>\n<script type=\"application\/ld+json\" class=\"yoast-schema-graph\">{\"@context\":\"https:\\\/\\\/schema.org\",\"@graph\":[{\"@type\":\"WebPage\",\"@id\":\"https:\\\/\\\/remembermefrance.org\\\/agir\\\/notre-projet\\\/\",\"url\":\"https:\\\/\\\/remembermefrance.org\\\/agir\\\/notre-projet\\\/\",\"name\":\"Notre projet - Association RMF\",\"isPartOf\":{\"@id\":\"https:\\\/\\\/remembermefrance.org\\\/#website\"},\"primaryImageOfPage\":{\"@id\":\"https:\\\/\\\/remembermefrance.org\\\/agir\\\/notre-projet\\\/#primaryimage\"},\"image\":{\"@id\":\"https:\\\/\\\/remembermefrance.org\\\/agir\\\/notre-projet\\\/#primaryimage\"},\"thumbnailUrl\":\"https:\\\/\\\/remembermefrance.org\\\/wp-content\\\/uploads\\\/ourano48.jpg\",\"datePublished\":\"2021-02-12T09:31:08+00:00\",\"dateModified\":\"2025-10-03T08:16:27+00:00\",\"breadcrumb\":{\"@id\":\"https:\\\/\\\/remembermefrance.org\\\/agir\\\/notre-projet\\\/#breadcrumb\"},\"inLanguage\":\"en-GB\",\"potentialAction\":[{\"@type\":\"ReadAction\",\"target\":[\"https:\\\/\\\/remembermefrance.org\\\/agir\\\/notre-projet\\\/\"]}]},{\"@type\":\"ImageObject\",\"inLanguage\":\"en-GB\",\"@id\":\"https:\\\/\\\/remembermefrance.org\\\/agir\\\/notre-projet\\\/#primaryimage\",\"url\":\"https:\\\/\\\/remembermefrance.org\\\/wp-content\\\/uploads\\\/ourano48.jpg\",\"contentUrl\":\"https:\\\/\\\/remembermefrance.org\\\/wp-content\\\/uploads\\\/ourano48.jpg\"},{\"@type\":\"BreadcrumbList\",\"@id\":\"https:\\\/\\\/remembermefrance.org\\\/agir\\\/notre-projet\\\/#breadcrumb\",\"itemListElement\":[{\"@type\":\"ListItem\",\"position\":1,\"name\":\"Accueil\",\"item\":\"https:\\\/\\\/remembermefrance.org\\\/\"},{\"@type\":\"ListItem\",\"position\":2,\"name\":\"Agir\",\"item\":\"https:\\\/\\\/remembermefrance.org\\\/agir\\\/\"},{\"@type\":\"ListItem\",\"position\":3,\"name\":\"Notre projet\"}]},{\"@type\":\"WebSite\",\"@id\":\"https:\\\/\\\/remembermefrance.org\\\/#website\",\"url\":\"https:\\\/\\\/remembermefrance.org\\\/\",\"name\":\"Remember me France\",\"description\":\"Adopter un chien roumain\",\"publisher\":{\"@id\":\"https:\\\/\\\/remembermefrance.org\\\/#organization\"},\"potentialAction\":[{\"@type\":\"SearchAction\",\"target\":{\"@type\":\"EntryPoint\",\"urlTemplate\":\"https:\\\/\\\/remembermefrance.org\\\/?s={search_term_string}\"},\"query-input\":{\"@type\":\"PropertyValueSpecification\",\"valueRequired\":true,\"valueName\":\"search_term_string\"}}],\"inLanguage\":\"en-GB\"},{\"@type\":\"Organization\",\"@id\":\"https:\\\/\\\/remembermefrance.org\\\/#organization\",\"name\":\"Remember me\",\"url\":\"https:\\\/\\\/remembermefrance.org\\\/\",\"logo\":{\"@type\":\"ImageObject\",\"inLanguage\":\"en-GB\",\"@id\":\"https:\\\/\\\/remembermefrance.org\\\/#\\\/schema\\\/logo\\\/image\\\/\",\"url\":\"https:\\\/\\\/remembermefrance.org\\\/wp-content\\\/uploads\\\/logo-remember.png\",\"contentUrl\":\"https:\\\/\\\/remembermefrance.org\\\/wp-content\\\/uploads\\\/logo-remember.png\",\"width\":325,\"height\":60,\"caption\":\"Remember me\"},\"image\":{\"@id\":\"https:\\\/\\\/remembermefrance.org\\\/#\\\/schema\\\/logo\\\/image\\\/\"},\"sameAs\":[\"https:\\\/\\\/www.facebook.com\\\/remembermefrance\",\"https:\\\/\\\/www.instagram.com\\\/remembermefrance\\\/\"]}]}<\/script>\n<!-- \/ Yoast SEO plugin. -->","yoast_head_json":{"title":"Notre projet - Association RMF","robots":{"index":"index","follow":"follow","max-snippet":"max-snippet:-1","max-image-preview":"max-image-preview:large","max-video-preview":"max-video-preview:-1"},"canonical":"https:\/\/remembermefrance.org\/en\/agir\/notre-projet\/","og_locale":"en_GB","og_type":"article","og_title":"Notre projet - Association RMF","og_description":"Remember Me Park : un refuge d\u00e9di\u00e9 au sauvetage des chiens roumains en France Notre r\u00eave : une terre d\u2019accueil pour les chiens roumains en&hellip;","og_url":"https:\/\/remembermefrance.org\/en\/agir\/notre-projet\/","og_site_name":"Association RMF","article_publisher":"https:\/\/www.facebook.com\/remembermefrance","article_modified_time":"2025-10-03T08:16:27+00:00","og_image":[{"width":800,"height":600,"url":"https:\/\/remembermefrance.org\/wp-content\/uploads\/ourano48.jpg","type":"image\/jpeg"}],"twitter_card":"summary_large_image","twitter_misc":{"Estimated reading time":"5 minutes"},"schema":{"@context":"https:\/\/schema.org","@graph":[{"@type":"WebPage","@id":"https:\/\/remembermefrance.org\/agir\/notre-projet\/","url":"https:\/\/remembermefrance.org\/agir\/notre-projet\/","name":"Notre projet - Association RMF","isPartOf":{"@id":"https:\/\/remembermefrance.org\/#website"},"primaryImageOfPage":{"@id":"https:\/\/remembermefrance.org\/agir\/notre-projet\/#primaryimage"},"image":{"@id":"https:\/\/remembermefrance.org\/agir\/notre-projet\/#primaryimage"},"thumbnailUrl":"https:\/\/remembermefrance.org\/wp-content\/uploads\/ourano48.jpg","datePublished":"2021-02-12T09:31:08+00:00","dateModified":"2025-10-03T08:16:27+00:00","breadcrumb":{"@id":"https:\/\/remembermefrance.org\/agir\/notre-projet\/#breadcrumb"},"inLanguage":"en-GB","potentialAction":[{"@type":"ReadAction","target":["https:\/\/remembermefrance.org\/agir\/notre-projet\/"]}]},{"@type":"ImageObject","inLanguage":"en-GB","@id":"https:\/\/remembermefrance.org\/agir\/notre-projet\/#primaryimage","url":"https:\/\/remembermefrance.org\/wp-content\/uploads\/ourano48.jpg","contentUrl":"https:\/\/remembermefrance.org\/wp-content\/uploads\/ourano48.jpg"},{"@type":"BreadcrumbList","@id":"https:\/\/remembermefrance.org\/agir\/notre-projet\/#breadcrumb","itemListElement":[{"@type":"ListItem","position":1,"name":"Accueil","item":"https:\/\/remembermefrance.org\/"},{"@type":"ListItem","position":2,"name":"Agir","item":"https:\/\/remembermefrance.org\/agir\/"},{"@type":"ListItem","position":3,"name":"Notre projet"}]},{"@type":"WebSite","@id":"https:\/\/remembermefrance.org\/#website","url":"https:\/\/remembermefrance.org\/","name":"Remember me France","description":"Adopt a Romanian dog","publisher":{"@id":"https:\/\/remembermefrance.org\/#organization"},"potentialAction":[{"@type":"SearchAction","target":{"@type":"EntryPoint","urlTemplate":"https:\/\/remembermefrance.org\/?s={search_term_string}"},"query-input":{"@type":"PropertyValueSpecification","valueRequired":true,"valueName":"search_term_string"}}],"inLanguage":"en-GB"},{"@type":"Organization","@id":"https:\/\/remembermefrance.org\/#organization","name":"Remember me","url":"https:\/\/remembermefrance.org\/","logo":{"@type":"ImageObject","inLanguage":"en-GB","@id":"https:\/\/remembermefrance.org\/#\/schema\/logo\/image\/","url":"https:\/\/remembermefrance.org\/wp-content\/uploads\/logo-remember.png","contentUrl":"https:\/\/remembermefrance.org\/wp-content\/uploads\/logo-remember.png","width":325,"height":60,"caption":"Remember me"},"image":{"@id":"https:\/\/remembermefrance.org\/#\/schema\/logo\/image\/"},"sameAs":["https:\/\/www.facebook.com\/remembermefrance","https:\/\/www.instagram.com\/remembermefrance\/"]}]}},"_links":{"self":[{"href":"https:\/\/remembermefrance.org\/en\/wp-json\/wp\/v2\/pages\/10370","targetHints":{"allow":["GET"]}}],"collection":[{"href":"https:\/\/remembermefrance.org\/en\/wp-json\/wp\/v2\/pages"}],"about":[{"href":"https:\/\/remembermefrance.org\/en\/wp-json\/wp\/v2\/types\/page"}],"author":[{"embeddable":true,"href":"https:\/\/remembermefrance.org\/en\/wp-json\/wp\/v2\/users\/5"}],"replies":[{"embeddable":true,"href":"https:\/\/remembermefrance.org\/en\/wp-json\/wp\/v2\/comments?post=10370"}],"version-history":[{"count":4,"href":"https:\/\/remembermefrance.org\/en\/wp-json\/wp\/v2\/pages\/10370\/revisions"}],"predecessor-version":[{"id":91525,"href":"https:\/\/remembermefrance.org\/en\/wp-json\/wp\/v2\/pages\/10370\/revisions\/91525"}],"up":[{"embeddable":true,"href":"https:\/\/remembermefrance.org\/en\/wp-json\/wp\/v2\/pages\/802"}],"wp:attachment":[{"href":"https:\/\/remembermefrance.org\/en\/wp-json\/wp\/v2\/media?parent=10370"}],"curies":[{"name":"wp","href":"https:\/\/api.w.org\/{rel}","templated":true}]}}