{"id":904,"date":"2020-05-20T09:40:19","date_gmt":"2020-05-20T07:40:19","guid":{"rendered":"https:\/\/remembermefrance.org\/?page_id=904"},"modified":"2026-04-26T15:36:15","modified_gmt":"2026-04-26T13:36:15","slug":"nos-rapatriements","status":"publish","type":"page","link":"https:\/\/remembermefrance.org\/en\/adopter\/nos-rapatriements\/","title":{"rendered":"Bringing them home"},"content":{"rendered":"<h2 class=\"wp-block-heading\" id=\"nos-prochains-rapatriements\">Our upcoming transport dates<\/h2>\n\n\n\n<div class=\"wp-block-columns are-vertically-aligned-center box-red has-background is-layout-flex wp-container-core-columns-is-layout-9d6595d7 wp-block-columns-is-layout-flex\" style=\"background-color:#eaf6ff\">\n<div class=\"wp-block-column is-vertically-aligned-center is-layout-flow wp-block-column-is-layout-flow\" style=\"flex-basis:33.33%\"><div class=\"wp-block-image\">\n<figure class=\"aligncenter size-large is-resized\"><img decoding=\"async\" width=\"500\" height=\"500\" src=\"https:\/\/remembermefrance.org\/wp-content\/uploads\/iconfinder_calendar-clock_299096-1-500x500.png\" alt=\"\" class=\"wp-image-1526\" style=\"width:226px;height:auto\" srcset=\"https:\/\/remembermefrance.org\/wp-content\/uploads\/iconfinder_calendar-clock_299096-1-500x500.png 500w, https:\/\/remembermefrance.org\/wp-content\/uploads\/iconfinder_calendar-clock_299096-1-100x100.png 100w, https:\/\/remembermefrance.org\/wp-content\/uploads\/iconfinder_calendar-clock_299096-1-300x300.png 300w, https:\/\/remembermefrance.org\/wp-content\/uploads\/iconfinder_calendar-clock_299096-1-150x150.png 150w, https:\/\/remembermefrance.org\/wp-content\/uploads\/iconfinder_calendar-clock_299096-1-360x360.png 360w, https:\/\/remembermefrance.org\/wp-content\/uploads\/iconfinder_calendar-clock_299096-1.png 512w\" sizes=\"(max-width: 500px) 100vw, 500px\" \/><\/figure><\/div><\/div>\n\n\n\n<div class=\"wp-block-column is-vertically-aligned-center is-layout-flow wp-block-column-is-layout-flow\" style=\"flex-basis:66.66%\">\n<h3 class=\"wp-block-heading has-text-color\" id=\"samedi-26-fevrier-samedi-26-mars\" style=\"color:#a30009\">PROCHAINS RAPATRIEMENTS LES <strong>SAMEDIS 16 &amp; 30 MAI<\/strong><\/h3>\n\n\n\n<p><\/p>\n\n\n\n<ul class=\"wp-block-list\">\n<li><em>Vers le Sud<\/em><strong><em>&nbsp;<\/em><\/strong>\u2014 <strong>16 mai : <\/strong>Sarrebourg (57), Longwy (54), Villeneuve sur Auvers (91), M\u00e2con (71), Vourles (69), Robion (84)<\/li>\n\n\n\n<li><em>Vers le Nord\u00a0<\/em>\u2014 <strong>30 mai : <\/strong>Sarrebourg (57), Longwy (54), Villeneuve sur Auvers (91), Cesson-Sevign\u00e9 (35)<\/li>\n<\/ul>\n\n\n\n<p><\/p>\n\n\n\n<p><\/p>\n<\/div>\n<\/div>\n\n\n\n<h2 class=\"wp-block-heading\" id=\"comment-se-deroulent-les-rapatriements\">How does the transport home work?<\/h2>\n\n\n<div class=\"wp-block-image\">\n<figure class=\"alignright size-large\"><a href=\"https:\/\/remembermefrance.org\/wp-content\/uploads\/229426202_721565472064336_7607336473786469417_n-e1638034220297.jpg\"><img decoding=\"async\" src=\"https:\/\/remembermefrance.org\/wp-content\/uploads\/229426202_721565472064336_7607336473786469417_n-500x375.jpg\" alt=\"\" class=\"wp-image-27516\"\/><\/a><\/figure><\/div>\n\n\n<p>Nous avons recours \u00e0 un transporteur professionnel, donc c&rsquo;est m\u00e9tier, de transport nos animaux dans son camion de transport, sp\u00e9cialement am\u00e9nag\u00e9\u2026. Leurs couches sont chang\u00e9es, ils sont nourris et abreuv\u00e9s \u00e0 chaque passage de fronti\u00e8re.<\/p>\n\n\n\n<p>All repatriations are declared to the European organization TRACES, which regulates animal movements within Europe.<\/p>\n\n\n\n<p>Un v\u00e9t\u00e9rinaire contr\u00f4le les animaux \u00e0 leur arriv\u00e9e sur le sol fran\u00e7ais. Nous nous chargeons de toutes les d\u00e9marches d\u2019importation et d\u2019inscription de la puce des chats et des chiens \u00e0 l\u2019ICAD ; chaque adoptant re\u00e7oit la carte de d\u00e9tenteur environ 2 mois apr\u00e8s l&rsquo;arriv\u00e9e de son prot\u00e9g\u00e9.<\/p>\n\n\n\n<p>However, for dogs or cats that are fostered or adopted in Belgium, you will have to register the animal's chip to your name yourself at Dog-ID.<\/p>\n\n\n\n<p>A sheet with instructions and considerations will be sent to you via email a couple of days before your furry friend will arrive, including a reminder of all the information mentioned here. You can also check out our <a href=\"\/en\/la-communaute\/faq\/\" data-type=\"URL\" data-id=\"https:\/\/remembermefrance.org\/index.php\/la-communaute\/faq\/\">frequently asked questions (FAQs)<\/a> for more information.<\/p>\n\n\n\n<figure class=\"wp-block-gallery has-nested-images columns-default is-cropped wp-block-gallery-1 is-layout-flex wp-block-gallery-is-layout-flex\">\n<figure class=\"wp-block-image size-large\"><a href=\"https:\/\/remembermefrance.org\/wp-content\/uploads\/241278443_4477698482280965_3578511461061881017_n.jpg\"><img decoding=\"async\" width=\"375\" height=\"500\" data-id=\"27523\" src=\"https:\/\/remembermefrance.org\/wp-content\/uploads\/241278443_4477698482280965_3578511461061881017_n-375x500.jpg\" alt=\"\" class=\"wp-image-27523\" srcset=\"https:\/\/remembermefrance.org\/wp-content\/uploads\/241278443_4477698482280965_3578511461061881017_n-375x500.jpg 375w, https:\/\/remembermefrance.org\/wp-content\/uploads\/241278443_4477698482280965_3578511461061881017_n-225x300.jpg 225w, https:\/\/remembermefrance.org\/wp-content\/uploads\/241278443_4477698482280965_3578511461061881017_n-9x12.jpg 9w, https:\/\/remembermefrance.org\/wp-content\/uploads\/241278443_4477698482280965_3578511461061881017_n-360x480.jpg 360w, https:\/\/remembermefrance.org\/wp-content\/uploads\/241278443_4477698482280965_3578511461061881017_n.jpg 720w\" sizes=\"(max-width: 375px) 100vw, 375px\" \/><\/a><\/figure>\n\n\n\n<figure class=\"wp-block-image size-large\"><a href=\"https:\/\/remembermefrance.org\/wp-content\/uploads\/256775231_4702149646502513_7976889289287888507_n.jpg\"><img decoding=\"async\" width=\"281\" height=\"500\" data-id=\"27521\" src=\"https:\/\/remembermefrance.org\/wp-content\/uploads\/256775231_4702149646502513_7976889289287888507_n-281x500.jpg\" alt=\"\" class=\"wp-image-27521\" srcset=\"https:\/\/remembermefrance.org\/wp-content\/uploads\/256775231_4702149646502513_7976889289287888507_n-281x500.jpg 281w, https:\/\/remembermefrance.org\/wp-content\/uploads\/256775231_4702149646502513_7976889289287888507_n-169x300.jpg 169w, https:\/\/remembermefrance.org\/wp-content\/uploads\/256775231_4702149646502513_7976889289287888507_n-7x12.jpg 7w, https:\/\/remembermefrance.org\/wp-content\/uploads\/256775231_4702149646502513_7976889289287888507_n-360x640.jpg 360w, https:\/\/remembermefrance.org\/wp-content\/uploads\/256775231_4702149646502513_7976889289287888507_n.jpg 540w\" sizes=\"(max-width: 281px) 100vw, 281px\" \/><\/a><\/figure>\n\n\n\n<figure class=\"wp-block-image size-large\"><a href=\"https:\/\/remembermefrance.org\/wp-content\/uploads\/242911410_4542344209149725_8679686926342478602_n.jpg\"><img decoding=\"async\" width=\"375\" height=\"500\" data-id=\"27524\" src=\"https:\/\/remembermefrance.org\/wp-content\/uploads\/242911410_4542344209149725_8679686926342478602_n-375x500.jpg\" alt=\"\" class=\"wp-image-27524\" srcset=\"https:\/\/remembermefrance.org\/wp-content\/uploads\/242911410_4542344209149725_8679686926342478602_n-375x500.jpg 375w, https:\/\/remembermefrance.org\/wp-content\/uploads\/242911410_4542344209149725_8679686926342478602_n-225x300.jpg 225w, https:\/\/remembermefrance.org\/wp-content\/uploads\/242911410_4542344209149725_8679686926342478602_n-9x12.jpg 9w, https:\/\/remembermefrance.org\/wp-content\/uploads\/242911410_4542344209149725_8679686926342478602_n-360x480.jpg 360w, https:\/\/remembermefrance.org\/wp-content\/uploads\/242911410_4542344209149725_8679686926342478602_n.jpg 720w\" sizes=\"(max-width: 375px) 100vw, 375px\" \/><\/a><\/figure>\n<\/figure>\n\n\n\n<h2 class=\"wp-block-heading\" id=\"ou-puis-je-recuperer-mon-animal\">Where can I pick up my furry friend?<\/h2>\n\n\n<div class=\"wp-block-image\">\n<figure class=\"alignleft size-large\"><a href=\"https:\/\/remembermefrance.org\/wp-content\/uploads\/Image3.png\"><img decoding=\"async\" width=\"500\" height=\"500\" src=\"https:\/\/remembermefrance.org\/wp-content\/uploads\/Image3-500x500.png\" alt=\"\" class=\"wp-image-71177\" srcset=\"https:\/\/remembermefrance.org\/wp-content\/uploads\/Image3-500x500.png 500w, https:\/\/remembermefrance.org\/wp-content\/uploads\/Image3-100x100.png 100w, https:\/\/remembermefrance.org\/wp-content\/uploads\/Image3-300x300.png 300w, https:\/\/remembermefrance.org\/wp-content\/uploads\/Image3-150x150.png 150w, https:\/\/remembermefrance.org\/wp-content\/uploads\/Image3-768x768.png 768w, https:\/\/remembermefrance.org\/wp-content\/uploads\/Image3-1536x1536.png 1536w, https:\/\/remembermefrance.org\/wp-content\/uploads\/Image3-12x12.png 12w, https:\/\/remembermefrance.org\/wp-content\/uploads\/Image3-360x360.png 360w, https:\/\/remembermefrance.org\/wp-content\/uploads\/Image3.png 1584w\" sizes=\"(max-width: 500px) 100vw, 500px\" \/><\/a><\/figure><\/div>\n\n\n<p>You can pick up your little one at one of the following stops:<\/p>\n\n\n\n<h4 class=\"wp-block-heading\" id=\"dans-l-est-de-la-france\">In the east of France: <\/h4>\n\n\n\n<p><strong>Sarrebourg<\/strong> (57) : <a href=\"https:\/\/goo.gl\/maps\/DCCTbrVPdEh4MzfYA\" data-type=\"URL\" data-id=\"https:\/\/goo.gl\/maps\/DCCTbrVPdEh4MzfYA\" target=\"_blank\" rel=\"noreferrer noopener\">SPA de Sarrebourg &#8211; Refuge des Malgr\u00e9-eux &#8211; Route de R\u00e9ding \u2013 57400 SARREBOURG<\/a><\/p>\n\n\n\n<p><strong>Longwy<\/strong> (54) : <a href=\"https:\/\/goo.gl\/maps\/DCCTbrVPdEh4MzfYA\" data-type=\"URL\" data-id=\"https:\/\/goo.gl\/maps\/DCCTbrVPdEh4MzfYA\" target=\"_blank\" rel=\"noreferrer noopener\">Lyc\u00e9e Professionnel Priv\u00e9 Notre Dame &#8211; 1 rue du Bois le Prieur &#8211;  54350 MONT-SAINT-MARTIN<\/a><\/p>\n\n\n\n<h4 class=\"wp-block-heading\" id=\"en-region-parisienne\">In the Paris area: <\/h4>\n\n\n\n<p><strong>Villeneuve-sur-Auvers<\/strong> (91) : <a rel=\"noreferrer noopener\" href=\"https:\/\/goo.gl\/maps\/e7JyL2FyENHoDNkT6\" target=\"_blank\">Ferme Les Poupettes &#8211; 91580 VILLENEUVE SUR AUVERS<\/a><\/p>\n\n\n\n<h4 class=\"wp-block-heading\">In the west of France: <\/h4>\n\n\n\n<p><strong>Cesson-S\u00e9vign\u00e9<\/strong> (35) : <a rel=\"noreferrer noopener\" href=\"https:\/\/goo.gl\/maps\/ZcGS3Tm8dbVyMKFT9\" target=\"_blank\">Centre commercial Carrefour &#8211; Za la Rigourdi\u00e8re (en face de Gulli Parc) 35510 CESSON SEVIGNE<\/a><\/p>\n\n\n\n<h4 class=\"wp-block-heading\" id=\"le-long-de-la-route-du-sud\">In the south:<\/h4>\n\n\n\n<p><strong>Robion<\/strong> (84)<\/p>\n\n\n\n<p>M\u00e2con (71)<\/p>\n\n\n\n<p>Vourles (69)<\/p>\n\n\n\n<p>Although we can sometimes find a solution to bring the dog to you, a foster or adoption family should never assume that this will be possible. The family should try to find a solution to pick up the animal at the stop where it arrives. Please note that the association will not refund any transport costs incurred. We remain at your disposal to try and help you find solutions to come and pick up your dog or cat, and although we will do our best, in principle, picking up your dog is at your own expense.<\/p>\n\n\n\n<figure class=\"wp-block-gallery has-nested-images columns-3 is-cropped wp-block-gallery-2 is-layout-flex wp-block-gallery-is-layout-flex\">\n<figure class=\"wp-block-image size-large\"><a href=\"https:\/\/remembermefrance.org\/wp-content\/uploads\/246176142_4613704598680352_6787970627027843031_n.jpg\"><img decoding=\"async\" width=\"500\" height=\"375\" data-id=\"27518\" src=\"https:\/\/remembermefrance.org\/wp-content\/uploads\/246176142_4613704598680352_6787970627027843031_n-500x375.jpg\" alt=\"\" class=\"wp-image-27518\" srcset=\"https:\/\/remembermefrance.org\/wp-content\/uploads\/246176142_4613704598680352_6787970627027843031_n-500x375.jpg 500w, https:\/\/remembermefrance.org\/wp-content\/uploads\/246176142_4613704598680352_6787970627027843031_n-300x225.jpg 300w, https:\/\/remembermefrance.org\/wp-content\/uploads\/246176142_4613704598680352_6787970627027843031_n-768x576.jpg 768w, https:\/\/remembermefrance.org\/wp-content\/uploads\/246176142_4613704598680352_6787970627027843031_n-16x12.jpg 16w, https:\/\/remembermefrance.org\/wp-content\/uploads\/246176142_4613704598680352_6787970627027843031_n-360x270.jpg 360w, https:\/\/remembermefrance.org\/wp-content\/uploads\/246176142_4613704598680352_6787970627027843031_n.jpg 960w\" sizes=\"(max-width: 500px) 100vw, 500px\" \/><\/a><\/figure>\n\n\n\n<figure class=\"wp-block-image size-large\"><a href=\"https:\/\/remembermefrance.org\/wp-content\/uploads\/2020\/05\/20180975.jpg\"><img decoding=\"async\" width=\"500\" height=\"375\" data-id=\"1135\" src=\"https:\/\/remembermefrance.org\/wp-content\/uploads\/2020\/05\/20180975-500x375.jpg\" alt=\"\" class=\"wp-image-1135\" srcset=\"https:\/\/remembermefrance.org\/wp-content\/uploads\/2020\/05\/20180975-500x375.jpg 500w, https:\/\/remembermefrance.org\/wp-content\/uploads\/2020\/05\/20180975-300x225.jpg 300w, https:\/\/remembermefrance.org\/wp-content\/uploads\/2020\/05\/20180975-16x12.jpg 16w, https:\/\/remembermefrance.org\/wp-content\/uploads\/2020\/05\/20180975-360x270.jpg 360w, https:\/\/remembermefrance.org\/wp-content\/uploads\/2020\/05\/20180975.jpg 640w\" sizes=\"(max-width: 500px) 100vw, 500px\" \/><\/a><\/figure>\n\n\n\n<figure class=\"wp-block-image size-large\"><a href=\"https:\/\/remembermefrance.org\/wp-content\/uploads\/2020\/05\/20180557.jpg\"><img decoding=\"async\" width=\"500\" height=\"375\" data-id=\"1133\" src=\"https:\/\/remembermefrance.org\/wp-content\/uploads\/2020\/05\/20180557-500x375.jpg\" alt=\"\" class=\"wp-image-1133\" srcset=\"https:\/\/remembermefrance.org\/wp-content\/uploads\/2020\/05\/20180557-500x375.jpg 500w, https:\/\/remembermefrance.org\/wp-content\/uploads\/2020\/05\/20180557-300x225.jpg 300w, https:\/\/remembermefrance.org\/wp-content\/uploads\/2020\/05\/20180557-16x12.jpg 16w, https:\/\/remembermefrance.org\/wp-content\/uploads\/2020\/05\/20180557-360x270.jpg 360w, https:\/\/remembermefrance.org\/wp-content\/uploads\/2020\/05\/20180557.jpg 640w\" sizes=\"(max-width: 500px) 100vw, 500px\" \/><\/a><\/figure>\n<\/figure>\n\n\n\n<h2 class=\"wp-block-heading\" id=\"conseils-pour-l-arrivee-de-votre-chien\">Tips for the arrival of your dog<\/h2>\n\n\n\n<p>Every dog has its own unique temperament, but all repatriated canines are exhausted and stressed the day they arrive. After traveling for several days, they find themselves in unfamiliar territory, without any landmarks. Surprised by the commotion, frightened by all the people watching them, they are likely to react in surprising and unpredictable ways.<br>We are at your disposal to provide you with some advice to apply on the day of repatriation. <a href=\"\/en\/la-communaute\/faq\/\" data-type=\"URL\" data-id=\"https:\/\/remembermefrance.org\/index.php\/la-communaute\/faq\/\">You can also consult our FAQ to learn more.<\/a><\/p>\n\n\n\n<p>Thanks to our partner <a href=\"https:\/\/canitopie.fr\/\" data-type=\"URL\" data-id=\"http:\/\/www.cynozoophie.fr\/\" target=\"_blank\" rel=\"noreferrer noopener\">Steven&nbsp;de Canitopie<\/a>we can propose a free virtual canine education session to better prepare you for the arrival of your dog.<\/p>\n\n\n<div class=\"wp-block-image\">\n<figure class=\"aligncenter size-large\"><a href=\"https:\/\/remembermefrance.org\/wp-content\/uploads\/257549458_4706753042708840_1820343178953963596_n.jpg\"><img decoding=\"async\" width=\"500\" height=\"375\" src=\"https:\/\/remembermefrance.org\/wp-content\/uploads\/257549458_4706753042708840_1820343178953963596_n-500x375.jpg\" alt=\"\" class=\"wp-image-27520\" srcset=\"https:\/\/remembermefrance.org\/wp-content\/uploads\/257549458_4706753042708840_1820343178953963596_n-500x375.jpg 500w, https:\/\/remembermefrance.org\/wp-content\/uploads\/257549458_4706753042708840_1820343178953963596_n-300x225.jpg 300w, https:\/\/remembermefrance.org\/wp-content\/uploads\/257549458_4706753042708840_1820343178953963596_n-768x576.jpg 768w, https:\/\/remembermefrance.org\/wp-content\/uploads\/257549458_4706753042708840_1820343178953963596_n-16x12.jpg 16w, https:\/\/remembermefrance.org\/wp-content\/uploads\/257549458_4706753042708840_1820343178953963596_n-360x270.jpg 360w, https:\/\/remembermefrance.org\/wp-content\/uploads\/257549458_4706753042708840_1820343178953963596_n.jpg 960w\" sizes=\"(max-width: 500px) 100vw, 500px\" \/><\/a><\/figure><\/div>","protected":false},"excerpt":{"rendered":"<p>Nos prochains rapatriements PROCHAINS RAPATRIEMENTS LES SAMEDIS 16 &amp; 30 MAI Comment se d\u00e9roulent les rapatriements ? Nous avons recours \u00e0 un transporteur professionnel, donc&hellip;<\/p>","protected":false},"author":5,"featured_media":0,"parent":560,"menu_order":0,"comment_status":"closed","ping_status":"closed","template":"","meta":{"cybocfi_hide_featured_image":"","footnotes":""},"class_list":["post-904","page","type-page","status-publish","hentry"],"yoast_head":"<!-- This site is optimized with the Yoast SEO plugin v27.5 - https:\/\/yoast.com\/product\/yoast-seo-wordpress\/ -->\n<title>Nos rapatriements - Association RMF<\/title>\n<meta name=\"robots\" content=\"index, follow, max-snippet:-1, max-image-preview:large, max-video-preview:-1\" \/>\n<link rel=\"canonical\" href=\"https:\/\/remembermefrance.org\/en\/adopter\/nos-rapatriements\/\" \/>\n<meta property=\"og:locale\" content=\"en_GB\" \/>\n<meta property=\"og:type\" content=\"article\" \/>\n<meta property=\"og:title\" content=\"Nos rapatriements - Association RMF\" \/>\n<meta property=\"og:description\" content=\"Nos prochains rapatriements PROCHAINS RAPATRIEMENTS LES SAMEDIS 16 &amp; 30 MAI Comment se d\u00e9roulent les rapatriements ? Nous avons recours \u00e0 un transporteur professionnel, donc&hellip;\" \/>\n<meta property=\"og:url\" content=\"https:\/\/remembermefrance.org\/en\/adopter\/nos-rapatriements\/\" \/>\n<meta property=\"og:site_name\" content=\"Association RMF\" \/>\n<meta property=\"article:publisher\" content=\"https:\/\/www.facebook.com\/remembermefrance\" \/>\n<meta property=\"article:modified_time\" content=\"2026-04-26T13:36:15+00:00\" \/>\n<meta property=\"og:image\" content=\"https:\/\/remembermefrance.org\/wp-content\/uploads\/iconfinder_calendar-clock_299096-1.png\" \/>\n\t<meta property=\"og:image:width\" content=\"512\" \/>\n\t<meta property=\"og:image:height\" content=\"512\" \/>\n\t<meta property=\"og:image:type\" content=\"image\/png\" \/>\n<meta name=\"twitter:card\" content=\"summary_large_image\" \/>\n<meta name=\"twitter:label1\" content=\"Estimated reading time\" \/>\n\t<meta name=\"twitter:data1\" content=\"5 minutes\" \/>\n<script type=\"application\/ld+json\" class=\"yoast-schema-graph\">{\"@context\":\"https:\\\/\\\/schema.org\",\"@graph\":[{\"@type\":\"WebPage\",\"@id\":\"https:\\\/\\\/remembermefrance.org\\\/adopter\\\/nos-rapatriements\\\/\",\"url\":\"https:\\\/\\\/remembermefrance.org\\\/adopter\\\/nos-rapatriements\\\/\",\"name\":\"Nos rapatriements - Association RMF\",\"isPartOf\":{\"@id\":\"https:\\\/\\\/remembermefrance.org\\\/#website\"},\"primaryImageOfPage\":{\"@id\":\"https:\\\/\\\/remembermefrance.org\\\/adopter\\\/nos-rapatriements\\\/#primaryimage\"},\"image\":{\"@id\":\"https:\\\/\\\/remembermefrance.org\\\/adopter\\\/nos-rapatriements\\\/#primaryimage\"},\"thumbnailUrl\":\"https:\\\/\\\/remembermefrance.org\\\/wp-content\\\/uploads\\\/iconfinder_calendar-clock_299096-1-500x500.png\",\"datePublished\":\"2020-05-20T07:40:19+00:00\",\"dateModified\":\"2026-04-26T13:36:15+00:00\",\"breadcrumb\":{\"@id\":\"https:\\\/\\\/remembermefrance.org\\\/adopter\\\/nos-rapatriements\\\/#breadcrumb\"},\"inLanguage\":\"en-GB\",\"potentialAction\":[{\"@type\":\"ReadAction\",\"target\":[\"https:\\\/\\\/remembermefrance.org\\\/adopter\\\/nos-rapatriements\\\/\"]}]},{\"@type\":\"ImageObject\",\"inLanguage\":\"en-GB\",\"@id\":\"https:\\\/\\\/remembermefrance.org\\\/adopter\\\/nos-rapatriements\\\/#primaryimage\",\"url\":\"https:\\\/\\\/remembermefrance.org\\\/wp-content\\\/uploads\\\/iconfinder_calendar-clock_299096-1-500x500.png\",\"contentUrl\":\"https:\\\/\\\/remembermefrance.org\\\/wp-content\\\/uploads\\\/iconfinder_calendar-clock_299096-1-500x500.png\"},{\"@type\":\"BreadcrumbList\",\"@id\":\"https:\\\/\\\/remembermefrance.org\\\/adopter\\\/nos-rapatriements\\\/#breadcrumb\",\"itemListElement\":[{\"@type\":\"ListItem\",\"position\":1,\"name\":\"Accueil\",\"item\":\"https:\\\/\\\/remembermefrance.org\\\/\"},{\"@type\":\"ListItem\",\"position\":2,\"name\":\"Adopter\",\"item\":\"https:\\\/\\\/remembermefrance.org\\\/adopter\\\/\"},{\"@type\":\"ListItem\",\"position\":3,\"name\":\"Nos rapatriements\"}]},{\"@type\":\"WebSite\",\"@id\":\"https:\\\/\\\/remembermefrance.org\\\/#website\",\"url\":\"https:\\\/\\\/remembermefrance.org\\\/\",\"name\":\"Remember me France\",\"description\":\"Adopter un chien roumain\",\"publisher\":{\"@id\":\"https:\\\/\\\/remembermefrance.org\\\/#organization\"},\"potentialAction\":[{\"@type\":\"SearchAction\",\"target\":{\"@type\":\"EntryPoint\",\"urlTemplate\":\"https:\\\/\\\/remembermefrance.org\\\/?s={search_term_string}\"},\"query-input\":{\"@type\":\"PropertyValueSpecification\",\"valueRequired\":true,\"valueName\":\"search_term_string\"}}],\"inLanguage\":\"en-GB\"},{\"@type\":\"Organization\",\"@id\":\"https:\\\/\\\/remembermefrance.org\\\/#organization\",\"name\":\"Remember me\",\"url\":\"https:\\\/\\\/remembermefrance.org\\\/\",\"logo\":{\"@type\":\"ImageObject\",\"inLanguage\":\"en-GB\",\"@id\":\"https:\\\/\\\/remembermefrance.org\\\/#\\\/schema\\\/logo\\\/image\\\/\",\"url\":\"https:\\\/\\\/remembermefrance.org\\\/wp-content\\\/uploads\\\/logo-remember.png\",\"contentUrl\":\"https:\\\/\\\/remembermefrance.org\\\/wp-content\\\/uploads\\\/logo-remember.png\",\"width\":325,\"height\":60,\"caption\":\"Remember me\"},\"image\":{\"@id\":\"https:\\\/\\\/remembermefrance.org\\\/#\\\/schema\\\/logo\\\/image\\\/\"},\"sameAs\":[\"https:\\\/\\\/www.facebook.com\\\/remembermefrance\",\"https:\\\/\\\/www.instagram.com\\\/remembermefrance\\\/\"]}]}<\/script>\n<!-- \/ Yoast SEO plugin. -->","yoast_head_json":{"title":"Nos rapatriements - Association RMF","robots":{"index":"index","follow":"follow","max-snippet":"max-snippet:-1","max-image-preview":"max-image-preview:large","max-video-preview":"max-video-preview:-1"},"canonical":"https:\/\/remembermefrance.org\/en\/adopter\/nos-rapatriements\/","og_locale":"en_GB","og_type":"article","og_title":"Nos rapatriements - Association RMF","og_description":"Nos prochains rapatriements PROCHAINS RAPATRIEMENTS LES SAMEDIS 16 &amp; 30 MAI Comment se d\u00e9roulent les rapatriements ? Nous avons recours \u00e0 un transporteur professionnel, donc&hellip;","og_url":"https:\/\/remembermefrance.org\/en\/adopter\/nos-rapatriements\/","og_site_name":"Association RMF","article_publisher":"https:\/\/www.facebook.com\/remembermefrance","article_modified_time":"2026-04-26T13:36:15+00:00","og_image":[{"width":512,"height":512,"url":"https:\/\/remembermefrance.org\/wp-content\/uploads\/iconfinder_calendar-clock_299096-1.png","type":"image\/png"}],"twitter_card":"summary_large_image","twitter_misc":{"Estimated reading time":"5 minutes"},"schema":{"@context":"https:\/\/schema.org","@graph":[{"@type":"WebPage","@id":"https:\/\/remembermefrance.org\/adopter\/nos-rapatriements\/","url":"https:\/\/remembermefrance.org\/adopter\/nos-rapatriements\/","name":"Nos rapatriements - Association RMF","isPartOf":{"@id":"https:\/\/remembermefrance.org\/#website"},"primaryImageOfPage":{"@id":"https:\/\/remembermefrance.org\/adopter\/nos-rapatriements\/#primaryimage"},"image":{"@id":"https:\/\/remembermefrance.org\/adopter\/nos-rapatriements\/#primaryimage"},"thumbnailUrl":"https:\/\/remembermefrance.org\/wp-content\/uploads\/iconfinder_calendar-clock_299096-1-500x500.png","datePublished":"2020-05-20T07:40:19+00:00","dateModified":"2026-04-26T13:36:15+00:00","breadcrumb":{"@id":"https:\/\/remembermefrance.org\/adopter\/nos-rapatriements\/#breadcrumb"},"inLanguage":"en-GB","potentialAction":[{"@type":"ReadAction","target":["https:\/\/remembermefrance.org\/adopter\/nos-rapatriements\/"]}]},{"@type":"ImageObject","inLanguage":"en-GB","@id":"https:\/\/remembermefrance.org\/adopter\/nos-rapatriements\/#primaryimage","url":"https:\/\/remembermefrance.org\/wp-content\/uploads\/iconfinder_calendar-clock_299096-1-500x500.png","contentUrl":"https:\/\/remembermefrance.org\/wp-content\/uploads\/iconfinder_calendar-clock_299096-1-500x500.png"},{"@type":"BreadcrumbList","@id":"https:\/\/remembermefrance.org\/adopter\/nos-rapatriements\/#breadcrumb","itemListElement":[{"@type":"ListItem","position":1,"name":"Accueil","item":"https:\/\/remembermefrance.org\/"},{"@type":"ListItem","position":2,"name":"Adopter","item":"https:\/\/remembermefrance.org\/adopter\/"},{"@type":"ListItem","position":3,"name":"Nos rapatriements"}]},{"@type":"WebSite","@id":"https:\/\/remembermefrance.org\/#website","url":"https:\/\/remembermefrance.org\/","name":"Remember me France","description":"Adopt a Romanian dog","publisher":{"@id":"https:\/\/remembermefrance.org\/#organization"},"potentialAction":[{"@type":"SearchAction","target":{"@type":"EntryPoint","urlTemplate":"https:\/\/remembermefrance.org\/?s={search_term_string}"},"query-input":{"@type":"PropertyValueSpecification","valueRequired":true,"valueName":"search_term_string"}}],"inLanguage":"en-GB"},{"@type":"Organization","@id":"https:\/\/remembermefrance.org\/#organization","name":"Remember me","url":"https:\/\/remembermefrance.org\/","logo":{"@type":"ImageObject","inLanguage":"en-GB","@id":"https:\/\/remembermefrance.org\/#\/schema\/logo\/image\/","url":"https:\/\/remembermefrance.org\/wp-content\/uploads\/logo-remember.png","contentUrl":"https:\/\/remembermefrance.org\/wp-content\/uploads\/logo-remember.png","width":325,"height":60,"caption":"Remember me"},"image":{"@id":"https:\/\/remembermefrance.org\/#\/schema\/logo\/image\/"},"sameAs":["https:\/\/www.facebook.com\/remembermefrance","https:\/\/www.instagram.com\/remembermefrance\/"]}]}},"_links":{"self":[{"href":"https:\/\/remembermefrance.org\/en\/wp-json\/wp\/v2\/pages\/904","targetHints":{"allow":["GET"]}}],"collection":[{"href":"https:\/\/remembermefrance.org\/en\/wp-json\/wp\/v2\/pages"}],"about":[{"href":"https:\/\/remembermefrance.org\/en\/wp-json\/wp\/v2\/types\/page"}],"author":[{"embeddable":true,"href":"https:\/\/remembermefrance.org\/en\/wp-json\/wp\/v2\/users\/5"}],"replies":[{"embeddable":true,"href":"https:\/\/remembermefrance.org\/en\/wp-json\/wp\/v2\/comments?post=904"}],"version-history":[{"count":10,"href":"https:\/\/remembermefrance.org\/en\/wp-json\/wp\/v2\/pages\/904\/revisions"}],"predecessor-version":[{"id":103733,"href":"https:\/\/remembermefrance.org\/en\/wp-json\/wp\/v2\/pages\/904\/revisions\/103733"}],"up":[{"embeddable":true,"href":"https:\/\/remembermefrance.org\/en\/wp-json\/wp\/v2\/pages\/560"}],"wp:attachment":[{"href":"https:\/\/remembermefrance.org\/en\/wp-json\/wp\/v2\/media?parent=904"}],"curies":[{"name":"wp","href":"https:\/\/api.w.org\/{rel}","templated":true}]}}