{"id":101074,"date":"2026-03-14T17:34:04","date_gmt":"2026-03-14T16:34:04","guid":{"rendered":"https:\/\/remembermefrance.org\/?post_type=pets&#038;p=101074"},"modified":"2026-04-20T23:33:33","modified_gmt":"2026-04-20T21:33:33","slug":"meii","status":"publish","type":"pets","link":"https:\/\/remembermefrance.org\/en\/pets\/meii\/","title":{"rendered":"Meii"},"content":{"rendered":"<p><strong>Meii n&rsquo;est pas encore parrain\u00e9e.<\/strong> <strong>If you would like to sponsor one of our animals, <a href=\"https:\/\/remembermefrance.org\/index.php\/agir\/parrainer\/\">click here<\/a>.<\/strong><\/p>\n\n\n\n<p class=\"has-text-align-left\"><strong>Age:<\/strong> : n\u00e9e environ en mars 2025 (date estim\u00e9e approximative)<br><strong>Breed<\/strong> : crois\u00e9e &#8211; type labrador<br><strong>Size:<\/strong>&nbsp;moyenne (23,1 kg &#8211; mars 2026)<br><br><strong>Neutered\/spayed<\/strong> : yes<br><strong>Vaccinated<\/strong> : yes<br><strong>Chipped<\/strong> : yes<\/p>\n\n\n\n<p><strong>Arrived at Remember Me Land<\/strong> : mars 2026<\/p>\n\n\n\n<p class=\"has-text-align-left\"><strong>Good with<\/strong> : ok chiens.<\/p>\n\n\n\n<p class=\"has-text-align-left\">Cohabite avec les chiens de son box\/enclos (cela ne veut pas dire qu&rsquo;elle s\u2019entendra obligatoirement avec tous les canid\u00e9s ; chaque animal a ses t\u00eates et ses affinit\u00e9s). Ne pourra pas \u00eatre plac\u00e9e dans un foyer avec des enfants en bas-\u00e2ge. N\u2019\u00e9tant pas manipulable pour le moment, il nous est impossible d\u2019effectuer un test chat s\u00e9curitaire pour le f\u00e9lin.<\/p>\n\n\n\n<p><strong>Character<\/strong> : <strong>6 avril 2026<\/strong>&nbsp;:&nbsp;<strong>Meii<\/strong>&nbsp;s&rsquo;est bien d\u00e9tendue, elle est rapidement sociable<\/p>\n\n\n\n<p>timide \u00e0 son arriv\u00e9e (mars 2026)<\/p>\n\n\n\n<p><strong>History<\/strong> : attrap\u00e9e par les dogcatchers de Pascani avec sa maman <a href=\"https:\/\/remembermefrance.org\/en\/pets\/priya\/\">PRIYA<\/a> et son fr\u00e8re <a href=\"https:\/\/remembermefrance.org\/en\/pets\/derek\/\">DEREK<\/a><\/p>\n\n\n\n<p>Pour suivre son \u00e9volution : <a href=\"https:\/\/remembermefrance.forumactif.org\/t26384-meii-femelle-type-labrador-de-taille-moyenne-nee-environ-en-mars-2025-remember-me-land?highlight=Meii\">voir sur le forum<\/a><\/p>\n\n\n\n<p><strong>Frais d&rsquo;adoption<\/strong> : 300 \u20ac <br><a href=\"https:\/\/remembermefrance.org\/index.php\/adopter\/procedure-dadoption#lesfrais\">Click here<\/a> pour plus d&rsquo;infos sur les frais<\/p>\n\n\n<div class=\"wp-block-button button1\"><a class=\"wp-block-button__link\" href=\"https:\/\/remembermefrance.org\/wp-content\/uploads\/formulaire_rmf.docx\">T\u00e9l\u00e9chargez le formulaire d&rsquo;adoption<\/a><\/div>\n\n\n<hr class=\"wp-block-separator has-css-opacity\"\/>\n\n\n\n<figure class=\"wp-block-gallery has-nested-images columns-default is-cropped wp-block-gallery-1 is-layout-flex wp-block-gallery-is-layout-flex\">\n<figure class=\"wp-block-image size-large\"><a href=\"https:\/\/remembermefrance.org\/wp-content\/uploads\/Meii1-1.jpg\"><img decoding=\"async\" width=\"375\" height=\"500\" data-id=\"103335\" src=\"https:\/\/remembermefrance.org\/wp-content\/uploads\/Meii1-1-375x500.jpg\" alt=\"\" class=\"wp-image-103335\" srcset=\"https:\/\/remembermefrance.org\/wp-content\/uploads\/Meii1-1-375x500.jpg 375w, https:\/\/remembermefrance.org\/wp-content\/uploads\/Meii1-1-225x300.jpg 225w, https:\/\/remembermefrance.org\/wp-content\/uploads\/Meii1-1-9x12.jpg 9w, https:\/\/remembermefrance.org\/wp-content\/uploads\/Meii1-1-360x480.jpg 360w, https:\/\/remembermefrance.org\/wp-content\/uploads\/Meii1-1.jpg 640w\" sizes=\"(max-width: 375px) 100vw, 375px\" \/><\/a><figcaption class=\"wp-element-caption\">19 avril 2026<\/figcaption><\/figure>\n\n\n\n<figure class=\"wp-block-image size-large\"><a href=\"https:\/\/remembermefrance.org\/wp-content\/uploads\/Meii2-1.jpg\"><img decoding=\"async\" width=\"360\" height=\"480\" data-id=\"103334\" src=\"https:\/\/remembermefrance.org\/wp-content\/uploads\/Meii2-1.jpg\" alt=\"\" class=\"wp-image-103334\" srcset=\"https:\/\/remembermefrance.org\/wp-content\/uploads\/Meii2-1.jpg 360w, https:\/\/remembermefrance.org\/wp-content\/uploads\/Meii2-1-225x300.jpg 225w, https:\/\/remembermefrance.org\/wp-content\/uploads\/Meii2-1-9x12.jpg 9w\" sizes=\"(max-width: 360px) 100vw, 360px\" \/><\/a><figcaption class=\"wp-element-caption\">19 avril 2026<\/figcaption><\/figure>\n\n\n\n<figure class=\"wp-block-image size-large\"><a href=\"https:\/\/remembermefrance.org\/wp-content\/uploads\/Meii3.jpg\"><img decoding=\"async\" width=\"360\" height=\"480\" data-id=\"103333\" src=\"https:\/\/remembermefrance.org\/wp-content\/uploads\/Meii3.jpg\" alt=\"\" class=\"wp-image-103333\" srcset=\"https:\/\/remembermefrance.org\/wp-content\/uploads\/Meii3.jpg 360w, https:\/\/remembermefrance.org\/wp-content\/uploads\/Meii3-225x300.jpg 225w, https:\/\/remembermefrance.org\/wp-content\/uploads\/Meii3-9x12.jpg 9w\" sizes=\"(max-width: 360px) 100vw, 360px\" \/><\/a><figcaption class=\"wp-element-caption\">19 avril 2026<\/figcaption><\/figure>\n\n\n\n<figure class=\"wp-block-image size-large\"><a href=\"https:\/\/remembermefrance.org\/wp-content\/uploads\/Meii4.jpg\"><img decoding=\"async\" width=\"375\" height=\"500\" data-id=\"103332\" src=\"https:\/\/remembermefrance.org\/wp-content\/uploads\/Meii4-375x500.jpg\" alt=\"\" class=\"wp-image-103332\" srcset=\"https:\/\/remembermefrance.org\/wp-content\/uploads\/Meii4-375x500.jpg 375w, https:\/\/remembermefrance.org\/wp-content\/uploads\/Meii4-225x300.jpg 225w, https:\/\/remembermefrance.org\/wp-content\/uploads\/Meii4-9x12.jpg 9w, https:\/\/remembermefrance.org\/wp-content\/uploads\/Meii4-360x480.jpg 360w, https:\/\/remembermefrance.org\/wp-content\/uploads\/Meii4.jpg 640w\" sizes=\"(max-width: 375px) 100vw, 375px\" \/><\/a><figcaption class=\"wp-element-caption\">19 avril 2026<\/figcaption><\/figure>\n\n\n\n<figure class=\"wp-block-image size-large\"><a href=\"https:\/\/remembermefrance.org\/wp-content\/uploads\/Meii5.jpg\"><img decoding=\"async\" width=\"360\" height=\"480\" data-id=\"103331\" src=\"https:\/\/remembermefrance.org\/wp-content\/uploads\/Meii5.jpg\" alt=\"\" class=\"wp-image-103331\" srcset=\"https:\/\/remembermefrance.org\/wp-content\/uploads\/Meii5.jpg 360w, https:\/\/remembermefrance.org\/wp-content\/uploads\/Meii5-225x300.jpg 225w, https:\/\/remembermefrance.org\/wp-content\/uploads\/Meii5-9x12.jpg 9w\" sizes=\"(max-width: 360px) 100vw, 360px\" \/><\/a><figcaption class=\"wp-element-caption\">19 avril 2026<\/figcaption><\/figure>\n\n\n\n<figure class=\"wp-block-image size-large\"><a href=\"https:\/\/remembermefrance.org\/wp-content\/uploads\/Meii6.jpg\"><img decoding=\"async\" width=\"360\" height=\"480\" data-id=\"103330\" src=\"https:\/\/remembermefrance.org\/wp-content\/uploads\/Meii6.jpg\" alt=\"\" class=\"wp-image-103330\" srcset=\"https:\/\/remembermefrance.org\/wp-content\/uploads\/Meii6.jpg 360w, https:\/\/remembermefrance.org\/wp-content\/uploads\/Meii6-225x300.jpg 225w, https:\/\/remembermefrance.org\/wp-content\/uploads\/Meii6-9x12.jpg 9w\" sizes=\"(max-width: 360px) 100vw, 360px\" \/><\/a><figcaption class=\"wp-element-caption\">19 avril 2026<\/figcaption><\/figure>\n\n\n\n<figure class=\"wp-block-image size-large\"><a href=\"https:\/\/remembermefrance.org\/wp-content\/uploads\/Meii7.jpg\"><img decoding=\"async\" width=\"375\" height=\"500\" data-id=\"103329\" src=\"https:\/\/remembermefrance.org\/wp-content\/uploads\/Meii7-375x500.jpg\" alt=\"\" class=\"wp-image-103329\" srcset=\"https:\/\/remembermefrance.org\/wp-content\/uploads\/Meii7-375x500.jpg 375w, https:\/\/remembermefrance.org\/wp-content\/uploads\/Meii7-225x300.jpg 225w, https:\/\/remembermefrance.org\/wp-content\/uploads\/Meii7-9x12.jpg 9w, https:\/\/remembermefrance.org\/wp-content\/uploads\/Meii7-360x480.jpg 360w, https:\/\/remembermefrance.org\/wp-content\/uploads\/Meii7.jpg 640w\" sizes=\"(max-width: 375px) 100vw, 375px\" \/><\/a><figcaption class=\"wp-element-caption\">19 avril 2026<\/figcaption><\/figure>\n\n\n\n<figure class=\"wp-block-image size-large\"><a href=\"https:\/\/remembermefrance.org\/wp-content\/uploads\/Meii8.jpg\"><img decoding=\"async\" width=\"360\" height=\"480\" data-id=\"103328\" src=\"https:\/\/remembermefrance.org\/wp-content\/uploads\/Meii8.jpg\" alt=\"\" class=\"wp-image-103328\" srcset=\"https:\/\/remembermefrance.org\/wp-content\/uploads\/Meii8.jpg 360w, https:\/\/remembermefrance.org\/wp-content\/uploads\/Meii8-225x300.jpg 225w, https:\/\/remembermefrance.org\/wp-content\/uploads\/Meii8-9x12.jpg 9w\" sizes=\"(max-width: 360px) 100vw, 360px\" \/><\/a><figcaption class=\"wp-element-caption\">19 avril 2026<\/figcaption><\/figure>\n\n\n\n<figure class=\"wp-block-image size-large\"><a href=\"https:\/\/remembermefrance.org\/wp-content\/uploads\/Meii9.jpg\"><img decoding=\"async\" width=\"375\" height=\"500\" data-id=\"103327\" src=\"https:\/\/remembermefrance.org\/wp-content\/uploads\/Meii9-375x500.jpg\" alt=\"\" class=\"wp-image-103327\" srcset=\"https:\/\/remembermefrance.org\/wp-content\/uploads\/Meii9-375x500.jpg 375w, https:\/\/remembermefrance.org\/wp-content\/uploads\/Meii9-225x300.jpg 225w, https:\/\/remembermefrance.org\/wp-content\/uploads\/Meii9-9x12.jpg 9w, https:\/\/remembermefrance.org\/wp-content\/uploads\/Meii9-360x480.jpg 360w, https:\/\/remembermefrance.org\/wp-content\/uploads\/Meii9.jpg 640w\" sizes=\"(max-width: 375px) 100vw, 375px\" \/><\/a><figcaption class=\"wp-element-caption\">19 avril 2026<\/figcaption><\/figure>\n\n\n\n<figure class=\"wp-block-image size-large\"><a href=\"https:\/\/remembermefrance.org\/wp-content\/uploads\/Meii10.jpg\"><img decoding=\"async\" width=\"360\" height=\"480\" data-id=\"103326\" src=\"https:\/\/remembermefrance.org\/wp-content\/uploads\/Meii10.jpg\" alt=\"\" class=\"wp-image-103326\" srcset=\"https:\/\/remembermefrance.org\/wp-content\/uploads\/Meii10.jpg 360w, https:\/\/remembermefrance.org\/wp-content\/uploads\/Meii10-225x300.jpg 225w, https:\/\/remembermefrance.org\/wp-content\/uploads\/Meii10-9x12.jpg 9w\" sizes=\"(max-width: 360px) 100vw, 360px\" \/><\/a><figcaption class=\"wp-element-caption\">19 avril 2026<\/figcaption><\/figure>\n\n\n\n<figure class=\"wp-block-image size-large\"><a href=\"https:\/\/remembermefrance.org\/wp-content\/uploads\/Meii11.jpg\"><img decoding=\"async\" width=\"360\" height=\"480\" data-id=\"103325\" src=\"https:\/\/remembermefrance.org\/wp-content\/uploads\/Meii11.jpg\" alt=\"\" class=\"wp-image-103325\" srcset=\"https:\/\/remembermefrance.org\/wp-content\/uploads\/Meii11.jpg 360w, https:\/\/remembermefrance.org\/wp-content\/uploads\/Meii11-225x300.jpg 225w, https:\/\/remembermefrance.org\/wp-content\/uploads\/Meii11-9x12.jpg 9w\" sizes=\"(max-width: 360px) 100vw, 360px\" \/><\/a><figcaption class=\"wp-element-caption\">19 avril 2026<\/figcaption><\/figure>\n\n\n\n<figure class=\"wp-block-image size-large\"><a href=\"https:\/\/remembermefrance.org\/wp-content\/uploads\/Meii12.jpg\"><img decoding=\"async\" width=\"360\" height=\"480\" data-id=\"103324\" src=\"https:\/\/remembermefrance.org\/wp-content\/uploads\/Meii12.jpg\" alt=\"\" class=\"wp-image-103324\" srcset=\"https:\/\/remembermefrance.org\/wp-content\/uploads\/Meii12.jpg 360w, https:\/\/remembermefrance.org\/wp-content\/uploads\/Meii12-225x300.jpg 225w, https:\/\/remembermefrance.org\/wp-content\/uploads\/Meii12-9x12.jpg 9w\" sizes=\"(max-width: 360px) 100vw, 360px\" \/><\/a><figcaption class=\"wp-element-caption\">19 avril 2026<\/figcaption><\/figure>\n\n\n\n<figure class=\"wp-block-image size-large\"><a href=\"https:\/\/remembermefrance.org\/wp-content\/uploads\/Meii13.jpg\"><img decoding=\"async\" width=\"360\" height=\"480\" data-id=\"103323\" src=\"https:\/\/remembermefrance.org\/wp-content\/uploads\/Meii13.jpg\" alt=\"\" class=\"wp-image-103323\" srcset=\"https:\/\/remembermefrance.org\/wp-content\/uploads\/Meii13.jpg 360w, https:\/\/remembermefrance.org\/wp-content\/uploads\/Meii13-225x300.jpg 225w, https:\/\/remembermefrance.org\/wp-content\/uploads\/Meii13-9x12.jpg 9w\" sizes=\"(max-width: 360px) 100vw, 360px\" \/><\/a><figcaption class=\"wp-element-caption\">19 avril 2026<\/figcaption><\/figure>\n\n\n\n<figure class=\"wp-block-image size-large\"><a href=\"https:\/\/remembermefrance.org\/wp-content\/uploads\/Meii14.jpg\"><img decoding=\"async\" width=\"360\" height=\"480\" data-id=\"103322\" src=\"https:\/\/remembermefrance.org\/wp-content\/uploads\/Meii14.jpg\" alt=\"\" class=\"wp-image-103322\" srcset=\"https:\/\/remembermefrance.org\/wp-content\/uploads\/Meii14.jpg 360w, https:\/\/remembermefrance.org\/wp-content\/uploads\/Meii14-225x300.jpg 225w, https:\/\/remembermefrance.org\/wp-content\/uploads\/Meii14-9x12.jpg 9w\" sizes=\"(max-width: 360px) 100vw, 360px\" \/><\/a><figcaption class=\"wp-element-caption\">19 avril 2026<\/figcaption><\/figure>\n\n\n\n<figure class=\"wp-block-image size-large\"><a href=\"https:\/\/remembermefrance.org\/wp-content\/uploads\/Meii15.jpg\"><img decoding=\"async\" width=\"375\" height=\"500\" data-id=\"103321\" src=\"https:\/\/remembermefrance.org\/wp-content\/uploads\/Meii15-375x500.jpg\" alt=\"\" class=\"wp-image-103321\" srcset=\"https:\/\/remembermefrance.org\/wp-content\/uploads\/Meii15-375x500.jpg 375w, https:\/\/remembermefrance.org\/wp-content\/uploads\/Meii15-225x300.jpg 225w, https:\/\/remembermefrance.org\/wp-content\/uploads\/Meii15-9x12.jpg 9w, https:\/\/remembermefrance.org\/wp-content\/uploads\/Meii15-360x480.jpg 360w, https:\/\/remembermefrance.org\/wp-content\/uploads\/Meii15.jpg 640w\" sizes=\"(max-width: 375px) 100vw, 375px\" \/><\/a><figcaption class=\"wp-element-caption\">19 avril 2026<\/figcaption><\/figure>\n\n\n\n<figure class=\"wp-block-image size-large\"><a href=\"https:\/\/remembermefrance.org\/wp-content\/uploads\/Meii1.jpg\"><img decoding=\"async\" data-id=\"101069\" src=\"https:\/\/remembermefrance.org\/wp-content\/uploads\/Meii1-281x500.jpg\" alt=\"\" class=\"wp-image-101069\"\/><\/a><figcaption class=\"wp-element-caption\">14 mars 2026<\/figcaption><\/figure>\n\n\n\n<figure class=\"wp-block-image size-large\"><a href=\"https:\/\/remembermefrance.org\/wp-content\/uploads\/Meii2.jpg\"><img decoding=\"async\" width=\"281\" height=\"500\" data-id=\"101068\" src=\"https:\/\/remembermefrance.org\/wp-content\/uploads\/Meii2-281x500.jpg\" alt=\"\" class=\"wp-image-101068\" srcset=\"https:\/\/remembermefrance.org\/wp-content\/uploads\/Meii2-281x500.jpg 281w, https:\/\/remembermefrance.org\/wp-content\/uploads\/Meii2-169x300.jpg 169w, https:\/\/remembermefrance.org\/wp-content\/uploads\/Meii2-7x12.jpg 7w, https:\/\/remembermefrance.org\/wp-content\/uploads\/Meii2-360x640.jpg 360w, https:\/\/remembermefrance.org\/wp-content\/uploads\/Meii2.jpg 640w\" sizes=\"(max-width: 281px) 100vw, 281px\" \/><\/a><figcaption class=\"wp-element-caption\">14 mars 2026<\/figcaption><\/figure>\n<\/figure>\n\n\n\n<hr class=\"wp-block-separator has-css-opacity\"\/>\n\n\n\n<figure class=\"wp-block-embed is-type-video is-provider-youtube wp-block-embed-youtube wp-embed-aspect-16-9 wp-has-aspect-ratio\"><div class=\"wp-block-embed__wrapper\">\n<iframe title=\"MEII - REMEMBER ME\" width=\"843\" height=\"474\" src=\"https:\/\/www.youtube.com\/embed\/XfCkpzzpaKs?feature=oembed\" frameborder=\"0\" allow=\"accelerometer; autoplay; clipboard-write; encrypted-media; gyroscope; picture-in-picture; web-share\" referrerpolicy=\"strict-origin-when-cross-origin\" allowfullscreen><\/iframe>\n<\/div><figcaption class=\"wp-element-caption\">7 avril 2026<\/figcaption><\/figure>","protected":false},"excerpt":{"rendered":"<p>Femelle, n\u00e9e environ en mars 2025<br \/>\nAu refuge depuis mars 2026<\/p>","protected":false},"featured_media":103326,"template":"","breed":[27],"pet-color":[],"class_list":["post-101074","pets","type-pets","status-publish","has-post-thumbnail","hentry","breed-adulte-moyen"],"yoast_head":"<!-- This site is optimized with the Yoast SEO plugin v27.5 - https:\/\/yoast.com\/product\/yoast-seo-wordpress\/ -->\n<title>Meii - Association RMF<\/title>\n<meta name=\"robots\" content=\"index, follow, max-snippet:-1, max-image-preview:large, max-video-preview:-1\" \/>\n<link rel=\"canonical\" href=\"https:\/\/remembermefrance.org\/en\/pets\/meii\/\" \/>\n<meta property=\"og:locale\" content=\"en_GB\" \/>\n<meta property=\"og:type\" content=\"article\" \/>\n<meta property=\"og:title\" content=\"Meii - Association RMF\" \/>\n<meta property=\"og:description\" content=\"Femelle, n\u00e9e environ en mars 2025 Au refuge depuis mars 2026\" \/>\n<meta property=\"og:url\" content=\"https:\/\/remembermefrance.org\/en\/pets\/meii\/\" \/>\n<meta property=\"og:site_name\" content=\"Association RMF\" \/>\n<meta property=\"article:publisher\" content=\"https:\/\/www.facebook.com\/remembermefrance\" \/>\n<meta property=\"article:modified_time\" content=\"2026-04-20T21:33:33+00:00\" \/>\n<meta property=\"og:image\" content=\"https:\/\/remembermefrance.org\/wp-content\/uploads\/Meii10.jpg\" \/>\n\t<meta property=\"og:image:width\" content=\"360\" \/>\n\t<meta property=\"og:image:height\" content=\"480\" \/>\n\t<meta property=\"og:image:type\" content=\"image\/jpeg\" \/>\n<meta name=\"twitter:card\" content=\"summary_large_image\" \/>\n<meta name=\"twitter:label1\" content=\"Estimated reading time\" \/>\n\t<meta name=\"twitter:data1\" content=\"5 minutes\" \/>\n<script type=\"application\/ld+json\" class=\"yoast-schema-graph\">{\"@context\":\"https:\\\/\\\/schema.org\",\"@graph\":[{\"@type\":\"WebPage\",\"@id\":\"https:\\\/\\\/remembermefrance.org\\\/pets\\\/meii\\\/\",\"url\":\"https:\\\/\\\/remembermefrance.org\\\/pets\\\/meii\\\/\",\"name\":\"Meii - Association RMF\",\"isPartOf\":{\"@id\":\"https:\\\/\\\/remembermefrance.org\\\/#website\"},\"primaryImageOfPage\":{\"@id\":\"https:\\\/\\\/remembermefrance.org\\\/pets\\\/meii\\\/#primaryimage\"},\"image\":{\"@id\":\"https:\\\/\\\/remembermefrance.org\\\/pets\\\/meii\\\/#primaryimage\"},\"thumbnailUrl\":\"https:\\\/\\\/remembermefrance.org\\\/wp-content\\\/uploads\\\/Meii10.jpg\",\"datePublished\":\"2026-03-14T16:34:04+00:00\",\"dateModified\":\"2026-04-20T21:33:33+00:00\",\"breadcrumb\":{\"@id\":\"https:\\\/\\\/remembermefrance.org\\\/pets\\\/meii\\\/#breadcrumb\"},\"inLanguage\":\"en-GB\",\"potentialAction\":[{\"@type\":\"ReadAction\",\"target\":[\"https:\\\/\\\/remembermefrance.org\\\/pets\\\/meii\\\/\"]}]},{\"@type\":\"ImageObject\",\"inLanguage\":\"en-GB\",\"@id\":\"https:\\\/\\\/remembermefrance.org\\\/pets\\\/meii\\\/#primaryimage\",\"url\":\"https:\\\/\\\/remembermefrance.org\\\/wp-content\\\/uploads\\\/Meii10.jpg\",\"contentUrl\":\"https:\\\/\\\/remembermefrance.org\\\/wp-content\\\/uploads\\\/Meii10.jpg\",\"width\":360,\"height\":480},{\"@type\":\"BreadcrumbList\",\"@id\":\"https:\\\/\\\/remembermefrance.org\\\/pets\\\/meii\\\/#breadcrumb\",\"itemListElement\":[{\"@type\":\"ListItem\",\"position\":1,\"name\":\"Accueil\",\"item\":\"https:\\\/\\\/remembermefrance.org\\\/\"},{\"@type\":\"ListItem\",\"position\":2,\"name\":\"Pets\",\"item\":\"https:\\\/\\\/remembermefrance.org\\\/pets\\\/\"},{\"@type\":\"ListItem\",\"position\":3,\"name\":\"Meii\"}]},{\"@type\":\"WebSite\",\"@id\":\"https:\\\/\\\/remembermefrance.org\\\/#website\",\"url\":\"https:\\\/\\\/remembermefrance.org\\\/\",\"name\":\"Remember me France\",\"description\":\"Adopter un chien roumain\",\"publisher\":{\"@id\":\"https:\\\/\\\/remembermefrance.org\\\/#organization\"},\"potentialAction\":[{\"@type\":\"SearchAction\",\"target\":{\"@type\":\"EntryPoint\",\"urlTemplate\":\"https:\\\/\\\/remembermefrance.org\\\/?s={search_term_string}\"},\"query-input\":{\"@type\":\"PropertyValueSpecification\",\"valueRequired\":true,\"valueName\":\"search_term_string\"}}],\"inLanguage\":\"en-GB\"},{\"@type\":\"Organization\",\"@id\":\"https:\\\/\\\/remembermefrance.org\\\/#organization\",\"name\":\"Remember me\",\"url\":\"https:\\\/\\\/remembermefrance.org\\\/\",\"logo\":{\"@type\":\"ImageObject\",\"inLanguage\":\"en-GB\",\"@id\":\"https:\\\/\\\/remembermefrance.org\\\/#\\\/schema\\\/logo\\\/image\\\/\",\"url\":\"https:\\\/\\\/remembermefrance.org\\\/wp-content\\\/uploads\\\/logo-remember.png\",\"contentUrl\":\"https:\\\/\\\/remembermefrance.org\\\/wp-content\\\/uploads\\\/logo-remember.png\",\"width\":325,\"height\":60,\"caption\":\"Remember me\"},\"image\":{\"@id\":\"https:\\\/\\\/remembermefrance.org\\\/#\\\/schema\\\/logo\\\/image\\\/\"},\"sameAs\":[\"https:\\\/\\\/www.facebook.com\\\/remembermefrance\",\"https:\\\/\\\/www.instagram.com\\\/remembermefrance\\\/\"]}]}<\/script>\n<!-- \/ Yoast SEO plugin. -->","yoast_head_json":{"title":"Meii - Association RMF","robots":{"index":"index","follow":"follow","max-snippet":"max-snippet:-1","max-image-preview":"max-image-preview:large","max-video-preview":"max-video-preview:-1"},"canonical":"https:\/\/remembermefrance.org\/en\/pets\/meii\/","og_locale":"en_GB","og_type":"article","og_title":"Meii - Association RMF","og_description":"Femelle, n\u00e9e environ en mars 2025 Au refuge depuis mars 2026","og_url":"https:\/\/remembermefrance.org\/en\/pets\/meii\/","og_site_name":"Association RMF","article_publisher":"https:\/\/www.facebook.com\/remembermefrance","article_modified_time":"2026-04-20T21:33:33+00:00","og_image":[{"width":360,"height":480,"url":"https:\/\/remembermefrance.org\/wp-content\/uploads\/Meii10.jpg","type":"image\/jpeg"}],"twitter_card":"summary_large_image","twitter_misc":{"Estimated reading time":"5 minutes"},"schema":{"@context":"https:\/\/schema.org","@graph":[{"@type":"WebPage","@id":"https:\/\/remembermefrance.org\/pets\/meii\/","url":"https:\/\/remembermefrance.org\/pets\/meii\/","name":"Meii - Association RMF","isPartOf":{"@id":"https:\/\/remembermefrance.org\/#website"},"primaryImageOfPage":{"@id":"https:\/\/remembermefrance.org\/pets\/meii\/#primaryimage"},"image":{"@id":"https:\/\/remembermefrance.org\/pets\/meii\/#primaryimage"},"thumbnailUrl":"https:\/\/remembermefrance.org\/wp-content\/uploads\/Meii10.jpg","datePublished":"2026-03-14T16:34:04+00:00","dateModified":"2026-04-20T21:33:33+00:00","breadcrumb":{"@id":"https:\/\/remembermefrance.org\/pets\/meii\/#breadcrumb"},"inLanguage":"en-GB","potentialAction":[{"@type":"ReadAction","target":["https:\/\/remembermefrance.org\/pets\/meii\/"]}]},{"@type":"ImageObject","inLanguage":"en-GB","@id":"https:\/\/remembermefrance.org\/pets\/meii\/#primaryimage","url":"https:\/\/remembermefrance.org\/wp-content\/uploads\/Meii10.jpg","contentUrl":"https:\/\/remembermefrance.org\/wp-content\/uploads\/Meii10.jpg","width":360,"height":480},{"@type":"BreadcrumbList","@id":"https:\/\/remembermefrance.org\/pets\/meii\/#breadcrumb","itemListElement":[{"@type":"ListItem","position":1,"name":"Accueil","item":"https:\/\/remembermefrance.org\/"},{"@type":"ListItem","position":2,"name":"Pets","item":"https:\/\/remembermefrance.org\/pets\/"},{"@type":"ListItem","position":3,"name":"Meii"}]},{"@type":"WebSite","@id":"https:\/\/remembermefrance.org\/#website","url":"https:\/\/remembermefrance.org\/","name":"Remember me France","description":"Adopt a Romanian dog","publisher":{"@id":"https:\/\/remembermefrance.org\/#organization"},"potentialAction":[{"@type":"SearchAction","target":{"@type":"EntryPoint","urlTemplate":"https:\/\/remembermefrance.org\/?s={search_term_string}"},"query-input":{"@type":"PropertyValueSpecification","valueRequired":true,"valueName":"search_term_string"}}],"inLanguage":"en-GB"},{"@type":"Organization","@id":"https:\/\/remembermefrance.org\/#organization","name":"Remember me","url":"https:\/\/remembermefrance.org\/","logo":{"@type":"ImageObject","inLanguage":"en-GB","@id":"https:\/\/remembermefrance.org\/#\/schema\/logo\/image\/","url":"https:\/\/remembermefrance.org\/wp-content\/uploads\/logo-remember.png","contentUrl":"https:\/\/remembermefrance.org\/wp-content\/uploads\/logo-remember.png","width":325,"height":60,"caption":"Remember me"},"image":{"@id":"https:\/\/remembermefrance.org\/#\/schema\/logo\/image\/"},"sameAs":["https:\/\/www.facebook.com\/remembermefrance","https:\/\/www.instagram.com\/remembermefrance\/"]}]}},"_links":{"self":[{"href":"https:\/\/remembermefrance.org\/en\/wp-json\/wp\/v2\/pets\/101074","targetHints":{"allow":["GET"]}}],"collection":[{"href":"https:\/\/remembermefrance.org\/en\/wp-json\/wp\/v2\/pets"}],"about":[{"href":"https:\/\/remembermefrance.org\/en\/wp-json\/wp\/v2\/types\/pets"}],"wp:featuredmedia":[{"embeddable":true,"href":"https:\/\/remembermefrance.org\/en\/wp-json\/wp\/v2\/media\/103326"}],"wp:attachment":[{"href":"https:\/\/remembermefrance.org\/en\/wp-json\/wp\/v2\/media?parent=101074"}],"wp:term":[{"taxonomy":"breed","embeddable":true,"href":"https:\/\/remembermefrance.org\/en\/wp-json\/wp\/v2\/breed?post=101074"},{"taxonomy":"pet-color","embeddable":true,"href":"https:\/\/remembermefrance.org\/en\/wp-json\/wp\/v2\/pet-color?post=101074"}],"curies":[{"name":"wp","href":"https:\/\/api.w.org\/{rel}","templated":true}]}}