{"id":101076,"date":"2026-03-14T17:46:20","date_gmt":"2026-03-14T16:46:20","guid":{"rendered":"https:\/\/remembermefrance.org\/?post_type=pets&#038;p=101076"},"modified":"2026-04-21T12:45:54","modified_gmt":"2026-04-21T10:45:54","slug":"attikus","status":"publish","type":"pets","link":"https:\/\/remembermefrance.org\/en\/pets\/attikus\/","title":{"rendered":"Attikus"},"content":{"rendered":"<p><strong>Attikus n&rsquo;est pas encore parrain\u00e9.<\/strong> <strong>If you would like to sponsor one of our animals, <a href=\"https:\/\/remembermefrance.org\/index.php\/agir\/parrainer\/\">click here<\/a>.<\/strong><\/p>\n\n\n\n<p class=\"has-text-align-left\"><strong>Age:<\/strong> : n\u00e9 le 15 mars 2015<br><strong>Breed<\/strong> : crois\u00e9e &#8211; type rottweiler<br><strong>Size:<\/strong>&nbsp;grande (42 kg &#8211; mars 2026)<br><br>Castr\u00e9 : oui<br><strong>Vaccinated<\/strong> : yes<br><strong>Chipped<\/strong> : yes<\/p>\n\n\n\n<p><strong>Arrived at Remember Me Land<\/strong> : mars 2026<\/p>\n\n\n\n<p class=\"has-text-align-left\"><strong>Good with<\/strong> : ok with dogs<\/p>\n\n\n\n<p class=\"has-text-align-left\">Cohabite avec les chiens de son box\/enclos (cela ne veut pas dire qu&rsquo;il s\u2019entendra obligatoirement avec tous les canid\u00e9s ; chaque animal a ses t\u00eates et ses affinit\u00e9s). Ne pourra pas \u00eatre plac\u00e9 dans un foyer avec des enfants en bas-\u00e2ge. N\u2019\u00e9tant pas manipulable pour le moment, il nous est impossible d\u2019effectuer un test chat s\u00e9curitaire pour le f\u00e9lin.<\/p>\n\n\n\n<p><strong>Character<\/strong> : <strong>12 avril 2026<\/strong>&nbsp;:&nbsp;<strong>ATTIKUS<\/strong>&nbsp;s&rsquo;appelait FLORICA pr\u00e9c\u00e9demment, il a \u00e9t\u00e9 abandonn\u00e9. Sa vraie date de naissance est le 15\/03\/2015. il a vu le v\u00e9t\u00e9rinaire pour son otite<\/p>\n\n\n\n<p><strong>6 avril 2026&nbsp;<\/strong>:&nbsp;<strong>Attikus<\/strong>&nbsp;d\u00e9prime et maigrit en box. Il a eu une prise de sang rien d&rsquo;anormal, Emilie l&rsquo;a mis dans l&rsquo;entr\u00e9e pour qu&rsquo;il n&rsquo;ait plus le stress de la vie en box<\/p>\n\n\n\n<p>timide \u00e0 son arriv\u00e9e (mars 2026)<\/p>\n\n\n\n<p><strong>History<\/strong> : abandonn\u00e9, il est arriv\u00e9 avec une otite \u00e0 l&rsquo;oreille gauche<\/p>\n\n\n\n<p>Pour suivre son \u00e9volution : <a href=\"https:\/\/remembermefrance.forumactif.org\/t26385-attikus-male-type-rottweiler-de-grande-taille-ne-environ-mars-2018-remember-me-land?highlight=Attikus\">voir sur le forum<\/a><\/p>\n\n\n\n<p><strong>Frais d&rsquo;adoption r\u00e9duits<\/strong> : 200 \u20ac <br><a href=\"https:\/\/remembermefrance.org\/index.php\/adopter\/procedure-dadoption#lesfrais\">Click here<\/a> pour plus d&rsquo;infos sur les frais<\/p>\n\n\n<div class=\"wp-block-button button1\"><a class=\"wp-block-button__link\" href=\"https:\/\/remembermefrance.org\/wp-content\/uploads\/formulaire_rmf.docx\">T\u00e9l\u00e9chargez le formulaire d&rsquo;adoption<\/a><\/div>\n\n\n<hr class=\"wp-block-separator has-css-opacity\"\/>\n\n\n\n<figure class=\"wp-block-gallery has-nested-images columns-default is-cropped wp-block-gallery-1 is-layout-flex wp-block-gallery-is-layout-flex\">\n<figure class=\"wp-block-image size-large\"><a href=\"https:\/\/remembermefrance.org\/wp-content\/uploads\/IMG_8268.jpeg\"><img decoding=\"async\" width=\"360\" height=\"480\" data-id=\"103393\" src=\"https:\/\/remembermefrance.org\/wp-content\/uploads\/IMG_8268.jpeg\" alt=\"\" class=\"wp-image-103393\" srcset=\"https:\/\/remembermefrance.org\/wp-content\/uploads\/IMG_8268.jpeg 360w, https:\/\/remembermefrance.org\/wp-content\/uploads\/IMG_8268-225x300.jpeg 225w, https:\/\/remembermefrance.org\/wp-content\/uploads\/IMG_8268-9x12.jpeg 9w\" sizes=\"(max-width: 360px) 100vw, 360px\" \/><\/a><figcaption class=\"wp-element-caption\">19 avril 2026<\/figcaption><\/figure>\n\n\n\n<figure class=\"wp-block-image size-large\"><a href=\"https:\/\/remembermefrance.org\/wp-content\/uploads\/IMG_8269.jpeg\"><img decoding=\"async\" width=\"360\" height=\"480\" data-id=\"103392\" src=\"https:\/\/remembermefrance.org\/wp-content\/uploads\/IMG_8269.jpeg\" alt=\"\" class=\"wp-image-103392\" srcset=\"https:\/\/remembermefrance.org\/wp-content\/uploads\/IMG_8269.jpeg 360w, https:\/\/remembermefrance.org\/wp-content\/uploads\/IMG_8269-225x300.jpeg 225w, https:\/\/remembermefrance.org\/wp-content\/uploads\/IMG_8269-9x12.jpeg 9w\" sizes=\"(max-width: 360px) 100vw, 360px\" \/><\/a><figcaption class=\"wp-element-caption\">19 avril 2026<\/figcaption><\/figure>\n\n\n\n<figure class=\"wp-block-image size-large\"><a href=\"https:\/\/remembermefrance.org\/wp-content\/uploads\/IMG_8270.jpeg\"><img decoding=\"async\" width=\"379\" height=\"500\" data-id=\"103391\" src=\"https:\/\/remembermefrance.org\/wp-content\/uploads\/IMG_8270-379x500.jpeg\" alt=\"\" class=\"wp-image-103391\" srcset=\"https:\/\/remembermefrance.org\/wp-content\/uploads\/IMG_8270-379x500.jpeg 379w, https:\/\/remembermefrance.org\/wp-content\/uploads\/IMG_8270-227x300.jpeg 227w, https:\/\/remembermefrance.org\/wp-content\/uploads\/IMG_8270-9x12.jpeg 9w, https:\/\/remembermefrance.org\/wp-content\/uploads\/IMG_8270-360x475.jpeg 360w, https:\/\/remembermefrance.org\/wp-content\/uploads\/IMG_8270.jpeg 640w\" sizes=\"(max-width: 379px) 100vw, 379px\" \/><\/a><figcaption class=\"wp-element-caption\">19 avril 2026<\/figcaption><\/figure>\n\n\n\n<figure class=\"wp-block-image size-large\"><a href=\"https:\/\/remembermefrance.org\/wp-content\/uploads\/IMG_8271.jpeg\"><img decoding=\"async\" width=\"375\" height=\"500\" data-id=\"103390\" src=\"https:\/\/remembermefrance.org\/wp-content\/uploads\/IMG_8271-375x500.jpeg\" alt=\"\" class=\"wp-image-103390\" srcset=\"https:\/\/remembermefrance.org\/wp-content\/uploads\/IMG_8271-375x500.jpeg 375w, https:\/\/remembermefrance.org\/wp-content\/uploads\/IMG_8271-225x300.jpeg 225w, https:\/\/remembermefrance.org\/wp-content\/uploads\/IMG_8271-9x12.jpeg 9w, https:\/\/remembermefrance.org\/wp-content\/uploads\/IMG_8271-360x480.jpeg 360w, https:\/\/remembermefrance.org\/wp-content\/uploads\/IMG_8271.jpeg 640w\" sizes=\"(max-width: 375px) 100vw, 375px\" \/><\/a><figcaption class=\"wp-element-caption\">19 avril 2026<\/figcaption><\/figure>\n\n\n\n<figure class=\"wp-block-image size-large\"><a href=\"https:\/\/remembermefrance.org\/wp-content\/uploads\/IMG_8272.jpeg\"><img decoding=\"async\" width=\"500\" height=\"375\" data-id=\"103389\" src=\"https:\/\/remembermefrance.org\/wp-content\/uploads\/IMG_8272-500x375.jpeg\" alt=\"\" class=\"wp-image-103389\"\/><\/a><figcaption class=\"wp-element-caption\">19 avril 2026<\/figcaption><\/figure>\n\n\n\n<figure class=\"wp-block-image size-large\"><a href=\"https:\/\/remembermefrance.org\/wp-content\/uploads\/IMG_8273.jpeg\"><img decoding=\"async\" width=\"377\" height=\"500\" data-id=\"103388\" src=\"https:\/\/remembermefrance.org\/wp-content\/uploads\/IMG_8273-377x500.jpeg\" alt=\"\" class=\"wp-image-103388\" srcset=\"https:\/\/remembermefrance.org\/wp-content\/uploads\/IMG_8273-377x500.jpeg 377w, https:\/\/remembermefrance.org\/wp-content\/uploads\/IMG_8273-226x300.jpeg 226w, https:\/\/remembermefrance.org\/wp-content\/uploads\/IMG_8273-9x12.jpeg 9w, https:\/\/remembermefrance.org\/wp-content\/uploads\/IMG_8273-360x478.jpeg 360w, https:\/\/remembermefrance.org\/wp-content\/uploads\/IMG_8273.jpeg 640w\" sizes=\"(max-width: 377px) 100vw, 377px\" \/><\/a><figcaption class=\"wp-element-caption\">19 avril 2026<\/figcaption><\/figure>\n\n\n\n<figure class=\"wp-block-image size-large\"><a href=\"https:\/\/remembermefrance.org\/wp-content\/uploads\/IMG_8274.jpeg\"><img decoding=\"async\" width=\"360\" height=\"480\" data-id=\"103387\" src=\"https:\/\/remembermefrance.org\/wp-content\/uploads\/IMG_8274.jpeg\" alt=\"\" class=\"wp-image-103387\" srcset=\"https:\/\/remembermefrance.org\/wp-content\/uploads\/IMG_8274.jpeg 360w, https:\/\/remembermefrance.org\/wp-content\/uploads\/IMG_8274-225x300.jpeg 225w, https:\/\/remembermefrance.org\/wp-content\/uploads\/IMG_8274-9x12.jpeg 9w\" sizes=\"(max-width: 360px) 100vw, 360px\" \/><\/a><figcaption class=\"wp-element-caption\">19 avril 2026<\/figcaption><\/figure>\n\n\n\n<figure class=\"wp-block-image size-large\"><a href=\"https:\/\/remembermefrance.org\/wp-content\/uploads\/IMG_8275.jpeg\"><img decoding=\"async\" width=\"375\" height=\"500\" data-id=\"103386\" src=\"https:\/\/remembermefrance.org\/wp-content\/uploads\/IMG_8275-375x500.jpeg\" alt=\"\" class=\"wp-image-103386\" srcset=\"https:\/\/remembermefrance.org\/wp-content\/uploads\/IMG_8275-375x500.jpeg 375w, https:\/\/remembermefrance.org\/wp-content\/uploads\/IMG_8275-225x300.jpeg 225w, https:\/\/remembermefrance.org\/wp-content\/uploads\/IMG_8275-9x12.jpeg 9w, https:\/\/remembermefrance.org\/wp-content\/uploads\/IMG_8275-360x480.jpeg 360w, https:\/\/remembermefrance.org\/wp-content\/uploads\/IMG_8275.jpeg 640w\" sizes=\"(max-width: 375px) 100vw, 375px\" \/><\/a><figcaption class=\"wp-element-caption\">19 avril 2026<\/figcaption><\/figure>\n\n\n\n<figure class=\"wp-block-image size-large\"><a href=\"https:\/\/remembermefrance.org\/wp-content\/uploads\/IMG_8276.jpeg\"><img decoding=\"async\" width=\"360\" height=\"480\" data-id=\"103385\" src=\"https:\/\/remembermefrance.org\/wp-content\/uploads\/IMG_8276.jpeg\" alt=\"\" class=\"wp-image-103385\" srcset=\"https:\/\/remembermefrance.org\/wp-content\/uploads\/IMG_8276.jpeg 360w, https:\/\/remembermefrance.org\/wp-content\/uploads\/IMG_8276-225x300.jpeg 225w, https:\/\/remembermefrance.org\/wp-content\/uploads\/IMG_8276-9x12.jpeg 9w\" sizes=\"(max-width: 360px) 100vw, 360px\" \/><\/a><figcaption class=\"wp-element-caption\">19 avril 2026<\/figcaption><\/figure>\n\n\n\n<figure class=\"wp-block-image size-large\"><a href=\"https:\/\/remembermefrance.org\/wp-content\/uploads\/IMG_8277.jpeg\"><img decoding=\"async\" width=\"375\" height=\"500\" data-id=\"103384\" src=\"https:\/\/remembermefrance.org\/wp-content\/uploads\/IMG_8277-375x500.jpeg\" alt=\"\" class=\"wp-image-103384\" srcset=\"https:\/\/remembermefrance.org\/wp-content\/uploads\/IMG_8277-375x500.jpeg 375w, https:\/\/remembermefrance.org\/wp-content\/uploads\/IMG_8277-225x300.jpeg 225w, https:\/\/remembermefrance.org\/wp-content\/uploads\/IMG_8277-9x12.jpeg 9w, https:\/\/remembermefrance.org\/wp-content\/uploads\/IMG_8277-360x480.jpeg 360w, https:\/\/remembermefrance.org\/wp-content\/uploads\/IMG_8277.jpeg 640w\" sizes=\"(max-width: 375px) 100vw, 375px\" \/><\/a><figcaption class=\"wp-element-caption\">19 avril 2026<\/figcaption><\/figure>\n\n\n\n<figure class=\"wp-block-image size-large\"><a href=\"https:\/\/remembermefrance.org\/wp-content\/uploads\/IMG_8278.jpeg\"><img decoding=\"async\" width=\"375\" height=\"500\" data-id=\"103383\" src=\"https:\/\/remembermefrance.org\/wp-content\/uploads\/IMG_8278-375x500.jpeg\" alt=\"\" class=\"wp-image-103383\" srcset=\"https:\/\/remembermefrance.org\/wp-content\/uploads\/IMG_8278-375x500.jpeg 375w, https:\/\/remembermefrance.org\/wp-content\/uploads\/IMG_8278-225x300.jpeg 225w, https:\/\/remembermefrance.org\/wp-content\/uploads\/IMG_8278-9x12.jpeg 9w, https:\/\/remembermefrance.org\/wp-content\/uploads\/IMG_8278-360x480.jpeg 360w, https:\/\/remembermefrance.org\/wp-content\/uploads\/IMG_8278.jpeg 640w\" sizes=\"(max-width: 375px) 100vw, 375px\" \/><\/a><figcaption class=\"wp-element-caption\">19 avril 2026<\/figcaption><\/figure>\n\n\n\n<figure class=\"wp-block-image size-large\"><a href=\"https:\/\/remembermefrance.org\/wp-content\/uploads\/IMG_7702.jpeg\"><img decoding=\"async\" width=\"281\" height=\"500\" data-id=\"102414\" src=\"https:\/\/remembermefrance.org\/wp-content\/uploads\/IMG_7702-281x500.jpeg\" alt=\"\" class=\"wp-image-102414\" srcset=\"https:\/\/remembermefrance.org\/wp-content\/uploads\/IMG_7702-281x500.jpeg 281w, https:\/\/remembermefrance.org\/wp-content\/uploads\/IMG_7702-169x300.jpeg 169w, https:\/\/remembermefrance.org\/wp-content\/uploads\/IMG_7702-7x12.jpeg 7w, https:\/\/remembermefrance.org\/wp-content\/uploads\/IMG_7702-360x640.jpeg 360w, https:\/\/remembermefrance.org\/wp-content\/uploads\/IMG_7702.jpeg 640w\" sizes=\"(max-width: 281px) 100vw, 281px\" \/><\/a><figcaption class=\"wp-element-caption\">Bilan sanguin normal<\/figcaption><\/figure>\n\n\n\n<figure class=\"wp-block-image size-large\"><a href=\"https:\/\/remembermefrance.org\/wp-content\/uploads\/Attikus1.jpg\"><img decoding=\"async\" data-id=\"101073\" src=\"https:\/\/remembermefrance.org\/wp-content\/uploads\/Attikus1-281x500.jpg\" alt=\"\" class=\"wp-image-101073\"\/><\/a><figcaption class=\"wp-element-caption\">14 mars 2026<\/figcaption><\/figure>\n\n\n\n<figure class=\"wp-block-image size-large\"><a href=\"https:\/\/remembermefrance.org\/wp-content\/uploads\/Attikus2.jpg\"><img decoding=\"async\" width=\"281\" height=\"500\" data-id=\"101072\" src=\"https:\/\/remembermefrance.org\/wp-content\/uploads\/Attikus2-281x500.jpg\" alt=\"\" class=\"wp-image-101072\" srcset=\"https:\/\/remembermefrance.org\/wp-content\/uploads\/Attikus2-281x500.jpg 281w, https:\/\/remembermefrance.org\/wp-content\/uploads\/Attikus2-169x300.jpg 169w, https:\/\/remembermefrance.org\/wp-content\/uploads\/Attikus2-7x12.jpg 7w, https:\/\/remembermefrance.org\/wp-content\/uploads\/Attikus2-360x640.jpg 360w, https:\/\/remembermefrance.org\/wp-content\/uploads\/Attikus2.jpg 640w\" sizes=\"(max-width: 281px) 100vw, 281px\" \/><\/a><figcaption class=\"wp-element-caption\">14 mars 2026<\/figcaption><\/figure>\n<\/figure>\n\n\n\n<hr class=\"wp-block-separator has-css-opacity\"\/>\n\n\n\n<figure class=\"wp-block-embed is-type-video is-provider-youtube wp-block-embed-youtube wp-embed-aspect-16-9 wp-has-aspect-ratio\"><div class=\"wp-block-embed__wrapper\">\n<iframe title=\"ATTIKUS - REMEMBER ME\" width=\"843\" height=\"474\" src=\"https:\/\/www.youtube.com\/embed\/9w4T2QWYNaU?feature=oembed\" frameborder=\"0\" allow=\"accelerometer; autoplay; clipboard-write; encrypted-media; gyroscope; picture-in-picture; web-share\" referrerpolicy=\"strict-origin-when-cross-origin\" allowfullscreen><\/iframe>\n<\/div><figcaption class=\"wp-element-caption\">7 avril 2026<\/figcaption><\/figure>","protected":false},"excerpt":{"rendered":"<p>M\u00e2le, n\u00e9 le 15 mars 2015<br \/>\nAu refuge depuis mars 2026<\/p>","protected":false},"featured_media":103389,"template":"","breed":[28],"pet-color":[],"class_list":["post-101076","pets","type-pets","status-publish","has-post-thumbnail","hentry","breed-adulte-grand"],"yoast_head":"<!-- This site is optimized with the Yoast SEO plugin v27.5 - https:\/\/yoast.com\/product\/yoast-seo-wordpress\/ -->\n<title>Attikus - Association RMF<\/title>\n<meta name=\"robots\" content=\"index, follow, max-snippet:-1, max-image-preview:large, max-video-preview:-1\" \/>\n<link rel=\"canonical\" href=\"https:\/\/remembermefrance.org\/en\/pets\/attikus\/\" \/>\n<meta property=\"og:locale\" content=\"en_GB\" \/>\n<meta property=\"og:type\" content=\"article\" \/>\n<meta property=\"og:title\" content=\"Attikus - Association RMF\" \/>\n<meta property=\"og:description\" content=\"M\u00e2le, n\u00e9 le 15 mars 2015 Au refuge depuis mars 2026\" \/>\n<meta property=\"og:url\" content=\"https:\/\/remembermefrance.org\/en\/pets\/attikus\/\" \/>\n<meta property=\"og:site_name\" content=\"Association RMF\" \/>\n<meta property=\"article:publisher\" content=\"https:\/\/www.facebook.com\/remembermefrance\" \/>\n<meta property=\"article:modified_time\" content=\"2026-04-21T10:45:54+00:00\" \/>\n<meta property=\"og:image\" content=\"https:\/\/remembermefrance.org\/wp-content\/uploads\/IMG_8272-e1776768352368.jpeg\" \/>\n\t<meta property=\"og:image:width\" content=\"480\" \/>\n\t<meta property=\"og:image:height\" content=\"480\" \/>\n\t<meta property=\"og:image:type\" content=\"image\/jpeg\" \/>\n<meta name=\"twitter:card\" content=\"summary_large_image\" \/>\n<meta name=\"twitter:label1\" content=\"Estimated reading time\" \/>\n\t<meta name=\"twitter:data1\" content=\"5 minutes\" \/>\n<script type=\"application\/ld+json\" class=\"yoast-schema-graph\">{\"@context\":\"https:\\\/\\\/schema.org\",\"@graph\":[{\"@type\":\"WebPage\",\"@id\":\"https:\\\/\\\/remembermefrance.org\\\/pets\\\/attikus\\\/\",\"url\":\"https:\\\/\\\/remembermefrance.org\\\/pets\\\/attikus\\\/\",\"name\":\"Attikus - Association RMF\",\"isPartOf\":{\"@id\":\"https:\\\/\\\/remembermefrance.org\\\/#website\"},\"primaryImageOfPage\":{\"@id\":\"https:\\\/\\\/remembermefrance.org\\\/pets\\\/attikus\\\/#primaryimage\"},\"image\":{\"@id\":\"https:\\\/\\\/remembermefrance.org\\\/pets\\\/attikus\\\/#primaryimage\"},\"thumbnailUrl\":\"https:\\\/\\\/remembermefrance.org\\\/wp-content\\\/uploads\\\/IMG_8272-e1776768352368.jpeg\",\"datePublished\":\"2026-03-14T16:46:20+00:00\",\"dateModified\":\"2026-04-21T10:45:54+00:00\",\"breadcrumb\":{\"@id\":\"https:\\\/\\\/remembermefrance.org\\\/pets\\\/attikus\\\/#breadcrumb\"},\"inLanguage\":\"en-GB\",\"potentialAction\":[{\"@type\":\"ReadAction\",\"target\":[\"https:\\\/\\\/remembermefrance.org\\\/pets\\\/attikus\\\/\"]}]},{\"@type\":\"ImageObject\",\"inLanguage\":\"en-GB\",\"@id\":\"https:\\\/\\\/remembermefrance.org\\\/pets\\\/attikus\\\/#primaryimage\",\"url\":\"https:\\\/\\\/remembermefrance.org\\\/wp-content\\\/uploads\\\/IMG_8272-e1776768352368.jpeg\",\"contentUrl\":\"https:\\\/\\\/remembermefrance.org\\\/wp-content\\\/uploads\\\/IMG_8272-e1776768352368.jpeg\",\"width\":480,\"height\":480},{\"@type\":\"BreadcrumbList\",\"@id\":\"https:\\\/\\\/remembermefrance.org\\\/pets\\\/attikus\\\/#breadcrumb\",\"itemListElement\":[{\"@type\":\"ListItem\",\"position\":1,\"name\":\"Accueil\",\"item\":\"https:\\\/\\\/remembermefrance.org\\\/\"},{\"@type\":\"ListItem\",\"position\":2,\"name\":\"Pets\",\"item\":\"https:\\\/\\\/remembermefrance.org\\\/pets\\\/\"},{\"@type\":\"ListItem\",\"position\":3,\"name\":\"Attikus\"}]},{\"@type\":\"WebSite\",\"@id\":\"https:\\\/\\\/remembermefrance.org\\\/#website\",\"url\":\"https:\\\/\\\/remembermefrance.org\\\/\",\"name\":\"Remember me France\",\"description\":\"Adopter un chien roumain\",\"publisher\":{\"@id\":\"https:\\\/\\\/remembermefrance.org\\\/#organization\"},\"potentialAction\":[{\"@type\":\"SearchAction\",\"target\":{\"@type\":\"EntryPoint\",\"urlTemplate\":\"https:\\\/\\\/remembermefrance.org\\\/?s={search_term_string}\"},\"query-input\":{\"@type\":\"PropertyValueSpecification\",\"valueRequired\":true,\"valueName\":\"search_term_string\"}}],\"inLanguage\":\"en-GB\"},{\"@type\":\"Organization\",\"@id\":\"https:\\\/\\\/remembermefrance.org\\\/#organization\",\"name\":\"Remember me\",\"url\":\"https:\\\/\\\/remembermefrance.org\\\/\",\"logo\":{\"@type\":\"ImageObject\",\"inLanguage\":\"en-GB\",\"@id\":\"https:\\\/\\\/remembermefrance.org\\\/#\\\/schema\\\/logo\\\/image\\\/\",\"url\":\"https:\\\/\\\/remembermefrance.org\\\/wp-content\\\/uploads\\\/logo-remember.png\",\"contentUrl\":\"https:\\\/\\\/remembermefrance.org\\\/wp-content\\\/uploads\\\/logo-remember.png\",\"width\":325,\"height\":60,\"caption\":\"Remember me\"},\"image\":{\"@id\":\"https:\\\/\\\/remembermefrance.org\\\/#\\\/schema\\\/logo\\\/image\\\/\"},\"sameAs\":[\"https:\\\/\\\/www.facebook.com\\\/remembermefrance\",\"https:\\\/\\\/www.instagram.com\\\/remembermefrance\\\/\"]}]}<\/script>\n<!-- \/ Yoast SEO plugin. -->","yoast_head_json":{"title":"Attikus - Association RMF","robots":{"index":"index","follow":"follow","max-snippet":"max-snippet:-1","max-image-preview":"max-image-preview:large","max-video-preview":"max-video-preview:-1"},"canonical":"https:\/\/remembermefrance.org\/en\/pets\/attikus\/","og_locale":"en_GB","og_type":"article","og_title":"Attikus - Association RMF","og_description":"M\u00e2le, n\u00e9 le 15 mars 2015 Au refuge depuis mars 2026","og_url":"https:\/\/remembermefrance.org\/en\/pets\/attikus\/","og_site_name":"Association RMF","article_publisher":"https:\/\/www.facebook.com\/remembermefrance","article_modified_time":"2026-04-21T10:45:54+00:00","og_image":[{"width":480,"height":480,"url":"https:\/\/remembermefrance.org\/wp-content\/uploads\/IMG_8272-e1776768352368.jpeg","type":"image\/jpeg"}],"twitter_card":"summary_large_image","twitter_misc":{"Estimated reading time":"5 minutes"},"schema":{"@context":"https:\/\/schema.org","@graph":[{"@type":"WebPage","@id":"https:\/\/remembermefrance.org\/pets\/attikus\/","url":"https:\/\/remembermefrance.org\/pets\/attikus\/","name":"Attikus - Association RMF","isPartOf":{"@id":"https:\/\/remembermefrance.org\/#website"},"primaryImageOfPage":{"@id":"https:\/\/remembermefrance.org\/pets\/attikus\/#primaryimage"},"image":{"@id":"https:\/\/remembermefrance.org\/pets\/attikus\/#primaryimage"},"thumbnailUrl":"https:\/\/remembermefrance.org\/wp-content\/uploads\/IMG_8272-e1776768352368.jpeg","datePublished":"2026-03-14T16:46:20+00:00","dateModified":"2026-04-21T10:45:54+00:00","breadcrumb":{"@id":"https:\/\/remembermefrance.org\/pets\/attikus\/#breadcrumb"},"inLanguage":"en-GB","potentialAction":[{"@type":"ReadAction","target":["https:\/\/remembermefrance.org\/pets\/attikus\/"]}]},{"@type":"ImageObject","inLanguage":"en-GB","@id":"https:\/\/remembermefrance.org\/pets\/attikus\/#primaryimage","url":"https:\/\/remembermefrance.org\/wp-content\/uploads\/IMG_8272-e1776768352368.jpeg","contentUrl":"https:\/\/remembermefrance.org\/wp-content\/uploads\/IMG_8272-e1776768352368.jpeg","width":480,"height":480},{"@type":"BreadcrumbList","@id":"https:\/\/remembermefrance.org\/pets\/attikus\/#breadcrumb","itemListElement":[{"@type":"ListItem","position":1,"name":"Accueil","item":"https:\/\/remembermefrance.org\/"},{"@type":"ListItem","position":2,"name":"Pets","item":"https:\/\/remembermefrance.org\/pets\/"},{"@type":"ListItem","position":3,"name":"Attikus"}]},{"@type":"WebSite","@id":"https:\/\/remembermefrance.org\/#website","url":"https:\/\/remembermefrance.org\/","name":"Remember me France","description":"Adopt a Romanian dog","publisher":{"@id":"https:\/\/remembermefrance.org\/#organization"},"potentialAction":[{"@type":"SearchAction","target":{"@type":"EntryPoint","urlTemplate":"https:\/\/remembermefrance.org\/?s={search_term_string}"},"query-input":{"@type":"PropertyValueSpecification","valueRequired":true,"valueName":"search_term_string"}}],"inLanguage":"en-GB"},{"@type":"Organization","@id":"https:\/\/remembermefrance.org\/#organization","name":"Remember me","url":"https:\/\/remembermefrance.org\/","logo":{"@type":"ImageObject","inLanguage":"en-GB","@id":"https:\/\/remembermefrance.org\/#\/schema\/logo\/image\/","url":"https:\/\/remembermefrance.org\/wp-content\/uploads\/logo-remember.png","contentUrl":"https:\/\/remembermefrance.org\/wp-content\/uploads\/logo-remember.png","width":325,"height":60,"caption":"Remember me"},"image":{"@id":"https:\/\/remembermefrance.org\/#\/schema\/logo\/image\/"},"sameAs":["https:\/\/www.facebook.com\/remembermefrance","https:\/\/www.instagram.com\/remembermefrance\/"]}]}},"_links":{"self":[{"href":"https:\/\/remembermefrance.org\/en\/wp-json\/wp\/v2\/pets\/101076","targetHints":{"allow":["GET"]}}],"collection":[{"href":"https:\/\/remembermefrance.org\/en\/wp-json\/wp\/v2\/pets"}],"about":[{"href":"https:\/\/remembermefrance.org\/en\/wp-json\/wp\/v2\/types\/pets"}],"wp:featuredmedia":[{"embeddable":true,"href":"https:\/\/remembermefrance.org\/en\/wp-json\/wp\/v2\/media\/103389"}],"wp:attachment":[{"href":"https:\/\/remembermefrance.org\/en\/wp-json\/wp\/v2\/media?parent=101076"}],"wp:term":[{"taxonomy":"breed","embeddable":true,"href":"https:\/\/remembermefrance.org\/en\/wp-json\/wp\/v2\/breed?post=101076"},{"taxonomy":"pet-color","embeddable":true,"href":"https:\/\/remembermefrance.org\/en\/wp-json\/wp\/v2\/pet-color?post=101076"}],"curies":[{"name":"wp","href":"https:\/\/api.w.org\/{rel}","templated":true}]}}