{"id":101078,"date":"2026-03-14T17:53:54","date_gmt":"2026-03-14T16:53:54","guid":{"rendered":"https:\/\/remembermefrance.org\/?post_type=pets&#038;p=101078"},"modified":"2026-04-20T20:22:31","modified_gmt":"2026-04-20T18:22:31","slug":"preston","status":"publish","type":"pets","link":"https:\/\/remembermefrance.org\/en\/pets\/preston\/","title":{"rendered":"Preston"},"content":{"rendered":"<p><strong>Preston n&rsquo;est pas encore parrain\u00e9.<\/strong> <strong>If you would like to sponsor one of our animals, <a href=\"https:\/\/remembermefrance.org\/index.php\/agir\/parrainer\/\">click here<\/a>.<\/strong><\/p>\n\n\n\n<p class=\"has-text-align-left\"><strong>Age:<\/strong> : n\u00e9 environ en mars 2021 (date estim\u00e9e approximative)<br><strong>Breed<\/strong> : crois\u00e9e &#8211; type leonberg<br><strong>Size:<\/strong>&nbsp;grande (42,2 kg &#8211; mars 2026)<br><br>Castr\u00e9 : oui<br><strong>Vaccinated<\/strong> : yes<br><strong>Chipped<\/strong> : yes<\/p>\n\n\n\n<p><strong>Arrived at Remember Me Land<\/strong> : mars 2026<\/p>\n\n\n\n<p class=\"has-text-align-left\"><strong>Good with<\/strong> : ok chiens.<\/p>\n\n\n\n<p class=\"has-text-align-left\">Cohabite avec les chiens de son box\/enclos (cela ne veut pas dire qu&rsquo;il s\u2019entendra obligatoirement avec tous les canid\u00e9s ; chaque animal a ses t\u00eates et ses affinit\u00e9s). Ne pourra pas \u00eatre plac\u00e9 dans un foyer avec des enfants en bas-\u00e2ge. N\u2019\u00e9tant pas manipulable pour le moment, il nous est impossible d\u2019effectuer un test chat s\u00e9curitaire pour le f\u00e9lin.<\/p>\n\n\n\n<p><strong>Character<\/strong> : 6 avril 2026: rapidement sociable<\/p>\n\n\n\n<p>craintif \u00e0 son arriv\u00e9e (mars 2026)<\/p>\n\n\n\n<p><strong>History<\/strong> : attrap\u00e9 par les dogcatchers de Pascani<\/p>\n\n\n\n<p>Pour suivre son \u00e9volution : <a href=\"https:\/\/remembermefrance.forumactif.org\/t26387-preston-male-type-leonberg-de-grande-taille-ne-environ-en-mars-2021-remember-me-land?highlight=preston\">voir sur le forum<\/a><\/p>\n\n\n\n<p><strong>Frais d&rsquo;adoption<\/strong> : 300 \u20ac <br><a href=\"https:\/\/remembermefrance.org\/index.php\/adopter\/procedure-dadoption#lesfrais\">Click here<\/a> pour plus d&rsquo;infos sur les frais<\/p>\n\n\n<div class=\"wp-block-button button1\"><a class=\"wp-block-button__link\" href=\"https:\/\/remembermefrance.org\/wp-content\/uploads\/formulaire_rmf.docx\">T\u00e9l\u00e9chargez le formulaire d&rsquo;adoption<\/a><\/div>\n\n\n<hr class=\"wp-block-separator has-css-opacity\"\/>\n\n\n\n<figure class=\"wp-block-gallery has-nested-images columns-default is-cropped wp-block-gallery-1 is-layout-flex wp-block-gallery-is-layout-flex\">\n<figure class=\"wp-block-image size-large\"><a href=\"https:\/\/remembermefrance.org\/wp-content\/uploads\/IMG_8223.jpeg\"><img decoding=\"async\" width=\"360\" height=\"480\" data-id=\"103105\" src=\"https:\/\/remembermefrance.org\/wp-content\/uploads\/IMG_8223.jpeg\" alt=\"\" class=\"wp-image-103105\" srcset=\"https:\/\/remembermefrance.org\/wp-content\/uploads\/IMG_8223.jpeg 360w, https:\/\/remembermefrance.org\/wp-content\/uploads\/IMG_8223-225x300.jpeg 225w, https:\/\/remembermefrance.org\/wp-content\/uploads\/IMG_8223-9x12.jpeg 9w\" sizes=\"(max-width: 360px) 100vw, 360px\" \/><\/a><figcaption class=\"wp-element-caption\">19 avril 2026<\/figcaption><\/figure>\n\n\n\n<figure class=\"wp-block-image size-large\"><a href=\"https:\/\/remembermefrance.org\/wp-content\/uploads\/IMG_8224.jpeg\"><img decoding=\"async\" width=\"360\" height=\"480\" data-id=\"103106\" src=\"https:\/\/remembermefrance.org\/wp-content\/uploads\/IMG_8224.jpeg\" alt=\"\" class=\"wp-image-103106\" srcset=\"https:\/\/remembermefrance.org\/wp-content\/uploads\/IMG_8224.jpeg 360w, https:\/\/remembermefrance.org\/wp-content\/uploads\/IMG_8224-225x300.jpeg 225w, https:\/\/remembermefrance.org\/wp-content\/uploads\/IMG_8224-9x12.jpeg 9w\" sizes=\"(max-width: 360px) 100vw, 360px\" \/><\/a><figcaption class=\"wp-element-caption\">19 avril 2026<\/figcaption><\/figure>\n\n\n\n<figure class=\"wp-block-image size-large\"><a href=\"https:\/\/remembermefrance.org\/wp-content\/uploads\/IMG_8225.jpeg\"><img decoding=\"async\" width=\"360\" height=\"480\" data-id=\"103107\" src=\"https:\/\/remembermefrance.org\/wp-content\/uploads\/IMG_8225.jpeg\" alt=\"\" class=\"wp-image-103107\" srcset=\"https:\/\/remembermefrance.org\/wp-content\/uploads\/IMG_8225.jpeg 360w, https:\/\/remembermefrance.org\/wp-content\/uploads\/IMG_8225-225x300.jpeg 225w, https:\/\/remembermefrance.org\/wp-content\/uploads\/IMG_8225-9x12.jpeg 9w\" sizes=\"(max-width: 360px) 100vw, 360px\" \/><\/a><figcaption class=\"wp-element-caption\">19 avril 2026<\/figcaption><\/figure>\n\n\n\n<figure class=\"wp-block-image size-large\"><a href=\"https:\/\/remembermefrance.org\/wp-content\/uploads\/IMG_8226.jpeg\"><img decoding=\"async\" width=\"360\" height=\"480\" data-id=\"103108\" src=\"https:\/\/remembermefrance.org\/wp-content\/uploads\/IMG_8226.jpeg\" alt=\"\" class=\"wp-image-103108\" srcset=\"https:\/\/remembermefrance.org\/wp-content\/uploads\/IMG_8226.jpeg 360w, https:\/\/remembermefrance.org\/wp-content\/uploads\/IMG_8226-225x300.jpeg 225w, https:\/\/remembermefrance.org\/wp-content\/uploads\/IMG_8226-9x12.jpeg 9w\" sizes=\"(max-width: 360px) 100vw, 360px\" \/><\/a><figcaption class=\"wp-element-caption\">19 avril 2026<\/figcaption><\/figure>\n\n\n\n<figure class=\"wp-block-image size-large\"><a href=\"https:\/\/remembermefrance.org\/wp-content\/uploads\/IMG_8227.jpeg\"><img decoding=\"async\" width=\"375\" height=\"500\" data-id=\"103109\" src=\"https:\/\/remembermefrance.org\/wp-content\/uploads\/IMG_8227-375x500.jpeg\" alt=\"\" class=\"wp-image-103109\" srcset=\"https:\/\/remembermefrance.org\/wp-content\/uploads\/IMG_8227-375x500.jpeg 375w, https:\/\/remembermefrance.org\/wp-content\/uploads\/IMG_8227-225x300.jpeg 225w, https:\/\/remembermefrance.org\/wp-content\/uploads\/IMG_8227-9x12.jpeg 9w, https:\/\/remembermefrance.org\/wp-content\/uploads\/IMG_8227-360x480.jpeg 360w, https:\/\/remembermefrance.org\/wp-content\/uploads\/IMG_8227.jpeg 640w\" sizes=\"(max-width: 375px) 100vw, 375px\" \/><\/a><figcaption class=\"wp-element-caption\">19 avril 2026<\/figcaption><\/figure>\n\n\n\n<figure class=\"wp-block-image size-large\"><a href=\"https:\/\/remembermefrance.org\/wp-content\/uploads\/IMG_8228.jpeg\"><img decoding=\"async\" width=\"360\" height=\"480\" data-id=\"103110\" src=\"https:\/\/remembermefrance.org\/wp-content\/uploads\/IMG_8228.jpeg\" alt=\"\" class=\"wp-image-103110\" srcset=\"https:\/\/remembermefrance.org\/wp-content\/uploads\/IMG_8228.jpeg 360w, https:\/\/remembermefrance.org\/wp-content\/uploads\/IMG_8228-225x300.jpeg 225w, https:\/\/remembermefrance.org\/wp-content\/uploads\/IMG_8228-9x12.jpeg 9w\" sizes=\"(max-width: 360px) 100vw, 360px\" \/><\/a><figcaption class=\"wp-element-caption\">19 avril 2026<\/figcaption><\/figure>\n\n\n\n<figure class=\"wp-block-image size-large\"><a href=\"https:\/\/remembermefrance.org\/wp-content\/uploads\/IMG_8229.jpeg\"><img decoding=\"async\" data-id=\"103111\" src=\"https:\/\/remembermefrance.org\/wp-content\/uploads\/IMG_8229-375x500.jpeg\" alt=\"\" class=\"wp-image-103111\"\/><\/a><figcaption class=\"wp-element-caption\">19 avril 2026<\/figcaption><\/figure>\n\n\n\n<figure class=\"wp-block-image size-large\"><a href=\"https:\/\/remembermefrance.org\/wp-content\/uploads\/IMG_8230.jpeg\"><img decoding=\"async\" width=\"375\" height=\"500\" data-id=\"103112\" src=\"https:\/\/remembermefrance.org\/wp-content\/uploads\/IMG_8230-375x500.jpeg\" alt=\"\" class=\"wp-image-103112\" srcset=\"https:\/\/remembermefrance.org\/wp-content\/uploads\/IMG_8230-375x500.jpeg 375w, https:\/\/remembermefrance.org\/wp-content\/uploads\/IMG_8230-225x300.jpeg 225w, https:\/\/remembermefrance.org\/wp-content\/uploads\/IMG_8230-9x12.jpeg 9w, https:\/\/remembermefrance.org\/wp-content\/uploads\/IMG_8230-360x480.jpeg 360w, https:\/\/remembermefrance.org\/wp-content\/uploads\/IMG_8230.jpeg 640w\" sizes=\"(max-width: 375px) 100vw, 375px\" \/><\/a><figcaption class=\"wp-element-caption\">19 avril 2026<\/figcaption><\/figure>\n\n\n\n<figure class=\"wp-block-image size-large\"><a href=\"https:\/\/remembermefrance.org\/wp-content\/uploads\/IMG_8231.jpeg\"><img decoding=\"async\" width=\"360\" height=\"480\" data-id=\"103113\" src=\"https:\/\/remembermefrance.org\/wp-content\/uploads\/IMG_8231.jpeg\" alt=\"\" class=\"wp-image-103113\" srcset=\"https:\/\/remembermefrance.org\/wp-content\/uploads\/IMG_8231.jpeg 360w, https:\/\/remembermefrance.org\/wp-content\/uploads\/IMG_8231-225x300.jpeg 225w, https:\/\/remembermefrance.org\/wp-content\/uploads\/IMG_8231-9x12.jpeg 9w\" sizes=\"(max-width: 360px) 100vw, 360px\" \/><\/a><figcaption class=\"wp-element-caption\">19 avril 2026<\/figcaption><\/figure>\n\n\n\n<figure class=\"wp-block-image size-large\"><a href=\"https:\/\/remembermefrance.org\/wp-content\/uploads\/IMG_8232.jpeg\"><img decoding=\"async\" width=\"500\" height=\"375\" data-id=\"103114\" src=\"https:\/\/remembermefrance.org\/wp-content\/uploads\/IMG_8232-500x375.jpeg\" alt=\"\" class=\"wp-image-103114\" srcset=\"https:\/\/remembermefrance.org\/wp-content\/uploads\/IMG_8232-500x375.jpeg 500w, https:\/\/remembermefrance.org\/wp-content\/uploads\/IMG_8232-300x225.jpeg 300w, https:\/\/remembermefrance.org\/wp-content\/uploads\/IMG_8232-16x12.jpeg 16w, https:\/\/remembermefrance.org\/wp-content\/uploads\/IMG_8232-360x270.jpeg 360w, https:\/\/remembermefrance.org\/wp-content\/uploads\/IMG_8232.jpeg 640w\" sizes=\"(max-width: 500px) 100vw, 500px\" \/><\/a><figcaption class=\"wp-element-caption\">19 avril 2026<\/figcaption><\/figure>\n\n\n\n<figure class=\"wp-block-image size-large\"><a href=\"https:\/\/remembermefrance.org\/wp-content\/uploads\/IMG_8233.jpeg\"><img decoding=\"async\" width=\"500\" height=\"375\" data-id=\"103115\" src=\"https:\/\/remembermefrance.org\/wp-content\/uploads\/IMG_8233-500x375.jpeg\" alt=\"\" class=\"wp-image-103115\" srcset=\"https:\/\/remembermefrance.org\/wp-content\/uploads\/IMG_8233-500x375.jpeg 500w, https:\/\/remembermefrance.org\/wp-content\/uploads\/IMG_8233-300x225.jpeg 300w, https:\/\/remembermefrance.org\/wp-content\/uploads\/IMG_8233-16x12.jpeg 16w, https:\/\/remembermefrance.org\/wp-content\/uploads\/IMG_8233-360x270.jpeg 360w, https:\/\/remembermefrance.org\/wp-content\/uploads\/IMG_8233.jpeg 640w\" sizes=\"(max-width: 500px) 100vw, 500px\" \/><\/a><figcaption class=\"wp-element-caption\">19 avril 2026<\/figcaption><\/figure>\n\n\n\n<figure class=\"wp-block-image size-large\"><a href=\"https:\/\/remembermefrance.org\/wp-content\/uploads\/IMG_8234.jpeg\"><img decoding=\"async\" width=\"500\" height=\"375\" data-id=\"103116\" src=\"https:\/\/remembermefrance.org\/wp-content\/uploads\/IMG_8234-500x375.jpeg\" alt=\"\" class=\"wp-image-103116\" srcset=\"https:\/\/remembermefrance.org\/wp-content\/uploads\/IMG_8234-500x375.jpeg 500w, https:\/\/remembermefrance.org\/wp-content\/uploads\/IMG_8234-300x225.jpeg 300w, https:\/\/remembermefrance.org\/wp-content\/uploads\/IMG_8234-16x12.jpeg 16w, https:\/\/remembermefrance.org\/wp-content\/uploads\/IMG_8234-360x270.jpeg 360w, https:\/\/remembermefrance.org\/wp-content\/uploads\/IMG_8234.jpeg 640w\" sizes=\"(max-width: 500px) 100vw, 500px\" \/><\/a><figcaption class=\"wp-element-caption\">19 avril 2026<\/figcaption><\/figure>\n\n\n\n<figure class=\"wp-block-image size-large\"><a href=\"https:\/\/remembermefrance.org\/wp-content\/uploads\/Preston1.jpg\"><img decoding=\"async\" data-id=\"101077\" src=\"https:\/\/remembermefrance.org\/wp-content\/uploads\/Preston1-281x500.jpg\" alt=\"\" class=\"wp-image-101077\"\/><\/a><figcaption class=\"wp-element-caption\">14 mars 2026<\/figcaption><\/figure>\n<\/figure>\n\n\n\n<hr class=\"wp-block-separator has-css-opacity\"\/>\n\n\n\n<figure class=\"wp-block-embed is-type-video is-provider-youtube wp-block-embed-youtube wp-embed-aspect-16-9 wp-has-aspect-ratio\"><div class=\"wp-block-embed__wrapper\">\n<iframe title=\"PRESTON - REMEMBER ME\" width=\"843\" height=\"474\" src=\"https:\/\/www.youtube.com\/embed\/OS4jtXE5Weo?feature=oembed\" frameborder=\"0\" allow=\"accelerometer; autoplay; clipboard-write; encrypted-media; gyroscope; picture-in-picture; web-share\" referrerpolicy=\"strict-origin-when-cross-origin\" allowfullscreen><\/iframe>\n<\/div><figcaption class=\"wp-element-caption\">7 avril 2026<\/figcaption><\/figure>","protected":false},"excerpt":{"rendered":"<p>Male, born in March 2021<br \/>\nAu refuge depuis mars 2026<\/p>","protected":false},"featured_media":103111,"template":"","breed":[28],"pet-color":[],"class_list":["post-101078","pets","type-pets","status-publish","has-post-thumbnail","hentry","breed-adulte-grand"],"yoast_head":"<!-- This site is optimized with the Yoast SEO plugin v27.5 - https:\/\/yoast.com\/product\/yoast-seo-wordpress\/ -->\n<title>Preston - Association RMF<\/title>\n<meta name=\"robots\" content=\"index, follow, max-snippet:-1, max-image-preview:large, max-video-preview:-1\" \/>\n<link rel=\"canonical\" href=\"https:\/\/remembermefrance.org\/en\/pets\/preston\/\" \/>\n<meta property=\"og:locale\" content=\"en_GB\" \/>\n<meta property=\"og:type\" content=\"article\" \/>\n<meta property=\"og:title\" content=\"Preston - Association RMF\" \/>\n<meta property=\"og:description\" content=\"M\u00e2le, n\u00e9 environ en mars 2021 Au refuge depuis mars 2026\" \/>\n<meta property=\"og:url\" content=\"https:\/\/remembermefrance.org\/en\/pets\/preston\/\" \/>\n<meta property=\"og:site_name\" content=\"Association RMF\" \/>\n<meta property=\"article:publisher\" content=\"https:\/\/www.facebook.com\/remembermefrance\" \/>\n<meta property=\"article:modified_time\" content=\"2026-04-20T18:22:31+00:00\" \/>\n<meta property=\"og:image\" content=\"https:\/\/remembermefrance.org\/wp-content\/uploads\/IMG_8229-e1776709348447.jpeg\" \/>\n\t<meta property=\"og:image:width\" content=\"640\" \/>\n\t<meta property=\"og:image:height\" content=\"640\" \/>\n\t<meta property=\"og:image:type\" content=\"image\/jpeg\" \/>\n<meta name=\"twitter:card\" content=\"summary_large_image\" \/>\n<meta name=\"twitter:label1\" content=\"Estimated reading time\" \/>\n\t<meta name=\"twitter:data1\" content=\"4 minutes\" \/>\n<script type=\"application\/ld+json\" class=\"yoast-schema-graph\">{\"@context\":\"https:\\\/\\\/schema.org\",\"@graph\":[{\"@type\":\"WebPage\",\"@id\":\"https:\\\/\\\/remembermefrance.org\\\/pets\\\/preston\\\/\",\"url\":\"https:\\\/\\\/remembermefrance.org\\\/pets\\\/preston\\\/\",\"name\":\"Preston - Association RMF\",\"isPartOf\":{\"@id\":\"https:\\\/\\\/remembermefrance.org\\\/#website\"},\"primaryImageOfPage\":{\"@id\":\"https:\\\/\\\/remembermefrance.org\\\/pets\\\/preston\\\/#primaryimage\"},\"image\":{\"@id\":\"https:\\\/\\\/remembermefrance.org\\\/pets\\\/preston\\\/#primaryimage\"},\"thumbnailUrl\":\"https:\\\/\\\/remembermefrance.org\\\/wp-content\\\/uploads\\\/IMG_8229-e1776709348447.jpeg\",\"datePublished\":\"2026-03-14T16:53:54+00:00\",\"dateModified\":\"2026-04-20T18:22:31+00:00\",\"breadcrumb\":{\"@id\":\"https:\\\/\\\/remembermefrance.org\\\/pets\\\/preston\\\/#breadcrumb\"},\"inLanguage\":\"en-GB\",\"potentialAction\":[{\"@type\":\"ReadAction\",\"target\":[\"https:\\\/\\\/remembermefrance.org\\\/pets\\\/preston\\\/\"]}]},{\"@type\":\"ImageObject\",\"inLanguage\":\"en-GB\",\"@id\":\"https:\\\/\\\/remembermefrance.org\\\/pets\\\/preston\\\/#primaryimage\",\"url\":\"https:\\\/\\\/remembermefrance.org\\\/wp-content\\\/uploads\\\/IMG_8229-e1776709348447.jpeg\",\"contentUrl\":\"https:\\\/\\\/remembermefrance.org\\\/wp-content\\\/uploads\\\/IMG_8229-e1776709348447.jpeg\",\"width\":640,\"height\":640},{\"@type\":\"BreadcrumbList\",\"@id\":\"https:\\\/\\\/remembermefrance.org\\\/pets\\\/preston\\\/#breadcrumb\",\"itemListElement\":[{\"@type\":\"ListItem\",\"position\":1,\"name\":\"Accueil\",\"item\":\"https:\\\/\\\/remembermefrance.org\\\/\"},{\"@type\":\"ListItem\",\"position\":2,\"name\":\"Pets\",\"item\":\"https:\\\/\\\/remembermefrance.org\\\/pets\\\/\"},{\"@type\":\"ListItem\",\"position\":3,\"name\":\"Preston\"}]},{\"@type\":\"WebSite\",\"@id\":\"https:\\\/\\\/remembermefrance.org\\\/#website\",\"url\":\"https:\\\/\\\/remembermefrance.org\\\/\",\"name\":\"Remember me France\",\"description\":\"Adopter un chien roumain\",\"publisher\":{\"@id\":\"https:\\\/\\\/remembermefrance.org\\\/#organization\"},\"potentialAction\":[{\"@type\":\"SearchAction\",\"target\":{\"@type\":\"EntryPoint\",\"urlTemplate\":\"https:\\\/\\\/remembermefrance.org\\\/?s={search_term_string}\"},\"query-input\":{\"@type\":\"PropertyValueSpecification\",\"valueRequired\":true,\"valueName\":\"search_term_string\"}}],\"inLanguage\":\"en-GB\"},{\"@type\":\"Organization\",\"@id\":\"https:\\\/\\\/remembermefrance.org\\\/#organization\",\"name\":\"Remember me\",\"url\":\"https:\\\/\\\/remembermefrance.org\\\/\",\"logo\":{\"@type\":\"ImageObject\",\"inLanguage\":\"en-GB\",\"@id\":\"https:\\\/\\\/remembermefrance.org\\\/#\\\/schema\\\/logo\\\/image\\\/\",\"url\":\"https:\\\/\\\/remembermefrance.org\\\/wp-content\\\/uploads\\\/logo-remember.png\",\"contentUrl\":\"https:\\\/\\\/remembermefrance.org\\\/wp-content\\\/uploads\\\/logo-remember.png\",\"width\":325,\"height\":60,\"caption\":\"Remember me\"},\"image\":{\"@id\":\"https:\\\/\\\/remembermefrance.org\\\/#\\\/schema\\\/logo\\\/image\\\/\"},\"sameAs\":[\"https:\\\/\\\/www.facebook.com\\\/remembermefrance\",\"https:\\\/\\\/www.instagram.com\\\/remembermefrance\\\/\"]}]}<\/script>\n<!-- \/ Yoast SEO plugin. -->","yoast_head_json":{"title":"Preston - Association RMF","robots":{"index":"index","follow":"follow","max-snippet":"max-snippet:-1","max-image-preview":"max-image-preview:large","max-video-preview":"max-video-preview:-1"},"canonical":"https:\/\/remembermefrance.org\/en\/pets\/preston\/","og_locale":"en_GB","og_type":"article","og_title":"Preston - Association RMF","og_description":"M\u00e2le, n\u00e9 environ en mars 2021 Au refuge depuis mars 2026","og_url":"https:\/\/remembermefrance.org\/en\/pets\/preston\/","og_site_name":"Association RMF","article_publisher":"https:\/\/www.facebook.com\/remembermefrance","article_modified_time":"2026-04-20T18:22:31+00:00","og_image":[{"width":640,"height":640,"url":"https:\/\/remembermefrance.org\/wp-content\/uploads\/IMG_8229-e1776709348447.jpeg","type":"image\/jpeg"}],"twitter_card":"summary_large_image","twitter_misc":{"Estimated reading time":"4 minutes"},"schema":{"@context":"https:\/\/schema.org","@graph":[{"@type":"WebPage","@id":"https:\/\/remembermefrance.org\/pets\/preston\/","url":"https:\/\/remembermefrance.org\/pets\/preston\/","name":"Preston - Association RMF","isPartOf":{"@id":"https:\/\/remembermefrance.org\/#website"},"primaryImageOfPage":{"@id":"https:\/\/remembermefrance.org\/pets\/preston\/#primaryimage"},"image":{"@id":"https:\/\/remembermefrance.org\/pets\/preston\/#primaryimage"},"thumbnailUrl":"https:\/\/remembermefrance.org\/wp-content\/uploads\/IMG_8229-e1776709348447.jpeg","datePublished":"2026-03-14T16:53:54+00:00","dateModified":"2026-04-20T18:22:31+00:00","breadcrumb":{"@id":"https:\/\/remembermefrance.org\/pets\/preston\/#breadcrumb"},"inLanguage":"en-GB","potentialAction":[{"@type":"ReadAction","target":["https:\/\/remembermefrance.org\/pets\/preston\/"]}]},{"@type":"ImageObject","inLanguage":"en-GB","@id":"https:\/\/remembermefrance.org\/pets\/preston\/#primaryimage","url":"https:\/\/remembermefrance.org\/wp-content\/uploads\/IMG_8229-e1776709348447.jpeg","contentUrl":"https:\/\/remembermefrance.org\/wp-content\/uploads\/IMG_8229-e1776709348447.jpeg","width":640,"height":640},{"@type":"BreadcrumbList","@id":"https:\/\/remembermefrance.org\/pets\/preston\/#breadcrumb","itemListElement":[{"@type":"ListItem","position":1,"name":"Accueil","item":"https:\/\/remembermefrance.org\/"},{"@type":"ListItem","position":2,"name":"Pets","item":"https:\/\/remembermefrance.org\/pets\/"},{"@type":"ListItem","position":3,"name":"Preston"}]},{"@type":"WebSite","@id":"https:\/\/remembermefrance.org\/#website","url":"https:\/\/remembermefrance.org\/","name":"Remember me France","description":"Adopt a Romanian dog","publisher":{"@id":"https:\/\/remembermefrance.org\/#organization"},"potentialAction":[{"@type":"SearchAction","target":{"@type":"EntryPoint","urlTemplate":"https:\/\/remembermefrance.org\/?s={search_term_string}"},"query-input":{"@type":"PropertyValueSpecification","valueRequired":true,"valueName":"search_term_string"}}],"inLanguage":"en-GB"},{"@type":"Organization","@id":"https:\/\/remembermefrance.org\/#organization","name":"Remember me","url":"https:\/\/remembermefrance.org\/","logo":{"@type":"ImageObject","inLanguage":"en-GB","@id":"https:\/\/remembermefrance.org\/#\/schema\/logo\/image\/","url":"https:\/\/remembermefrance.org\/wp-content\/uploads\/logo-remember.png","contentUrl":"https:\/\/remembermefrance.org\/wp-content\/uploads\/logo-remember.png","width":325,"height":60,"caption":"Remember me"},"image":{"@id":"https:\/\/remembermefrance.org\/#\/schema\/logo\/image\/"},"sameAs":["https:\/\/www.facebook.com\/remembermefrance","https:\/\/www.instagram.com\/remembermefrance\/"]}]}},"_links":{"self":[{"href":"https:\/\/remembermefrance.org\/en\/wp-json\/wp\/v2\/pets\/101078","targetHints":{"allow":["GET"]}}],"collection":[{"href":"https:\/\/remembermefrance.org\/en\/wp-json\/wp\/v2\/pets"}],"about":[{"href":"https:\/\/remembermefrance.org\/en\/wp-json\/wp\/v2\/types\/pets"}],"wp:featuredmedia":[{"embeddable":true,"href":"https:\/\/remembermefrance.org\/en\/wp-json\/wp\/v2\/media\/103111"}],"wp:attachment":[{"href":"https:\/\/remembermefrance.org\/en\/wp-json\/wp\/v2\/media?parent=101078"}],"wp:term":[{"taxonomy":"breed","embeddable":true,"href":"https:\/\/remembermefrance.org\/en\/wp-json\/wp\/v2\/breed?post=101078"},{"taxonomy":"pet-color","embeddable":true,"href":"https:\/\/remembermefrance.org\/en\/wp-json\/wp\/v2\/pet-color?post=101078"}],"curies":[{"name":"wp","href":"https:\/\/api.w.org\/{rel}","templated":true}]}}