{"id":101087,"date":"2026-03-14T18:27:34","date_gmt":"2026-03-14T17:27:34","guid":{"rendered":"https:\/\/remembermefrance.org\/?post_type=pets&#038;p=101087"},"modified":"2026-04-21T19:58:53","modified_gmt":"2026-04-21T17:58:53","slug":"imelda","status":"publish","type":"pets","link":"https:\/\/remembermefrance.org\/en\/pets\/imelda\/","title":{"rendered":"Imelda"},"content":{"rendered":"<p><strong>Imelda<\/strong> <strong>n&rsquo;est pas encore parrain\u00e9e.<\/strong> <strong>If you would like to sponsor one of our animals, <a href=\"https:\/\/remembermefrance.org\/index.php\/agir\/parrainer\/\">click here<\/a>.<\/strong><\/p>\n\n\n\n<p class=\"has-text-align-left\"><strong>Age:<\/strong> : n\u00e9e environ en novembre 2023 (date estim\u00e9e approximative)<br><strong>Breed<\/strong> : crois\u00e9e &#8211; type griffon<br><strong>Size:<\/strong>&nbsp;moyenne (15,8 kg &#8211; mars 2026)<br><br><strong>Neutered\/spayed<\/strong> : yes<br><strong>Vaccinated<\/strong> : yes<br><strong>Chipped<\/strong> : yes<\/p>\n\n\n\n<p><strong>Arrived at Remember Me Land<\/strong> : mars 2026<\/p>\n\n\n\n<p class=\"has-text-align-left\"><strong>Good with<\/strong> : <em>ok chiens<\/em><\/p>\n\n\n\n<p class=\"has-text-align-left\">Cohabite avec les chiens de son box\/enclos (cela ne veut pas dire qu&rsquo;elle s\u2019entendra obligatoirement avec tous les canid\u00e9s ; chaque animal a ses t\u00eates et ses affinit\u00e9s). Ne pourra pas \u00eatre plac\u00e9e dans un foyer avec des enfants en bas-\u00e2ge. N\u2019\u00e9tant pas manipulable pour le moment, il nous est impossible d\u2019effectuer un test chat s\u00e9curitaire pour le f\u00e9lin.<\/p>\n\n\n\n<p><strong>Character<\/strong> : 6 avril 2026: elle \u00e9tait agressive au d\u00e9but mais depuis quelques jours elle est hyper affectueuse <\/p>\n\n\n\n<p>craintive, peut se montrer agressive si accul\u00e9e \u00e0 son arriv\u00e9e (mars 2026)<\/p>\n\n\n\n<p><strong>History<\/strong> : abandonn\u00e9e, puis captur\u00e9e errante dans le village de Valea Seaca<\/p>\n\n\n\n<p>Pour suivre son \u00e9volution : <a href=\"https:\/\/remembermefrance.forumactif.org\/t26393-imelda-femelle-type-griffon-de-taille-moyenne-nee-environ-en-novembre-2023-remember-me-land?highlight=Imelda\">voir sur le forum<\/a><\/p>\n\n\n\n<p><strong>Frais d&rsquo;adoption<\/strong> : 300 \u20ac <br><a href=\"https:\/\/remembermefrance.org\/index.php\/adopter\/procedure-dadoption#lesfrais\">Click here<\/a> pour plus d&rsquo;infos sur les frais<\/p>\n\n\n<div class=\"wp-block-button button1\"><a class=\"wp-block-button__link\" href=\"https:\/\/remembermefrance.org\/wp-content\/uploads\/formulaire_rmf.docx\">T\u00e9l\u00e9chargez le formulaire d&rsquo;adoption<\/a><\/div>\n\n\n<hr class=\"wp-block-separator has-css-opacity\"\/>\n\n\n\n<figure class=\"wp-block-gallery has-nested-images columns-default is-cropped wp-block-gallery-1 is-layout-flex wp-block-gallery-is-layout-flex\">\n<figure class=\"wp-block-image size-large\"><a href=\"https:\/\/remembermefrance.org\/wp-content\/uploads\/IMG_8500.jpeg\"><img decoding=\"async\" width=\"360\" height=\"480\" data-id=\"103636\" src=\"https:\/\/remembermefrance.org\/wp-content\/uploads\/IMG_8500.jpeg\" alt=\"\" class=\"wp-image-103636\" srcset=\"https:\/\/remembermefrance.org\/wp-content\/uploads\/IMG_8500.jpeg 360w, https:\/\/remembermefrance.org\/wp-content\/uploads\/IMG_8500-225x300.jpeg 225w, https:\/\/remembermefrance.org\/wp-content\/uploads\/IMG_8500-9x12.jpeg 9w\" sizes=\"(max-width: 360px) 100vw, 360px\" \/><\/a><figcaption class=\"wp-element-caption\">19 avril 2026<\/figcaption><\/figure>\n\n\n\n<figure class=\"wp-block-image size-large\"><a href=\"https:\/\/remembermefrance.org\/wp-content\/uploads\/IMG_8501.jpeg\"><img decoding=\"async\" width=\"360\" height=\"480\" data-id=\"103635\" src=\"https:\/\/remembermefrance.org\/wp-content\/uploads\/IMG_8501.jpeg\" alt=\"\" class=\"wp-image-103635\" srcset=\"https:\/\/remembermefrance.org\/wp-content\/uploads\/IMG_8501.jpeg 360w, https:\/\/remembermefrance.org\/wp-content\/uploads\/IMG_8501-225x300.jpeg 225w, https:\/\/remembermefrance.org\/wp-content\/uploads\/IMG_8501-9x12.jpeg 9w\" sizes=\"(max-width: 360px) 100vw, 360px\" \/><\/a><figcaption class=\"wp-element-caption\">19 avril 2026<\/figcaption><\/figure>\n\n\n\n<figure class=\"wp-block-image size-large\"><a href=\"https:\/\/remembermefrance.org\/wp-content\/uploads\/IMG_8502.jpeg\"><img decoding=\"async\" width=\"375\" height=\"500\" data-id=\"103634\" src=\"https:\/\/remembermefrance.org\/wp-content\/uploads\/IMG_8502-375x500.jpeg\" alt=\"\" class=\"wp-image-103634\" srcset=\"https:\/\/remembermefrance.org\/wp-content\/uploads\/IMG_8502-375x500.jpeg 375w, https:\/\/remembermefrance.org\/wp-content\/uploads\/IMG_8502-225x300.jpeg 225w, https:\/\/remembermefrance.org\/wp-content\/uploads\/IMG_8502-9x12.jpeg 9w, https:\/\/remembermefrance.org\/wp-content\/uploads\/IMG_8502-360x480.jpeg 360w, https:\/\/remembermefrance.org\/wp-content\/uploads\/IMG_8502.jpeg 640w\" sizes=\"(max-width: 375px) 100vw, 375px\" \/><\/a><figcaption class=\"wp-element-caption\">19 avril 2026<\/figcaption><\/figure>\n\n\n\n<figure class=\"wp-block-image size-large\"><a href=\"https:\/\/remembermefrance.org\/wp-content\/uploads\/IMG_8503.jpeg\"><img decoding=\"async\" data-id=\"103633\" src=\"https:\/\/remembermefrance.org\/wp-content\/uploads\/IMG_8503.jpeg\" alt=\"\" class=\"wp-image-103633\"\/><\/a><figcaption class=\"wp-element-caption\">19 avril 2026<\/figcaption><\/figure>\n\n\n\n<figure class=\"wp-block-image size-large\"><a href=\"https:\/\/remembermefrance.org\/wp-content\/uploads\/IMG_8504.jpeg\"><img decoding=\"async\" width=\"360\" height=\"480\" data-id=\"103632\" src=\"https:\/\/remembermefrance.org\/wp-content\/uploads\/IMG_8504.jpeg\" alt=\"\" class=\"wp-image-103632\" srcset=\"https:\/\/remembermefrance.org\/wp-content\/uploads\/IMG_8504.jpeg 360w, https:\/\/remembermefrance.org\/wp-content\/uploads\/IMG_8504-225x300.jpeg 225w, https:\/\/remembermefrance.org\/wp-content\/uploads\/IMG_8504-9x12.jpeg 9w\" sizes=\"(max-width: 360px) 100vw, 360px\" \/><\/a><figcaption class=\"wp-element-caption\">19 avril 2026<\/figcaption><\/figure>\n\n\n\n<figure class=\"wp-block-image size-large\"><a href=\"https:\/\/remembermefrance.org\/wp-content\/uploads\/IMG_8505.jpeg\"><img decoding=\"async\" width=\"360\" height=\"480\" data-id=\"103631\" src=\"https:\/\/remembermefrance.org\/wp-content\/uploads\/IMG_8505.jpeg\" alt=\"\" class=\"wp-image-103631\" srcset=\"https:\/\/remembermefrance.org\/wp-content\/uploads\/IMG_8505.jpeg 360w, https:\/\/remembermefrance.org\/wp-content\/uploads\/IMG_8505-225x300.jpeg 225w, https:\/\/remembermefrance.org\/wp-content\/uploads\/IMG_8505-9x12.jpeg 9w\" sizes=\"(max-width: 360px) 100vw, 360px\" \/><\/a><figcaption class=\"wp-element-caption\">19 avril 2026<\/figcaption><\/figure>\n\n\n\n<figure class=\"wp-block-image size-large\"><a href=\"https:\/\/remembermefrance.org\/wp-content\/uploads\/IMG_8506.jpeg\"><img decoding=\"async\" width=\"360\" height=\"480\" data-id=\"103630\" src=\"https:\/\/remembermefrance.org\/wp-content\/uploads\/IMG_8506.jpeg\" alt=\"\" class=\"wp-image-103630\" srcset=\"https:\/\/remembermefrance.org\/wp-content\/uploads\/IMG_8506.jpeg 360w, https:\/\/remembermefrance.org\/wp-content\/uploads\/IMG_8506-225x300.jpeg 225w, https:\/\/remembermefrance.org\/wp-content\/uploads\/IMG_8506-9x12.jpeg 9w\" sizes=\"(max-width: 360px) 100vw, 360px\" \/><\/a><figcaption class=\"wp-element-caption\">19 avril 2026<\/figcaption><\/figure>\n\n\n\n<figure class=\"wp-block-image size-large\"><a href=\"https:\/\/remembermefrance.org\/wp-content\/uploads\/IMG_8507.jpeg\"><img decoding=\"async\" width=\"375\" height=\"500\" data-id=\"103629\" src=\"https:\/\/remembermefrance.org\/wp-content\/uploads\/IMG_8507-375x500.jpeg\" alt=\"\" class=\"wp-image-103629\" srcset=\"https:\/\/remembermefrance.org\/wp-content\/uploads\/IMG_8507-375x500.jpeg 375w, https:\/\/remembermefrance.org\/wp-content\/uploads\/IMG_8507-225x300.jpeg 225w, https:\/\/remembermefrance.org\/wp-content\/uploads\/IMG_8507-9x12.jpeg 9w, https:\/\/remembermefrance.org\/wp-content\/uploads\/IMG_8507-360x480.jpeg 360w, https:\/\/remembermefrance.org\/wp-content\/uploads\/IMG_8507.jpeg 640w\" sizes=\"(max-width: 375px) 100vw, 375px\" \/><\/a><figcaption class=\"wp-element-caption\">19 avril 2026<\/figcaption><\/figure>\n\n\n\n<figure class=\"wp-block-image size-large\"><a href=\"https:\/\/remembermefrance.org\/wp-content\/uploads\/IMG_8508.jpeg\"><img decoding=\"async\" width=\"375\" height=\"500\" data-id=\"103628\" src=\"https:\/\/remembermefrance.org\/wp-content\/uploads\/IMG_8508-375x500.jpeg\" alt=\"\" class=\"wp-image-103628\" srcset=\"https:\/\/remembermefrance.org\/wp-content\/uploads\/IMG_8508-375x500.jpeg 375w, https:\/\/remembermefrance.org\/wp-content\/uploads\/IMG_8508-225x300.jpeg 225w, https:\/\/remembermefrance.org\/wp-content\/uploads\/IMG_8508-9x12.jpeg 9w, https:\/\/remembermefrance.org\/wp-content\/uploads\/IMG_8508-360x480.jpeg 360w, https:\/\/remembermefrance.org\/wp-content\/uploads\/IMG_8508.jpeg 640w\" sizes=\"(max-width: 375px) 100vw, 375px\" \/><\/a><figcaption class=\"wp-element-caption\">19 avril 2026<\/figcaption><\/figure>\n\n\n\n<figure class=\"wp-block-image size-large\"><a href=\"https:\/\/remembermefrance.org\/wp-content\/uploads\/IMG_8509.jpeg\"><img decoding=\"async\" width=\"375\" height=\"500\" data-id=\"103627\" src=\"https:\/\/remembermefrance.org\/wp-content\/uploads\/IMG_8509-375x500.jpeg\" alt=\"\" class=\"wp-image-103627\" srcset=\"https:\/\/remembermefrance.org\/wp-content\/uploads\/IMG_8509-375x500.jpeg 375w, https:\/\/remembermefrance.org\/wp-content\/uploads\/IMG_8509-225x300.jpeg 225w, https:\/\/remembermefrance.org\/wp-content\/uploads\/IMG_8509-9x12.jpeg 9w, https:\/\/remembermefrance.org\/wp-content\/uploads\/IMG_8509-360x480.jpeg 360w, https:\/\/remembermefrance.org\/wp-content\/uploads\/IMG_8509.jpeg 640w\" sizes=\"(max-width: 375px) 100vw, 375px\" \/><\/a><figcaption class=\"wp-element-caption\">19 avril 2026<\/figcaption><\/figure>\n\n\n\n<figure class=\"wp-block-image size-large\"><a href=\"https:\/\/remembermefrance.org\/wp-content\/uploads\/IMG_8510.jpeg\"><img decoding=\"async\" width=\"375\" height=\"500\" data-id=\"103626\" src=\"https:\/\/remembermefrance.org\/wp-content\/uploads\/IMG_8510-375x500.jpeg\" alt=\"\" class=\"wp-image-103626\" srcset=\"https:\/\/remembermefrance.org\/wp-content\/uploads\/IMG_8510-375x500.jpeg 375w, https:\/\/remembermefrance.org\/wp-content\/uploads\/IMG_8510-225x300.jpeg 225w, https:\/\/remembermefrance.org\/wp-content\/uploads\/IMG_8510-9x12.jpeg 9w, https:\/\/remembermefrance.org\/wp-content\/uploads\/IMG_8510-360x480.jpeg 360w, https:\/\/remembermefrance.org\/wp-content\/uploads\/IMG_8510.jpeg 640w\" sizes=\"(max-width: 375px) 100vw, 375px\" \/><\/a><figcaption class=\"wp-element-caption\">19 avril 2026<\/figcaption><\/figure>\n\n\n\n<figure class=\"wp-block-image size-large\"><a href=\"https:\/\/remembermefrance.org\/wp-content\/uploads\/Imelda1.jpg\"><img decoding=\"async\" data-id=\"101086\" src=\"https:\/\/remembermefrance.org\/wp-content\/uploads\/Imelda1-281x500.jpg\" alt=\"\" class=\"wp-image-101086\"\/><\/a><figcaption class=\"wp-element-caption\">14 mars 2026<\/figcaption><\/figure>\n\n\n\n<figure class=\"wp-block-image size-large\"><a href=\"https:\/\/remembermefrance.org\/wp-content\/uploads\/Imelda2.jpg\"><img decoding=\"async\" width=\"281\" height=\"500\" data-id=\"101085\" src=\"https:\/\/remembermefrance.org\/wp-content\/uploads\/Imelda2-281x500.jpg\" alt=\"\" class=\"wp-image-101085\" srcset=\"https:\/\/remembermefrance.org\/wp-content\/uploads\/Imelda2-281x500.jpg 281w, https:\/\/remembermefrance.org\/wp-content\/uploads\/Imelda2-169x300.jpg 169w, https:\/\/remembermefrance.org\/wp-content\/uploads\/Imelda2-7x12.jpg 7w, https:\/\/remembermefrance.org\/wp-content\/uploads\/Imelda2-360x640.jpg 360w, https:\/\/remembermefrance.org\/wp-content\/uploads\/Imelda2.jpg 640w\" sizes=\"(max-width: 281px) 100vw, 281px\" \/><\/a><figcaption class=\"wp-element-caption\">14 mars 2026<\/figcaption><\/figure>\n<\/figure>\n\n\n\n<hr class=\"wp-block-separator has-css-opacity\"\/>\n\n\n\n<figure class=\"wp-block-embed is-type-video is-provider-youtube wp-block-embed-youtube wp-embed-aspect-16-9 wp-has-aspect-ratio\"><div class=\"wp-block-embed__wrapper\">\n<iframe title=\"IMELDA 1 - REMEMBER ME\" width=\"843\" height=\"474\" src=\"https:\/\/www.youtube.com\/embed\/jbMLCC1RV1A?feature=oembed\" frameborder=\"0\" allow=\"accelerometer; autoplay; clipboard-write; encrypted-media; gyroscope; picture-in-picture; web-share\" referrerpolicy=\"strict-origin-when-cross-origin\" allowfullscreen><\/iframe>\n<\/div><figcaption class=\"wp-element-caption\">7 avril 2026<\/figcaption><\/figure>\n\n\n\n<figure class=\"wp-block-embed is-type-video is-provider-youtube wp-block-embed-youtube wp-embed-aspect-16-9 wp-has-aspect-ratio\"><div class=\"wp-block-embed__wrapper\">\n<iframe title=\"IMELDA - REMEMBER ME\" width=\"843\" height=\"474\" src=\"https:\/\/www.youtube.com\/embed\/FsYlVXAMiwc?feature=oembed\" frameborder=\"0\" allow=\"accelerometer; autoplay; clipboard-write; encrypted-media; gyroscope; picture-in-picture; web-share\" referrerpolicy=\"strict-origin-when-cross-origin\" allowfullscreen><\/iframe>\n<\/div><figcaption class=\"wp-element-caption\">7 avril 2026<\/figcaption><\/figure>","protected":false},"excerpt":{"rendered":"<p>Femelle, n\u00e9e environ en novembre 2023<br \/>\nAu refuge depuis mars 2026<\/p>","protected":false},"featured_media":103633,"template":"","breed":[27],"pet-color":[],"class_list":["post-101087","pets","type-pets","status-publish","has-post-thumbnail","hentry","breed-adulte-moyen"],"yoast_head":"<!-- This site is optimized with the Yoast SEO plugin v27.5 - https:\/\/yoast.com\/product\/yoast-seo-wordpress\/ -->\n<title>Imelda - Association RMF<\/title>\n<meta name=\"robots\" content=\"index, follow, max-snippet:-1, max-image-preview:large, max-video-preview:-1\" \/>\n<link rel=\"canonical\" href=\"https:\/\/remembermefrance.org\/en\/pets\/imelda\/\" \/>\n<meta property=\"og:locale\" content=\"en_GB\" \/>\n<meta property=\"og:type\" content=\"article\" \/>\n<meta property=\"og:title\" content=\"Imelda - Association RMF\" \/>\n<meta property=\"og:description\" content=\"Femelle, n\u00e9e environ en novembre 2023 Au refuge depuis mars 2026\" \/>\n<meta property=\"og:url\" content=\"https:\/\/remembermefrance.org\/en\/pets\/imelda\/\" \/>\n<meta property=\"og:site_name\" content=\"Association RMF\" \/>\n<meta property=\"article:publisher\" content=\"https:\/\/www.facebook.com\/remembermefrance\" \/>\n<meta property=\"article:modified_time\" content=\"2026-04-21T17:58:53+00:00\" \/>\n<meta property=\"og:image\" content=\"https:\/\/remembermefrance.org\/wp-content\/uploads\/IMG_8503-e1776794329934.jpeg\" \/>\n\t<meta property=\"og:image:width\" content=\"360\" \/>\n\t<meta property=\"og:image:height\" content=\"360\" \/>\n\t<meta property=\"og:image:type\" content=\"image\/jpeg\" \/>\n<meta name=\"twitter:card\" content=\"summary_large_image\" \/>\n<meta name=\"twitter:label1\" content=\"Estimated reading time\" \/>\n\t<meta name=\"twitter:data1\" content=\"4 minutes\" \/>\n<script type=\"application\/ld+json\" class=\"yoast-schema-graph\">{\"@context\":\"https:\\\/\\\/schema.org\",\"@graph\":[{\"@type\":\"WebPage\",\"@id\":\"https:\\\/\\\/remembermefrance.org\\\/pets\\\/imelda\\\/\",\"url\":\"https:\\\/\\\/remembermefrance.org\\\/pets\\\/imelda\\\/\",\"name\":\"Imelda - Association RMF\",\"isPartOf\":{\"@id\":\"https:\\\/\\\/remembermefrance.org\\\/#website\"},\"primaryImageOfPage\":{\"@id\":\"https:\\\/\\\/remembermefrance.org\\\/pets\\\/imelda\\\/#primaryimage\"},\"image\":{\"@id\":\"https:\\\/\\\/remembermefrance.org\\\/pets\\\/imelda\\\/#primaryimage\"},\"thumbnailUrl\":\"https:\\\/\\\/remembermefrance.org\\\/wp-content\\\/uploads\\\/IMG_8503-e1776794329934.jpeg\",\"datePublished\":\"2026-03-14T17:27:34+00:00\",\"dateModified\":\"2026-04-21T17:58:53+00:00\",\"breadcrumb\":{\"@id\":\"https:\\\/\\\/remembermefrance.org\\\/pets\\\/imelda\\\/#breadcrumb\"},\"inLanguage\":\"en-GB\",\"potentialAction\":[{\"@type\":\"ReadAction\",\"target\":[\"https:\\\/\\\/remembermefrance.org\\\/pets\\\/imelda\\\/\"]}]},{\"@type\":\"ImageObject\",\"inLanguage\":\"en-GB\",\"@id\":\"https:\\\/\\\/remembermefrance.org\\\/pets\\\/imelda\\\/#primaryimage\",\"url\":\"https:\\\/\\\/remembermefrance.org\\\/wp-content\\\/uploads\\\/IMG_8503-e1776794329934.jpeg\",\"contentUrl\":\"https:\\\/\\\/remembermefrance.org\\\/wp-content\\\/uploads\\\/IMG_8503-e1776794329934.jpeg\",\"width\":360,\"height\":360},{\"@type\":\"BreadcrumbList\",\"@id\":\"https:\\\/\\\/remembermefrance.org\\\/pets\\\/imelda\\\/#breadcrumb\",\"itemListElement\":[{\"@type\":\"ListItem\",\"position\":1,\"name\":\"Accueil\",\"item\":\"https:\\\/\\\/remembermefrance.org\\\/\"},{\"@type\":\"ListItem\",\"position\":2,\"name\":\"Pets\",\"item\":\"https:\\\/\\\/remembermefrance.org\\\/pets\\\/\"},{\"@type\":\"ListItem\",\"position\":3,\"name\":\"Imelda\"}]},{\"@type\":\"WebSite\",\"@id\":\"https:\\\/\\\/remembermefrance.org\\\/#website\",\"url\":\"https:\\\/\\\/remembermefrance.org\\\/\",\"name\":\"Remember me France\",\"description\":\"Adopter un chien roumain\",\"publisher\":{\"@id\":\"https:\\\/\\\/remembermefrance.org\\\/#organization\"},\"potentialAction\":[{\"@type\":\"SearchAction\",\"target\":{\"@type\":\"EntryPoint\",\"urlTemplate\":\"https:\\\/\\\/remembermefrance.org\\\/?s={search_term_string}\"},\"query-input\":{\"@type\":\"PropertyValueSpecification\",\"valueRequired\":true,\"valueName\":\"search_term_string\"}}],\"inLanguage\":\"en-GB\"},{\"@type\":\"Organization\",\"@id\":\"https:\\\/\\\/remembermefrance.org\\\/#organization\",\"name\":\"Remember me\",\"url\":\"https:\\\/\\\/remembermefrance.org\\\/\",\"logo\":{\"@type\":\"ImageObject\",\"inLanguage\":\"en-GB\",\"@id\":\"https:\\\/\\\/remembermefrance.org\\\/#\\\/schema\\\/logo\\\/image\\\/\",\"url\":\"https:\\\/\\\/remembermefrance.org\\\/wp-content\\\/uploads\\\/logo-remember.png\",\"contentUrl\":\"https:\\\/\\\/remembermefrance.org\\\/wp-content\\\/uploads\\\/logo-remember.png\",\"width\":325,\"height\":60,\"caption\":\"Remember me\"},\"image\":{\"@id\":\"https:\\\/\\\/remembermefrance.org\\\/#\\\/schema\\\/logo\\\/image\\\/\"},\"sameAs\":[\"https:\\\/\\\/www.facebook.com\\\/remembermefrance\",\"https:\\\/\\\/www.instagram.com\\\/remembermefrance\\\/\"]}]}<\/script>\n<!-- \/ Yoast SEO plugin. -->","yoast_head_json":{"title":"Imelda - Association RMF","robots":{"index":"index","follow":"follow","max-snippet":"max-snippet:-1","max-image-preview":"max-image-preview:large","max-video-preview":"max-video-preview:-1"},"canonical":"https:\/\/remembermefrance.org\/en\/pets\/imelda\/","og_locale":"en_GB","og_type":"article","og_title":"Imelda - Association RMF","og_description":"Femelle, n\u00e9e environ en novembre 2023 Au refuge depuis mars 2026","og_url":"https:\/\/remembermefrance.org\/en\/pets\/imelda\/","og_site_name":"Association RMF","article_publisher":"https:\/\/www.facebook.com\/remembermefrance","article_modified_time":"2026-04-21T17:58:53+00:00","og_image":[{"width":360,"height":360,"url":"https:\/\/remembermefrance.org\/wp-content\/uploads\/IMG_8503-e1776794329934.jpeg","type":"image\/jpeg"}],"twitter_card":"summary_large_image","twitter_misc":{"Estimated reading time":"4 minutes"},"schema":{"@context":"https:\/\/schema.org","@graph":[{"@type":"WebPage","@id":"https:\/\/remembermefrance.org\/pets\/imelda\/","url":"https:\/\/remembermefrance.org\/pets\/imelda\/","name":"Imelda - Association RMF","isPartOf":{"@id":"https:\/\/remembermefrance.org\/#website"},"primaryImageOfPage":{"@id":"https:\/\/remembermefrance.org\/pets\/imelda\/#primaryimage"},"image":{"@id":"https:\/\/remembermefrance.org\/pets\/imelda\/#primaryimage"},"thumbnailUrl":"https:\/\/remembermefrance.org\/wp-content\/uploads\/IMG_8503-e1776794329934.jpeg","datePublished":"2026-03-14T17:27:34+00:00","dateModified":"2026-04-21T17:58:53+00:00","breadcrumb":{"@id":"https:\/\/remembermefrance.org\/pets\/imelda\/#breadcrumb"},"inLanguage":"en-GB","potentialAction":[{"@type":"ReadAction","target":["https:\/\/remembermefrance.org\/pets\/imelda\/"]}]},{"@type":"ImageObject","inLanguage":"en-GB","@id":"https:\/\/remembermefrance.org\/pets\/imelda\/#primaryimage","url":"https:\/\/remembermefrance.org\/wp-content\/uploads\/IMG_8503-e1776794329934.jpeg","contentUrl":"https:\/\/remembermefrance.org\/wp-content\/uploads\/IMG_8503-e1776794329934.jpeg","width":360,"height":360},{"@type":"BreadcrumbList","@id":"https:\/\/remembermefrance.org\/pets\/imelda\/#breadcrumb","itemListElement":[{"@type":"ListItem","position":1,"name":"Accueil","item":"https:\/\/remembermefrance.org\/"},{"@type":"ListItem","position":2,"name":"Pets","item":"https:\/\/remembermefrance.org\/pets\/"},{"@type":"ListItem","position":3,"name":"Imelda"}]},{"@type":"WebSite","@id":"https:\/\/remembermefrance.org\/#website","url":"https:\/\/remembermefrance.org\/","name":"Remember me France","description":"Adopt a Romanian dog","publisher":{"@id":"https:\/\/remembermefrance.org\/#organization"},"potentialAction":[{"@type":"SearchAction","target":{"@type":"EntryPoint","urlTemplate":"https:\/\/remembermefrance.org\/?s={search_term_string}"},"query-input":{"@type":"PropertyValueSpecification","valueRequired":true,"valueName":"search_term_string"}}],"inLanguage":"en-GB"},{"@type":"Organization","@id":"https:\/\/remembermefrance.org\/#organization","name":"Remember me","url":"https:\/\/remembermefrance.org\/","logo":{"@type":"ImageObject","inLanguage":"en-GB","@id":"https:\/\/remembermefrance.org\/#\/schema\/logo\/image\/","url":"https:\/\/remembermefrance.org\/wp-content\/uploads\/logo-remember.png","contentUrl":"https:\/\/remembermefrance.org\/wp-content\/uploads\/logo-remember.png","width":325,"height":60,"caption":"Remember me"},"image":{"@id":"https:\/\/remembermefrance.org\/#\/schema\/logo\/image\/"},"sameAs":["https:\/\/www.facebook.com\/remembermefrance","https:\/\/www.instagram.com\/remembermefrance\/"]}]}},"_links":{"self":[{"href":"https:\/\/remembermefrance.org\/en\/wp-json\/wp\/v2\/pets\/101087","targetHints":{"allow":["GET"]}}],"collection":[{"href":"https:\/\/remembermefrance.org\/en\/wp-json\/wp\/v2\/pets"}],"about":[{"href":"https:\/\/remembermefrance.org\/en\/wp-json\/wp\/v2\/types\/pets"}],"wp:featuredmedia":[{"embeddable":true,"href":"https:\/\/remembermefrance.org\/en\/wp-json\/wp\/v2\/media\/103633"}],"wp:attachment":[{"href":"https:\/\/remembermefrance.org\/en\/wp-json\/wp\/v2\/media?parent=101087"}],"wp:term":[{"taxonomy":"breed","embeddable":true,"href":"https:\/\/remembermefrance.org\/en\/wp-json\/wp\/v2\/breed?post=101087"},{"taxonomy":"pet-color","embeddable":true,"href":"https:\/\/remembermefrance.org\/en\/wp-json\/wp\/v2\/pet-color?post=101087"}],"curies":[{"name":"wp","href":"https:\/\/api.w.org\/{rel}","templated":true}]}}