{"id":101111,"date":"2026-03-14T19:54:47","date_gmt":"2026-03-14T18:54:47","guid":{"rendered":"https:\/\/remembermefrance.org\/?post_type=pets&#038;p=101111"},"modified":"2026-04-20T23:28:09","modified_gmt":"2026-04-20T21:28:09","slug":"meredith","status":"publish","type":"pets","link":"https:\/\/remembermefrance.org\/en\/pets\/meredith\/","title":{"rendered":"Meredith"},"content":{"rendered":"<p><strong>Meredith<\/strong> <strong>n&rsquo;est pas encore parrain\u00e9e.<\/strong> <strong>If you would like to sponsor one of our animals, <a href=\"https:\/\/remembermefrance.org\/index.php\/agir\/parrainer\/\">click here<\/a>.<\/strong><\/p>\n\n\n\n<p class=\"has-text-align-left\"><strong>Age:<\/strong> : n\u00e9e environ en mars 2024 (date estim\u00e9e approximative)<br><strong>Breed<\/strong> : mixed<br><strong>Size:<\/strong>&nbsp;moyenne (22 kg &#8211; mars 2026)<br><br><strong>Neutered\/spayed<\/strong> : yes<br><strong>Vaccinated<\/strong> : yes<br><strong>Chipped<\/strong> : yes<\/p>\n\n\n\n<p><strong>Arrived at Remember Me Land<\/strong> : mars 2026<\/p>\n\n\n\n<p class=\"has-text-align-left\"><strong>Good with<\/strong> : ok with dogs<\/p>\n\n\n\n<p>Cohabite avec les chiens de son box\/enclos (cela ne veut pas dire qu&rsquo;elle s\u2019entendra obligatoirement avec tous les canid\u00e9s ; chaque animal a ses t\u00eates et ses affinit\u00e9s). Ne c\u00f4toie pas d&rsquo;enfants au refuge, mais pourra s&rsquo;habituer \u00e0 la vie de famille avec du temps et du travail. Un test chat peut \u00eatre effectu\u00e9 en cas de demande d&rsquo;adoption s\u00e9rieuse uniquement, mais il ne constitue en aucun cas une garantie. En effet, une rapide rencontre effectu\u00e9e en refuge n&rsquo;a rien \u00e0 voir avec une cohabitation sur le long terme dans un nouvel environnement. Patience est de mise pour que tout le monde trouve sa place. C&rsquo;est \u00e0 vous de leur apprendre \u00e0 vivre en harmonie avec vos autres animaux et vos enfants, qui doivent se montrer respectueux \u00e0 l&rsquo;\u00e9gard du nouveau venu. Une cohabitation saine et apais\u00e9e met plusieurs semaines, voire mois \u00e0 se mettre en place.<\/p>\n\n\n\n<p><strong>Character<\/strong> : 6 avril 2026: tr\u00e8s c\u00e2line et adorable <\/p>\n\n\n\n<p> sociable \u00e0 son arriv\u00e9e (mars 2026)<\/p>\n\n\n\n<p><strong>History<\/strong> : attrap\u00e9e errante dans le village de Lespezi<\/p>\n\n\n\n<p>Pour suivre son \u00e9volution : <a href=\"https:\/\/remembermefrance.forumactif.org\/t26401-meredith-femelle-de-taille-moyenne-nee-environ-en-mars-2024-remember-me-land?highlight=Meredith\">voir sur le forum<\/a><\/p>\n\n\n\n<p><strong>Frais d&rsquo;adoption<\/strong> : 300 \u20ac <br><a href=\"https:\/\/remembermefrance.org\/index.php\/adopter\/procedure-dadoption#lesfrais\">Click here<\/a> pour plus d&rsquo;infos sur les frais<\/p>\n\n\n<div class=\"wp-block-button button1\"><a class=\"wp-block-button__link\" href=\"https:\/\/remembermefrance.org\/wp-content\/uploads\/formulaire_rmf.docx\">T\u00e9l\u00e9chargez le formulaire d&rsquo;adoption<\/a><\/div>\n\n\n<hr class=\"wp-block-separator has-css-opacity\"\/>\n\n\n\n<figure class=\"wp-block-gallery has-nested-images columns-default is-cropped wp-block-gallery-1 is-layout-flex wp-block-gallery-is-layout-flex\">\n<figure class=\"wp-block-image size-large\"><a href=\"https:\/\/remembermefrance.org\/wp-content\/uploads\/Meredith1-1.jpg\"><img decoding=\"async\" width=\"375\" height=\"500\" data-id=\"103319\" src=\"https:\/\/remembermefrance.org\/wp-content\/uploads\/Meredith1-1-375x500.jpg\" alt=\"\" class=\"wp-image-103319\" srcset=\"https:\/\/remembermefrance.org\/wp-content\/uploads\/Meredith1-1-375x500.jpg 375w, https:\/\/remembermefrance.org\/wp-content\/uploads\/Meredith1-1-225x300.jpg 225w, https:\/\/remembermefrance.org\/wp-content\/uploads\/Meredith1-1-9x12.jpg 9w, https:\/\/remembermefrance.org\/wp-content\/uploads\/Meredith1-1-360x480.jpg 360w, https:\/\/remembermefrance.org\/wp-content\/uploads\/Meredith1-1.jpg 640w\" sizes=\"(max-width: 375px) 100vw, 375px\" \/><\/a><figcaption class=\"wp-element-caption\">19 avril 2026<\/figcaption><\/figure>\n\n\n\n<figure class=\"wp-block-image size-large\"><a href=\"https:\/\/remembermefrance.org\/wp-content\/uploads\/Meredith2.jpg\"><img decoding=\"async\" width=\"360\" height=\"480\" data-id=\"103318\" src=\"https:\/\/remembermefrance.org\/wp-content\/uploads\/Meredith2.jpg\" alt=\"\" class=\"wp-image-103318\" srcset=\"https:\/\/remembermefrance.org\/wp-content\/uploads\/Meredith2.jpg 360w, https:\/\/remembermefrance.org\/wp-content\/uploads\/Meredith2-225x300.jpg 225w, https:\/\/remembermefrance.org\/wp-content\/uploads\/Meredith2-9x12.jpg 9w\" sizes=\"(max-width: 360px) 100vw, 360px\" \/><\/a><figcaption class=\"wp-element-caption\">19 avril 2026<\/figcaption><\/figure>\n\n\n\n<figure class=\"wp-block-image size-large\"><a href=\"https:\/\/remembermefrance.org\/wp-content\/uploads\/Meredith3.jpg\"><img decoding=\"async\" width=\"360\" height=\"480\" data-id=\"103317\" src=\"https:\/\/remembermefrance.org\/wp-content\/uploads\/Meredith3.jpg\" alt=\"\" class=\"wp-image-103317\" srcset=\"https:\/\/remembermefrance.org\/wp-content\/uploads\/Meredith3.jpg 360w, https:\/\/remembermefrance.org\/wp-content\/uploads\/Meredith3-225x300.jpg 225w, https:\/\/remembermefrance.org\/wp-content\/uploads\/Meredith3-9x12.jpg 9w\" sizes=\"(max-width: 360px) 100vw, 360px\" \/><\/a><figcaption class=\"wp-element-caption\">19 avril 2026<\/figcaption><\/figure>\n\n\n\n<figure class=\"wp-block-image size-large\"><a href=\"https:\/\/remembermefrance.org\/wp-content\/uploads\/Meredith4.jpg\"><img decoding=\"async\" width=\"360\" height=\"480\" data-id=\"103316\" src=\"https:\/\/remembermefrance.org\/wp-content\/uploads\/Meredith4.jpg\" alt=\"\" class=\"wp-image-103316\" srcset=\"https:\/\/remembermefrance.org\/wp-content\/uploads\/Meredith4.jpg 360w, https:\/\/remembermefrance.org\/wp-content\/uploads\/Meredith4-225x300.jpg 225w, https:\/\/remembermefrance.org\/wp-content\/uploads\/Meredith4-9x12.jpg 9w\" sizes=\"(max-width: 360px) 100vw, 360px\" \/><\/a><figcaption class=\"wp-element-caption\">19 avril 2026<\/figcaption><\/figure>\n\n\n\n<figure class=\"wp-block-image size-large\"><a href=\"https:\/\/remembermefrance.org\/wp-content\/uploads\/Meredith5.jpg\"><img decoding=\"async\" width=\"360\" height=\"480\" data-id=\"103315\" src=\"https:\/\/remembermefrance.org\/wp-content\/uploads\/Meredith5.jpg\" alt=\"\" class=\"wp-image-103315\" srcset=\"https:\/\/remembermefrance.org\/wp-content\/uploads\/Meredith5.jpg 360w, https:\/\/remembermefrance.org\/wp-content\/uploads\/Meredith5-225x300.jpg 225w, https:\/\/remembermefrance.org\/wp-content\/uploads\/Meredith5-9x12.jpg 9w\" sizes=\"(max-width: 360px) 100vw, 360px\" \/><\/a><figcaption class=\"wp-element-caption\">19 avril 2026<\/figcaption><\/figure>\n\n\n\n<figure class=\"wp-block-image size-large\"><a href=\"https:\/\/remembermefrance.org\/wp-content\/uploads\/Meredith6.jpg\"><img decoding=\"async\" width=\"375\" height=\"500\" data-id=\"103314\" src=\"https:\/\/remembermefrance.org\/wp-content\/uploads\/Meredith6-375x500.jpg\" alt=\"\" class=\"wp-image-103314\" srcset=\"https:\/\/remembermefrance.org\/wp-content\/uploads\/Meredith6-375x500.jpg 375w, https:\/\/remembermefrance.org\/wp-content\/uploads\/Meredith6-225x300.jpg 225w, https:\/\/remembermefrance.org\/wp-content\/uploads\/Meredith6-9x12.jpg 9w, https:\/\/remembermefrance.org\/wp-content\/uploads\/Meredith6-360x480.jpg 360w, https:\/\/remembermefrance.org\/wp-content\/uploads\/Meredith6.jpg 640w\" sizes=\"(max-width: 375px) 100vw, 375px\" \/><\/a><figcaption class=\"wp-element-caption\">19 avril 2026<\/figcaption><\/figure>\n\n\n\n<figure class=\"wp-block-image size-large\"><a href=\"https:\/\/remembermefrance.org\/wp-content\/uploads\/Meredith7.jpg\"><img decoding=\"async\" width=\"360\" height=\"480\" data-id=\"103313\" src=\"https:\/\/remembermefrance.org\/wp-content\/uploads\/Meredith7.jpg\" alt=\"\" class=\"wp-image-103313\" srcset=\"https:\/\/remembermefrance.org\/wp-content\/uploads\/Meredith7.jpg 360w, https:\/\/remembermefrance.org\/wp-content\/uploads\/Meredith7-225x300.jpg 225w, https:\/\/remembermefrance.org\/wp-content\/uploads\/Meredith7-9x12.jpg 9w\" sizes=\"(max-width: 360px) 100vw, 360px\" \/><\/a><figcaption class=\"wp-element-caption\">19 avril 2026<\/figcaption><\/figure>\n\n\n\n<figure class=\"wp-block-image size-large\"><a href=\"https:\/\/remembermefrance.org\/wp-content\/uploads\/Meredith8.jpg\"><img decoding=\"async\" width=\"360\" height=\"480\" data-id=\"103312\" src=\"https:\/\/remembermefrance.org\/wp-content\/uploads\/Meredith8.jpg\" alt=\"\" class=\"wp-image-103312\" srcset=\"https:\/\/remembermefrance.org\/wp-content\/uploads\/Meredith8.jpg 360w, https:\/\/remembermefrance.org\/wp-content\/uploads\/Meredith8-225x300.jpg 225w, https:\/\/remembermefrance.org\/wp-content\/uploads\/Meredith8-9x12.jpg 9w\" sizes=\"(max-width: 360px) 100vw, 360px\" \/><\/a><figcaption class=\"wp-element-caption\">19 avril 2026<\/figcaption><\/figure>\n\n\n\n<figure class=\"wp-block-image size-large\"><a href=\"https:\/\/remembermefrance.org\/wp-content\/uploads\/Meredith9.jpg\"><img decoding=\"async\" width=\"360\" height=\"480\" data-id=\"103311\" src=\"https:\/\/remembermefrance.org\/wp-content\/uploads\/Meredith9.jpg\" alt=\"\" class=\"wp-image-103311\" srcset=\"https:\/\/remembermefrance.org\/wp-content\/uploads\/Meredith9.jpg 360w, https:\/\/remembermefrance.org\/wp-content\/uploads\/Meredith9-225x300.jpg 225w, https:\/\/remembermefrance.org\/wp-content\/uploads\/Meredith9-9x12.jpg 9w\" sizes=\"(max-width: 360px) 100vw, 360px\" \/><\/a><figcaption class=\"wp-element-caption\">19 avril 2026<\/figcaption><\/figure>\n\n\n\n<figure class=\"wp-block-image size-large\"><a href=\"https:\/\/remembermefrance.org\/wp-content\/uploads\/Meredith10.jpg\"><img decoding=\"async\" width=\"360\" height=\"480\" data-id=\"103310\" src=\"https:\/\/remembermefrance.org\/wp-content\/uploads\/Meredith10.jpg\" alt=\"\" class=\"wp-image-103310\" srcset=\"https:\/\/remembermefrance.org\/wp-content\/uploads\/Meredith10.jpg 360w, https:\/\/remembermefrance.org\/wp-content\/uploads\/Meredith10-225x300.jpg 225w, https:\/\/remembermefrance.org\/wp-content\/uploads\/Meredith10-9x12.jpg 9w\" sizes=\"(max-width: 360px) 100vw, 360px\" \/><\/a><figcaption class=\"wp-element-caption\">19 avril 2026<\/figcaption><\/figure>\n\n\n\n<figure class=\"wp-block-image size-large\"><a href=\"https:\/\/remembermefrance.org\/wp-content\/uploads\/Meredith11.jpg\"><img decoding=\"async\" width=\"360\" height=\"480\" data-id=\"103309\" src=\"https:\/\/remembermefrance.org\/wp-content\/uploads\/Meredith11.jpg\" alt=\"\" class=\"wp-image-103309\" srcset=\"https:\/\/remembermefrance.org\/wp-content\/uploads\/Meredith11.jpg 360w, https:\/\/remembermefrance.org\/wp-content\/uploads\/Meredith11-225x300.jpg 225w, https:\/\/remembermefrance.org\/wp-content\/uploads\/Meredith11-9x12.jpg 9w\" sizes=\"(max-width: 360px) 100vw, 360px\" \/><\/a><figcaption class=\"wp-element-caption\">19 avril 2026<\/figcaption><\/figure>\n\n\n\n<figure class=\"wp-block-image size-large\"><a href=\"https:\/\/remembermefrance.org\/wp-content\/uploads\/Meredith12.jpg\"><img decoding=\"async\" width=\"375\" height=\"500\" data-id=\"103308\" src=\"https:\/\/remembermefrance.org\/wp-content\/uploads\/Meredith12-375x500.jpg\" alt=\"\" class=\"wp-image-103308\" srcset=\"https:\/\/remembermefrance.org\/wp-content\/uploads\/Meredith12-375x500.jpg 375w, https:\/\/remembermefrance.org\/wp-content\/uploads\/Meredith12-225x300.jpg 225w, https:\/\/remembermefrance.org\/wp-content\/uploads\/Meredith12-9x12.jpg 9w, https:\/\/remembermefrance.org\/wp-content\/uploads\/Meredith12-360x480.jpg 360w, https:\/\/remembermefrance.org\/wp-content\/uploads\/Meredith12.jpg 640w\" sizes=\"(max-width: 375px) 100vw, 375px\" \/><\/a><figcaption class=\"wp-element-caption\">19 avril 2026<\/figcaption><\/figure>\n\n\n\n<figure class=\"wp-block-image size-large\"><a href=\"https:\/\/remembermefrance.org\/wp-content\/uploads\/Meredith13.jpg\"><img decoding=\"async\" width=\"360\" height=\"480\" data-id=\"103307\" src=\"https:\/\/remembermefrance.org\/wp-content\/uploads\/Meredith13.jpg\" alt=\"\" class=\"wp-image-103307\" srcset=\"https:\/\/remembermefrance.org\/wp-content\/uploads\/Meredith13.jpg 360w, https:\/\/remembermefrance.org\/wp-content\/uploads\/Meredith13-225x300.jpg 225w, https:\/\/remembermefrance.org\/wp-content\/uploads\/Meredith13-9x12.jpg 9w\" sizes=\"(max-width: 360px) 100vw, 360px\" \/><\/a><figcaption class=\"wp-element-caption\">19 avril 2026<\/figcaption><\/figure>\n\n\n\n<figure class=\"wp-block-image size-large\"><a href=\"https:\/\/remembermefrance.org\/wp-content\/uploads\/Meredith14.jpg\"><img decoding=\"async\" width=\"360\" height=\"480\" data-id=\"103306\" src=\"https:\/\/remembermefrance.org\/wp-content\/uploads\/Meredith14.jpg\" alt=\"\" class=\"wp-image-103306\" srcset=\"https:\/\/remembermefrance.org\/wp-content\/uploads\/Meredith14.jpg 360w, https:\/\/remembermefrance.org\/wp-content\/uploads\/Meredith14-225x300.jpg 225w, https:\/\/remembermefrance.org\/wp-content\/uploads\/Meredith14-9x12.jpg 9w\" sizes=\"(max-width: 360px) 100vw, 360px\" \/><\/a><figcaption class=\"wp-element-caption\">19 avril 2026<\/figcaption><\/figure>\n\n\n\n<figure class=\"wp-block-image size-large\"><a href=\"https:\/\/remembermefrance.org\/wp-content\/uploads\/Meredith15.jpg\"><img decoding=\"async\" width=\"375\" height=\"500\" data-id=\"103305\" src=\"https:\/\/remembermefrance.org\/wp-content\/uploads\/Meredith15-375x500.jpg\" alt=\"\" class=\"wp-image-103305\" srcset=\"https:\/\/remembermefrance.org\/wp-content\/uploads\/Meredith15-375x500.jpg 375w, https:\/\/remembermefrance.org\/wp-content\/uploads\/Meredith15-225x300.jpg 225w, https:\/\/remembermefrance.org\/wp-content\/uploads\/Meredith15-9x12.jpg 9w, https:\/\/remembermefrance.org\/wp-content\/uploads\/Meredith15-360x480.jpg 360w, https:\/\/remembermefrance.org\/wp-content\/uploads\/Meredith15.jpg 640w\" sizes=\"(max-width: 375px) 100vw, 375px\" \/><\/a><figcaption class=\"wp-element-caption\">19 avril 2026<\/figcaption><\/figure>\n\n\n\n<figure class=\"wp-block-image size-large\"><a href=\"https:\/\/remembermefrance.org\/wp-content\/uploads\/Meredith1.jpg\"><img decoding=\"async\" data-id=\"101110\" src=\"https:\/\/remembermefrance.org\/wp-content\/uploads\/Meredith1-281x500.jpg\" alt=\"\" class=\"wp-image-101110\"\/><\/a><figcaption class=\"wp-element-caption\">14 mars 2026<\/figcaption><\/figure>\n<\/figure>\n\n\n\n<hr class=\"wp-block-separator has-css-opacity\"\/>\n\n\n\n<figure class=\"wp-block-embed is-type-video is-provider-youtube wp-block-embed-youtube wp-embed-aspect-16-9 wp-has-aspect-ratio\"><div class=\"wp-block-embed__wrapper\">\n<iframe title=\"MEREDITH - REMEMBER ME\" width=\"843\" height=\"474\" src=\"https:\/\/www.youtube.com\/embed\/CW52Nw6FvWI?feature=oembed\" frameborder=\"0\" allow=\"accelerometer; autoplay; clipboard-write; encrypted-media; gyroscope; picture-in-picture; web-share\" referrerpolicy=\"strict-origin-when-cross-origin\" allowfullscreen><\/iframe>\n<\/div><figcaption class=\"wp-element-caption\">7 avril 2026<\/figcaption><\/figure>","protected":false},"excerpt":{"rendered":"<p>Femelle, n\u00e9e environ en mars 2024<br \/>\nAu refuge depuis mars 2026<\/p>","protected":false},"featured_media":103317,"template":"","breed":[27],"pet-color":[],"class_list":["post-101111","pets","type-pets","status-publish","has-post-thumbnail","hentry","breed-adulte-moyen"],"yoast_head":"<!-- This site is optimized with the Yoast SEO plugin v27.5 - https:\/\/yoast.com\/product\/yoast-seo-wordpress\/ -->\n<title>Meredith - Association RMF<\/title>\n<meta name=\"robots\" content=\"index, follow, max-snippet:-1, max-image-preview:large, max-video-preview:-1\" \/>\n<link rel=\"canonical\" href=\"https:\/\/remembermefrance.org\/en\/pets\/meredith\/\" \/>\n<meta property=\"og:locale\" content=\"en_GB\" \/>\n<meta property=\"og:type\" content=\"article\" \/>\n<meta property=\"og:title\" content=\"Meredith - Association RMF\" \/>\n<meta property=\"og:description\" content=\"Femelle, n\u00e9e environ en mars 2024 Au refuge depuis mars 2026\" \/>\n<meta property=\"og:url\" content=\"https:\/\/remembermefrance.org\/en\/pets\/meredith\/\" \/>\n<meta property=\"og:site_name\" content=\"Association RMF\" \/>\n<meta property=\"article:publisher\" content=\"https:\/\/www.facebook.com\/remembermefrance\" \/>\n<meta property=\"article:modified_time\" content=\"2026-04-20T21:28:09+00:00\" \/>\n<meta property=\"og:image\" content=\"https:\/\/remembermefrance.org\/wp-content\/uploads\/Meredith3.jpg\" \/>\n\t<meta property=\"og:image:width\" content=\"360\" \/>\n\t<meta property=\"og:image:height\" content=\"480\" \/>\n\t<meta property=\"og:image:type\" content=\"image\/jpeg\" \/>\n<meta name=\"twitter:card\" content=\"summary_large_image\" \/>\n<meta name=\"twitter:label1\" content=\"Estimated reading time\" \/>\n\t<meta name=\"twitter:data1\" content=\"5 minutes\" \/>\n<script type=\"application\/ld+json\" class=\"yoast-schema-graph\">{\"@context\":\"https:\\\/\\\/schema.org\",\"@graph\":[{\"@type\":\"WebPage\",\"@id\":\"https:\\\/\\\/remembermefrance.org\\\/pets\\\/meredith\\\/\",\"url\":\"https:\\\/\\\/remembermefrance.org\\\/pets\\\/meredith\\\/\",\"name\":\"Meredith - Association RMF\",\"isPartOf\":{\"@id\":\"https:\\\/\\\/remembermefrance.org\\\/#website\"},\"primaryImageOfPage\":{\"@id\":\"https:\\\/\\\/remembermefrance.org\\\/pets\\\/meredith\\\/#primaryimage\"},\"image\":{\"@id\":\"https:\\\/\\\/remembermefrance.org\\\/pets\\\/meredith\\\/#primaryimage\"},\"thumbnailUrl\":\"https:\\\/\\\/remembermefrance.org\\\/wp-content\\\/uploads\\\/Meredith3.jpg\",\"datePublished\":\"2026-03-14T18:54:47+00:00\",\"dateModified\":\"2026-04-20T21:28:09+00:00\",\"breadcrumb\":{\"@id\":\"https:\\\/\\\/remembermefrance.org\\\/pets\\\/meredith\\\/#breadcrumb\"},\"inLanguage\":\"en-GB\",\"potentialAction\":[{\"@type\":\"ReadAction\",\"target\":[\"https:\\\/\\\/remembermefrance.org\\\/pets\\\/meredith\\\/\"]}]},{\"@type\":\"ImageObject\",\"inLanguage\":\"en-GB\",\"@id\":\"https:\\\/\\\/remembermefrance.org\\\/pets\\\/meredith\\\/#primaryimage\",\"url\":\"https:\\\/\\\/remembermefrance.org\\\/wp-content\\\/uploads\\\/Meredith3.jpg\",\"contentUrl\":\"https:\\\/\\\/remembermefrance.org\\\/wp-content\\\/uploads\\\/Meredith3.jpg\",\"width\":360,\"height\":480},{\"@type\":\"BreadcrumbList\",\"@id\":\"https:\\\/\\\/remembermefrance.org\\\/pets\\\/meredith\\\/#breadcrumb\",\"itemListElement\":[{\"@type\":\"ListItem\",\"position\":1,\"name\":\"Accueil\",\"item\":\"https:\\\/\\\/remembermefrance.org\\\/\"},{\"@type\":\"ListItem\",\"position\":2,\"name\":\"Pets\",\"item\":\"https:\\\/\\\/remembermefrance.org\\\/pets\\\/\"},{\"@type\":\"ListItem\",\"position\":3,\"name\":\"Meredith\"}]},{\"@type\":\"WebSite\",\"@id\":\"https:\\\/\\\/remembermefrance.org\\\/#website\",\"url\":\"https:\\\/\\\/remembermefrance.org\\\/\",\"name\":\"Remember me France\",\"description\":\"Adopter un chien roumain\",\"publisher\":{\"@id\":\"https:\\\/\\\/remembermefrance.org\\\/#organization\"},\"potentialAction\":[{\"@type\":\"SearchAction\",\"target\":{\"@type\":\"EntryPoint\",\"urlTemplate\":\"https:\\\/\\\/remembermefrance.org\\\/?s={search_term_string}\"},\"query-input\":{\"@type\":\"PropertyValueSpecification\",\"valueRequired\":true,\"valueName\":\"search_term_string\"}}],\"inLanguage\":\"en-GB\"},{\"@type\":\"Organization\",\"@id\":\"https:\\\/\\\/remembermefrance.org\\\/#organization\",\"name\":\"Remember me\",\"url\":\"https:\\\/\\\/remembermefrance.org\\\/\",\"logo\":{\"@type\":\"ImageObject\",\"inLanguage\":\"en-GB\",\"@id\":\"https:\\\/\\\/remembermefrance.org\\\/#\\\/schema\\\/logo\\\/image\\\/\",\"url\":\"https:\\\/\\\/remembermefrance.org\\\/wp-content\\\/uploads\\\/logo-remember.png\",\"contentUrl\":\"https:\\\/\\\/remembermefrance.org\\\/wp-content\\\/uploads\\\/logo-remember.png\",\"width\":325,\"height\":60,\"caption\":\"Remember me\"},\"image\":{\"@id\":\"https:\\\/\\\/remembermefrance.org\\\/#\\\/schema\\\/logo\\\/image\\\/\"},\"sameAs\":[\"https:\\\/\\\/www.facebook.com\\\/remembermefrance\",\"https:\\\/\\\/www.instagram.com\\\/remembermefrance\\\/\"]}]}<\/script>\n<!-- \/ Yoast SEO plugin. -->","yoast_head_json":{"title":"Meredith - Association RMF","robots":{"index":"index","follow":"follow","max-snippet":"max-snippet:-1","max-image-preview":"max-image-preview:large","max-video-preview":"max-video-preview:-1"},"canonical":"https:\/\/remembermefrance.org\/en\/pets\/meredith\/","og_locale":"en_GB","og_type":"article","og_title":"Meredith - Association RMF","og_description":"Femelle, n\u00e9e environ en mars 2024 Au refuge depuis mars 2026","og_url":"https:\/\/remembermefrance.org\/en\/pets\/meredith\/","og_site_name":"Association RMF","article_publisher":"https:\/\/www.facebook.com\/remembermefrance","article_modified_time":"2026-04-20T21:28:09+00:00","og_image":[{"width":360,"height":480,"url":"https:\/\/remembermefrance.org\/wp-content\/uploads\/Meredith3.jpg","type":"image\/jpeg"}],"twitter_card":"summary_large_image","twitter_misc":{"Estimated reading time":"5 minutes"},"schema":{"@context":"https:\/\/schema.org","@graph":[{"@type":"WebPage","@id":"https:\/\/remembermefrance.org\/pets\/meredith\/","url":"https:\/\/remembermefrance.org\/pets\/meredith\/","name":"Meredith - Association RMF","isPartOf":{"@id":"https:\/\/remembermefrance.org\/#website"},"primaryImageOfPage":{"@id":"https:\/\/remembermefrance.org\/pets\/meredith\/#primaryimage"},"image":{"@id":"https:\/\/remembermefrance.org\/pets\/meredith\/#primaryimage"},"thumbnailUrl":"https:\/\/remembermefrance.org\/wp-content\/uploads\/Meredith3.jpg","datePublished":"2026-03-14T18:54:47+00:00","dateModified":"2026-04-20T21:28:09+00:00","breadcrumb":{"@id":"https:\/\/remembermefrance.org\/pets\/meredith\/#breadcrumb"},"inLanguage":"en-GB","potentialAction":[{"@type":"ReadAction","target":["https:\/\/remembermefrance.org\/pets\/meredith\/"]}]},{"@type":"ImageObject","inLanguage":"en-GB","@id":"https:\/\/remembermefrance.org\/pets\/meredith\/#primaryimage","url":"https:\/\/remembermefrance.org\/wp-content\/uploads\/Meredith3.jpg","contentUrl":"https:\/\/remembermefrance.org\/wp-content\/uploads\/Meredith3.jpg","width":360,"height":480},{"@type":"BreadcrumbList","@id":"https:\/\/remembermefrance.org\/pets\/meredith\/#breadcrumb","itemListElement":[{"@type":"ListItem","position":1,"name":"Accueil","item":"https:\/\/remembermefrance.org\/"},{"@type":"ListItem","position":2,"name":"Pets","item":"https:\/\/remembermefrance.org\/pets\/"},{"@type":"ListItem","position":3,"name":"Meredith"}]},{"@type":"WebSite","@id":"https:\/\/remembermefrance.org\/#website","url":"https:\/\/remembermefrance.org\/","name":"Remember me France","description":"Adopt a Romanian dog","publisher":{"@id":"https:\/\/remembermefrance.org\/#organization"},"potentialAction":[{"@type":"SearchAction","target":{"@type":"EntryPoint","urlTemplate":"https:\/\/remembermefrance.org\/?s={search_term_string}"},"query-input":{"@type":"PropertyValueSpecification","valueRequired":true,"valueName":"search_term_string"}}],"inLanguage":"en-GB"},{"@type":"Organization","@id":"https:\/\/remembermefrance.org\/#organization","name":"Remember me","url":"https:\/\/remembermefrance.org\/","logo":{"@type":"ImageObject","inLanguage":"en-GB","@id":"https:\/\/remembermefrance.org\/#\/schema\/logo\/image\/","url":"https:\/\/remembermefrance.org\/wp-content\/uploads\/logo-remember.png","contentUrl":"https:\/\/remembermefrance.org\/wp-content\/uploads\/logo-remember.png","width":325,"height":60,"caption":"Remember me"},"image":{"@id":"https:\/\/remembermefrance.org\/#\/schema\/logo\/image\/"},"sameAs":["https:\/\/www.facebook.com\/remembermefrance","https:\/\/www.instagram.com\/remembermefrance\/"]}]}},"_links":{"self":[{"href":"https:\/\/remembermefrance.org\/en\/wp-json\/wp\/v2\/pets\/101111","targetHints":{"allow":["GET"]}}],"collection":[{"href":"https:\/\/remembermefrance.org\/en\/wp-json\/wp\/v2\/pets"}],"about":[{"href":"https:\/\/remembermefrance.org\/en\/wp-json\/wp\/v2\/types\/pets"}],"wp:featuredmedia":[{"embeddable":true,"href":"https:\/\/remembermefrance.org\/en\/wp-json\/wp\/v2\/media\/103317"}],"wp:attachment":[{"href":"https:\/\/remembermefrance.org\/en\/wp-json\/wp\/v2\/media?parent=101111"}],"wp:term":[{"taxonomy":"breed","embeddable":true,"href":"https:\/\/remembermefrance.org\/en\/wp-json\/wp\/v2\/breed?post=101111"},{"taxonomy":"pet-color","embeddable":true,"href":"https:\/\/remembermefrance.org\/en\/wp-json\/wp\/v2\/pet-color?post=101111"}],"curies":[{"name":"wp","href":"https:\/\/api.w.org\/{rel}","templated":true}]}}