{"id":1410,"date":"2022-10-28T15:47:46","date_gmt":"2022-10-28T13:47:46","guid":{"rendered":"https:\/\/remembermefrance.org\/?post_type=pets&#038;p=1410"},"modified":"2026-03-23T15:49:39","modified_gmt":"2026-03-23T14:49:39","slug":"zina","status":"publish","type":"pets","link":"https:\/\/remembermefrance.org\/en\/pets\/zina\/","title":{"rendered":"Zina"},"content":{"rendered":"<p><strong>Zina n&rsquo;est pas encore parrain\u00e9e. Si vous souhaitez parrainer un de nos loulous, <a href=\"https:\/\/remembermefrance.org\/index.php\/agir\/parrainer\/\" data-type=\"page\" data-id=\"811\">click here<\/a>. <\/strong><\/p>\n\n\n\n<p class=\"has-text-align-left\"><strong>Age:<\/strong> : born approximately in 2012<br><strong>Size<\/strong> : moyenne<br><strong>Breed<\/strong> : mixed<br><br><strong>Neutered\/spayed<\/strong> : yes<br><strong>Vaccinated<\/strong> : yes<br><strong>Chipped<\/strong> : yes<\/p>\n\n\n\n<p><strong>Refuge<\/strong> : Chez Carmina \u00e0 Bucarest depuis juin 2017<\/p>\n\n\n\n<p><strong>Good with<\/strong> : Cohabite avec les chiens de son box\/enclos (cela ne veut pas dire qu\u2019elle s\u2019entendra obligatoirement avec tous les canid\u00e9s ; chaque animal a ses t\u00eates et ses affinit\u00e9s). Ne pourra pas \u00eatre plac\u00e9e dans un foyer avec des enfants en bas-\u00e2ge. N\u2019\u00e9tant pas manipulable pour le moment, il nous est impossible d\u2019effectuer un test chat s\u00e9curitaire pour le f\u00e9lin.<\/p>\n\n\n\n<p><strong>History<\/strong> : Inconnue<\/p>\n\n\n\n<p><strong>Character<\/strong> : Zina est craintive (octobre 2019)<\/p>\n\n\n\n<p>Pour suivre son \u00e9volution : <a href=\"https:\/\/remembermefrance.forumactif.org\/t3986-zina-de-8-ans-de-captivite-femelle-de-taille-moyenne-nee-en-2012-carmina-bucarest?highlight=Zina\">voir sur le forum<\/a><\/p>\n\n\n\n<p><strong>Frais d&rsquo;adoption<\/strong> <strong>reduced<\/strong>: 50\u20ac&nbsp;+ don libre <br><a href=\"https:\/\/remembermefrance.org\/index.php\/adopter\/procedure-dadoption#lesfrais\">Click here<\/a> pour plus d&rsquo;infos sur les frais<\/p>\n\n\n<div class=\"wp-block-button button1\"><a class=\"wp-block-button__link\" href=\"https:\/\/remembermefrance.org\/wp-content\/uploads\/2020\/05\/formulaire_rmf.docx\">T\u00e9l\u00e9chargez le formulaire d&rsquo;adoption<\/a><\/div>\n\n\n<figure class=\"wp-block-gallery has-nested-images columns-default is-cropped wp-block-gallery-1 is-layout-flex wp-block-gallery-is-layout-flex\">\n<figure class=\"wp-block-image size-large\"><a href=\"https:\/\/remembermefrance.org\/wp-content\/uploads\/275922722_698767691286895_8011817720733944500_n-scaled.jpg\"><img decoding=\"async\" width=\"1913\" height=\"2560\" data-id=\"34171\" src=\"https:\/\/remembermefrance.org\/wp-content\/uploads\/275922722_698767691286895_8011817720733944500_n-scaled.jpg\" alt=\"Mars 2022\" class=\"wp-image-34171\" srcset=\"https:\/\/remembermefrance.org\/wp-content\/uploads\/275922722_698767691286895_8011817720733944500_n-scaled.jpg 1913w, https:\/\/remembermefrance.org\/wp-content\/uploads\/275922722_698767691286895_8011817720733944500_n-224x300.jpg 224w, https:\/\/remembermefrance.org\/wp-content\/uploads\/275922722_698767691286895_8011817720733944500_n-374x500.jpg 374w, https:\/\/remembermefrance.org\/wp-content\/uploads\/275922722_698767691286895_8011817720733944500_n-768x1028.jpg 768w, https:\/\/remembermefrance.org\/wp-content\/uploads\/275922722_698767691286895_8011817720733944500_n-1148x1536.jpg 1148w, https:\/\/remembermefrance.org\/wp-content\/uploads\/275922722_698767691286895_8011817720733944500_n-1531x2048.jpg 1531w, https:\/\/remembermefrance.org\/wp-content\/uploads\/275922722_698767691286895_8011817720733944500_n-9x12.jpg 9w, https:\/\/remembermefrance.org\/wp-content\/uploads\/275922722_698767691286895_8011817720733944500_n-360x482.jpg 360w\" sizes=\"(max-width: 1913px) 100vw, 1913px\" \/><\/a><figcaption class=\"wp-element-caption\">Mars 2022<\/figcaption><\/figure>\n\n\n\n<figure class=\"wp-block-image size-large\"><a href=\"https:\/\/remembermefrance.org\/wp-content\/uploads\/275943220_696454584814578_5356238857778163169_n-scaled.jpg\"><img decoding=\"async\" width=\"1913\" height=\"2560\" data-id=\"34172\" src=\"https:\/\/remembermefrance.org\/wp-content\/uploads\/275943220_696454584814578_5356238857778163169_n-scaled.jpg\" alt=\"Mars 2022\" class=\"wp-image-34172\" srcset=\"https:\/\/remembermefrance.org\/wp-content\/uploads\/275943220_696454584814578_5356238857778163169_n-scaled.jpg 1913w, https:\/\/remembermefrance.org\/wp-content\/uploads\/275943220_696454584814578_5356238857778163169_n-224x300.jpg 224w, https:\/\/remembermefrance.org\/wp-content\/uploads\/275943220_696454584814578_5356238857778163169_n-374x500.jpg 374w, https:\/\/remembermefrance.org\/wp-content\/uploads\/275943220_696454584814578_5356238857778163169_n-768x1028.jpg 768w, https:\/\/remembermefrance.org\/wp-content\/uploads\/275943220_696454584814578_5356238857778163169_n-1148x1536.jpg 1148w, https:\/\/remembermefrance.org\/wp-content\/uploads\/275943220_696454584814578_5356238857778163169_n-1531x2048.jpg 1531w, https:\/\/remembermefrance.org\/wp-content\/uploads\/275943220_696454584814578_5356238857778163169_n-9x12.jpg 9w, https:\/\/remembermefrance.org\/wp-content\/uploads\/275943220_696454584814578_5356238857778163169_n-360x482.jpg 360w\" sizes=\"(max-width: 1913px) 100vw, 1913px\" \/><\/a><figcaption class=\"wp-element-caption\">Mars 2022<\/figcaption><\/figure>\n\n\n\n<figure class=\"wp-block-image size-large\"><a href=\"https:\/\/remembermefrance.org\/wp-content\/uploads\/recei228.jpg\"><img decoding=\"async\" width=\"375\" height=\"500\" data-id=\"20633\" src=\"https:\/\/remembermefrance.org\/wp-content\/uploads\/recei228-375x500.jpg\" alt=\"\" class=\"wp-image-20633\" srcset=\"https:\/\/remembermefrance.org\/wp-content\/uploads\/recei228-375x500.jpg 375w, https:\/\/remembermefrance.org\/wp-content\/uploads\/recei228-225x300.jpg 225w, https:\/\/remembermefrance.org\/wp-content\/uploads\/recei228-9x12.jpg 9w, https:\/\/remembermefrance.org\/wp-content\/uploads\/recei228-360x480.jpg 360w, https:\/\/remembermefrance.org\/wp-content\/uploads\/recei228.jpg 720w\" sizes=\"(max-width: 375px) 100vw, 375px\" \/><\/a><figcaption class=\"wp-element-caption\">ao\u00fbt 2021<\/figcaption><\/figure>\n\n\n\n<figure class=\"wp-block-image size-large\"><a href=\"https:\/\/remembermefrance.org\/wp-content\/uploads\/recei227.jpg\"><img decoding=\"async\" width=\"375\" height=\"500\" data-id=\"20632\" src=\"https:\/\/remembermefrance.org\/wp-content\/uploads\/recei227-375x500.jpg\" alt=\"\" class=\"wp-image-20632\" srcset=\"https:\/\/remembermefrance.org\/wp-content\/uploads\/recei227-375x500.jpg 375w, https:\/\/remembermefrance.org\/wp-content\/uploads\/recei227-225x300.jpg 225w, https:\/\/remembermefrance.org\/wp-content\/uploads\/recei227-9x12.jpg 9w, https:\/\/remembermefrance.org\/wp-content\/uploads\/recei227-360x480.jpg 360w, https:\/\/remembermefrance.org\/wp-content\/uploads\/recei227.jpg 720w\" sizes=\"(max-width: 375px) 100vw, 375px\" \/><\/a><figcaption class=\"wp-element-caption\">ao\u00fbt 2021<\/figcaption><\/figure>\n\n\n\n<figure class=\"wp-block-image size-large\"><a href=\"https:\/\/remembermefrance.org\/wp-content\/uploads\/recei226.jpg\"><img decoding=\"async\" width=\"375\" height=\"500\" data-id=\"20631\" src=\"https:\/\/remembermefrance.org\/wp-content\/uploads\/recei226-375x500.jpg\" alt=\"\" class=\"wp-image-20631\" srcset=\"https:\/\/remembermefrance.org\/wp-content\/uploads\/recei226-375x500.jpg 375w, https:\/\/remembermefrance.org\/wp-content\/uploads\/recei226-225x300.jpg 225w, https:\/\/remembermefrance.org\/wp-content\/uploads\/recei226-9x12.jpg 9w, https:\/\/remembermefrance.org\/wp-content\/uploads\/recei226-360x480.jpg 360w, https:\/\/remembermefrance.org\/wp-content\/uploads\/recei226.jpg 720w\" sizes=\"(max-width: 375px) 100vw, 375px\" \/><\/a><figcaption class=\"wp-element-caption\">ao\u00fbt 2021<\/figcaption><\/figure>\n\n\n\n<figure class=\"wp-block-image size-large\"><a href=\"https:\/\/remembermefrance.org\/wp-content\/uploads\/zina9.jpg\"><img decoding=\"async\" width=\"500\" height=\"375\" data-id=\"10899\" src=\"https:\/\/remembermefrance.org\/wp-content\/uploads\/zina9-500x375.jpg\" alt=\"\" class=\"wp-image-10899\" srcset=\"https:\/\/remembermefrance.org\/wp-content\/uploads\/zina9-500x375.jpg 500w, https:\/\/remembermefrance.org\/wp-content\/uploads\/zina9-300x225.jpg 300w, https:\/\/remembermefrance.org\/wp-content\/uploads\/zina9-768x576.jpg 768w, https:\/\/remembermefrance.org\/wp-content\/uploads\/zina9-360x270.jpg 360w, https:\/\/remembermefrance.org\/wp-content\/uploads\/zina9.jpg 1080w\" sizes=\"(max-width: 500px) 100vw, 500px\" \/><\/a><\/figure>\n\n\n\n<figure class=\"wp-block-image size-large\"><a href=\"https:\/\/remembermefrance.org\/wp-content\/uploads\/zina8.jpg\"><img decoding=\"async\" width=\"500\" height=\"375\" data-id=\"10898\" src=\"https:\/\/remembermefrance.org\/wp-content\/uploads\/zina8-500x375.jpg\" alt=\"\" class=\"wp-image-10898\" srcset=\"https:\/\/remembermefrance.org\/wp-content\/uploads\/zina8-500x375.jpg 500w, https:\/\/remembermefrance.org\/wp-content\/uploads\/zina8-300x225.jpg 300w, https:\/\/remembermefrance.org\/wp-content\/uploads\/zina8-768x576.jpg 768w, https:\/\/remembermefrance.org\/wp-content\/uploads\/zina8-360x270.jpg 360w, https:\/\/remembermefrance.org\/wp-content\/uploads\/zina8.jpg 1080w\" sizes=\"(max-width: 500px) 100vw, 500px\" \/><\/a><\/figure>\n\n\n\n<figure class=\"wp-block-image size-large\"><a href=\"https:\/\/remembermefrance.org\/wp-content\/uploads\/zina7.jpg\"><img decoding=\"async\" width=\"500\" height=\"375\" data-id=\"10897\" src=\"https:\/\/remembermefrance.org\/wp-content\/uploads\/zina7-500x375.jpg\" alt=\"\" class=\"wp-image-10897\" srcset=\"https:\/\/remembermefrance.org\/wp-content\/uploads\/zina7-500x375.jpg 500w, https:\/\/remembermefrance.org\/wp-content\/uploads\/zina7-300x225.jpg 300w, https:\/\/remembermefrance.org\/wp-content\/uploads\/zina7-768x576.jpg 768w, https:\/\/remembermefrance.org\/wp-content\/uploads\/zina7-360x270.jpg 360w, https:\/\/remembermefrance.org\/wp-content\/uploads\/zina7.jpg 1080w\" sizes=\"(max-width: 500px) 100vw, 500px\" \/><\/a><\/figure>\n\n\n\n<figure class=\"wp-block-image size-large\"><a href=\"https:\/\/remembermefrance.org\/wp-content\/uploads\/zina6.jpg\"><img decoding=\"async\" width=\"500\" height=\"375\" data-id=\"10896\" src=\"https:\/\/remembermefrance.org\/wp-content\/uploads\/zina6-500x375.jpg\" alt=\"\" class=\"wp-image-10896\" srcset=\"https:\/\/remembermefrance.org\/wp-content\/uploads\/zina6-500x375.jpg 500w, https:\/\/remembermefrance.org\/wp-content\/uploads\/zina6-300x225.jpg 300w, https:\/\/remembermefrance.org\/wp-content\/uploads\/zina6-768x576.jpg 768w, https:\/\/remembermefrance.org\/wp-content\/uploads\/zina6-360x270.jpg 360w, https:\/\/remembermefrance.org\/wp-content\/uploads\/zina6.jpg 1080w\" sizes=\"(max-width: 500px) 100vw, 500px\" \/><\/a><\/figure>\n\n\n\n<figure class=\"wp-block-image size-large\"><a href=\"https:\/\/remembermefrance.org\/wp-content\/uploads\/zina4.jpg\"><img decoding=\"async\" width=\"500\" height=\"375\" data-id=\"10895\" src=\"https:\/\/remembermefrance.org\/wp-content\/uploads\/zina4-500x375.jpg\" alt=\"\" class=\"wp-image-10895\" srcset=\"https:\/\/remembermefrance.org\/wp-content\/uploads\/zina4-500x375.jpg 500w, https:\/\/remembermefrance.org\/wp-content\/uploads\/zina4-300x225.jpg 300w, https:\/\/remembermefrance.org\/wp-content\/uploads\/zina4-768x576.jpg 768w, https:\/\/remembermefrance.org\/wp-content\/uploads\/zina4-360x270.jpg 360w, https:\/\/remembermefrance.org\/wp-content\/uploads\/zina4.jpg 1080w\" sizes=\"(max-width: 500px) 100vw, 500px\" \/><\/a><\/figure>\n\n\n\n<figure class=\"wp-block-image size-large\"><a href=\"https:\/\/remembermefrance.org\/wp-content\/uploads\/zina3.jpg\"><img decoding=\"async\" width=\"500\" height=\"375\" data-id=\"10894\" src=\"https:\/\/remembermefrance.org\/wp-content\/uploads\/zina3-500x375.jpg\" alt=\"\" class=\"wp-image-10894\" srcset=\"https:\/\/remembermefrance.org\/wp-content\/uploads\/zina3-500x375.jpg 500w, https:\/\/remembermefrance.org\/wp-content\/uploads\/zina3-300x225.jpg 300w, https:\/\/remembermefrance.org\/wp-content\/uploads\/zina3-768x576.jpg 768w, https:\/\/remembermefrance.org\/wp-content\/uploads\/zina3-360x270.jpg 360w, https:\/\/remembermefrance.org\/wp-content\/uploads\/zina3.jpg 1080w\" sizes=\"(max-width: 500px) 100vw, 500px\" \/><\/a><\/figure>\n\n\n\n<figure class=\"wp-block-image size-large\"><a href=\"https:\/\/remembermefrance.org\/wp-content\/uploads\/zina2.jpg\"><img decoding=\"async\" width=\"500\" height=\"375\" data-id=\"10893\" src=\"https:\/\/remembermefrance.org\/wp-content\/uploads\/zina2-500x375.jpg\" alt=\"\" class=\"wp-image-10893\" srcset=\"https:\/\/remembermefrance.org\/wp-content\/uploads\/zina2-500x375.jpg 500w, https:\/\/remembermefrance.org\/wp-content\/uploads\/zina2-300x225.jpg 300w, https:\/\/remembermefrance.org\/wp-content\/uploads\/zina2-768x576.jpg 768w, https:\/\/remembermefrance.org\/wp-content\/uploads\/zina2-360x270.jpg 360w, https:\/\/remembermefrance.org\/wp-content\/uploads\/zina2.jpg 1080w\" sizes=\"(max-width: 500px) 100vw, 500px\" \/><\/a><\/figure>\n\n\n\n<figure class=\"wp-block-image size-large\"><a href=\"https:\/\/remembermefrance.org\/wp-content\/uploads\/zina10.jpg\"><img decoding=\"async\" width=\"500\" height=\"334\" data-id=\"1415\" src=\"https:\/\/remembermefrance.org\/wp-content\/uploads\/zina10-500x334.jpg\" alt=\"\" class=\"wp-image-1415\" srcset=\"https:\/\/remembermefrance.org\/wp-content\/uploads\/zina10-500x334.jpg 500w, https:\/\/remembermefrance.org\/wp-content\/uploads\/zina10-300x200.jpg 300w, https:\/\/remembermefrance.org\/wp-content\/uploads\/zina10-768x513.jpg 768w, https:\/\/remembermefrance.org\/wp-content\/uploads\/zina10-360x240.jpg 360w, https:\/\/remembermefrance.org\/wp-content\/uploads\/zina10.jpg 800w\" sizes=\"(max-width: 500px) 100vw, 500px\" \/><\/a><\/figure>\n\n\n\n<figure class=\"wp-block-image size-large\"><a href=\"https:\/\/remembermefrance.org\/wp-content\/uploads\/zina_210.jpg\"><img decoding=\"async\" width=\"454\" height=\"500\" data-id=\"1414\" src=\"https:\/\/remembermefrance.org\/wp-content\/uploads\/zina_210-454x500.jpg\" alt=\"\" class=\"wp-image-1414\" srcset=\"https:\/\/remembermefrance.org\/wp-content\/uploads\/zina_210-454x500.jpg 454w, https:\/\/remembermefrance.org\/wp-content\/uploads\/zina_210-272x300.jpg 272w, https:\/\/remembermefrance.org\/wp-content\/uploads\/zina_210-360x397.jpg 360w, https:\/\/remembermefrance.org\/wp-content\/uploads\/zina_210.jpg 500w\" sizes=\"(max-width: 454px) 100vw, 454px\" \/><\/a><\/figure>\n\n\n\n<figure class=\"wp-block-image size-large\"><a href=\"https:\/\/remembermefrance.org\/wp-content\/uploads\/img_0326-e1604599473224.jpg\"><img decoding=\"async\" width=\"374\" height=\"500\" data-id=\"1413\" src=\"https:\/\/remembermefrance.org\/wp-content\/uploads\/img_0326-374x500.jpg\" alt=\"\" class=\"wp-image-1413\"\/><\/a><\/figure>\n\n\n\n<figure class=\"wp-block-image size-large\"><a href=\"https:\/\/remembermefrance.org\/wp-content\/uploads\/img_0324.jpg\"><img decoding=\"async\" width=\"374\" height=\"500\" data-id=\"1412\" src=\"https:\/\/remembermefrance.org\/wp-content\/uploads\/img_0324-374x500.jpg\" alt=\"\" class=\"wp-image-1412\" srcset=\"https:\/\/remembermefrance.org\/wp-content\/uploads\/img_0324-374x500.jpg 374w, https:\/\/remembermefrance.org\/wp-content\/uploads\/img_0324-225x300.jpg 225w, https:\/\/remembermefrance.org\/wp-content\/uploads\/img_0324-360x481.jpg 360w, https:\/\/remembermefrance.org\/wp-content\/uploads\/img_0324.jpg 479w\" sizes=\"(max-width: 374px) 100vw, 374px\" \/><\/a><\/figure>\n\n\n\n<figure class=\"wp-block-image size-large\"><a href=\"https:\/\/remembermefrance.org\/wp-content\/uploads\/img_0323.jpg\"><img decoding=\"async\" width=\"374\" height=\"500\" data-id=\"1411\" src=\"https:\/\/remembermefrance.org\/wp-content\/uploads\/img_0323-374x500.jpg\" alt=\"\" class=\"wp-image-1411\" srcset=\"https:\/\/remembermefrance.org\/wp-content\/uploads\/img_0323-374x500.jpg 374w, https:\/\/remembermefrance.org\/wp-content\/uploads\/img_0323-225x300.jpg 225w, https:\/\/remembermefrance.org\/wp-content\/uploads\/img_0323-360x481.jpg 360w, https:\/\/remembermefrance.org\/wp-content\/uploads\/img_0323.jpg 479w\" sizes=\"(max-width: 374px) 100vw, 374px\" \/><\/a><\/figure>\n\n\n\n<figure class=\"wp-block-image size-large\"><a href=\"https:\/\/remembermefrance.org\/wp-content\/uploads\/Zina\/zina10.jpg\"><img decoding=\"async\" width=\"500\" height=\"334\" data-id=\"1409\" src=\"https:\/\/remembermefrance.org\/wp-content\/uploads\/Zina\/zina10-500x334.jpg\" alt=\"\" class=\"wp-image-1409\" srcset=\"https:\/\/remembermefrance.org\/wp-content\/uploads\/Zina\/zina10-500x334.jpg 500w, https:\/\/remembermefrance.org\/wp-content\/uploads\/Zina\/zina10-300x200.jpg 300w, https:\/\/remembermefrance.org\/wp-content\/uploads\/Zina\/zina10-768x513.jpg 768w, https:\/\/remembermefrance.org\/wp-content\/uploads\/Zina\/zina10-360x240.jpg 360w, https:\/\/remembermefrance.org\/wp-content\/uploads\/Zina\/zina10.jpg 800w\" sizes=\"(max-width: 500px) 100vw, 500px\" \/><\/a><\/figure>\n\n\n\n<figure class=\"wp-block-image size-large\"><a href=\"https:\/\/remembermefrance.org\/wp-content\/uploads\/Zina\/zina_210.jpg\"><img decoding=\"async\" width=\"454\" height=\"500\" data-id=\"1408\" src=\"https:\/\/remembermefrance.org\/wp-content\/uploads\/Zina\/zina_210-454x500.jpg\" alt=\"\" class=\"wp-image-1408\" srcset=\"https:\/\/remembermefrance.org\/wp-content\/uploads\/Zina\/zina_210-454x500.jpg 454w, https:\/\/remembermefrance.org\/wp-content\/uploads\/Zina\/zina_210-272x300.jpg 272w, https:\/\/remembermefrance.org\/wp-content\/uploads\/Zina\/zina_210-360x397.jpg 360w, https:\/\/remembermefrance.org\/wp-content\/uploads\/Zina\/zina_210.jpg 500w\" sizes=\"(max-width: 454px) 100vw, 454px\" \/><\/a><\/figure>\n\n\n\n<figure class=\"wp-block-image size-large\"><a href=\"https:\/\/remembermefrance.org\/wp-content\/uploads\/Zina\/img_0326.jpg\"><img decoding=\"async\" width=\"374\" height=\"500\" data-id=\"1407\" src=\"https:\/\/remembermefrance.org\/wp-content\/uploads\/Zina\/img_0326-374x500.jpg\" alt=\"\" class=\"wp-image-1407\" srcset=\"https:\/\/remembermefrance.org\/wp-content\/uploads\/Zina\/img_0326-374x500.jpg 374w, https:\/\/remembermefrance.org\/wp-content\/uploads\/Zina\/img_0326-225x300.jpg 225w, https:\/\/remembermefrance.org\/wp-content\/uploads\/Zina\/img_0326-360x481.jpg 360w, https:\/\/remembermefrance.org\/wp-content\/uploads\/Zina\/img_0326.jpg 479w\" sizes=\"(max-width: 374px) 100vw, 374px\" \/><\/a><\/figure>\n\n\n\n<figure class=\"wp-block-image size-large\"><a href=\"https:\/\/remembermefrance.org\/wp-content\/uploads\/Zina\/img_0324.jpg\"><img decoding=\"async\" width=\"374\" height=\"500\" data-id=\"1406\" src=\"https:\/\/remembermefrance.org\/wp-content\/uploads\/Zina\/img_0324-374x500.jpg\" alt=\"\" class=\"wp-image-1406\" srcset=\"https:\/\/remembermefrance.org\/wp-content\/uploads\/Zina\/img_0324-374x500.jpg 374w, https:\/\/remembermefrance.org\/wp-content\/uploads\/Zina\/img_0324-225x300.jpg 225w, https:\/\/remembermefrance.org\/wp-content\/uploads\/Zina\/img_0324-360x481.jpg 360w, https:\/\/remembermefrance.org\/wp-content\/uploads\/Zina\/img_0324.jpg 479w\" sizes=\"(max-width: 374px) 100vw, 374px\" \/><\/a><\/figure>\n\n\n\n<figure class=\"wp-block-image size-large\"><a href=\"https:\/\/remembermefrance.org\/wp-content\/uploads\/Zina\/img_0323.jpg\"><img decoding=\"async\" width=\"374\" height=\"500\" data-id=\"1405\" src=\"https:\/\/remembermefrance.org\/wp-content\/uploads\/Zina\/img_0323-374x500.jpg\" alt=\"\" class=\"wp-image-1405\" srcset=\"https:\/\/remembermefrance.org\/wp-content\/uploads\/Zina\/img_0323-374x500.jpg 374w, https:\/\/remembermefrance.org\/wp-content\/uploads\/Zina\/img_0323-225x300.jpg 225w, https:\/\/remembermefrance.org\/wp-content\/uploads\/Zina\/img_0323-360x481.jpg 360w, https:\/\/remembermefrance.org\/wp-content\/uploads\/Zina\/img_0323.jpg 479w\" sizes=\"(max-width: 374px) 100vw, 374px\" \/><\/a><\/figure>\n<\/figure>\n\n\n\n<figure class=\"wp-block-embed is-type-video is-provider-youtube wp-block-embed-youtube wp-embed-aspect-16-9 wp-has-aspect-ratio\"><div class=\"wp-block-embed__wrapper\">\n<iframe title=\"ZINA et SCONA - REMEMBER ME\" width=\"843\" height=\"474\" src=\"https:\/\/www.youtube.com\/embed\/oYTyy6ys5Yo?feature=oembed\" frameborder=\"0\" allow=\"accelerometer; autoplay; clipboard-write; encrypted-media; gyroscope; picture-in-picture; web-share\" referrerpolicy=\"strict-origin-when-cross-origin\" allowfullscreen><\/iframe>\n<\/div><\/figure>","protected":false},"excerpt":{"rendered":"<p>Female, born in 2012<br \/>\nAt our shelter since June 2017<\/p>","protected":false},"featured_media":1413,"template":"","breed":[27],"pet-color":[],"class_list":["post-1410","pets","type-pets","status-publish","has-post-thumbnail","hentry","breed-adulte-moyen"],"yoast_head":"<!-- This site is optimized with the Yoast SEO plugin v27.5 - https:\/\/yoast.com\/product\/yoast-seo-wordpress\/ -->\n<title>Zina - Association RMF<\/title>\n<meta name=\"robots\" content=\"index, follow, max-snippet:-1, max-image-preview:large, max-video-preview:-1\" \/>\n<link rel=\"canonical\" href=\"https:\/\/remembermefrance.org\/en\/pets\/zina\/\" \/>\n<meta property=\"og:locale\" content=\"en_GB\" \/>\n<meta property=\"og:type\" content=\"article\" \/>\n<meta property=\"og:title\" content=\"Zina - Association RMF\" \/>\n<meta property=\"og:description\" content=\"Femelle, estim\u00e9e en 2012 Au refuge depuis juin 2017\" \/>\n<meta property=\"og:url\" content=\"https:\/\/remembermefrance.org\/en\/pets\/zina\/\" \/>\n<meta property=\"og:site_name\" content=\"Association RMF\" \/>\n<meta property=\"article:publisher\" content=\"https:\/\/www.facebook.com\/remembermefrance\" \/>\n<meta property=\"article:modified_time\" content=\"2026-03-23T14:49:39+00:00\" \/>\n<meta property=\"og:image\" content=\"https:\/\/remembermefrance.org\/wp-content\/uploads\/img_0326-e1604599473224.jpg\" \/>\n\t<meta property=\"og:image:width\" content=\"478\" \/>\n\t<meta property=\"og:image:height\" content=\"478\" \/>\n\t<meta property=\"og:image:type\" content=\"image\/jpeg\" \/>\n<meta name=\"twitter:card\" content=\"summary_large_image\" \/>\n<meta name=\"twitter:label1\" content=\"Estimated reading time\" \/>\n\t<meta name=\"twitter:data1\" content=\"6 minutes\" \/>\n<script type=\"application\/ld+json\" class=\"yoast-schema-graph\">{\"@context\":\"https:\\\/\\\/schema.org\",\"@graph\":[{\"@type\":\"WebPage\",\"@id\":\"https:\\\/\\\/remembermefrance.org\\\/pets\\\/zina\\\/\",\"url\":\"https:\\\/\\\/remembermefrance.org\\\/pets\\\/zina\\\/\",\"name\":\"Zina - Association RMF\",\"isPartOf\":{\"@id\":\"https:\\\/\\\/remembermefrance.org\\\/#website\"},\"primaryImageOfPage\":{\"@id\":\"https:\\\/\\\/remembermefrance.org\\\/pets\\\/zina\\\/#primaryimage\"},\"image\":{\"@id\":\"https:\\\/\\\/remembermefrance.org\\\/pets\\\/zina\\\/#primaryimage\"},\"thumbnailUrl\":\"https:\\\/\\\/remembermefrance.org\\\/wp-content\\\/uploads\\\/img_0326-e1604599473224.jpg\",\"datePublished\":\"2022-10-28T13:47:46+00:00\",\"dateModified\":\"2026-03-23T14:49:39+00:00\",\"breadcrumb\":{\"@id\":\"https:\\\/\\\/remembermefrance.org\\\/pets\\\/zina\\\/#breadcrumb\"},\"inLanguage\":\"en-GB\",\"potentialAction\":[{\"@type\":\"ReadAction\",\"target\":[\"https:\\\/\\\/remembermefrance.org\\\/pets\\\/zina\\\/\"]}]},{\"@type\":\"ImageObject\",\"inLanguage\":\"en-GB\",\"@id\":\"https:\\\/\\\/remembermefrance.org\\\/pets\\\/zina\\\/#primaryimage\",\"url\":\"https:\\\/\\\/remembermefrance.org\\\/wp-content\\\/uploads\\\/img_0326-e1604599473224.jpg\",\"contentUrl\":\"https:\\\/\\\/remembermefrance.org\\\/wp-content\\\/uploads\\\/img_0326-e1604599473224.jpg\",\"width\":478,\"height\":478},{\"@type\":\"BreadcrumbList\",\"@id\":\"https:\\\/\\\/remembermefrance.org\\\/pets\\\/zina\\\/#breadcrumb\",\"itemListElement\":[{\"@type\":\"ListItem\",\"position\":1,\"name\":\"Accueil\",\"item\":\"https:\\\/\\\/remembermefrance.org\\\/\"},{\"@type\":\"ListItem\",\"position\":2,\"name\":\"Pets\",\"item\":\"https:\\\/\\\/remembermefrance.org\\\/pets\\\/\"},{\"@type\":\"ListItem\",\"position\":3,\"name\":\"Zina\"}]},{\"@type\":\"WebSite\",\"@id\":\"https:\\\/\\\/remembermefrance.org\\\/#website\",\"url\":\"https:\\\/\\\/remembermefrance.org\\\/\",\"name\":\"Remember me France\",\"description\":\"Adopter un chien roumain\",\"publisher\":{\"@id\":\"https:\\\/\\\/remembermefrance.org\\\/#organization\"},\"potentialAction\":[{\"@type\":\"SearchAction\",\"target\":{\"@type\":\"EntryPoint\",\"urlTemplate\":\"https:\\\/\\\/remembermefrance.org\\\/?s={search_term_string}\"},\"query-input\":{\"@type\":\"PropertyValueSpecification\",\"valueRequired\":true,\"valueName\":\"search_term_string\"}}],\"inLanguage\":\"en-GB\"},{\"@type\":\"Organization\",\"@id\":\"https:\\\/\\\/remembermefrance.org\\\/#organization\",\"name\":\"Remember me\",\"url\":\"https:\\\/\\\/remembermefrance.org\\\/\",\"logo\":{\"@type\":\"ImageObject\",\"inLanguage\":\"en-GB\",\"@id\":\"https:\\\/\\\/remembermefrance.org\\\/#\\\/schema\\\/logo\\\/image\\\/\",\"url\":\"https:\\\/\\\/remembermefrance.org\\\/wp-content\\\/uploads\\\/logo-remember.png\",\"contentUrl\":\"https:\\\/\\\/remembermefrance.org\\\/wp-content\\\/uploads\\\/logo-remember.png\",\"width\":325,\"height\":60,\"caption\":\"Remember me\"},\"image\":{\"@id\":\"https:\\\/\\\/remembermefrance.org\\\/#\\\/schema\\\/logo\\\/image\\\/\"},\"sameAs\":[\"https:\\\/\\\/www.facebook.com\\\/remembermefrance\",\"https:\\\/\\\/www.instagram.com\\\/remembermefrance\\\/\"]}]}<\/script>\n<!-- \/ Yoast SEO plugin. -->","yoast_head_json":{"title":"Zina - Association RMF","robots":{"index":"index","follow":"follow","max-snippet":"max-snippet:-1","max-image-preview":"max-image-preview:large","max-video-preview":"max-video-preview:-1"},"canonical":"https:\/\/remembermefrance.org\/en\/pets\/zina\/","og_locale":"en_GB","og_type":"article","og_title":"Zina - Association RMF","og_description":"Femelle, estim\u00e9e en 2012 Au refuge depuis juin 2017","og_url":"https:\/\/remembermefrance.org\/en\/pets\/zina\/","og_site_name":"Association RMF","article_publisher":"https:\/\/www.facebook.com\/remembermefrance","article_modified_time":"2026-03-23T14:49:39+00:00","og_image":[{"width":478,"height":478,"url":"https:\/\/remembermefrance.org\/wp-content\/uploads\/img_0326-e1604599473224.jpg","type":"image\/jpeg"}],"twitter_card":"summary_large_image","twitter_misc":{"Estimated reading time":"6 minutes"},"schema":{"@context":"https:\/\/schema.org","@graph":[{"@type":"WebPage","@id":"https:\/\/remembermefrance.org\/pets\/zina\/","url":"https:\/\/remembermefrance.org\/pets\/zina\/","name":"Zina - Association RMF","isPartOf":{"@id":"https:\/\/remembermefrance.org\/#website"},"primaryImageOfPage":{"@id":"https:\/\/remembermefrance.org\/pets\/zina\/#primaryimage"},"image":{"@id":"https:\/\/remembermefrance.org\/pets\/zina\/#primaryimage"},"thumbnailUrl":"https:\/\/remembermefrance.org\/wp-content\/uploads\/img_0326-e1604599473224.jpg","datePublished":"2022-10-28T13:47:46+00:00","dateModified":"2026-03-23T14:49:39+00:00","breadcrumb":{"@id":"https:\/\/remembermefrance.org\/pets\/zina\/#breadcrumb"},"inLanguage":"en-GB","potentialAction":[{"@type":"ReadAction","target":["https:\/\/remembermefrance.org\/pets\/zina\/"]}]},{"@type":"ImageObject","inLanguage":"en-GB","@id":"https:\/\/remembermefrance.org\/pets\/zina\/#primaryimage","url":"https:\/\/remembermefrance.org\/wp-content\/uploads\/img_0326-e1604599473224.jpg","contentUrl":"https:\/\/remembermefrance.org\/wp-content\/uploads\/img_0326-e1604599473224.jpg","width":478,"height":478},{"@type":"BreadcrumbList","@id":"https:\/\/remembermefrance.org\/pets\/zina\/#breadcrumb","itemListElement":[{"@type":"ListItem","position":1,"name":"Accueil","item":"https:\/\/remembermefrance.org\/"},{"@type":"ListItem","position":2,"name":"Pets","item":"https:\/\/remembermefrance.org\/pets\/"},{"@type":"ListItem","position":3,"name":"Zina"}]},{"@type":"WebSite","@id":"https:\/\/remembermefrance.org\/#website","url":"https:\/\/remembermefrance.org\/","name":"Remember me France","description":"Adopt a Romanian dog","publisher":{"@id":"https:\/\/remembermefrance.org\/#organization"},"potentialAction":[{"@type":"SearchAction","target":{"@type":"EntryPoint","urlTemplate":"https:\/\/remembermefrance.org\/?s={search_term_string}"},"query-input":{"@type":"PropertyValueSpecification","valueRequired":true,"valueName":"search_term_string"}}],"inLanguage":"en-GB"},{"@type":"Organization","@id":"https:\/\/remembermefrance.org\/#organization","name":"Remember me","url":"https:\/\/remembermefrance.org\/","logo":{"@type":"ImageObject","inLanguage":"en-GB","@id":"https:\/\/remembermefrance.org\/#\/schema\/logo\/image\/","url":"https:\/\/remembermefrance.org\/wp-content\/uploads\/logo-remember.png","contentUrl":"https:\/\/remembermefrance.org\/wp-content\/uploads\/logo-remember.png","width":325,"height":60,"caption":"Remember me"},"image":{"@id":"https:\/\/remembermefrance.org\/#\/schema\/logo\/image\/"},"sameAs":["https:\/\/www.facebook.com\/remembermefrance","https:\/\/www.instagram.com\/remembermefrance\/"]}]}},"_links":{"self":[{"href":"https:\/\/remembermefrance.org\/en\/wp-json\/wp\/v2\/pets\/1410","targetHints":{"allow":["GET"]}}],"collection":[{"href":"https:\/\/remembermefrance.org\/en\/wp-json\/wp\/v2\/pets"}],"about":[{"href":"https:\/\/remembermefrance.org\/en\/wp-json\/wp\/v2\/types\/pets"}],"wp:featuredmedia":[{"embeddable":true,"href":"https:\/\/remembermefrance.org\/en\/wp-json\/wp\/v2\/media\/1413"}],"wp:attachment":[{"href":"https:\/\/remembermefrance.org\/en\/wp-json\/wp\/v2\/media?parent=1410"}],"wp:term":[{"taxonomy":"breed","embeddable":true,"href":"https:\/\/remembermefrance.org\/en\/wp-json\/wp\/v2\/breed?post=1410"},{"taxonomy":"pet-color","embeddable":true,"href":"https:\/\/remembermefrance.org\/en\/wp-json\/wp\/v2\/pet-color?post=1410"}],"curies":[{"name":"wp","href":"https:\/\/api.w.org\/{rel}","templated":true}]}}