{"id":2493,"date":"2024-09-24T08:00:11","date_gmt":"2024-09-24T06:00:11","guid":{"rendered":"https:\/\/remembermefrance.org\/?post_type=pets&#038;p=2493"},"modified":"2026-03-23T10:05:22","modified_gmt":"2026-03-23T09:05:22","slug":"augustine","status":"publish","type":"pets","link":"https:\/\/remembermefrance.org\/en\/pets\/augustine\/","title":{"rendered":"Augustine"},"content":{"rendered":"<h4 class=\"wp-block-heading has-text-align-center\"><img decoding=\"async\" style=\"width: 50px;\" src=\"https:\/\/remembermefrance.org\/wp-content\/uploads\/Ballons.png\" alt=\"\">&nbsp;Augustine est parrain\u00e9e par Jessica&nbsp;<img decoding=\"async\" style=\"width: 50px;\" src=\"https:\/\/remembermefrance.org\/wp-content\/uploads\/Ballons.png\" alt=\"\"><\/h4>\n\n\n\n<p class=\"has-text-align-left\"><strong>Age:<\/strong> : estim\u00e9e en juillet 2019 (date approximative)<br><strong>Color<\/strong> : chestnut brown - cream<br><strong>Breed<\/strong> : mixed<br><strong>Size:<\/strong>&nbsp;medium<br><br><strong>Spayed<\/strong> : yes<br><strong>Vaccinated<\/strong> : yes<br><strong>Chipped<\/strong> : yes<\/p>\n\n\n\n<p><strong>Arrived at Remember Me Land<\/strong> : January 2020<\/p>\n\n\n\n<p class=\"has-text-align-left\"><strong>Good with<\/strong> : Cohabite avec les chiens de son box\/enclos (cela ne veut pas dire qu\u2019elle s\u2019entendra obligatoirement avec tous les canid\u00e9s ; chaque animal a ses t\u00eates et ses affinit\u00e9s). Ne pourra pas \u00eatre plac\u00e9e dans un foyer avec des enfants en bas-\u00e2ge. N\u2019\u00e9tant pas manipulable pour le moment, il nous est impossible d\u2019effectuer un test chat s\u00e9curitaire pour le f\u00e9lin.<\/p>\n\n\n\n<p><strong>Character<\/strong> : fearful on arrival<br>March 2020: still fearful<\/p>\n\n\n\n<p><strong>History<\/strong> : attrap\u00e9e par les dogcatchers, peut \u00eatre soeur d&rsquo;Aurore, mais pas la m\u00eame port\u00e9e<\/p>\n\n\n\n<p>Pour suivre son \u00e9volution : <a href=\"https:\/\/remembermefrance.forumactif.org\/t8771-augustine-plus-de-5-ans-de-box-femelle-croisee-de-taille-moyenne-nee-environ-en-juillet-2019-remember-me-land?highlight=Augustine\">voir sur le forum<\/a><\/p>\n\n\n\n<p><strong>Frais d&rsquo;adoption r\u00e9duits<\/strong> : 200 \u20ac <br><a href=\"https:\/\/remembermefrance.org\/index.php\/adopter\/procedure-dadoption#lesfrais\">Click here<\/a> pour plus d&rsquo;infos sur les frais<\/p>\n\n\n<div class=\"wp-block-button button1\"><a class=\"wp-block-button__link\" href=\"https:\/\/remembermefrance.org\/wp-content\/uploads\/2020\/05\/formulaire_rmf.docx\">T\u00e9l\u00e9chargez le formulaire d&rsquo;adoption<\/a><\/div>\n\n\n<hr class=\"wp-block-separator has-css-opacity\"\/>\n\n\n\n<figure class=\"wp-block-gallery has-nested-images columns-default is-cropped wp-block-gallery-1 is-layout-flex wp-block-gallery-is-layout-flex\">\n<figure class=\"wp-block-image size-large\"><a href=\"https:\/\/remembermefrance.org\/wp-content\/uploads\/AUGUSTINE1.jpg\"><img decoding=\"async\" width=\"375\" height=\"500\" data-id=\"96839\" src=\"https:\/\/remembermefrance.org\/wp-content\/uploads\/AUGUSTINE1-375x500.jpg\" alt=\"\" class=\"wp-image-96839\" srcset=\"https:\/\/remembermefrance.org\/wp-content\/uploads\/AUGUSTINE1-375x500.jpg 375w, https:\/\/remembermefrance.org\/wp-content\/uploads\/AUGUSTINE1-225x300.jpg 225w, https:\/\/remembermefrance.org\/wp-content\/uploads\/AUGUSTINE1-9x12.jpg 9w, https:\/\/remembermefrance.org\/wp-content\/uploads\/AUGUSTINE1-360x480.jpg 360w, https:\/\/remembermefrance.org\/wp-content\/uploads\/AUGUSTINE1.jpg 640w\" sizes=\"(max-width: 375px) 100vw, 375px\" \/><\/a><figcaption class=\"wp-element-caption\">Janvier 2026<\/figcaption><\/figure>\n\n\n\n<figure class=\"wp-block-image size-large\"><a href=\"https:\/\/remembermefrance.org\/wp-content\/uploads\/AUGUSTINE2.jpg\"><img decoding=\"async\" width=\"375\" height=\"500\" data-id=\"96838\" src=\"https:\/\/remembermefrance.org\/wp-content\/uploads\/AUGUSTINE2-375x500.jpg\" alt=\"\" class=\"wp-image-96838\" srcset=\"https:\/\/remembermefrance.org\/wp-content\/uploads\/AUGUSTINE2-375x500.jpg 375w, https:\/\/remembermefrance.org\/wp-content\/uploads\/AUGUSTINE2-225x300.jpg 225w, https:\/\/remembermefrance.org\/wp-content\/uploads\/AUGUSTINE2-9x12.jpg 9w, https:\/\/remembermefrance.org\/wp-content\/uploads\/AUGUSTINE2-360x480.jpg 360w, https:\/\/remembermefrance.org\/wp-content\/uploads\/AUGUSTINE2.jpg 640w\" sizes=\"(max-width: 375px) 100vw, 375px\" \/><\/a><figcaption class=\"wp-element-caption\">Janvier 2026<\/figcaption><\/figure>\n\n\n\n<figure class=\"wp-block-image size-large\"><a href=\"https:\/\/remembermefrance.org\/wp-content\/uploads\/AUGUSTINE3.jpg\"><img decoding=\"async\" width=\"375\" height=\"500\" data-id=\"96837\" src=\"https:\/\/remembermefrance.org\/wp-content\/uploads\/AUGUSTINE3-375x500.jpg\" alt=\"\" class=\"wp-image-96837\" srcset=\"https:\/\/remembermefrance.org\/wp-content\/uploads\/AUGUSTINE3-375x500.jpg 375w, https:\/\/remembermefrance.org\/wp-content\/uploads\/AUGUSTINE3-225x300.jpg 225w, https:\/\/remembermefrance.org\/wp-content\/uploads\/AUGUSTINE3-9x12.jpg 9w, https:\/\/remembermefrance.org\/wp-content\/uploads\/AUGUSTINE3-360x480.jpg 360w, https:\/\/remembermefrance.org\/wp-content\/uploads\/AUGUSTINE3.jpg 640w\" sizes=\"(max-width: 375px) 100vw, 375px\" \/><\/a><figcaption class=\"wp-element-caption\">Janvier 2026<\/figcaption><\/figure>\n\n\n\n<figure class=\"wp-block-image size-large\"><a href=\"https:\/\/remembermefrance.org\/wp-content\/uploads\/AUGUSTINE4.jpg\"><img decoding=\"async\" width=\"375\" height=\"500\" data-id=\"96836\" src=\"https:\/\/remembermefrance.org\/wp-content\/uploads\/AUGUSTINE4-375x500.jpg\" alt=\"\" class=\"wp-image-96836\" srcset=\"https:\/\/remembermefrance.org\/wp-content\/uploads\/AUGUSTINE4-375x500.jpg 375w, https:\/\/remembermefrance.org\/wp-content\/uploads\/AUGUSTINE4-225x300.jpg 225w, https:\/\/remembermefrance.org\/wp-content\/uploads\/AUGUSTINE4-9x12.jpg 9w, https:\/\/remembermefrance.org\/wp-content\/uploads\/AUGUSTINE4-360x480.jpg 360w, https:\/\/remembermefrance.org\/wp-content\/uploads\/AUGUSTINE4.jpg 640w\" sizes=\"(max-width: 375px) 100vw, 375px\" \/><\/a><figcaption class=\"wp-element-caption\">Janvier 2026<\/figcaption><\/figure>\n\n\n\n<figure class=\"wp-block-image size-large\"><a href=\"https:\/\/remembermefrance.org\/wp-content\/uploads\/AUGUSTINE5.jpg\"><img decoding=\"async\" width=\"375\" height=\"500\" data-id=\"96835\" src=\"https:\/\/remembermefrance.org\/wp-content\/uploads\/AUGUSTINE5-375x500.jpg\" alt=\"\" class=\"wp-image-96835\" srcset=\"https:\/\/remembermefrance.org\/wp-content\/uploads\/AUGUSTINE5-375x500.jpg 375w, https:\/\/remembermefrance.org\/wp-content\/uploads\/AUGUSTINE5-225x300.jpg 225w, https:\/\/remembermefrance.org\/wp-content\/uploads\/AUGUSTINE5-9x12.jpg 9w, https:\/\/remembermefrance.org\/wp-content\/uploads\/AUGUSTINE5-360x480.jpg 360w, https:\/\/remembermefrance.org\/wp-content\/uploads\/AUGUSTINE5.jpg 640w\" sizes=\"(max-width: 375px) 100vw, 375px\" \/><\/a><figcaption class=\"wp-element-caption\">Janvier 2026<\/figcaption><\/figure>\n\n\n\n<figure class=\"wp-block-image size-large\"><a href=\"https:\/\/remembermefrance.org\/wp-content\/uploads\/AUGUSTINE6.jpg\"><img decoding=\"async\" width=\"375\" height=\"500\" data-id=\"96834\" src=\"https:\/\/remembermefrance.org\/wp-content\/uploads\/AUGUSTINE6-375x500.jpg\" alt=\"\" class=\"wp-image-96834\" srcset=\"https:\/\/remembermefrance.org\/wp-content\/uploads\/AUGUSTINE6-375x500.jpg 375w, https:\/\/remembermefrance.org\/wp-content\/uploads\/AUGUSTINE6-225x300.jpg 225w, https:\/\/remembermefrance.org\/wp-content\/uploads\/AUGUSTINE6-9x12.jpg 9w, https:\/\/remembermefrance.org\/wp-content\/uploads\/AUGUSTINE6-360x480.jpg 360w, https:\/\/remembermefrance.org\/wp-content\/uploads\/AUGUSTINE6.jpg 640w\" sizes=\"(max-width: 375px) 100vw, 375px\" \/><\/a><figcaption class=\"wp-element-caption\">Janvier 2026<\/figcaption><\/figure>\n\n\n\n<figure class=\"wp-block-image size-large\"><a href=\"https:\/\/remembermefrance.org\/wp-content\/uploads\/AUGUSTINE7.jpg\"><img decoding=\"async\" width=\"375\" height=\"500\" data-id=\"96833\" src=\"https:\/\/remembermefrance.org\/wp-content\/uploads\/AUGUSTINE7-375x500.jpg\" alt=\"\" class=\"wp-image-96833\" srcset=\"https:\/\/remembermefrance.org\/wp-content\/uploads\/AUGUSTINE7-375x500.jpg 375w, https:\/\/remembermefrance.org\/wp-content\/uploads\/AUGUSTINE7-225x300.jpg 225w, https:\/\/remembermefrance.org\/wp-content\/uploads\/AUGUSTINE7-9x12.jpg 9w, https:\/\/remembermefrance.org\/wp-content\/uploads\/AUGUSTINE7-360x480.jpg 360w, https:\/\/remembermefrance.org\/wp-content\/uploads\/AUGUSTINE7.jpg 640w\" sizes=\"(max-width: 375px) 100vw, 375px\" \/><\/a><figcaption class=\"wp-element-caption\">Janvier 2026<\/figcaption><\/figure>\n\n\n\n<figure class=\"wp-block-image size-large\"><a href=\"https:\/\/remembermefrance.org\/wp-content\/uploads\/AUGUSTINE8.jpg\"><img decoding=\"async\" width=\"375\" height=\"500\" data-id=\"96832\" src=\"https:\/\/remembermefrance.org\/wp-content\/uploads\/AUGUSTINE8-375x500.jpg\" alt=\"\" class=\"wp-image-96832\" srcset=\"https:\/\/remembermefrance.org\/wp-content\/uploads\/AUGUSTINE8-375x500.jpg 375w, https:\/\/remembermefrance.org\/wp-content\/uploads\/AUGUSTINE8-225x300.jpg 225w, https:\/\/remembermefrance.org\/wp-content\/uploads\/AUGUSTINE8-9x12.jpg 9w, https:\/\/remembermefrance.org\/wp-content\/uploads\/AUGUSTINE8-360x480.jpg 360w, https:\/\/remembermefrance.org\/wp-content\/uploads\/AUGUSTINE8.jpg 640w\" sizes=\"(max-width: 375px) 100vw, 375px\" \/><\/a><figcaption class=\"wp-element-caption\">Janvier 2026<\/figcaption><\/figure>\n\n\n\n<figure class=\"wp-block-image size-large\"><a href=\"https:\/\/remembermefrance.org\/wp-content\/uploads\/AUGUSTINE9.jpg\"><img decoding=\"async\" width=\"375\" height=\"500\" data-id=\"96831\" src=\"https:\/\/remembermefrance.org\/wp-content\/uploads\/AUGUSTINE9-375x500.jpg\" alt=\"\" class=\"wp-image-96831\" srcset=\"https:\/\/remembermefrance.org\/wp-content\/uploads\/AUGUSTINE9-375x500.jpg 375w, https:\/\/remembermefrance.org\/wp-content\/uploads\/AUGUSTINE9-225x300.jpg 225w, https:\/\/remembermefrance.org\/wp-content\/uploads\/AUGUSTINE9-9x12.jpg 9w, https:\/\/remembermefrance.org\/wp-content\/uploads\/AUGUSTINE9-360x480.jpg 360w, https:\/\/remembermefrance.org\/wp-content\/uploads\/AUGUSTINE9.jpg 640w\" sizes=\"(max-width: 375px) 100vw, 375px\" \/><\/a><figcaption class=\"wp-element-caption\">Janvier 2026<\/figcaption><\/figure>\n\n\n\n<figure class=\"wp-block-image size-large\"><a href=\"https:\/\/remembermefrance.org\/wp-content\/uploads\/AUGUSTINE10.jpg\"><img decoding=\"async\" data-id=\"96830\" src=\"https:\/\/remembermefrance.org\/wp-content\/uploads\/AUGUSTINE10.jpg\" alt=\"\" class=\"wp-image-96830\"\/><\/a><figcaption class=\"wp-element-caption\">Janvier 2026<\/figcaption><\/figure>\n\n\n\n<figure class=\"wp-block-image size-large\"><a href=\"https:\/\/remembermefrance.org\/wp-content\/uploads\/august21-1.jpg\"><img decoding=\"async\" width=\"375\" height=\"500\" data-id=\"82283\" src=\"https:\/\/remembermefrance.org\/wp-content\/uploads\/august21-1-375x500.jpg\" alt=\"\" class=\"wp-image-82283\" srcset=\"https:\/\/remembermefrance.org\/wp-content\/uploads\/august21-1-375x500.jpg 375w, https:\/\/remembermefrance.org\/wp-content\/uploads\/august21-1-225x300.jpg 225w, https:\/\/remembermefrance.org\/wp-content\/uploads\/august21-1-9x12.jpg 9w, https:\/\/remembermefrance.org\/wp-content\/uploads\/august21-1-360x480.jpg 360w, https:\/\/remembermefrance.org\/wp-content\/uploads\/august21-1.jpg 640w\" sizes=\"(max-width: 375px) 100vw, 375px\" \/><\/a><figcaption class=\"wp-element-caption\">avril 2025<\/figcaption><\/figure>\n\n\n\n<figure class=\"wp-block-image size-large\"><a href=\"https:\/\/remembermefrance.org\/wp-content\/uploads\/august22-1.jpg\"><img decoding=\"async\" width=\"372\" height=\"500\" data-id=\"82284\" src=\"https:\/\/remembermefrance.org\/wp-content\/uploads\/august22-1-372x500.jpg\" alt=\"\" class=\"wp-image-82284\" srcset=\"https:\/\/remembermefrance.org\/wp-content\/uploads\/august22-1-372x500.jpg 372w, https:\/\/remembermefrance.org\/wp-content\/uploads\/august22-1-223x300.jpg 223w, https:\/\/remembermefrance.org\/wp-content\/uploads\/august22-1-9x12.jpg 9w, https:\/\/remembermefrance.org\/wp-content\/uploads\/august22-1-360x484.jpg 360w, https:\/\/remembermefrance.org\/wp-content\/uploads\/august22-1.jpg 640w\" sizes=\"(max-width: 372px) 100vw, 372px\" \/><\/a><figcaption class=\"wp-element-caption\">avril 2025<\/figcaption><\/figure>\n\n\n\n<figure class=\"wp-block-image size-large\"><a href=\"https:\/\/remembermefrance.org\/wp-content\/uploads\/august23.jpg\"><img decoding=\"async\" width=\"374\" height=\"500\" data-id=\"82285\" src=\"https:\/\/remembermefrance.org\/wp-content\/uploads\/august23-374x500.jpg\" alt=\"\" class=\"wp-image-82285\" srcset=\"https:\/\/remembermefrance.org\/wp-content\/uploads\/august23-374x500.jpg 374w, https:\/\/remembermefrance.org\/wp-content\/uploads\/august23-224x300.jpg 224w, https:\/\/remembermefrance.org\/wp-content\/uploads\/august23-9x12.jpg 9w, https:\/\/remembermefrance.org\/wp-content\/uploads\/august23-360x482.jpg 360w, https:\/\/remembermefrance.org\/wp-content\/uploads\/august23.jpg 640w\" sizes=\"(max-width: 374px) 100vw, 374px\" \/><\/a><figcaption class=\"wp-element-caption\">avril 2025<\/figcaption><\/figure>\n\n\n\n<figure class=\"wp-block-image size-large\"><a href=\"https:\/\/remembermefrance.org\/wp-content\/uploads\/august24-1.jpg\"><img decoding=\"async\" width=\"374\" height=\"500\" data-id=\"82286\" src=\"https:\/\/remembermefrance.org\/wp-content\/uploads\/august24-1-374x500.jpg\" alt=\"\" class=\"wp-image-82286\" srcset=\"https:\/\/remembermefrance.org\/wp-content\/uploads\/august24-1-374x500.jpg 374w, https:\/\/remembermefrance.org\/wp-content\/uploads\/august24-1-224x300.jpg 224w, https:\/\/remembermefrance.org\/wp-content\/uploads\/august24-1-9x12.jpg 9w, https:\/\/remembermefrance.org\/wp-content\/uploads\/august24-1-360x482.jpg 360w, https:\/\/remembermefrance.org\/wp-content\/uploads\/august24-1.jpg 640w\" sizes=\"(max-width: 374px) 100vw, 374px\" \/><\/a><figcaption class=\"wp-element-caption\">avril 2025<\/figcaption><\/figure>\n\n\n\n<figure class=\"wp-block-image size-full\"><a href=\"https:\/\/remembermefrance.org\/wp-content\/uploads\/august25-1.jpg\"><img decoding=\"async\" width=\"360\" height=\"480\" data-id=\"82287\" src=\"https:\/\/remembermefrance.org\/wp-content\/uploads\/august25-1.jpg\" alt=\"\" class=\"wp-image-82287\" srcset=\"https:\/\/remembermefrance.org\/wp-content\/uploads\/august25-1.jpg 360w, https:\/\/remembermefrance.org\/wp-content\/uploads\/august25-1-225x300.jpg 225w, https:\/\/remembermefrance.org\/wp-content\/uploads\/august25-1-9x12.jpg 9w\" sizes=\"(max-width: 360px) 100vw, 360px\" \/><\/a><figcaption class=\"wp-element-caption\">avril 2025<\/figcaption><\/figure>\n\n\n\n<figure class=\"wp-block-image size-large\"><a href=\"https:\/\/remembermefrance.org\/wp-content\/uploads\/august20.jpg\"><img decoding=\"async\" width=\"375\" height=\"500\" data-id=\"82288\" src=\"https:\/\/remembermefrance.org\/wp-content\/uploads\/august20-375x500.jpg\" alt=\"\" class=\"wp-image-82288\" srcset=\"https:\/\/remembermefrance.org\/wp-content\/uploads\/august20-375x500.jpg 375w, https:\/\/remembermefrance.org\/wp-content\/uploads\/august20-225x300.jpg 225w, https:\/\/remembermefrance.org\/wp-content\/uploads\/august20-9x12.jpg 9w, https:\/\/remembermefrance.org\/wp-content\/uploads\/august20-360x480.jpg 360w, https:\/\/remembermefrance.org\/wp-content\/uploads\/august20.jpg 640w\" sizes=\"(max-width: 375px) 100vw, 375px\" \/><\/a><figcaption class=\"wp-element-caption\">avril 2025<\/figcaption><\/figure>\n\n\n\n<figure class=\"wp-block-image size-large\"><a href=\"https:\/\/remembermefrance.org\/wp-content\/uploads\/august17-1.jpg\"><img decoding=\"async\" data-id=\"78195\" src=\"https:\/\/remembermefrance.org\/wp-content\/uploads\/august17-1.jpg\" alt=\"\" class=\"wp-image-78195\"\/><\/a><figcaption class=\"wp-element-caption\">Septembre 2024<\/figcaption><\/figure>\n\n\n\n<figure class=\"wp-block-image size-large\"><a href=\"https:\/\/remembermefrance.org\/wp-content\/uploads\/august15-3.jpg\"><img decoding=\"async\" width=\"360\" height=\"480\" data-id=\"78194\" src=\"https:\/\/remembermefrance.org\/wp-content\/uploads\/august15-3.jpg\" alt=\"\" class=\"wp-image-78194\" srcset=\"https:\/\/remembermefrance.org\/wp-content\/uploads\/august15-3.jpg 360w, https:\/\/remembermefrance.org\/wp-content\/uploads\/august15-3-225x300.jpg 225w, https:\/\/remembermefrance.org\/wp-content\/uploads\/august15-3-9x12.jpg 9w\" sizes=\"(max-width: 360px) 100vw, 360px\" \/><\/a><figcaption class=\"wp-element-caption\">Septembre 2024<\/figcaption><\/figure>\n\n\n\n<figure class=\"wp-block-image size-large\"><a href=\"https:\/\/remembermefrance.org\/wp-content\/uploads\/august32.jpg\"><img decoding=\"async\" width=\"371\" height=\"500\" data-id=\"72148\" src=\"https:\/\/remembermefrance.org\/wp-content\/uploads\/august32-371x500.jpg\" alt=\"\" class=\"wp-image-72148\" srcset=\"https:\/\/remembermefrance.org\/wp-content\/uploads\/august32-371x500.jpg 371w, https:\/\/remembermefrance.org\/wp-content\/uploads\/august32-223x300.jpg 223w, https:\/\/remembermefrance.org\/wp-content\/uploads\/august32-9x12.jpg 9w, https:\/\/remembermefrance.org\/wp-content\/uploads\/august32-360x485.jpg 360w, https:\/\/remembermefrance.org\/wp-content\/uploads\/august32.jpg 640w\" sizes=\"(max-width: 371px) 100vw, 371px\" \/><\/a><figcaption class=\"wp-element-caption\">F\u00e9vrier 2024<\/figcaption><\/figure>\n\n\n\n<figure class=\"wp-block-image size-large\"><a href=\"https:\/\/remembermefrance.org\/wp-content\/uploads\/august14-3.jpg\"><img decoding=\"async\" width=\"375\" height=\"500\" data-id=\"56881\" src=\"https:\/\/remembermefrance.org\/wp-content\/uploads\/august14-3-375x500.jpg\" alt=\"\" class=\"wp-image-56881\" srcset=\"https:\/\/remembermefrance.org\/wp-content\/uploads\/august14-3-375x500.jpg 375w, https:\/\/remembermefrance.org\/wp-content\/uploads\/august14-3-225x300.jpg 225w, https:\/\/remembermefrance.org\/wp-content\/uploads\/august14-3-9x12.jpg 9w, https:\/\/remembermefrance.org\/wp-content\/uploads\/august14-3-360x480.jpg 360w, https:\/\/remembermefrance.org\/wp-content\/uploads\/august14-3.jpg 450w\" sizes=\"(max-width: 375px) 100vw, 375px\" \/><\/a><figcaption class=\"wp-element-caption\">Mars 2023<\/figcaption><\/figure>\n\n\n\n<figure class=\"wp-block-image size-large\"><a href=\"https:\/\/remembermefrance.org\/wp-content\/uploads\/august15-2.jpg\"><img decoding=\"async\" data-id=\"56882\" src=\"https:\/\/remembermefrance.org\/wp-content\/uploads\/august15-2-500x375.jpg\" alt=\"\" class=\"wp-image-56882\"\/><\/a><figcaption class=\"wp-element-caption\">Mars 2023<\/figcaption><\/figure>\n\n\n\n<figure class=\"wp-block-image size-large\"><a href=\"https:\/\/remembermefrance.org\/wp-content\/uploads\/ed4b4017.jpeg\"><img decoding=\"async\" width=\"333\" height=\"500\" data-id=\"56151\" src=\"https:\/\/remembermefrance.org\/wp-content\/uploads\/ed4b4017-333x500.jpeg\" alt=\"\" class=\"wp-image-56151\" srcset=\"https:\/\/remembermefrance.org\/wp-content\/uploads\/ed4b4017-333x500.jpeg 333w, https:\/\/remembermefrance.org\/wp-content\/uploads\/ed4b4017-200x300.jpeg 200w, https:\/\/remembermefrance.org\/wp-content\/uploads\/ed4b4017-768x1152.jpeg 768w, https:\/\/remembermefrance.org\/wp-content\/uploads\/ed4b4017-8x12.jpeg 8w, https:\/\/remembermefrance.org\/wp-content\/uploads\/ed4b4017-360x540.jpeg 360w, https:\/\/remembermefrance.org\/wp-content\/uploads\/ed4b4017.jpeg 1024w\" sizes=\"(max-width: 333px) 100vw, 333px\" \/><\/a><figcaption class=\"wp-element-caption\">F\u00e9vrier 2023<\/figcaption><\/figure>\n\n\n\n<figure class=\"wp-block-image size-large\"><a href=\"https:\/\/remembermefrance.org\/wp-content\/uploads\/ed4b4016.jpeg\"><img decoding=\"async\" width=\"500\" height=\"333\" data-id=\"56150\" src=\"https:\/\/remembermefrance.org\/wp-content\/uploads\/ed4b4016-500x333.jpeg\" alt=\"\" class=\"wp-image-56150\" srcset=\"https:\/\/remembermefrance.org\/wp-content\/uploads\/ed4b4016-500x333.jpeg 500w, https:\/\/remembermefrance.org\/wp-content\/uploads\/ed4b4016-300x200.jpeg 300w, https:\/\/remembermefrance.org\/wp-content\/uploads\/ed4b4016-768x512.jpeg 768w, https:\/\/remembermefrance.org\/wp-content\/uploads\/ed4b4016-18x12.jpeg 18w, https:\/\/remembermefrance.org\/wp-content\/uploads\/ed4b4016-360x240.jpeg 360w, https:\/\/remembermefrance.org\/wp-content\/uploads\/ed4b4016.jpeg 1024w\" sizes=\"(max-width: 500px) 100vw, 500px\" \/><\/a><figcaption class=\"wp-element-caption\">F\u00e9vrier 2023<\/figcaption><\/figure>\n\n\n\n<figure class=\"wp-block-image size-large\"><a href=\"https:\/\/remembermefrance.org\/wp-content\/uploads\/august27.jpeg\"><img decoding=\"async\" width=\"357\" height=\"500\" data-id=\"54834\" src=\"https:\/\/remembermefrance.org\/wp-content\/uploads\/august27-357x500.jpeg\" alt=\"\" class=\"wp-image-54834\" srcset=\"https:\/\/remembermefrance.org\/wp-content\/uploads\/august27-357x500.jpeg 357w, https:\/\/remembermefrance.org\/wp-content\/uploads\/august27-214x300.jpeg 214w, https:\/\/remembermefrance.org\/wp-content\/uploads\/august27-9x12.jpeg 9w, https:\/\/remembermefrance.org\/wp-content\/uploads\/august27-360x505.jpeg 360w, https:\/\/remembermefrance.org\/wp-content\/uploads\/august27.jpeg 640w\" sizes=\"(max-width: 357px) 100vw, 357px\" \/><\/a><figcaption class=\"wp-element-caption\">Janvier 2023<\/figcaption><\/figure>\n\n\n\n<figure class=\"wp-block-image size-large\"><a href=\"https:\/\/remembermefrance.org\/wp-content\/uploads\/august29.jpeg\"><img decoding=\"async\" width=\"360\" height=\"480\" data-id=\"54833\" src=\"https:\/\/remembermefrance.org\/wp-content\/uploads\/august29.jpeg\" alt=\"\" class=\"wp-image-54833\" srcset=\"https:\/\/remembermefrance.org\/wp-content\/uploads\/august29.jpeg 360w, https:\/\/remembermefrance.org\/wp-content\/uploads\/august29-225x300.jpeg 225w, https:\/\/remembermefrance.org\/wp-content\/uploads\/august29-9x12.jpeg 9w\" sizes=\"(max-width: 360px) 100vw, 360px\" \/><\/a><figcaption class=\"wp-element-caption\">Janvier 2023<\/figcaption><\/figure>\n\n\n\n<figure class=\"wp-block-image size-large\"><a href=\"https:\/\/remembermefrance.org\/wp-content\/uploads\/august24-e1673102101660.jpeg\"><img decoding=\"async\" width=\"500\" height=\"500\" data-id=\"53309\" src=\"https:\/\/remembermefrance.org\/wp-content\/uploads\/august24-e1673102101660-500x500.jpeg\" alt=\"\" class=\"wp-image-53309\" srcset=\"https:\/\/remembermefrance.org\/wp-content\/uploads\/august24-e1673102101660-500x500.jpeg 500w, https:\/\/remembermefrance.org\/wp-content\/uploads\/august24-e1673102101660-100x100.jpeg 100w, https:\/\/remembermefrance.org\/wp-content\/uploads\/august24-e1673102101660-300x300.jpeg 300w, https:\/\/remembermefrance.org\/wp-content\/uploads\/august24-e1673102101660-150x150.jpeg 150w, https:\/\/remembermefrance.org\/wp-content\/uploads\/august24-e1673102101660-12x12.jpeg 12w, https:\/\/remembermefrance.org\/wp-content\/uploads\/august24-e1673102101660-360x360.jpeg 360w, https:\/\/remembermefrance.org\/wp-content\/uploads\/august24-e1673102101660.jpeg 600w\" sizes=\"(max-width: 500px) 100vw, 500px\" \/><\/a><figcaption class=\"wp-element-caption\">Janvier 2023<\/figcaption><\/figure>\n\n\n\n<figure class=\"wp-block-image size-large\"><a href=\"https:\/\/remembermefrance.org\/wp-content\/uploads\/august25.jpeg\"><img decoding=\"async\" width=\"375\" height=\"500\" data-id=\"53308\" src=\"https:\/\/remembermefrance.org\/wp-content\/uploads\/august25-375x500.jpeg\" alt=\"\" class=\"wp-image-53308\" srcset=\"https:\/\/remembermefrance.org\/wp-content\/uploads\/august25-375x500.jpeg 375w, https:\/\/remembermefrance.org\/wp-content\/uploads\/august25-225x300.jpeg 225w, https:\/\/remembermefrance.org\/wp-content\/uploads\/august25-9x12.jpeg 9w, https:\/\/remembermefrance.org\/wp-content\/uploads\/august25-360x480.jpeg 360w, https:\/\/remembermefrance.org\/wp-content\/uploads\/august25.jpeg 450w\" sizes=\"(max-width: 375px) 100vw, 375px\" \/><\/a><figcaption class=\"wp-element-caption\">Janvier 2023<\/figcaption><\/figure>\n\n\n\n<figure class=\"wp-block-image size-large\"><a href=\"https:\/\/remembermefrance.org\/wp-content\/uploads\/august22.jpeg\"><img decoding=\"async\" width=\"375\" height=\"500\" data-id=\"52517\" src=\"https:\/\/remembermefrance.org\/wp-content\/uploads\/august22-375x500.jpeg\" alt=\"\" class=\"wp-image-52517\" srcset=\"https:\/\/remembermefrance.org\/wp-content\/uploads\/august22-375x500.jpeg 375w, https:\/\/remembermefrance.org\/wp-content\/uploads\/august22-225x300.jpeg 225w, https:\/\/remembermefrance.org\/wp-content\/uploads\/august22-9x12.jpeg 9w, https:\/\/remembermefrance.org\/wp-content\/uploads\/august22-360x480.jpeg 360w, https:\/\/remembermefrance.org\/wp-content\/uploads\/august22.jpeg 450w\" sizes=\"(max-width: 375px) 100vw, 375px\" \/><\/a><figcaption class=\"wp-element-caption\">D\u00e9cembre 2022<\/figcaption><\/figure>\n\n\n\n<figure class=\"wp-block-image size-large\"><a href=\"https:\/\/remembermefrance.org\/wp-content\/uploads\/august19.jpeg\"><img decoding=\"async\" width=\"375\" height=\"500\" data-id=\"52516\" src=\"https:\/\/remembermefrance.org\/wp-content\/uploads\/august19-375x500.jpeg\" alt=\"\" class=\"wp-image-52516\" srcset=\"https:\/\/remembermefrance.org\/wp-content\/uploads\/august19-375x500.jpeg 375w, https:\/\/remembermefrance.org\/wp-content\/uploads\/august19-225x300.jpeg 225w, https:\/\/remembermefrance.org\/wp-content\/uploads\/august19-9x12.jpeg 9w, https:\/\/remembermefrance.org\/wp-content\/uploads\/august19-360x480.jpeg 360w, https:\/\/remembermefrance.org\/wp-content\/uploads\/august19.jpeg 450w\" sizes=\"(max-width: 375px) 100vw, 375px\" \/><\/a><figcaption class=\"wp-element-caption\">D\u00e9cembre 2022<\/figcaption><\/figure>\n\n\n\n<figure class=\"wp-block-image size-large\"><a href=\"https:\/\/remembermefrance.org\/wp-content\/uploads\/august14.jpg\"><img decoding=\"async\" width=\"375\" height=\"500\" data-id=\"28722\" src=\"https:\/\/remembermefrance.org\/wp-content\/uploads\/august14-375x500.jpg\" alt=\"\" class=\"wp-image-28722\" srcset=\"https:\/\/remembermefrance.org\/wp-content\/uploads\/august14-375x500.jpg 375w, https:\/\/remembermefrance.org\/wp-content\/uploads\/august14-225x300.jpg 225w, https:\/\/remembermefrance.org\/wp-content\/uploads\/august14-9x12.jpg 9w, https:\/\/remembermefrance.org\/wp-content\/uploads\/august14-360x480.jpg 360w, https:\/\/remembermefrance.org\/wp-content\/uploads\/august14.jpg 576w\" sizes=\"(max-width: 375px) 100vw, 375px\" \/><\/a><\/figure>\n\n\n\n<figure class=\"wp-block-image size-large\"><a href=\"https:\/\/remembermefrance.org\/wp-content\/uploads\/august13-e1632773403596.jpg\"><img decoding=\"async\" width=\"500\" height=\"375\" data-id=\"23744\" src=\"https:\/\/remembermefrance.org\/wp-content\/uploads\/august13-500x375.jpg\" alt=\"\" class=\"wp-image-23744\"\/><\/a><\/figure>\n\n\n\n<figure class=\"wp-block-image size-large\"><a href=\"https:\/\/remembermefrance.org\/wp-content\/uploads\/august12.jpg\"><img decoding=\"async\" width=\"375\" height=\"500\" data-id=\"23743\" src=\"https:\/\/remembermefrance.org\/wp-content\/uploads\/august12-375x500.jpg\" alt=\"\" class=\"wp-image-23743\" srcset=\"https:\/\/remembermefrance.org\/wp-content\/uploads\/august12-375x500.jpg 375w, https:\/\/remembermefrance.org\/wp-content\/uploads\/august12-225x300.jpg 225w, https:\/\/remembermefrance.org\/wp-content\/uploads\/august12-9x12.jpg 9w, https:\/\/remembermefrance.org\/wp-content\/uploads\/august12-360x480.jpg 360w, https:\/\/remembermefrance.org\/wp-content\/uploads\/august12.jpg 576w\" sizes=\"(max-width: 375px) 100vw, 375px\" \/><\/a><\/figure>\n\n\n\n<figure class=\"wp-block-image size-large\"><a href=\"https:\/\/remembermefrance.org\/wp-content\/uploads\/august11.jpg\"><img decoding=\"async\" width=\"375\" height=\"500\" data-id=\"23742\" src=\"https:\/\/remembermefrance.org\/wp-content\/uploads\/august11-375x500.jpg\" alt=\"\" class=\"wp-image-23742\" srcset=\"https:\/\/remembermefrance.org\/wp-content\/uploads\/august11-375x500.jpg 375w, https:\/\/remembermefrance.org\/wp-content\/uploads\/august11-225x300.jpg 225w, https:\/\/remembermefrance.org\/wp-content\/uploads\/august11-9x12.jpg 9w, https:\/\/remembermefrance.org\/wp-content\/uploads\/august11-360x480.jpg 360w, https:\/\/remembermefrance.org\/wp-content\/uploads\/august11.jpg 576w\" sizes=\"(max-width: 375px) 100vw, 375px\" \/><\/a><\/figure>\n\n\n\n<figure class=\"wp-block-image size-large\"><a href=\"https:\/\/remembermefrance.org\/wp-content\/uploads\/august10.jpg\"><img decoding=\"async\" width=\"500\" height=\"375\" data-id=\"23741\" src=\"https:\/\/remembermefrance.org\/wp-content\/uploads\/august10-500x375.jpg\" alt=\"\" class=\"wp-image-23741\" srcset=\"https:\/\/remembermefrance.org\/wp-content\/uploads\/august10-500x375.jpg 500w, https:\/\/remembermefrance.org\/wp-content\/uploads\/august10-300x225.jpg 300w, https:\/\/remembermefrance.org\/wp-content\/uploads\/august10-768x576.jpg 768w, https:\/\/remembermefrance.org\/wp-content\/uploads\/august10-16x12.jpg 16w, https:\/\/remembermefrance.org\/wp-content\/uploads\/august10-360x270.jpg 360w, https:\/\/remembermefrance.org\/wp-content\/uploads\/august10.jpg 1024w\" sizes=\"(max-width: 500px) 100vw, 500px\" \/><\/a><\/figure>\n\n\n\n<figure class=\"wp-block-image size-large\"><a href=\"https:\/\/remembermefrance.org\/wp-content\/uploads\/aurore27.jpg\"><img decoding=\"async\" width=\"360\" height=\"480\" data-id=\"2516\" src=\"https:\/\/remembermefrance.org\/wp-content\/uploads\/aurore27.jpg\" alt=\"\" class=\"wp-image-2516\" srcset=\"https:\/\/remembermefrance.org\/wp-content\/uploads\/aurore27.jpg 360w, https:\/\/remembermefrance.org\/wp-content\/uploads\/aurore27-225x300.jpg 225w\" sizes=\"(max-width: 360px) 100vw, 360px\" \/><\/a><\/figure>\n\n\n\n<figure class=\"wp-block-image size-large\"><a href=\"https:\/\/remembermefrance.org\/wp-content\/uploads\/august25-e1605208343499.jpg\"><img decoding=\"async\" width=\"375\" height=\"500\" data-id=\"2514\" src=\"https:\/\/remembermefrance.org\/wp-content\/uploads\/august25-375x500.jpg\" alt=\"\" class=\"wp-image-2514\"\/><\/a><\/figure>\n\n\n\n<figure class=\"wp-block-image size-large\"><a href=\"https:\/\/remembermefrance.org\/wp-content\/uploads\/august24.jpg\"><img decoding=\"async\" width=\"375\" height=\"500\" data-id=\"2513\" src=\"https:\/\/remembermefrance.org\/wp-content\/uploads\/august24-375x500.jpg\" alt=\"\" class=\"wp-image-2513\" srcset=\"https:\/\/remembermefrance.org\/wp-content\/uploads\/august24-375x500.jpg 375w, https:\/\/remembermefrance.org\/wp-content\/uploads\/august24-225x300.jpg 225w, https:\/\/remembermefrance.org\/wp-content\/uploads\/august24-360x480.jpg 360w, https:\/\/remembermefrance.org\/wp-content\/uploads\/august24.jpg 450w\" sizes=\"(max-width: 375px) 100vw, 375px\" \/><\/a><\/figure>\n\n\n\n<figure class=\"wp-block-image size-large\"><a href=\"https:\/\/remembermefrance.org\/wp-content\/uploads\/august22.jpg\"><img decoding=\"async\" width=\"375\" height=\"500\" data-id=\"2511\" src=\"https:\/\/remembermefrance.org\/wp-content\/uploads\/august22-375x500.jpg\" alt=\"\" class=\"wp-image-2511\" srcset=\"https:\/\/remembermefrance.org\/wp-content\/uploads\/august22-375x500.jpg 375w, https:\/\/remembermefrance.org\/wp-content\/uploads\/august22-225x300.jpg 225w, https:\/\/remembermefrance.org\/wp-content\/uploads\/august22-360x480.jpg 360w, https:\/\/remembermefrance.org\/wp-content\/uploads\/august22.jpg 450w\" sizes=\"(max-width: 375px) 100vw, 375px\" \/><\/a><\/figure>\n\n\n\n<figure class=\"wp-block-image size-large\"><a href=\"https:\/\/remembermefrance.org\/wp-content\/uploads\/august21.jpg\"><img decoding=\"async\" width=\"500\" height=\"375\" data-id=\"2510\" src=\"https:\/\/remembermefrance.org\/wp-content\/uploads\/august21-500x375.jpg\" alt=\"\" class=\"wp-image-2510\" srcset=\"https:\/\/remembermefrance.org\/wp-content\/uploads\/august21-500x375.jpg 500w, https:\/\/remembermefrance.org\/wp-content\/uploads\/august21-300x225.jpg 300w, https:\/\/remembermefrance.org\/wp-content\/uploads\/august21-768x576.jpg 768w, https:\/\/remembermefrance.org\/wp-content\/uploads\/august21-360x270.jpg 360w, https:\/\/remembermefrance.org\/wp-content\/uploads\/august21.jpg 800w\" sizes=\"(max-width: 500px) 100vw, 500px\" \/><\/a><\/figure>\n\n\n\n<figure class=\"wp-block-image size-large\"><a href=\"https:\/\/remembermefrance.org\/wp-content\/uploads\/august19.jpg\"><img decoding=\"async\" width=\"375\" height=\"500\" data-id=\"2509\" src=\"https:\/\/remembermefrance.org\/wp-content\/uploads\/august19-375x500.jpg\" alt=\"\" class=\"wp-image-2509\" srcset=\"https:\/\/remembermefrance.org\/wp-content\/uploads\/august19-375x500.jpg 375w, https:\/\/remembermefrance.org\/wp-content\/uploads\/august19-225x300.jpg 225w, https:\/\/remembermefrance.org\/wp-content\/uploads\/august19-360x480.jpg 360w, https:\/\/remembermefrance.org\/wp-content\/uploads\/august19.jpg 450w\" sizes=\"(max-width: 375px) 100vw, 375px\" \/><\/a><\/figure>\n\n\n\n<figure class=\"wp-block-image size-large\"><a href=\"https:\/\/remembermefrance.org\/wp-content\/uploads\/august16.jpg\"><img decoding=\"async\" width=\"375\" height=\"500\" data-id=\"2507\" src=\"https:\/\/remembermefrance.org\/wp-content\/uploads\/august16-375x500.jpg\" alt=\"\" class=\"wp-image-2507\" srcset=\"https:\/\/remembermefrance.org\/wp-content\/uploads\/august16-375x500.jpg 375w, https:\/\/remembermefrance.org\/wp-content\/uploads\/august16-225x300.jpg 225w, https:\/\/remembermefrance.org\/wp-content\/uploads\/august16-360x480.jpg 360w, https:\/\/remembermefrance.org\/wp-content\/uploads\/august16.jpg 450w\" sizes=\"(max-width: 375px) 100vw, 375px\" \/><\/a><\/figure>\n<\/figure>\n\n\n\n<hr class=\"wp-block-separator has-css-opacity\"\/>\n\n\n\n<p><\/p>","protected":false},"excerpt":{"rendered":"<p>Female, born in July 2019<br \/>\nAt our shelter since January 2020<\/p>","protected":false},"featured_media":96830,"template":"","breed":[27],"pet-color":[],"class_list":["post-2493","pets","type-pets","status-publish","has-post-thumbnail","hentry","breed-adulte-moyen"],"yoast_head":"<!-- This site is optimized with the Yoast SEO plugin v27.5 - https:\/\/yoast.com\/product\/yoast-seo-wordpress\/ -->\n<title>Augustine - Association RMF<\/title>\n<meta name=\"robots\" content=\"index, follow, max-snippet:-1, max-image-preview:large, max-video-preview:-1\" \/>\n<link rel=\"canonical\" href=\"https:\/\/remembermefrance.org\/en\/pets\/augustine\/\" \/>\n<meta property=\"og:locale\" content=\"en_GB\" \/>\n<meta property=\"og:type\" content=\"article\" \/>\n<meta property=\"og:title\" content=\"Augustine - Association RMF\" \/>\n<meta property=\"og:description\" content=\"Femelle, estim\u00e9e en juillet 2019 Au refuge depuis janvier 2020\" \/>\n<meta property=\"og:url\" content=\"https:\/\/remembermefrance.org\/en\/pets\/augustine\/\" \/>\n<meta property=\"og:site_name\" content=\"Association RMF\" \/>\n<meta property=\"article:publisher\" content=\"https:\/\/www.facebook.com\/remembermefrance\" \/>\n<meta property=\"article:modified_time\" content=\"2026-03-23T09:05:22+00:00\" \/>\n<meta property=\"og:image\" content=\"https:\/\/remembermefrance.org\/wp-content\/uploads\/AUGUSTINE10-e1767477860963.jpg\" \/>\n\t<meta property=\"og:image:width\" content=\"360\" \/>\n\t<meta property=\"og:image:height\" content=\"360\" \/>\n\t<meta property=\"og:image:type\" content=\"image\/jpeg\" \/>\n<meta name=\"twitter:card\" content=\"summary_large_image\" \/>\n<meta name=\"twitter:label1\" content=\"Estimated reading time\" \/>\n\t<meta name=\"twitter:data1\" content=\"10 minutes\" \/>\n<script type=\"application\/ld+json\" class=\"yoast-schema-graph\">{\"@context\":\"https:\\\/\\\/schema.org\",\"@graph\":[{\"@type\":\"WebPage\",\"@id\":\"https:\\\/\\\/remembermefrance.org\\\/pets\\\/augustine\\\/\",\"url\":\"https:\\\/\\\/remembermefrance.org\\\/pets\\\/augustine\\\/\",\"name\":\"Augustine - Association RMF\",\"isPartOf\":{\"@id\":\"https:\\\/\\\/remembermefrance.org\\\/#website\"},\"primaryImageOfPage\":{\"@id\":\"https:\\\/\\\/remembermefrance.org\\\/pets\\\/augustine\\\/#primaryimage\"},\"image\":{\"@id\":\"https:\\\/\\\/remembermefrance.org\\\/pets\\\/augustine\\\/#primaryimage\"},\"thumbnailUrl\":\"https:\\\/\\\/remembermefrance.org\\\/wp-content\\\/uploads\\\/AUGUSTINE10-e1767477860963.jpg\",\"datePublished\":\"2024-09-24T06:00:11+00:00\",\"dateModified\":\"2026-03-23T09:05:22+00:00\",\"breadcrumb\":{\"@id\":\"https:\\\/\\\/remembermefrance.org\\\/pets\\\/augustine\\\/#breadcrumb\"},\"inLanguage\":\"en-GB\",\"potentialAction\":[{\"@type\":\"ReadAction\",\"target\":[\"https:\\\/\\\/remembermefrance.org\\\/pets\\\/augustine\\\/\"]}]},{\"@type\":\"ImageObject\",\"inLanguage\":\"en-GB\",\"@id\":\"https:\\\/\\\/remembermefrance.org\\\/pets\\\/augustine\\\/#primaryimage\",\"url\":\"https:\\\/\\\/remembermefrance.org\\\/wp-content\\\/uploads\\\/AUGUSTINE10-e1767477860963.jpg\",\"contentUrl\":\"https:\\\/\\\/remembermefrance.org\\\/wp-content\\\/uploads\\\/AUGUSTINE10-e1767477860963.jpg\",\"width\":360,\"height\":360},{\"@type\":\"BreadcrumbList\",\"@id\":\"https:\\\/\\\/remembermefrance.org\\\/pets\\\/augustine\\\/#breadcrumb\",\"itemListElement\":[{\"@type\":\"ListItem\",\"position\":1,\"name\":\"Accueil\",\"item\":\"https:\\\/\\\/remembermefrance.org\\\/\"},{\"@type\":\"ListItem\",\"position\":2,\"name\":\"Pets\",\"item\":\"https:\\\/\\\/remembermefrance.org\\\/pets\\\/\"},{\"@type\":\"ListItem\",\"position\":3,\"name\":\"Augustine\"}]},{\"@type\":\"WebSite\",\"@id\":\"https:\\\/\\\/remembermefrance.org\\\/#website\",\"url\":\"https:\\\/\\\/remembermefrance.org\\\/\",\"name\":\"Remember me France\",\"description\":\"Adopter un chien roumain\",\"publisher\":{\"@id\":\"https:\\\/\\\/remembermefrance.org\\\/#organization\"},\"potentialAction\":[{\"@type\":\"SearchAction\",\"target\":{\"@type\":\"EntryPoint\",\"urlTemplate\":\"https:\\\/\\\/remembermefrance.org\\\/?s={search_term_string}\"},\"query-input\":{\"@type\":\"PropertyValueSpecification\",\"valueRequired\":true,\"valueName\":\"search_term_string\"}}],\"inLanguage\":\"en-GB\"},{\"@type\":\"Organization\",\"@id\":\"https:\\\/\\\/remembermefrance.org\\\/#organization\",\"name\":\"Remember me\",\"url\":\"https:\\\/\\\/remembermefrance.org\\\/\",\"logo\":{\"@type\":\"ImageObject\",\"inLanguage\":\"en-GB\",\"@id\":\"https:\\\/\\\/remembermefrance.org\\\/#\\\/schema\\\/logo\\\/image\\\/\",\"url\":\"https:\\\/\\\/remembermefrance.org\\\/wp-content\\\/uploads\\\/logo-remember.png\",\"contentUrl\":\"https:\\\/\\\/remembermefrance.org\\\/wp-content\\\/uploads\\\/logo-remember.png\",\"width\":325,\"height\":60,\"caption\":\"Remember me\"},\"image\":{\"@id\":\"https:\\\/\\\/remembermefrance.org\\\/#\\\/schema\\\/logo\\\/image\\\/\"},\"sameAs\":[\"https:\\\/\\\/www.facebook.com\\\/remembermefrance\",\"https:\\\/\\\/www.instagram.com\\\/remembermefrance\\\/\"]}]}<\/script>\n<!-- \/ Yoast SEO plugin. -->","yoast_head_json":{"title":"Augustine - Association RMF","robots":{"index":"index","follow":"follow","max-snippet":"max-snippet:-1","max-image-preview":"max-image-preview:large","max-video-preview":"max-video-preview:-1"},"canonical":"https:\/\/remembermefrance.org\/en\/pets\/augustine\/","og_locale":"en_GB","og_type":"article","og_title":"Augustine - Association RMF","og_description":"Femelle, estim\u00e9e en juillet 2019 Au refuge depuis janvier 2020","og_url":"https:\/\/remembermefrance.org\/en\/pets\/augustine\/","og_site_name":"Association RMF","article_publisher":"https:\/\/www.facebook.com\/remembermefrance","article_modified_time":"2026-03-23T09:05:22+00:00","og_image":[{"width":360,"height":360,"url":"https:\/\/remembermefrance.org\/wp-content\/uploads\/AUGUSTINE10-e1767477860963.jpg","type":"image\/jpeg"}],"twitter_card":"summary_large_image","twitter_misc":{"Estimated reading time":"10 minutes"},"schema":{"@context":"https:\/\/schema.org","@graph":[{"@type":"WebPage","@id":"https:\/\/remembermefrance.org\/pets\/augustine\/","url":"https:\/\/remembermefrance.org\/pets\/augustine\/","name":"Augustine - Association RMF","isPartOf":{"@id":"https:\/\/remembermefrance.org\/#website"},"primaryImageOfPage":{"@id":"https:\/\/remembermefrance.org\/pets\/augustine\/#primaryimage"},"image":{"@id":"https:\/\/remembermefrance.org\/pets\/augustine\/#primaryimage"},"thumbnailUrl":"https:\/\/remembermefrance.org\/wp-content\/uploads\/AUGUSTINE10-e1767477860963.jpg","datePublished":"2024-09-24T06:00:11+00:00","dateModified":"2026-03-23T09:05:22+00:00","breadcrumb":{"@id":"https:\/\/remembermefrance.org\/pets\/augustine\/#breadcrumb"},"inLanguage":"en-GB","potentialAction":[{"@type":"ReadAction","target":["https:\/\/remembermefrance.org\/pets\/augustine\/"]}]},{"@type":"ImageObject","inLanguage":"en-GB","@id":"https:\/\/remembermefrance.org\/pets\/augustine\/#primaryimage","url":"https:\/\/remembermefrance.org\/wp-content\/uploads\/AUGUSTINE10-e1767477860963.jpg","contentUrl":"https:\/\/remembermefrance.org\/wp-content\/uploads\/AUGUSTINE10-e1767477860963.jpg","width":360,"height":360},{"@type":"BreadcrumbList","@id":"https:\/\/remembermefrance.org\/pets\/augustine\/#breadcrumb","itemListElement":[{"@type":"ListItem","position":1,"name":"Accueil","item":"https:\/\/remembermefrance.org\/"},{"@type":"ListItem","position":2,"name":"Pets","item":"https:\/\/remembermefrance.org\/pets\/"},{"@type":"ListItem","position":3,"name":"Augustine"}]},{"@type":"WebSite","@id":"https:\/\/remembermefrance.org\/#website","url":"https:\/\/remembermefrance.org\/","name":"Remember me France","description":"Adopt a Romanian dog","publisher":{"@id":"https:\/\/remembermefrance.org\/#organization"},"potentialAction":[{"@type":"SearchAction","target":{"@type":"EntryPoint","urlTemplate":"https:\/\/remembermefrance.org\/?s={search_term_string}"},"query-input":{"@type":"PropertyValueSpecification","valueRequired":true,"valueName":"search_term_string"}}],"inLanguage":"en-GB"},{"@type":"Organization","@id":"https:\/\/remembermefrance.org\/#organization","name":"Remember me","url":"https:\/\/remembermefrance.org\/","logo":{"@type":"ImageObject","inLanguage":"en-GB","@id":"https:\/\/remembermefrance.org\/#\/schema\/logo\/image\/","url":"https:\/\/remembermefrance.org\/wp-content\/uploads\/logo-remember.png","contentUrl":"https:\/\/remembermefrance.org\/wp-content\/uploads\/logo-remember.png","width":325,"height":60,"caption":"Remember me"},"image":{"@id":"https:\/\/remembermefrance.org\/#\/schema\/logo\/image\/"},"sameAs":["https:\/\/www.facebook.com\/remembermefrance","https:\/\/www.instagram.com\/remembermefrance\/"]}]}},"_links":{"self":[{"href":"https:\/\/remembermefrance.org\/en\/wp-json\/wp\/v2\/pets\/2493","targetHints":{"allow":["GET"]}}],"collection":[{"href":"https:\/\/remembermefrance.org\/en\/wp-json\/wp\/v2\/pets"}],"about":[{"href":"https:\/\/remembermefrance.org\/en\/wp-json\/wp\/v2\/types\/pets"}],"wp:featuredmedia":[{"embeddable":true,"href":"https:\/\/remembermefrance.org\/en\/wp-json\/wp\/v2\/media\/96830"}],"wp:attachment":[{"href":"https:\/\/remembermefrance.org\/en\/wp-json\/wp\/v2\/media?parent=2493"}],"wp:term":[{"taxonomy":"breed","embeddable":true,"href":"https:\/\/remembermefrance.org\/en\/wp-json\/wp\/v2\/breed?post=2493"},{"taxonomy":"pet-color","embeddable":true,"href":"https:\/\/remembermefrance.org\/en\/wp-json\/wp\/v2\/pet-color?post=2493"}],"curies":[{"name":"wp","href":"https:\/\/api.w.org\/{rel}","templated":true}]}}