{"id":2786,"date":"2024-09-24T08:25:03","date_gmt":"2024-09-24T06:25:03","guid":{"rendered":"https:\/\/remembermefrance.org\/?post_type=pets&#038;p=2786"},"modified":"2026-03-23T10:01:44","modified_gmt":"2026-03-23T09:01:44","slug":"clinton","status":"publish","type":"pets","link":"https:\/\/remembermefrance.org\/en\/pets\/clinton\/","title":{"rendered":"Clinton"},"content":{"rendered":"<p><strong>Clinton n&rsquo;est pas encore parrain\u00e9<\/strong>. <strong>If you would like to sponsor one of our animals, <a href=\"https:\/\/remembermefrance.org\/index.php\/agir\/parrainer\/\">click here<\/a>.<\/strong><\/p>\n\n\n\n<p class=\"has-text-align-left\"><strong>Age:<\/strong> : n\u00e9 environ en ao\u00fbt 2018 (date approximative)<br><strong>Color<\/strong> : chestnut brown - cream<br><strong>Breed<\/strong> : mixed<br><strong>Size:<\/strong>&nbsp;medium<br><br><strong>Neutered\/spayed<\/strong> : yes<br><strong>Vaccinated<\/strong> : yes<br><strong>Chipped<\/strong> : yes<\/p>\n\n\n\n<p><strong>Arrived at Remember Me Land<\/strong> : ao\u00fbt 2020<\/p>\n\n\n\n<p class=\"has-text-align-left\"><strong>Good with<\/strong> : Cohabite avec les chiens de son box\/enclos (cela ne veut pas dire qu\u2019il s\u2019entendra obligatoirement avec tous les canid\u00e9s ; chaque animal a ses t\u00eates et ses affinit\u00e9s). Ne pourra pas \u00eatre plac\u00e9 dans un foyer avec des enfants en bas-\u00e2ge. N\u2019\u00e9tant pas manipulable pour le moment, il nous est impossible d\u2019effectuer un test chat s\u00e9curitaire pour le f\u00e9lin.<\/p>\n\n\n\n<p><strong>Character<\/strong> : timid on arrival<\/p>\n\n\n\n<p><strong>History<\/strong> : sauv\u00e9 de la fourri\u00e8re de Golesti<\/p>\n\n\n\n<p>Pour suivre son \u00e9volution : <a href=\"https:\/\/remembermefrance.forumactif.org\/t9843-clinton-de-5-ans-de-box-male-de-taille-moyenne-ne-environ-en-aout-2018-fourriere-de-golesti-remember-me-land?highlight=Clinton\">voir sur le forum<\/a><\/p>\n\n\n\n<p><strong>Frais d&rsquo;adoption<\/strong> : 200 \u20ac <br><a href=\"https:\/\/remembermefrance.org\/index.php\/adopter\/procedure-dadoption#lesfrais\">Click here<\/a> pour plus d&rsquo;infos sur les frais<\/p>\n\n\n<div class=\"wp-block-button button1\"><a class=\"wp-block-button__link\" href=\"https:\/\/remembermefrance.org\/wp-content\/uploads\/2020\/05\/formulaire_rmf.docx\">T\u00e9l\u00e9chargez le formulaire d&rsquo;adoption<\/a><\/div>\n\n\n<hr class=\"wp-block-separator has-css-opacity\"\/>\n\n\n\n<figure class=\"wp-block-gallery has-nested-images columns-default is-cropped wp-block-gallery-1 is-layout-flex wp-block-gallery-is-layout-flex\">\n<figure class=\"wp-block-image size-large\"><a href=\"https:\/\/remembermefrance.org\/wp-content\/uploads\/CLINTON1.jpg\"><img decoding=\"async\" width=\"360\" height=\"480\" data-id=\"96905\" src=\"https:\/\/remembermefrance.org\/wp-content\/uploads\/CLINTON1.jpg\" alt=\"\" class=\"wp-image-96905\" srcset=\"https:\/\/remembermefrance.org\/wp-content\/uploads\/CLINTON1.jpg 360w, https:\/\/remembermefrance.org\/wp-content\/uploads\/CLINTON1-225x300.jpg 225w, https:\/\/remembermefrance.org\/wp-content\/uploads\/CLINTON1-9x12.jpg 9w\" sizes=\"(max-width: 360px) 100vw, 360px\" \/><\/a><figcaption class=\"wp-element-caption\">Janvier 2026<\/figcaption><\/figure>\n\n\n\n<figure class=\"wp-block-image size-large\"><a href=\"https:\/\/remembermefrance.org\/wp-content\/uploads\/CLINTON2.jpg\"><img decoding=\"async\" width=\"360\" height=\"480\" data-id=\"96904\" src=\"https:\/\/remembermefrance.org\/wp-content\/uploads\/CLINTON2.jpg\" alt=\"\" class=\"wp-image-96904\" srcset=\"https:\/\/remembermefrance.org\/wp-content\/uploads\/CLINTON2.jpg 360w, https:\/\/remembermefrance.org\/wp-content\/uploads\/CLINTON2-225x300.jpg 225w, https:\/\/remembermefrance.org\/wp-content\/uploads\/CLINTON2-9x12.jpg 9w\" sizes=\"(max-width: 360px) 100vw, 360px\" \/><\/a><figcaption class=\"wp-element-caption\">Janvier 2026<\/figcaption><\/figure>\n\n\n\n<figure class=\"wp-block-image size-large\"><a href=\"https:\/\/remembermefrance.org\/wp-content\/uploads\/CLINTON3.jpg\"><img decoding=\"async\" data-id=\"96903\" src=\"https:\/\/remembermefrance.org\/wp-content\/uploads\/CLINTON3.jpg\" alt=\"\" class=\"wp-image-96903\"\/><\/a><figcaption class=\"wp-element-caption\">Janvier 2026<\/figcaption><\/figure>\n\n\n\n<figure class=\"wp-block-image size-large\"><a href=\"https:\/\/remembermefrance.org\/wp-content\/uploads\/CLINTON4.jpg\"><img decoding=\"async\" width=\"375\" height=\"500\" data-id=\"96902\" src=\"https:\/\/remembermefrance.org\/wp-content\/uploads\/CLINTON4-375x500.jpg\" alt=\"\" class=\"wp-image-96902\" srcset=\"https:\/\/remembermefrance.org\/wp-content\/uploads\/CLINTON4-375x500.jpg 375w, https:\/\/remembermefrance.org\/wp-content\/uploads\/CLINTON4-225x300.jpg 225w, https:\/\/remembermefrance.org\/wp-content\/uploads\/CLINTON4-9x12.jpg 9w, https:\/\/remembermefrance.org\/wp-content\/uploads\/CLINTON4-360x480.jpg 360w, https:\/\/remembermefrance.org\/wp-content\/uploads\/CLINTON4.jpg 640w\" sizes=\"(max-width: 375px) 100vw, 375px\" \/><\/a><figcaption class=\"wp-element-caption\">Janvier 2026<\/figcaption><\/figure>\n\n\n\n<figure class=\"wp-block-image size-large\"><a href=\"https:\/\/remembermefrance.org\/wp-content\/uploads\/clinto20-1.jpg\"><img decoding=\"async\" width=\"373\" height=\"500\" data-id=\"82394\" src=\"https:\/\/remembermefrance.org\/wp-content\/uploads\/clinto20-1-373x500.jpg\" alt=\"\" class=\"wp-image-82394\" srcset=\"https:\/\/remembermefrance.org\/wp-content\/uploads\/clinto20-1-373x500.jpg 373w, https:\/\/remembermefrance.org\/wp-content\/uploads\/clinto20-1-224x300.jpg 224w, https:\/\/remembermefrance.org\/wp-content\/uploads\/clinto20-1-9x12.jpg 9w, https:\/\/remembermefrance.org\/wp-content\/uploads\/clinto20-1-360x483.jpg 360w, https:\/\/remembermefrance.org\/wp-content\/uploads\/clinto20-1.jpg 640w\" sizes=\"(max-width: 373px) 100vw, 373px\" \/><\/a><figcaption class=\"wp-element-caption\">Septembre 2025<\/figcaption><\/figure>\n\n\n\n<figure class=\"wp-block-image size-large\"><a href=\"https:\/\/remembermefrance.org\/wp-content\/uploads\/clinto25.jpg\"><img decoding=\"async\" width=\"377\" height=\"500\" data-id=\"82393\" src=\"https:\/\/remembermefrance.org\/wp-content\/uploads\/clinto25-377x500.jpg\" alt=\"\" class=\"wp-image-82393\" srcset=\"https:\/\/remembermefrance.org\/wp-content\/uploads\/clinto25-377x500.jpg 377w, https:\/\/remembermefrance.org\/wp-content\/uploads\/clinto25-226x300.jpg 226w, https:\/\/remembermefrance.org\/wp-content\/uploads\/clinto25-9x12.jpg 9w, https:\/\/remembermefrance.org\/wp-content\/uploads\/clinto25-360x478.jpg 360w, https:\/\/remembermefrance.org\/wp-content\/uploads\/clinto25.jpg 640w\" sizes=\"(max-width: 377px) 100vw, 377px\" \/><\/a><figcaption class=\"wp-element-caption\">Septembre 2025<\/figcaption><\/figure>\n\n\n\n<figure class=\"wp-block-image size-large\"><a href=\"https:\/\/remembermefrance.org\/wp-content\/uploads\/clinto24.jpg\"><img decoding=\"async\" width=\"379\" height=\"500\" data-id=\"82392\" src=\"https:\/\/remembermefrance.org\/wp-content\/uploads\/clinto24-379x500.jpg\" alt=\"\" class=\"wp-image-82392\" srcset=\"https:\/\/remembermefrance.org\/wp-content\/uploads\/clinto24-379x500.jpg 379w, https:\/\/remembermefrance.org\/wp-content\/uploads\/clinto24-227x300.jpg 227w, https:\/\/remembermefrance.org\/wp-content\/uploads\/clinto24-9x12.jpg 9w, https:\/\/remembermefrance.org\/wp-content\/uploads\/clinto24-360x475.jpg 360w, https:\/\/remembermefrance.org\/wp-content\/uploads\/clinto24.jpg 640w\" sizes=\"(max-width: 379px) 100vw, 379px\" \/><\/a><figcaption class=\"wp-element-caption\">Septembre 2025<\/figcaption><\/figure>\n\n\n\n<figure class=\"wp-block-image size-large\"><a href=\"https:\/\/remembermefrance.org\/wp-content\/uploads\/clinto22-1.jpg\"><img decoding=\"async\" width=\"379\" height=\"500\" data-id=\"82389\" src=\"https:\/\/remembermefrance.org\/wp-content\/uploads\/clinto22-1-379x500.jpg\" alt=\"\" class=\"wp-image-82389\" srcset=\"https:\/\/remembermefrance.org\/wp-content\/uploads\/clinto22-1-379x500.jpg 379w, https:\/\/remembermefrance.org\/wp-content\/uploads\/clinto22-1-227x300.jpg 227w, https:\/\/remembermefrance.org\/wp-content\/uploads\/clinto22-1-9x12.jpg 9w, https:\/\/remembermefrance.org\/wp-content\/uploads\/clinto22-1-360x475.jpg 360w, https:\/\/remembermefrance.org\/wp-content\/uploads\/clinto22-1.jpg 640w\" sizes=\"(max-width: 379px) 100vw, 379px\" \/><\/a><figcaption class=\"wp-element-caption\">Septembre 2025<\/figcaption><\/figure>\n\n\n\n<figure class=\"wp-block-image size-large\"><a href=\"https:\/\/remembermefrance.org\/wp-content\/uploads\/clinto21-1.jpg\"><img decoding=\"async\" width=\"380\" height=\"500\" data-id=\"82388\" src=\"https:\/\/remembermefrance.org\/wp-content\/uploads\/clinto21-1-380x500.jpg\" alt=\"\" class=\"wp-image-82388\" srcset=\"https:\/\/remembermefrance.org\/wp-content\/uploads\/clinto21-1-380x500.jpg 380w, https:\/\/remembermefrance.org\/wp-content\/uploads\/clinto21-1-228x300.jpg 228w, https:\/\/remembermefrance.org\/wp-content\/uploads\/clinto21-1-9x12.jpg 9w, https:\/\/remembermefrance.org\/wp-content\/uploads\/clinto21-1-360x474.jpg 360w, https:\/\/remembermefrance.org\/wp-content\/uploads\/clinto21-1.jpg 640w\" sizes=\"(max-width: 380px) 100vw, 380px\" \/><\/a><figcaption class=\"wp-element-caption\">Septembre 2025<\/figcaption><\/figure>\n\n\n\n<figure class=\"wp-block-image size-large\"><a href=\"https:\/\/remembermefrance.org\/wp-content\/uploads\/clinto23-1.jpg\"><img decoding=\"async\" width=\"379\" height=\"500\" data-id=\"82391\" src=\"https:\/\/remembermefrance.org\/wp-content\/uploads\/clinto23-1-379x500.jpg\" alt=\"\" class=\"wp-image-82391\" srcset=\"https:\/\/remembermefrance.org\/wp-content\/uploads\/clinto23-1-379x500.jpg 379w, https:\/\/remembermefrance.org\/wp-content\/uploads\/clinto23-1-227x300.jpg 227w, https:\/\/remembermefrance.org\/wp-content\/uploads\/clinto23-1-9x12.jpg 9w, https:\/\/remembermefrance.org\/wp-content\/uploads\/clinto23-1-360x475.jpg 360w, https:\/\/remembermefrance.org\/wp-content\/uploads\/clinto23-1.jpg 640w\" sizes=\"(max-width: 379px) 100vw, 379px\" \/><\/a><figcaption class=\"wp-element-caption\">Septembre 2025<\/figcaption><\/figure>\n\n\n\n<figure class=\"wp-block-image size-large\"><a href=\"https:\/\/remembermefrance.org\/wp-content\/uploads\/clinto12-2-e1727159094841.jpg\"><img decoding=\"async\" width=\"360\" height=\"360\" data-id=\"78230\" src=\"https:\/\/remembermefrance.org\/wp-content\/uploads\/clinto12-2-e1727159094841.jpg\" alt=\"\" class=\"wp-image-78230\" srcset=\"https:\/\/remembermefrance.org\/wp-content\/uploads\/clinto12-2-e1727159094841.jpg 360w, https:\/\/remembermefrance.org\/wp-content\/uploads\/clinto12-2-e1727159094841-100x100.jpg 100w, https:\/\/remembermefrance.org\/wp-content\/uploads\/clinto12-2-e1727159094841-300x300.jpg 300w, https:\/\/remembermefrance.org\/wp-content\/uploads\/clinto12-2-e1727159094841-150x150.jpg 150w, https:\/\/remembermefrance.org\/wp-content\/uploads\/clinto12-2-e1727159094841-12x12.jpg 12w\" sizes=\"(max-width: 360px) 100vw, 360px\" \/><\/a><figcaption class=\"wp-element-caption\">Septembre 2024<\/figcaption><\/figure>\n\n\n\n<figure class=\"wp-block-image size-large\"><a href=\"https:\/\/remembermefrance.org\/wp-content\/uploads\/clinto15.jpg\"><img decoding=\"async\" width=\"360\" height=\"480\" data-id=\"78231\" src=\"https:\/\/remembermefrance.org\/wp-content\/uploads\/clinto15.jpg\" alt=\"\" class=\"wp-image-78231\" srcset=\"https:\/\/remembermefrance.org\/wp-content\/uploads\/clinto15.jpg 360w, https:\/\/remembermefrance.org\/wp-content\/uploads\/clinto15-225x300.jpg 225w, https:\/\/remembermefrance.org\/wp-content\/uploads\/clinto15-9x12.jpg 9w\" sizes=\"(max-width: 360px) 100vw, 360px\" \/><\/a><figcaption class=\"wp-element-caption\">Septembre 2024<\/figcaption><\/figure>\n\n\n\n<figure class=\"wp-block-image size-large\"><a href=\"https:\/\/remembermefrance.org\/wp-content\/uploads\/clinto17.jpg\"><img decoding=\"async\" width=\"373\" height=\"500\" data-id=\"78232\" src=\"https:\/\/remembermefrance.org\/wp-content\/uploads\/clinto17-373x500.jpg\" alt=\"\" class=\"wp-image-78232\" srcset=\"https:\/\/remembermefrance.org\/wp-content\/uploads\/clinto17-373x500.jpg 373w, https:\/\/remembermefrance.org\/wp-content\/uploads\/clinto17-224x300.jpg 224w, https:\/\/remembermefrance.org\/wp-content\/uploads\/clinto17-9x12.jpg 9w, https:\/\/remembermefrance.org\/wp-content\/uploads\/clinto17-360x483.jpg 360w, https:\/\/remembermefrance.org\/wp-content\/uploads\/clinto17.jpg 640w\" sizes=\"(max-width: 373px) 100vw, 373px\" \/><\/a><figcaption class=\"wp-element-caption\">Septembre 2024<\/figcaption><\/figure>\n\n\n\n<figure class=\"wp-block-image size-large\"><a href=\"https:\/\/remembermefrance.org\/wp-content\/uploads\/clinto22-e1691166914754.jpg\"><img decoding=\"async\" width=\"500\" height=\"500\" data-id=\"64844\" src=\"https:\/\/remembermefrance.org\/wp-content\/uploads\/clinto22-e1691166914754-500x500.jpg\" alt=\"\" class=\"wp-image-64844\" srcset=\"https:\/\/remembermefrance.org\/wp-content\/uploads\/clinto22-e1691166914754-500x500.jpg 500w, https:\/\/remembermefrance.org\/wp-content\/uploads\/clinto22-e1691166914754-100x100.jpg 100w, https:\/\/remembermefrance.org\/wp-content\/uploads\/clinto22-e1691166914754-150x150.jpg 150w, https:\/\/remembermefrance.org\/wp-content\/uploads\/clinto22-e1691166914754-300x300.jpg 300w, https:\/\/remembermefrance.org\/wp-content\/uploads\/clinto22-e1691166914754-12x12.jpg 12w, https:\/\/remembermefrance.org\/wp-content\/uploads\/clinto22-e1691166914754-360x360.jpg 360w, https:\/\/remembermefrance.org\/wp-content\/uploads\/clinto22-e1691166914754.jpg 639w\" sizes=\"(max-width: 500px) 100vw, 500px\" \/><\/a><figcaption class=\"wp-element-caption\">Juillet 2023<\/figcaption><\/figure>\n\n\n\n<figure class=\"wp-block-image size-large\"><a href=\"https:\/\/remembermefrance.org\/wp-content\/uploads\/clinto21.jpg\"><img decoding=\"async\" width=\"360\" height=\"480\" data-id=\"64843\" src=\"https:\/\/remembermefrance.org\/wp-content\/uploads\/clinto21.jpg\" alt=\"\" class=\"wp-image-64843\" srcset=\"https:\/\/remembermefrance.org\/wp-content\/uploads\/clinto21.jpg 360w, https:\/\/remembermefrance.org\/wp-content\/uploads\/clinto21-225x300.jpg 225w, https:\/\/remembermefrance.org\/wp-content\/uploads\/clinto21-9x12.jpg 9w\" sizes=\"(max-width: 360px) 100vw, 360px\" \/><\/a><figcaption class=\"wp-element-caption\">Juillet 2023<\/figcaption><\/figure>\n\n\n\n<figure class=\"wp-block-image size-large\"><a href=\"https:\/\/remembermefrance.org\/wp-content\/uploads\/clinto20.jpg\"><img decoding=\"async\" width=\"360\" height=\"480\" data-id=\"64842\" src=\"https:\/\/remembermefrance.org\/wp-content\/uploads\/clinto20.jpg\" alt=\"\" class=\"wp-image-64842\"\/><\/a><figcaption class=\"wp-element-caption\">Juillet 2023<\/figcaption><\/figure>\n\n\n\n<figure class=\"wp-block-image size-large\"><a href=\"https:\/\/remembermefrance.org\/wp-content\/uploads\/clinto12.jpeg\"><img decoding=\"async\" width=\"375\" height=\"500\" data-id=\"52564\" src=\"https:\/\/remembermefrance.org\/wp-content\/uploads\/clinto12-375x500.jpeg\" alt=\"\" class=\"wp-image-52564\" srcset=\"https:\/\/remembermefrance.org\/wp-content\/uploads\/clinto12-375x500.jpeg 375w, https:\/\/remembermefrance.org\/wp-content\/uploads\/clinto12-225x300.jpeg 225w, https:\/\/remembermefrance.org\/wp-content\/uploads\/clinto12-9x12.jpeg 9w, https:\/\/remembermefrance.org\/wp-content\/uploads\/clinto12-360x480.jpeg 360w, https:\/\/remembermefrance.org\/wp-content\/uploads\/clinto12.jpeg 450w\" sizes=\"(max-width: 375px) 100vw, 375px\" \/><\/a><figcaption class=\"wp-element-caption\">D\u00e9cembre 2022<\/figcaption><\/figure>\n\n\n\n<figure class=\"wp-block-image size-large\"><a href=\"https:\/\/remembermefrance.org\/wp-content\/uploads\/clinto11-e1670753978238.jpeg\"><img decoding=\"async\" width=\"375\" height=\"500\" data-id=\"52563\" src=\"https:\/\/remembermefrance.org\/wp-content\/uploads\/clinto11-375x500.jpeg\" alt=\"\" class=\"wp-image-52563\"\/><\/a><figcaption class=\"wp-element-caption\">D\u00e9cembre 2022<\/figcaption><\/figure>\n\n\n\n<figure class=\"wp-block-image size-large\"><a href=\"https:\/\/remembermefrance.org\/wp-content\/uploads\/clinto16.jpeg\"><img decoding=\"async\" width=\"375\" height=\"500\" data-id=\"52562\" src=\"https:\/\/remembermefrance.org\/wp-content\/uploads\/clinto16-375x500.jpeg\" alt=\"\" class=\"wp-image-52562\" srcset=\"https:\/\/remembermefrance.org\/wp-content\/uploads\/clinto16-375x500.jpeg 375w, https:\/\/remembermefrance.org\/wp-content\/uploads\/clinto16-225x300.jpeg 225w, https:\/\/remembermefrance.org\/wp-content\/uploads\/clinto16-9x12.jpeg 9w, https:\/\/remembermefrance.org\/wp-content\/uploads\/clinto16-360x480.jpeg 360w, https:\/\/remembermefrance.org\/wp-content\/uploads\/clinto16.jpeg 450w\" sizes=\"(max-width: 375px) 100vw, 375px\" \/><\/a><figcaption class=\"wp-element-caption\">D\u00e9cembre 2022<\/figcaption><\/figure>\n\n\n\n<figure class=\"wp-block-image size-large\"><a href=\"https:\/\/remembermefrance.org\/wp-content\/uploads\/clinto18.jpeg\"><img decoding=\"async\" width=\"378\" height=\"500\" data-id=\"52561\" src=\"https:\/\/remembermefrance.org\/wp-content\/uploads\/clinto18-378x500.jpeg\" alt=\"\" class=\"wp-image-52561\" srcset=\"https:\/\/remembermefrance.org\/wp-content\/uploads\/clinto18-378x500.jpeg 378w, https:\/\/remembermefrance.org\/wp-content\/uploads\/clinto18-227x300.jpeg 227w, https:\/\/remembermefrance.org\/wp-content\/uploads\/clinto18-768x1015.jpeg 768w, https:\/\/remembermefrance.org\/wp-content\/uploads\/clinto18-9x12.jpeg 9w, https:\/\/remembermefrance.org\/wp-content\/uploads\/clinto18-360x476.jpeg 360w, https:\/\/remembermefrance.org\/wp-content\/uploads\/clinto18.jpeg 800w\" sizes=\"(max-width: 378px) 100vw, 378px\" \/><\/a><figcaption class=\"wp-element-caption\">D\u00e9cembre 2022<\/figcaption><\/figure>\n\n\n\n<figure class=\"wp-block-image size-large\"><a href=\"https:\/\/remembermefrance.org\/wp-content\/uploads\/clinto14-1-e1652726862424.jpg\"><img decoding=\"async\" width=\"450\" height=\"450\" data-id=\"38503\" src=\"https:\/\/remembermefrance.org\/wp-content\/uploads\/clinto14-1-e1652726862424.jpg\" alt=\"\" class=\"wp-image-38503\" srcset=\"https:\/\/remembermefrance.org\/wp-content\/uploads\/clinto14-1-e1652726862424.jpg 450w, https:\/\/remembermefrance.org\/wp-content\/uploads\/clinto14-1-e1652726862424-100x100.jpg 100w, https:\/\/remembermefrance.org\/wp-content\/uploads\/clinto14-1-e1652726862424-300x300.jpg 300w, https:\/\/remembermefrance.org\/wp-content\/uploads\/clinto14-1-e1652726862424-150x150.jpg 150w, https:\/\/remembermefrance.org\/wp-content\/uploads\/clinto14-1-e1652726862424-12x12.jpg 12w, https:\/\/remembermefrance.org\/wp-content\/uploads\/clinto14-1-e1652726862424-360x360.jpg 360w\" sizes=\"(max-width: 450px) 100vw, 450px\" \/><\/a><figcaption class=\"wp-element-caption\">Mai 2022<\/figcaption><\/figure>\n\n\n\n<figure class=\"wp-block-image size-large\"><a href=\"https:\/\/remembermefrance.org\/wp-content\/uploads\/clinto16-1.jpg\"><img decoding=\"async\" width=\"800\" height=\"1036\" data-id=\"38505\" src=\"https:\/\/remembermefrance.org\/wp-content\/uploads\/clinto16-1.jpg\" alt=\"\" class=\"wp-image-38505\" srcset=\"https:\/\/remembermefrance.org\/wp-content\/uploads\/clinto16-1.jpg 800w, https:\/\/remembermefrance.org\/wp-content\/uploads\/clinto16-1-232x300.jpg 232w, https:\/\/remembermefrance.org\/wp-content\/uploads\/clinto16-1-386x500.jpg 386w, https:\/\/remembermefrance.org\/wp-content\/uploads\/clinto16-1-768x995.jpg 768w, https:\/\/remembermefrance.org\/wp-content\/uploads\/clinto16-1-9x12.jpg 9w, https:\/\/remembermefrance.org\/wp-content\/uploads\/clinto16-1-360x466.jpg 360w\" sizes=\"(max-width: 800px) 100vw, 800px\" \/><\/a><figcaption class=\"wp-element-caption\">Mai 2022<\/figcaption><\/figure>\n\n\n\n<figure class=\"wp-block-image size-large\"><a href=\"https:\/\/remembermefrance.org\/wp-content\/uploads\/clinto12-1.jpg\"><img decoding=\"async\" width=\"450\" height=\"600\" data-id=\"38502\" src=\"https:\/\/remembermefrance.org\/wp-content\/uploads\/clinto12-1.jpg\" alt=\"\" class=\"wp-image-38502\" srcset=\"https:\/\/remembermefrance.org\/wp-content\/uploads\/clinto12-1.jpg 450w, https:\/\/remembermefrance.org\/wp-content\/uploads\/clinto12-1-225x300.jpg 225w, https:\/\/remembermefrance.org\/wp-content\/uploads\/clinto12-1-375x500.jpg 375w, https:\/\/remembermefrance.org\/wp-content\/uploads\/clinto12-1-9x12.jpg 9w, https:\/\/remembermefrance.org\/wp-content\/uploads\/clinto12-1-360x480.jpg 360w\" sizes=\"(max-width: 450px) 100vw, 450px\" \/><\/a><figcaption class=\"wp-element-caption\">Mai 2022<\/figcaption><\/figure>\n\n\n\n<figure class=\"wp-block-image size-large\"><a href=\"https:\/\/remembermefrance.org\/wp-content\/uploads\/clinto13-e1635684143804-500x500.jpg\"><img decoding=\"async\" width=\"500\" height=\"500\" data-id=\"25964\" src=\"https:\/\/remembermefrance.org\/wp-content\/uploads\/clinto13-e1635684143804-500x500.jpg\" alt=\"\" class=\"wp-image-25964\" srcset=\"https:\/\/remembermefrance.org\/wp-content\/uploads\/clinto13-e1635684143804-500x500.jpg 500w, https:\/\/remembermefrance.org\/wp-content\/uploads\/clinto13-e1635684143804-100x100.jpg 100w, https:\/\/remembermefrance.org\/wp-content\/uploads\/clinto13-e1635684143804-300x300.jpg 300w, https:\/\/remembermefrance.org\/wp-content\/uploads\/clinto13-e1635684143804-150x150.jpg 150w, https:\/\/remembermefrance.org\/wp-content\/uploads\/clinto13-e1635684143804-768x768.jpg 768w, https:\/\/remembermefrance.org\/wp-content\/uploads\/clinto13-e1635684143804-12x12.jpg 12w, https:\/\/remembermefrance.org\/wp-content\/uploads\/clinto13-e1635684143804-360x360.jpg 360w, https:\/\/remembermefrance.org\/wp-content\/uploads\/clinto13-e1635684143804.jpg 1023w\" sizes=\"(max-width: 500px) 100vw, 500px\" \/><\/a><figcaption class=\"wp-element-caption\"> octobre 2021 <\/figcaption><\/figure>\n\n\n\n<figure class=\"wp-block-image size-large\"><a href=\"https:\/\/remembermefrance.org\/wp-content\/uploads\/clinto12-375x500.jpg\"><img decoding=\"async\" width=\"375\" height=\"500\" data-id=\"25963\" src=\"https:\/\/remembermefrance.org\/wp-content\/uploads\/clinto12-375x500.jpg\" alt=\"\" class=\"wp-image-25963\" srcset=\"https:\/\/remembermefrance.org\/wp-content\/uploads\/clinto12-375x500.jpg 375w, https:\/\/remembermefrance.org\/wp-content\/uploads\/clinto12-225x300.jpg 225w, https:\/\/remembermefrance.org\/wp-content\/uploads\/clinto12-9x12.jpg 9w, https:\/\/remembermefrance.org\/wp-content\/uploads\/clinto12-360x480.jpg 360w, https:\/\/remembermefrance.org\/wp-content\/uploads\/clinto12.jpg 576w\" sizes=\"(max-width: 375px) 100vw, 375px\" \/><\/a><figcaption class=\"wp-element-caption\"> octobre 2021 <\/figcaption><\/figure>\n\n\n\n<figure class=\"wp-block-image size-large\"><a href=\"https:\/\/remembermefrance.org\/wp-content\/uploads\/clinto11-375x500.jpg\"><img decoding=\"async\" width=\"375\" height=\"500\" data-id=\"25962\" src=\"https:\/\/remembermefrance.org\/wp-content\/uploads\/clinto11-375x500.jpg\" alt=\"\" class=\"wp-image-25962\" srcset=\"https:\/\/remembermefrance.org\/wp-content\/uploads\/clinto11-375x500.jpg 375w, https:\/\/remembermefrance.org\/wp-content\/uploads\/clinto11-225x300.jpg 225w, https:\/\/remembermefrance.org\/wp-content\/uploads\/clinto11-9x12.jpg 9w, https:\/\/remembermefrance.org\/wp-content\/uploads\/clinto11-360x480.jpg 360w, https:\/\/remembermefrance.org\/wp-content\/uploads\/clinto11.jpg 576w\" sizes=\"(max-width: 375px) 100vw, 375px\" \/><\/a><figcaption class=\"wp-element-caption\"> octobre 2021 <\/figcaption><\/figure>\n\n\n\n<figure class=\"wp-block-image size-large\"><a href=\"https:\/\/remembermefrance.org\/wp-content\/uploads\/clinto10-1-349x500.jpg\"><img decoding=\"async\" width=\"349\" height=\"500\" data-id=\"25961\" src=\"https:\/\/remembermefrance.org\/wp-content\/uploads\/clinto10-1-349x500.jpg\" alt=\"\" class=\"wp-image-25961\" srcset=\"https:\/\/remembermefrance.org\/wp-content\/uploads\/clinto10-1-349x500.jpg 349w, https:\/\/remembermefrance.org\/wp-content\/uploads\/clinto10-1-209x300.jpg 209w, https:\/\/remembermefrance.org\/wp-content\/uploads\/clinto10-1-768x1100.jpg 768w, https:\/\/remembermefrance.org\/wp-content\/uploads\/clinto10-1-8x12.jpg 8w, https:\/\/remembermefrance.org\/wp-content\/uploads\/clinto10-1-360x516.jpg 360w, https:\/\/remembermefrance.org\/wp-content\/uploads\/clinto10-1.jpg 1024w\" sizes=\"(max-width: 349px) 100vw, 349px\" \/><\/a><figcaption class=\"wp-element-caption\"> octobre 2021 <\/figcaption><\/figure>\n\n\n\n<figure class=\"wp-block-image size-large\"><a href=\"https:\/\/remembermefrance.org\/wp-content\/uploads\/img_2136-500x375.jpg\"><img decoding=\"async\" width=\"500\" height=\"375\" data-id=\"2801\" src=\"https:\/\/remembermefrance.org\/wp-content\/uploads\/img_2136-500x375.jpg\" alt=\"\" class=\"wp-image-2801\" srcset=\"https:\/\/remembermefrance.org\/wp-content\/uploads\/img_2136-500x375.jpg 500w, https:\/\/remembermefrance.org\/wp-content\/uploads\/img_2136-300x225.jpg 300w, https:\/\/remembermefrance.org\/wp-content\/uploads\/img_2136-768x576.jpg 768w, https:\/\/remembermefrance.org\/wp-content\/uploads\/img_2136-360x270.jpg 360w, https:\/\/remembermefrance.org\/wp-content\/uploads\/img_2136.jpg 1024w\" sizes=\"(max-width: 500px) 100vw, 500px\" \/><\/a><\/figure>\n\n\n\n<figure class=\"wp-block-image size-large\"><a href=\"https:\/\/remembermefrance.org\/wp-content\/uploads\/clinto28.jpg\"><img decoding=\"async\" width=\"360\" height=\"480\" data-id=\"2799\" src=\"https:\/\/remembermefrance.org\/wp-content\/uploads\/clinto28.jpg\" alt=\"\" class=\"wp-image-2799\" srcset=\"https:\/\/remembermefrance.org\/wp-content\/uploads\/clinto28.jpg 360w, https:\/\/remembermefrance.org\/wp-content\/uploads\/clinto28-225x300.jpg 225w\" sizes=\"(max-width: 360px) 100vw, 360px\" \/><\/a><\/figure>\n\n\n\n<figure class=\"wp-block-image size-large\"><a href=\"https:\/\/remembermefrance.org\/wp-content\/uploads\/clinto26-e1605456983744.jpg\"><img decoding=\"async\" width=\"314\" height=\"314\" data-id=\"2797\" src=\"https:\/\/remembermefrance.org\/wp-content\/uploads\/clinto26-e1605456983744.jpg\" alt=\"\" class=\"wp-image-2797\" srcset=\"https:\/\/remembermefrance.org\/wp-content\/uploads\/clinto26-e1605456983744.jpg 314w, https:\/\/remembermefrance.org\/wp-content\/uploads\/clinto26-e1605456983744-100x100.jpg 100w, https:\/\/remembermefrance.org\/wp-content\/uploads\/clinto26-e1605456983744-300x300.jpg 300w, https:\/\/remembermefrance.org\/wp-content\/uploads\/clinto26-e1605456983744-150x150.jpg 150w\" sizes=\"(max-width: 314px) 100vw, 314px\" \/><\/a><\/figure>\n\n\n\n<figure class=\"wp-block-image size-large\"><a href=\"https:\/\/remembermefrance.org\/wp-content\/uploads\/clinto23.jpg\"><img decoding=\"async\" width=\"360\" height=\"480\" data-id=\"2796\" src=\"https:\/\/remembermefrance.org\/wp-content\/uploads\/clinto23.jpg\" alt=\"\" class=\"wp-image-2796\" srcset=\"https:\/\/remembermefrance.org\/wp-content\/uploads\/clinto23.jpg 360w, https:\/\/remembermefrance.org\/wp-content\/uploads\/clinto23-225x300.jpg 225w\" sizes=\"(max-width: 360px) 100vw, 360px\" \/><\/a><\/figure>\n\n\n\n<figure class=\"wp-block-image size-large\"><a href=\"https:\/\/remembermefrance.org\/wp-content\/uploads\/clinto19.jpg\"><img decoding=\"async\" width=\"360\" height=\"480\" data-id=\"2794\" src=\"https:\/\/remembermefrance.org\/wp-content\/uploads\/clinto19.jpg\" alt=\"\" class=\"wp-image-2794\" srcset=\"https:\/\/remembermefrance.org\/wp-content\/uploads\/clinto19.jpg 360w, https:\/\/remembermefrance.org\/wp-content\/uploads\/clinto19-225x300.jpg 225w\" sizes=\"(max-width: 360px) 100vw, 360px\" \/><\/a><\/figure>\n\n\n\n<figure class=\"wp-block-image size-large\"><a href=\"https:\/\/remembermefrance.org\/wp-content\/uploads\/clinto18-439x500.jpg\"><img decoding=\"async\" width=\"439\" height=\"500\" data-id=\"2793\" src=\"https:\/\/remembermefrance.org\/wp-content\/uploads\/clinto18-439x500.jpg\" alt=\"\" class=\"wp-image-2793\" srcset=\"https:\/\/remembermefrance.org\/wp-content\/uploads\/clinto18-439x500.jpg 439w, https:\/\/remembermefrance.org\/wp-content\/uploads\/clinto18-263x300.jpg 263w, https:\/\/remembermefrance.org\/wp-content\/uploads\/clinto18-360x410.jpg 360w, https:\/\/remembermefrance.org\/wp-content\/uploads\/clinto18.jpg 640w\" sizes=\"(max-width: 439px) 100vw, 439px\" \/><\/a><\/figure>\n\n\n\n<figure class=\"wp-block-image size-large\"><a href=\"https:\/\/remembermefrance.org\/wp-content\/uploads\/clinto16-470x500.jpg\"><img decoding=\"async\" width=\"470\" height=\"500\" data-id=\"2792\" src=\"https:\/\/remembermefrance.org\/wp-content\/uploads\/clinto16-470x500.jpg\" alt=\"\" class=\"wp-image-2792\" srcset=\"https:\/\/remembermefrance.org\/wp-content\/uploads\/clinto16-470x500.jpg 470w, https:\/\/remembermefrance.org\/wp-content\/uploads\/clinto16-282x300.jpg 282w, https:\/\/remembermefrance.org\/wp-content\/uploads\/clinto16-360x383.jpg 360w, https:\/\/remembermefrance.org\/wp-content\/uploads\/clinto16.jpg 640w\" sizes=\"(max-width: 470px) 100vw, 470px\" \/><\/a><\/figure>\n\n\n\n<figure class=\"wp-block-image size-large\"><a href=\"https:\/\/remembermefrance.org\/wp-content\/uploads\/clinto10-355x500.jpg\"><img decoding=\"async\" width=\"355\" height=\"500\" data-id=\"2791\" src=\"https:\/\/remembermefrance.org\/wp-content\/uploads\/clinto10-355x500.jpg\" alt=\"\" class=\"wp-image-2791\" srcset=\"https:\/\/remembermefrance.org\/wp-content\/uploads\/clinto10-355x500.jpg 355w, https:\/\/remembermefrance.org\/wp-content\/uploads\/clinto10-213x300.jpg 213w, https:\/\/remembermefrance.org\/wp-content\/uploads\/clinto10-360x507.jpg 360w, https:\/\/remembermefrance.org\/wp-content\/uploads\/clinto10.jpg 640w\" sizes=\"(max-width: 355px) 100vw, 355px\" \/><\/a><\/figure>\n<\/figure>\n\n\n\n<hr class=\"wp-block-separator has-css-opacity\"\/>\n\n\n\n<p><\/p>\n\n\n\n<figure class=\"wp-block-embed is-type-video is-provider-youtube wp-block-embed-youtube wp-embed-aspect-4-3 wp-has-aspect-ratio\"><div class=\"wp-block-embed__wrapper\">\n<iframe title=\"CLINTON - REMEMBER ME\" width=\"843\" height=\"632\" src=\"https:\/\/www.youtube.com\/embed\/6fFCeuM5QWA?feature=oembed\" frameborder=\"0\" allow=\"accelerometer; autoplay; clipboard-write; encrypted-media; gyroscope; picture-in-picture; web-share\" referrerpolicy=\"strict-origin-when-cross-origin\" allowfullscreen><\/iframe>\n<\/div><\/figure>","protected":false},"excerpt":{"rendered":"<p>Male, born in August 2018<br \/>\nAt our shelter since August 2020<\/p>","protected":false},"featured_media":96903,"template":"","breed":[27],"pet-color":[],"class_list":["post-2786","pets","type-pets","status-publish","has-post-thumbnail","hentry","breed-adulte-moyen"],"yoast_head":"<!-- This site is optimized with the Yoast SEO plugin v27.5 - https:\/\/yoast.com\/product\/yoast-seo-wordpress\/ -->\n<title>Clinton - Association RMF<\/title>\n<meta name=\"robots\" content=\"index, follow, max-snippet:-1, max-image-preview:large, max-video-preview:-1\" \/>\n<link rel=\"canonical\" href=\"https:\/\/remembermefrance.org\/en\/pets\/clinton\/\" \/>\n<meta property=\"og:locale\" content=\"en_GB\" \/>\n<meta property=\"og:type\" content=\"article\" \/>\n<meta property=\"og:title\" content=\"Clinton - Association RMF\" \/>\n<meta property=\"og:description\" content=\"M\u00e2le, n\u00e9 environ en ao\u00fbt 2018 Au refuge depuis ao\u00fbt 2020\" \/>\n<meta property=\"og:url\" content=\"https:\/\/remembermefrance.org\/en\/pets\/clinton\/\" \/>\n<meta property=\"og:site_name\" content=\"Association RMF\" \/>\n<meta property=\"article:publisher\" content=\"https:\/\/www.facebook.com\/remembermefrance\" \/>\n<meta property=\"article:modified_time\" content=\"2026-03-23T09:01:44+00:00\" \/>\n<meta property=\"og:image\" content=\"https:\/\/remembermefrance.org\/wp-content\/uploads\/CLINTON3-e1767480059783.jpg\" \/>\n\t<meta property=\"og:image:width\" content=\"360\" \/>\n\t<meta property=\"og:image:height\" content=\"360\" \/>\n\t<meta property=\"og:image:type\" content=\"image\/jpeg\" \/>\n<meta name=\"twitter:card\" content=\"summary_large_image\" \/>\n<meta name=\"twitter:label1\" content=\"Estimated reading time\" \/>\n\t<meta name=\"twitter:data1\" content=\"9 minutes\" \/>\n<script type=\"application\/ld+json\" class=\"yoast-schema-graph\">{\"@context\":\"https:\\\/\\\/schema.org\",\"@graph\":[{\"@type\":\"WebPage\",\"@id\":\"https:\\\/\\\/remembermefrance.org\\\/pets\\\/clinton\\\/\",\"url\":\"https:\\\/\\\/remembermefrance.org\\\/pets\\\/clinton\\\/\",\"name\":\"Clinton - Association RMF\",\"isPartOf\":{\"@id\":\"https:\\\/\\\/remembermefrance.org\\\/#website\"},\"primaryImageOfPage\":{\"@id\":\"https:\\\/\\\/remembermefrance.org\\\/pets\\\/clinton\\\/#primaryimage\"},\"image\":{\"@id\":\"https:\\\/\\\/remembermefrance.org\\\/pets\\\/clinton\\\/#primaryimage\"},\"thumbnailUrl\":\"https:\\\/\\\/remembermefrance.org\\\/wp-content\\\/uploads\\\/CLINTON3-e1767480059783.jpg\",\"datePublished\":\"2024-09-24T06:25:03+00:00\",\"dateModified\":\"2026-03-23T09:01:44+00:00\",\"breadcrumb\":{\"@id\":\"https:\\\/\\\/remembermefrance.org\\\/pets\\\/clinton\\\/#breadcrumb\"},\"inLanguage\":\"en-GB\",\"potentialAction\":[{\"@type\":\"ReadAction\",\"target\":[\"https:\\\/\\\/remembermefrance.org\\\/pets\\\/clinton\\\/\"]}]},{\"@type\":\"ImageObject\",\"inLanguage\":\"en-GB\",\"@id\":\"https:\\\/\\\/remembermefrance.org\\\/pets\\\/clinton\\\/#primaryimage\",\"url\":\"https:\\\/\\\/remembermefrance.org\\\/wp-content\\\/uploads\\\/CLINTON3-e1767480059783.jpg\",\"contentUrl\":\"https:\\\/\\\/remembermefrance.org\\\/wp-content\\\/uploads\\\/CLINTON3-e1767480059783.jpg\",\"width\":360,\"height\":360},{\"@type\":\"BreadcrumbList\",\"@id\":\"https:\\\/\\\/remembermefrance.org\\\/pets\\\/clinton\\\/#breadcrumb\",\"itemListElement\":[{\"@type\":\"ListItem\",\"position\":1,\"name\":\"Accueil\",\"item\":\"https:\\\/\\\/remembermefrance.org\\\/\"},{\"@type\":\"ListItem\",\"position\":2,\"name\":\"Pets\",\"item\":\"https:\\\/\\\/remembermefrance.org\\\/pets\\\/\"},{\"@type\":\"ListItem\",\"position\":3,\"name\":\"Clinton\"}]},{\"@type\":\"WebSite\",\"@id\":\"https:\\\/\\\/remembermefrance.org\\\/#website\",\"url\":\"https:\\\/\\\/remembermefrance.org\\\/\",\"name\":\"Remember me France\",\"description\":\"Adopter un chien roumain\",\"publisher\":{\"@id\":\"https:\\\/\\\/remembermefrance.org\\\/#organization\"},\"potentialAction\":[{\"@type\":\"SearchAction\",\"target\":{\"@type\":\"EntryPoint\",\"urlTemplate\":\"https:\\\/\\\/remembermefrance.org\\\/?s={search_term_string}\"},\"query-input\":{\"@type\":\"PropertyValueSpecification\",\"valueRequired\":true,\"valueName\":\"search_term_string\"}}],\"inLanguage\":\"en-GB\"},{\"@type\":\"Organization\",\"@id\":\"https:\\\/\\\/remembermefrance.org\\\/#organization\",\"name\":\"Remember me\",\"url\":\"https:\\\/\\\/remembermefrance.org\\\/\",\"logo\":{\"@type\":\"ImageObject\",\"inLanguage\":\"en-GB\",\"@id\":\"https:\\\/\\\/remembermefrance.org\\\/#\\\/schema\\\/logo\\\/image\\\/\",\"url\":\"https:\\\/\\\/remembermefrance.org\\\/wp-content\\\/uploads\\\/logo-remember.png\",\"contentUrl\":\"https:\\\/\\\/remembermefrance.org\\\/wp-content\\\/uploads\\\/logo-remember.png\",\"width\":325,\"height\":60,\"caption\":\"Remember me\"},\"image\":{\"@id\":\"https:\\\/\\\/remembermefrance.org\\\/#\\\/schema\\\/logo\\\/image\\\/\"},\"sameAs\":[\"https:\\\/\\\/www.facebook.com\\\/remembermefrance\",\"https:\\\/\\\/www.instagram.com\\\/remembermefrance\\\/\"]}]}<\/script>\n<!-- \/ Yoast SEO plugin. -->","yoast_head_json":{"title":"Clinton - Association RMF","robots":{"index":"index","follow":"follow","max-snippet":"max-snippet:-1","max-image-preview":"max-image-preview:large","max-video-preview":"max-video-preview:-1"},"canonical":"https:\/\/remembermefrance.org\/en\/pets\/clinton\/","og_locale":"en_GB","og_type":"article","og_title":"Clinton - Association RMF","og_description":"M\u00e2le, n\u00e9 environ en ao\u00fbt 2018 Au refuge depuis ao\u00fbt 2020","og_url":"https:\/\/remembermefrance.org\/en\/pets\/clinton\/","og_site_name":"Association RMF","article_publisher":"https:\/\/www.facebook.com\/remembermefrance","article_modified_time":"2026-03-23T09:01:44+00:00","og_image":[{"width":360,"height":360,"url":"https:\/\/remembermefrance.org\/wp-content\/uploads\/CLINTON3-e1767480059783.jpg","type":"image\/jpeg"}],"twitter_card":"summary_large_image","twitter_misc":{"Estimated reading time":"9 minutes"},"schema":{"@context":"https:\/\/schema.org","@graph":[{"@type":"WebPage","@id":"https:\/\/remembermefrance.org\/pets\/clinton\/","url":"https:\/\/remembermefrance.org\/pets\/clinton\/","name":"Clinton - Association RMF","isPartOf":{"@id":"https:\/\/remembermefrance.org\/#website"},"primaryImageOfPage":{"@id":"https:\/\/remembermefrance.org\/pets\/clinton\/#primaryimage"},"image":{"@id":"https:\/\/remembermefrance.org\/pets\/clinton\/#primaryimage"},"thumbnailUrl":"https:\/\/remembermefrance.org\/wp-content\/uploads\/CLINTON3-e1767480059783.jpg","datePublished":"2024-09-24T06:25:03+00:00","dateModified":"2026-03-23T09:01:44+00:00","breadcrumb":{"@id":"https:\/\/remembermefrance.org\/pets\/clinton\/#breadcrumb"},"inLanguage":"en-GB","potentialAction":[{"@type":"ReadAction","target":["https:\/\/remembermefrance.org\/pets\/clinton\/"]}]},{"@type":"ImageObject","inLanguage":"en-GB","@id":"https:\/\/remembermefrance.org\/pets\/clinton\/#primaryimage","url":"https:\/\/remembermefrance.org\/wp-content\/uploads\/CLINTON3-e1767480059783.jpg","contentUrl":"https:\/\/remembermefrance.org\/wp-content\/uploads\/CLINTON3-e1767480059783.jpg","width":360,"height":360},{"@type":"BreadcrumbList","@id":"https:\/\/remembermefrance.org\/pets\/clinton\/#breadcrumb","itemListElement":[{"@type":"ListItem","position":1,"name":"Accueil","item":"https:\/\/remembermefrance.org\/"},{"@type":"ListItem","position":2,"name":"Pets","item":"https:\/\/remembermefrance.org\/pets\/"},{"@type":"ListItem","position":3,"name":"Clinton"}]},{"@type":"WebSite","@id":"https:\/\/remembermefrance.org\/#website","url":"https:\/\/remembermefrance.org\/","name":"Remember me France","description":"Adopt a Romanian dog","publisher":{"@id":"https:\/\/remembermefrance.org\/#organization"},"potentialAction":[{"@type":"SearchAction","target":{"@type":"EntryPoint","urlTemplate":"https:\/\/remembermefrance.org\/?s={search_term_string}"},"query-input":{"@type":"PropertyValueSpecification","valueRequired":true,"valueName":"search_term_string"}}],"inLanguage":"en-GB"},{"@type":"Organization","@id":"https:\/\/remembermefrance.org\/#organization","name":"Remember me","url":"https:\/\/remembermefrance.org\/","logo":{"@type":"ImageObject","inLanguage":"en-GB","@id":"https:\/\/remembermefrance.org\/#\/schema\/logo\/image\/","url":"https:\/\/remembermefrance.org\/wp-content\/uploads\/logo-remember.png","contentUrl":"https:\/\/remembermefrance.org\/wp-content\/uploads\/logo-remember.png","width":325,"height":60,"caption":"Remember me"},"image":{"@id":"https:\/\/remembermefrance.org\/#\/schema\/logo\/image\/"},"sameAs":["https:\/\/www.facebook.com\/remembermefrance","https:\/\/www.instagram.com\/remembermefrance\/"]}]}},"_links":{"self":[{"href":"https:\/\/remembermefrance.org\/en\/wp-json\/wp\/v2\/pets\/2786","targetHints":{"allow":["GET"]}}],"collection":[{"href":"https:\/\/remembermefrance.org\/en\/wp-json\/wp\/v2\/pets"}],"about":[{"href":"https:\/\/remembermefrance.org\/en\/wp-json\/wp\/v2\/types\/pets"}],"wp:featuredmedia":[{"embeddable":true,"href":"https:\/\/remembermefrance.org\/en\/wp-json\/wp\/v2\/media\/96903"}],"wp:attachment":[{"href":"https:\/\/remembermefrance.org\/en\/wp-json\/wp\/v2\/media?parent=2786"}],"wp:term":[{"taxonomy":"breed","embeddable":true,"href":"https:\/\/remembermefrance.org\/en\/wp-json\/wp\/v2\/breed?post=2786"},{"taxonomy":"pet-color","embeddable":true,"href":"https:\/\/remembermefrance.org\/en\/wp-json\/wp\/v2\/pet-color?post=2786"}],"curies":[{"name":"wp","href":"https:\/\/api.w.org\/{rel}","templated":true}]}}