{"id":2832,"date":"2024-09-24T08:32:00","date_gmt":"2024-09-24T06:32:00","guid":{"rendered":"https:\/\/remembermefrance.org\/?post_type=pets&#038;p=2832"},"modified":"2026-04-21T14:25:43","modified_gmt":"2026-04-21T12:25:43","slug":"dallara","status":"publish","type":"pets","link":"https:\/\/remembermefrance.org\/en\/pets\/dallara\/","title":{"rendered":"Dallara"},"content":{"rendered":"<p class=\"has-text-align-center\"><img decoding=\"async\" src=\"https:\/\/remembermefrance.org\/wp-content\/uploads\/balloons-1.png\" alt=\"\"> <img decoding=\"async\" width=\"50\" height=\"52\" class=\"wp-image-65987\" style=\"width: 50px;\" src=\"https:\/\/remembermefrance.org\/wp-content\/uploads\/Ballons.png\" alt=\"\" srcset=\"https:\/\/remembermefrance.org\/wp-content\/uploads\/Ballons.png 337w, https:\/\/remembermefrance.org\/wp-content\/uploads\/Ballons-289x300.png 289w, https:\/\/remembermefrance.org\/wp-content\/uploads\/Ballons-12x12.png 12w\" sizes=\"(max-width: 50px) 100vw, 50px\" \/><strong>Dallara est parrain\u00e9 par Regina F. <\/strong><img decoding=\"async\" width=\"50\" height=\"52\" class=\"wp-image-65987\" style=\"width: 50px;\" src=\"https:\/\/remembermefrance.org\/wp-content\/uploads\/Ballons.png\" alt=\"\" srcset=\"https:\/\/remembermefrance.org\/wp-content\/uploads\/Ballons.png 337w, https:\/\/remembermefrance.org\/wp-content\/uploads\/Ballons-289x300.png 289w, https:\/\/remembermefrance.org\/wp-content\/uploads\/Ballons-12x12.png 12w\" sizes=\"(max-width: 50px) 100vw, 50px\" \/><\/p>\n\n\n\n<p class=\"has-text-align-left\"><strong>Age:<\/strong> : born in 2015 (estimation)<br><strong>Breed<\/strong> : mixed<br><strong>Size:<\/strong>&nbsp;medium<br><br><strong>Neutered\/spayed<\/strong> : yes<br><strong>Vaccinated<\/strong> : yes<br><strong>Chipped<\/strong> : yes<\/p>\n\n\n\n<p><strong>Arrived at Remember Me Land<\/strong> : mid June 2017<\/p>\n\n\n\n<p class=\"has-text-align-left\"><strong>Good with<\/strong> : Cohabite avec les chiens de son box\/enclos (cela ne veut pas dire qu&rsquo;elle s&rsquo;entendra obligatoirement avec tous les canid\u00e9s ; chaque animal a ses t\u00eates et ses affinit\u00e9s). Ne pourra pas \u00eatre plac\u00e9e dans un foyer avec des enfants en bas-\u00e2ge. N&rsquo;\u00e9tant pas manipulable pour le moment, il nous est impossible d&rsquo;effectuer un test chat s\u00e9curitaire pour le f\u00e9lin.<\/p>\n\n\n\n<p><strong>Character<\/strong> : 30 novembre 2025 : toujours timide<br>Ao\u00fbt 2020 : timide mais joyeuse et gourmande<br>D\u00e9cembre 2018 : avec un peu de temps elle s&rsquo;approche d&rsquo;elle m\u00eame mais j&rsquo;ai jamais pu la toucher<br>Dallara is very timid on her arrival<\/p>\n\n\n\n<p><strong>History<\/strong> : <strong>18 avril 2026<\/strong>&nbsp;:&nbsp;<strong>Dallara<\/strong>&nbsp;commence \u00e0 reprendre du poids<\/p>\n\n\n\n<p>21 d\u00e9cembre 2025 : Dallara est en urgence maigreur, elle est en urgence<\/p>\n\n\n\n<p>Attrap\u00e9e par les dogcatchers<\/p>\n\n\n\n<p>Pour suivre son \u00e9volution : <a href=\"https:\/\/remembermefrance.forumactif.org\/t3935-dallara-urgence-maigreur-plus-de-8-ans-de-box-femelle-de-taille-moyenne-nee-2015-pascani-remember-me-land?highlight=Dallara\">voir sur le forum<\/a><\/p>\n\n\n\n<p><strong>Frais d&rsquo;adoption<\/strong> <strong>reduced<\/strong>: 200 \u20ac <br><a href=\"https:\/\/remembermefrance.org\/index.php\/adopter\/procedure-dadoption#lesfrais\">Click here<\/a> pour plus d&rsquo;infos sur les frais<\/p>\n\n\n<div class=\"wp-block-button button1\"><a class=\"wp-block-button__link\" href=\"https:\/\/remembermefrance.org\/wp-content\/uploads\/2020\/05\/formulaire_rmf.docx\">T\u00e9l\u00e9chargez le formulaire d&rsquo;adoption<\/a><\/div>\n\n\n<hr class=\"wp-block-separator has-css-opacity\"\/>\n\n\n\n<figure class=\"wp-block-gallery has-nested-images columns-default is-cropped wp-block-gallery-1 is-layout-flex wp-block-gallery-is-layout-flex\">\n<figure class=\"wp-block-image size-large\"><a href=\"https:\/\/remembermefrance.org\/wp-content\/uploads\/IMG_8385.jpeg\"><img decoding=\"async\" width=\"375\" height=\"500\" data-id=\"103512\" src=\"https:\/\/remembermefrance.org\/wp-content\/uploads\/IMG_8385-375x500.jpeg\" alt=\"\" class=\"wp-image-103512\" srcset=\"https:\/\/remembermefrance.org\/wp-content\/uploads\/IMG_8385-375x500.jpeg 375w, https:\/\/remembermefrance.org\/wp-content\/uploads\/IMG_8385-225x300.jpeg 225w, https:\/\/remembermefrance.org\/wp-content\/uploads\/IMG_8385-9x12.jpeg 9w, https:\/\/remembermefrance.org\/wp-content\/uploads\/IMG_8385-360x480.jpeg 360w, https:\/\/remembermefrance.org\/wp-content\/uploads\/IMG_8385.jpeg 640w\" sizes=\"(max-width: 375px) 100vw, 375px\" \/><\/a><figcaption class=\"wp-element-caption\">19 avril 2026<\/figcaption><\/figure>\n\n\n\n<figure class=\"wp-block-image size-large\"><a href=\"https:\/\/remembermefrance.org\/wp-content\/uploads\/IMG_8386.jpeg\"><img decoding=\"async\" width=\"375\" height=\"500\" data-id=\"103511\" src=\"https:\/\/remembermefrance.org\/wp-content\/uploads\/IMG_8386-375x500.jpeg\" alt=\"\" class=\"wp-image-103511\" srcset=\"https:\/\/remembermefrance.org\/wp-content\/uploads\/IMG_8386-375x500.jpeg 375w, https:\/\/remembermefrance.org\/wp-content\/uploads\/IMG_8386-225x300.jpeg 225w, https:\/\/remembermefrance.org\/wp-content\/uploads\/IMG_8386-9x12.jpeg 9w, https:\/\/remembermefrance.org\/wp-content\/uploads\/IMG_8386-360x480.jpeg 360w, https:\/\/remembermefrance.org\/wp-content\/uploads\/IMG_8386.jpeg 640w\" sizes=\"(max-width: 375px) 100vw, 375px\" \/><\/a><figcaption class=\"wp-element-caption\">19 avril 2026<\/figcaption><\/figure>\n\n\n\n<figure class=\"wp-block-image size-large\"><a href=\"https:\/\/remembermefrance.org\/wp-content\/uploads\/IMG_8388.jpeg\"><img decoding=\"async\" data-id=\"103510\" src=\"https:\/\/remembermefrance.org\/wp-content\/uploads\/IMG_8388-375x500.jpeg\" alt=\"\" class=\"wp-image-103510\"\/><\/a><figcaption class=\"wp-element-caption\">19 avril 2026<\/figcaption><\/figure>\n\n\n\n<figure class=\"wp-block-image size-large\"><a href=\"https:\/\/remembermefrance.org\/wp-content\/uploads\/IMG_8389.jpeg\"><img decoding=\"async\" width=\"375\" height=\"500\" data-id=\"103509\" src=\"https:\/\/remembermefrance.org\/wp-content\/uploads\/IMG_8389-375x500.jpeg\" alt=\"\" class=\"wp-image-103509\" srcset=\"https:\/\/remembermefrance.org\/wp-content\/uploads\/IMG_8389-375x500.jpeg 375w, https:\/\/remembermefrance.org\/wp-content\/uploads\/IMG_8389-225x300.jpeg 225w, https:\/\/remembermefrance.org\/wp-content\/uploads\/IMG_8389-9x12.jpeg 9w, https:\/\/remembermefrance.org\/wp-content\/uploads\/IMG_8389-360x480.jpeg 360w, https:\/\/remembermefrance.org\/wp-content\/uploads\/IMG_8389.jpeg 640w\" sizes=\"(max-width: 375px) 100vw, 375px\" \/><\/a><figcaption class=\"wp-element-caption\">19 avril 2026<\/figcaption><\/figure>\n\n\n\n<figure class=\"wp-block-image size-large\"><a href=\"https:\/\/remembermefrance.org\/wp-content\/uploads\/IMG_8391.jpeg\"><img decoding=\"async\" width=\"375\" height=\"500\" data-id=\"103508\" src=\"https:\/\/remembermefrance.org\/wp-content\/uploads\/IMG_8391-375x500.jpeg\" alt=\"\" class=\"wp-image-103508\" srcset=\"https:\/\/remembermefrance.org\/wp-content\/uploads\/IMG_8391-375x500.jpeg 375w, https:\/\/remembermefrance.org\/wp-content\/uploads\/IMG_8391-225x300.jpeg 225w, https:\/\/remembermefrance.org\/wp-content\/uploads\/IMG_8391-9x12.jpeg 9w, https:\/\/remembermefrance.org\/wp-content\/uploads\/IMG_8391-360x480.jpeg 360w, https:\/\/remembermefrance.org\/wp-content\/uploads\/IMG_8391.jpeg 640w\" sizes=\"(max-width: 375px) 100vw, 375px\" \/><\/a><figcaption class=\"wp-element-caption\">19 avril 2026<\/figcaption><\/figure>\n\n\n\n<figure class=\"wp-block-image size-large\"><a href=\"https:\/\/remembermefrance.org\/wp-content\/uploads\/IMG_8392.jpeg\"><img decoding=\"async\" width=\"375\" height=\"500\" data-id=\"103507\" src=\"https:\/\/remembermefrance.org\/wp-content\/uploads\/IMG_8392-375x500.jpeg\" alt=\"\" class=\"wp-image-103507\" srcset=\"https:\/\/remembermefrance.org\/wp-content\/uploads\/IMG_8392-375x500.jpeg 375w, https:\/\/remembermefrance.org\/wp-content\/uploads\/IMG_8392-225x300.jpeg 225w, https:\/\/remembermefrance.org\/wp-content\/uploads\/IMG_8392-9x12.jpeg 9w, https:\/\/remembermefrance.org\/wp-content\/uploads\/IMG_8392-360x480.jpeg 360w, https:\/\/remembermefrance.org\/wp-content\/uploads\/IMG_8392.jpeg 640w\" sizes=\"(max-width: 375px) 100vw, 375px\" \/><\/a><figcaption class=\"wp-element-caption\">19 avril 2026<\/figcaption><\/figure>\n\n\n\n<figure class=\"wp-block-image size-large\"><a href=\"https:\/\/remembermefrance.org\/wp-content\/uploads\/IMG_4219.jpeg\"><img decoding=\"async\" width=\"375\" height=\"500\" data-id=\"95029\" src=\"https:\/\/remembermefrance.org\/wp-content\/uploads\/IMG_4219-375x500.jpeg\" alt=\"\" class=\"wp-image-95029\" srcset=\"https:\/\/remembermefrance.org\/wp-content\/uploads\/IMG_4219-375x500.jpeg 375w, https:\/\/remembermefrance.org\/wp-content\/uploads\/IMG_4219-225x300.jpeg 225w, https:\/\/remembermefrance.org\/wp-content\/uploads\/IMG_4219-9x12.jpeg 9w, https:\/\/remembermefrance.org\/wp-content\/uploads\/IMG_4219-360x480.jpeg 360w, https:\/\/remembermefrance.org\/wp-content\/uploads\/IMG_4219.jpeg 640w\" sizes=\"(max-width: 375px) 100vw, 375px\" \/><\/a><figcaption class=\"wp-element-caption\">30 novembre 2025<\/figcaption><\/figure>\n\n\n\n<figure class=\"wp-block-image size-large\"><a href=\"https:\/\/remembermefrance.org\/wp-content\/uploads\/IMG_4220.jpeg\"><img decoding=\"async\" width=\"375\" height=\"500\" data-id=\"95028\" src=\"https:\/\/remembermefrance.org\/wp-content\/uploads\/IMG_4220-375x500.jpeg\" alt=\"\" class=\"wp-image-95028\" srcset=\"https:\/\/remembermefrance.org\/wp-content\/uploads\/IMG_4220-375x500.jpeg 375w, https:\/\/remembermefrance.org\/wp-content\/uploads\/IMG_4220-225x300.jpeg 225w, https:\/\/remembermefrance.org\/wp-content\/uploads\/IMG_4220-9x12.jpeg 9w, https:\/\/remembermefrance.org\/wp-content\/uploads\/IMG_4220-360x480.jpeg 360w, https:\/\/remembermefrance.org\/wp-content\/uploads\/IMG_4220.jpeg 640w\" sizes=\"(max-width: 375px) 100vw, 375px\" \/><\/a><figcaption class=\"wp-element-caption\">30 novembre 2025<\/figcaption><\/figure>\n\n\n\n<figure class=\"wp-block-image size-large\"><a href=\"https:\/\/remembermefrance.org\/wp-content\/uploads\/IMG_4221.jpeg\"><img decoding=\"async\" width=\"375\" height=\"500\" data-id=\"95027\" src=\"https:\/\/remembermefrance.org\/wp-content\/uploads\/IMG_4221-375x500.jpeg\" alt=\"\" class=\"wp-image-95027\" srcset=\"https:\/\/remembermefrance.org\/wp-content\/uploads\/IMG_4221-375x500.jpeg 375w, https:\/\/remembermefrance.org\/wp-content\/uploads\/IMG_4221-225x300.jpeg 225w, https:\/\/remembermefrance.org\/wp-content\/uploads\/IMG_4221-9x12.jpeg 9w, https:\/\/remembermefrance.org\/wp-content\/uploads\/IMG_4221-360x480.jpeg 360w, https:\/\/remembermefrance.org\/wp-content\/uploads\/IMG_4221.jpeg 640w\" sizes=\"(max-width: 375px) 100vw, 375px\" \/><\/a><figcaption class=\"wp-element-caption\">30 novembre 2025<\/figcaption><\/figure>\n\n\n\n<figure class=\"wp-block-image size-large\"><a href=\"https:\/\/remembermefrance.org\/wp-content\/uploads\/IMG_4222.jpeg\"><img decoding=\"async\" width=\"360\" height=\"480\" data-id=\"95026\" src=\"https:\/\/remembermefrance.org\/wp-content\/uploads\/IMG_4222.jpeg\" alt=\"\" class=\"wp-image-95026\" srcset=\"https:\/\/remembermefrance.org\/wp-content\/uploads\/IMG_4222.jpeg 360w, https:\/\/remembermefrance.org\/wp-content\/uploads\/IMG_4222-225x300.jpeg 225w, https:\/\/remembermefrance.org\/wp-content\/uploads\/IMG_4222-9x12.jpeg 9w\" sizes=\"(max-width: 360px) 100vw, 360px\" \/><\/a><figcaption class=\"wp-element-caption\">30 novembre 2025<\/figcaption><\/figure>\n\n\n\n<figure class=\"wp-block-image size-large\"><a href=\"https:\/\/remembermefrance.org\/wp-content\/uploads\/IMG_4223.jpeg\"><img decoding=\"async\" width=\"375\" height=\"500\" data-id=\"95025\" src=\"https:\/\/remembermefrance.org\/wp-content\/uploads\/IMG_4223-375x500.jpeg\" alt=\"\" class=\"wp-image-95025\" srcset=\"https:\/\/remembermefrance.org\/wp-content\/uploads\/IMG_4223-375x500.jpeg 375w, https:\/\/remembermefrance.org\/wp-content\/uploads\/IMG_4223-225x300.jpeg 225w, https:\/\/remembermefrance.org\/wp-content\/uploads\/IMG_4223-9x12.jpeg 9w, https:\/\/remembermefrance.org\/wp-content\/uploads\/IMG_4223-360x480.jpeg 360w, https:\/\/remembermefrance.org\/wp-content\/uploads\/IMG_4223.jpeg 640w\" sizes=\"(max-width: 375px) 100vw, 375px\" \/><\/a><figcaption class=\"wp-element-caption\">30 novembre 2025<\/figcaption><\/figure>\n\n\n\n<figure class=\"wp-block-image size-large\"><a href=\"https:\/\/remembermefrance.org\/wp-content\/uploads\/dallar14-1.jpg\"><img decoding=\"async\" width=\"371\" height=\"500\" data-id=\"78236\" src=\"https:\/\/remembermefrance.org\/wp-content\/uploads\/dallar14-1-371x500.jpg\" alt=\"\" class=\"wp-image-78236\" srcset=\"https:\/\/remembermefrance.org\/wp-content\/uploads\/dallar14-1-371x500.jpg 371w, https:\/\/remembermefrance.org\/wp-content\/uploads\/dallar14-1-222x300.jpg 222w, https:\/\/remembermefrance.org\/wp-content\/uploads\/dallar14-1-9x12.jpg 9w, https:\/\/remembermefrance.org\/wp-content\/uploads\/dallar14-1-360x485.jpg 360w, https:\/\/remembermefrance.org\/wp-content\/uploads\/dallar14-1.jpg 640w\" sizes=\"(max-width: 371px) 100vw, 371px\" \/><\/a><figcaption class=\"wp-element-caption\">Septembre 2024<\/figcaption><\/figure>\n\n\n\n<figure class=\"wp-block-image size-large\"><a href=\"https:\/\/remembermefrance.org\/wp-content\/uploads\/dallar12-1.jpg\"><img decoding=\"async\" width=\"360\" height=\"480\" data-id=\"78235\" src=\"https:\/\/remembermefrance.org\/wp-content\/uploads\/dallar12-1.jpg\" alt=\"\" class=\"wp-image-78235\" srcset=\"https:\/\/remembermefrance.org\/wp-content\/uploads\/dallar12-1.jpg 360w, https:\/\/remembermefrance.org\/wp-content\/uploads\/dallar12-1-225x300.jpg 225w, https:\/\/remembermefrance.org\/wp-content\/uploads\/dallar12-1-9x12.jpg 9w\" sizes=\"(max-width: 360px) 100vw, 360px\" \/><\/a><figcaption class=\"wp-element-caption\">Septembre 2024<\/figcaption><\/figure>\n\n\n\n<figure class=\"wp-block-image size-large\"><a href=\"https:\/\/remembermefrance.org\/wp-content\/uploads\/dallar10-1.jpg\"><img decoding=\"async\" width=\"378\" height=\"500\" data-id=\"78234\" src=\"https:\/\/remembermefrance.org\/wp-content\/uploads\/dallar10-1-378x500.jpg\" alt=\"\" class=\"wp-image-78234\" srcset=\"https:\/\/remembermefrance.org\/wp-content\/uploads\/dallar10-1-378x500.jpg 378w, https:\/\/remembermefrance.org\/wp-content\/uploads\/dallar10-1-227x300.jpg 227w, https:\/\/remembermefrance.org\/wp-content\/uploads\/dallar10-1-9x12.jpg 9w, https:\/\/remembermefrance.org\/wp-content\/uploads\/dallar10-1-360x476.jpg 360w, https:\/\/remembermefrance.org\/wp-content\/uploads\/dallar10-1.jpg 640w\" sizes=\"(max-width: 378px) 100vw, 378px\" \/><\/a><figcaption class=\"wp-element-caption\">Septembre 2024<\/figcaption><\/figure>\n\n\n\n<figure class=\"wp-block-image size-large\"><a href=\"https:\/\/remembermefrance.org\/wp-content\/uploads\/dallar21-e1712153230196.jpg\"><img decoding=\"async\" width=\"500\" height=\"500\" data-id=\"74081\" src=\"https:\/\/remembermefrance.org\/wp-content\/uploads\/dallar21-e1712153230196-500x500.jpg\" alt=\"\" class=\"wp-image-74081\" srcset=\"https:\/\/remembermefrance.org\/wp-content\/uploads\/dallar21-e1712153230196-500x500.jpg 500w, https:\/\/remembermefrance.org\/wp-content\/uploads\/dallar21-e1712153230196-100x100.jpg 100w, https:\/\/remembermefrance.org\/wp-content\/uploads\/dallar21-e1712153230196-300x300.jpg 300w, https:\/\/remembermefrance.org\/wp-content\/uploads\/dallar21-e1712153230196-150x150.jpg 150w, https:\/\/remembermefrance.org\/wp-content\/uploads\/dallar21-e1712153230196-12x12.jpg 12w, https:\/\/remembermefrance.org\/wp-content\/uploads\/dallar21-e1712153230196-360x360.jpg 360w, https:\/\/remembermefrance.org\/wp-content\/uploads\/dallar21-e1712153230196.jpg 639w\" sizes=\"(max-width: 500px) 100vw, 500px\" \/><\/a><figcaption class=\"wp-element-caption\">Avril 2024<\/figcaption><\/figure>\n\n\n\n<figure class=\"wp-block-image size-large\"><a href=\"https:\/\/remembermefrance.org\/wp-content\/uploads\/dallar19.jpg\"><img decoding=\"async\" width=\"379\" height=\"500\" data-id=\"74080\" src=\"https:\/\/remembermefrance.org\/wp-content\/uploads\/dallar19-379x500.jpg\" alt=\"\" class=\"wp-image-74080\" srcset=\"https:\/\/remembermefrance.org\/wp-content\/uploads\/dallar19-379x500.jpg 379w, https:\/\/remembermefrance.org\/wp-content\/uploads\/dallar19-227x300.jpg 227w, https:\/\/remembermefrance.org\/wp-content\/uploads\/dallar19-9x12.jpg 9w, https:\/\/remembermefrance.org\/wp-content\/uploads\/dallar19-360x475.jpg 360w, https:\/\/remembermefrance.org\/wp-content\/uploads\/dallar19.jpg 640w\" sizes=\"(max-width: 379px) 100vw, 379px\" \/><\/a><figcaption class=\"wp-element-caption\">Avril 2024<\/figcaption><\/figure>\n\n\n\n<figure class=\"wp-block-image size-large\"><a href=\"https:\/\/remembermefrance.org\/wp-content\/uploads\/dallar16.jpg\"><img decoding=\"async\" width=\"371\" height=\"500\" data-id=\"74079\" src=\"https:\/\/remembermefrance.org\/wp-content\/uploads\/dallar16-371x500.jpg\" alt=\"\" class=\"wp-image-74079\" srcset=\"https:\/\/remembermefrance.org\/wp-content\/uploads\/dallar16-371x500.jpg 371w, https:\/\/remembermefrance.org\/wp-content\/uploads\/dallar16-223x300.jpg 223w, https:\/\/remembermefrance.org\/wp-content\/uploads\/dallar16-9x12.jpg 9w, https:\/\/remembermefrance.org\/wp-content\/uploads\/dallar16-360x485.jpg 360w, https:\/\/remembermefrance.org\/wp-content\/uploads\/dallar16.jpg 640w\" sizes=\"(max-width: 371px) 100vw, 371px\" \/><\/a><figcaption class=\"wp-element-caption\">Avril 2024<\/figcaption><\/figure>\n\n\n\n<figure class=\"wp-block-image size-large\"><a href=\"https:\/\/remembermefrance.org\/wp-content\/uploads\/dallar13-1.jpg\"><img decoding=\"async\" width=\"375\" height=\"500\" data-id=\"74078\" src=\"https:\/\/remembermefrance.org\/wp-content\/uploads\/dallar13-1-375x500.jpg\" alt=\"\" class=\"wp-image-74078\" srcset=\"https:\/\/remembermefrance.org\/wp-content\/uploads\/dallar13-1-375x500.jpg 375w, https:\/\/remembermefrance.org\/wp-content\/uploads\/dallar13-1-225x300.jpg 225w, https:\/\/remembermefrance.org\/wp-content\/uploads\/dallar13-1-9x12.jpg 9w, https:\/\/remembermefrance.org\/wp-content\/uploads\/dallar13-1-360x480.jpg 360w, https:\/\/remembermefrance.org\/wp-content\/uploads\/dallar13-1.jpg 640w\" sizes=\"(max-width: 375px) 100vw, 375px\" \/><\/a><figcaption class=\"wp-element-caption\">Avril 2024<\/figcaption><\/figure>\n\n\n\n<figure class=\"wp-block-image size-large\"><a href=\"https:\/\/remembermefrance.org\/wp-content\/uploads\/Dallara-1.jpg\"><img decoding=\"async\" data-id=\"63324\" src=\"https:\/\/remembermefrance.org\/wp-content\/uploads\/Dallara-1.jpg\" alt=\"\" class=\"wp-image-63324\"\/><\/a><figcaption class=\"wp-element-caption\">Juin 2023<\/figcaption><\/figure>\n\n\n\n<figure class=\"wp-block-image size-large\"><a href=\"https:\/\/remembermefrance.org\/wp-content\/uploads\/Dallara-6-scaled.jpg\"><img decoding=\"async\" width=\"375\" height=\"500\" data-id=\"63323\" src=\"https:\/\/remembermefrance.org\/wp-content\/uploads\/Dallara-6-375x500.jpg\" alt=\"\" class=\"wp-image-63323\" srcset=\"https:\/\/remembermefrance.org\/wp-content\/uploads\/Dallara-6-375x500.jpg 375w, https:\/\/remembermefrance.org\/wp-content\/uploads\/Dallara-6-225x300.jpg 225w, https:\/\/remembermefrance.org\/wp-content\/uploads\/Dallara-6-768x1024.jpg 768w, https:\/\/remembermefrance.org\/wp-content\/uploads\/Dallara-6-1152x1536.jpg 1152w, https:\/\/remembermefrance.org\/wp-content\/uploads\/Dallara-6-1536x2048.jpg 1536w, https:\/\/remembermefrance.org\/wp-content\/uploads\/Dallara-6-9x12.jpg 9w, https:\/\/remembermefrance.org\/wp-content\/uploads\/Dallara-6-360x480.jpg 360w, https:\/\/remembermefrance.org\/wp-content\/uploads\/Dallara-6-scaled.jpg 1920w\" sizes=\"(max-width: 375px) 100vw, 375px\" \/><\/a><figcaption class=\"wp-element-caption\">Juin 2023<\/figcaption><\/figure>\n\n\n\n<figure class=\"wp-block-image size-large\"><a href=\"https:\/\/remembermefrance.org\/wp-content\/uploads\/Dallara-4-scaled.jpg\"><img decoding=\"async\" width=\"375\" height=\"500\" data-id=\"63321\" src=\"https:\/\/remembermefrance.org\/wp-content\/uploads\/Dallara-4-375x500.jpg\" alt=\"\" class=\"wp-image-63321\" srcset=\"https:\/\/remembermefrance.org\/wp-content\/uploads\/Dallara-4-375x500.jpg 375w, https:\/\/remembermefrance.org\/wp-content\/uploads\/Dallara-4-225x300.jpg 225w, https:\/\/remembermefrance.org\/wp-content\/uploads\/Dallara-4-768x1024.jpg 768w, https:\/\/remembermefrance.org\/wp-content\/uploads\/Dallara-4-1152x1536.jpg 1152w, https:\/\/remembermefrance.org\/wp-content\/uploads\/Dallara-4-1536x2048.jpg 1536w, https:\/\/remembermefrance.org\/wp-content\/uploads\/Dallara-4-9x12.jpg 9w, https:\/\/remembermefrance.org\/wp-content\/uploads\/Dallara-4-360x480.jpg 360w, https:\/\/remembermefrance.org\/wp-content\/uploads\/Dallara-4-scaled.jpg 1920w\" sizes=\"(max-width: 375px) 100vw, 375px\" \/><\/a><figcaption class=\"wp-element-caption\">Juin 2023<\/figcaption><\/figure>\n\n\n\n<figure class=\"wp-block-image size-large\"><a href=\"https:\/\/remembermefrance.org\/wp-content\/uploads\/ed4b6015-e1676308167431.jpg\"><img decoding=\"async\" width=\"500\" height=\"500\" data-id=\"56281\" src=\"https:\/\/remembermefrance.org\/wp-content\/uploads\/ed4b6015-e1676308167431-500x500.jpg\" alt=\"\" class=\"wp-image-56281\" srcset=\"https:\/\/remembermefrance.org\/wp-content\/uploads\/ed4b6015-e1676308167431-500x500.jpg 500w, https:\/\/remembermefrance.org\/wp-content\/uploads\/ed4b6015-e1676308167431-100x100.jpg 100w, https:\/\/remembermefrance.org\/wp-content\/uploads\/ed4b6015-e1676308167431-300x300.jpg 300w, https:\/\/remembermefrance.org\/wp-content\/uploads\/ed4b6015-e1676308167431-150x150.jpg 150w, https:\/\/remembermefrance.org\/wp-content\/uploads\/ed4b6015-e1676308167431-12x12.jpg 12w, https:\/\/remembermefrance.org\/wp-content\/uploads\/ed4b6015-e1676308167431-360x360.jpg 360w, https:\/\/remembermefrance.org\/wp-content\/uploads\/ed4b6015-e1676308167431.jpg 683w\" sizes=\"(max-width: 500px) 100vw, 500px\" \/><\/a><figcaption class=\"wp-element-caption\">F\u00e9vrier 2023<\/figcaption><\/figure>\n\n\n\n<figure class=\"wp-block-image size-large\"><a href=\"https:\/\/remembermefrance.org\/wp-content\/uploads\/ed4b6014.jpg\"><img decoding=\"async\" width=\"500\" height=\"333\" data-id=\"56280\" src=\"https:\/\/remembermefrance.org\/wp-content\/uploads\/ed4b6014-500x333.jpg\" alt=\"\" class=\"wp-image-56280\" srcset=\"https:\/\/remembermefrance.org\/wp-content\/uploads\/ed4b6014-500x333.jpg 500w, https:\/\/remembermefrance.org\/wp-content\/uploads\/ed4b6014-300x200.jpg 300w, https:\/\/remembermefrance.org\/wp-content\/uploads\/ed4b6014-768x512.jpg 768w, https:\/\/remembermefrance.org\/wp-content\/uploads\/ed4b6014-18x12.jpg 18w, https:\/\/remembermefrance.org\/wp-content\/uploads\/ed4b6014-360x240.jpg 360w, https:\/\/remembermefrance.org\/wp-content\/uploads\/ed4b6014.jpg 1024w\" sizes=\"(max-width: 500px) 100vw, 500px\" \/><\/a><figcaption class=\"wp-element-caption\">F\u00e9vrier 2023<\/figcaption><\/figure>\n\n\n\n<figure class=\"wp-block-image size-large\"><a href=\"https:\/\/remembermefrance.org\/wp-content\/uploads\/dallar21.jpeg\"><img decoding=\"async\" width=\"375\" height=\"500\" data-id=\"49836\" src=\"https:\/\/remembermefrance.org\/wp-content\/uploads\/dallar21-375x500.jpeg\" alt=\"\" class=\"wp-image-49836\" srcset=\"https:\/\/remembermefrance.org\/wp-content\/uploads\/dallar21-375x500.jpeg 375w, https:\/\/remembermefrance.org\/wp-content\/uploads\/dallar21-225x300.jpeg 225w, https:\/\/remembermefrance.org\/wp-content\/uploads\/dallar21-9x12.jpeg 9w, https:\/\/remembermefrance.org\/wp-content\/uploads\/dallar21-360x480.jpeg 360w, https:\/\/remembermefrance.org\/wp-content\/uploads\/dallar21.jpeg 450w\" sizes=\"(max-width: 375px) 100vw, 375px\" \/><\/a><figcaption class=\"wp-element-caption\">Octobre 2022<\/figcaption><\/figure>\n\n\n\n<figure class=\"wp-block-image size-large\"><a href=\"https:\/\/remembermefrance.org\/wp-content\/uploads\/dallar19.jpeg\"><img decoding=\"async\" width=\"375\" height=\"500\" data-id=\"49834\" src=\"https:\/\/remembermefrance.org\/wp-content\/uploads\/dallar19-375x500.jpeg\" alt=\"\" class=\"wp-image-49834\" srcset=\"https:\/\/remembermefrance.org\/wp-content\/uploads\/dallar19-375x500.jpeg 375w, https:\/\/remembermefrance.org\/wp-content\/uploads\/dallar19-225x300.jpeg 225w, https:\/\/remembermefrance.org\/wp-content\/uploads\/dallar19-9x12.jpeg 9w, https:\/\/remembermefrance.org\/wp-content\/uploads\/dallar19-360x480.jpeg 360w, https:\/\/remembermefrance.org\/wp-content\/uploads\/dallar19.jpeg 450w\" sizes=\"(max-width: 375px) 100vw, 375px\" \/><\/a><figcaption class=\"wp-element-caption\">Octobre 2022<\/figcaption><\/figure>\n\n\n\n<figure class=\"wp-block-image size-large\"><a href=\"https:\/\/remembermefrance.org\/wp-content\/uploads\/dallar18-1.jpg\"><img decoding=\"async\" width=\"800\" height=\"982\" data-id=\"41671\" src=\"https:\/\/remembermefrance.org\/wp-content\/uploads\/dallar18-1.jpg\" alt=\"\" class=\"wp-image-41671\" srcset=\"https:\/\/remembermefrance.org\/wp-content\/uploads\/dallar18-1.jpg 800w, https:\/\/remembermefrance.org\/wp-content\/uploads\/dallar18-1-244x300.jpg 244w, https:\/\/remembermefrance.org\/wp-content\/uploads\/dallar18-1-407x500.jpg 407w, https:\/\/remembermefrance.org\/wp-content\/uploads\/dallar18-1-768x943.jpg 768w, https:\/\/remembermefrance.org\/wp-content\/uploads\/dallar18-1-10x12.jpg 10w, https:\/\/remembermefrance.org\/wp-content\/uploads\/dallar18-1-360x442.jpg 360w\" sizes=\"(max-width: 800px) 100vw, 800px\" \/><\/a><figcaption class=\"wp-element-caption\">Juin 2022<\/figcaption><\/figure>\n\n\n\n<figure class=\"wp-block-image size-large\"><a href=\"https:\/\/remembermefrance.org\/wp-content\/uploads\/dallar12.jpg\"><img decoding=\"async\" width=\"450\" height=\"600\" data-id=\"41669\" src=\"https:\/\/remembermefrance.org\/wp-content\/uploads\/dallar12.jpg\" alt=\"\" class=\"wp-image-41669\" srcset=\"https:\/\/remembermefrance.org\/wp-content\/uploads\/dallar12.jpg 450w, https:\/\/remembermefrance.org\/wp-content\/uploads\/dallar12-225x300.jpg 225w, https:\/\/remembermefrance.org\/wp-content\/uploads\/dallar12-375x500.jpg 375w, https:\/\/remembermefrance.org\/wp-content\/uploads\/dallar12-9x12.jpg 9w, https:\/\/remembermefrance.org\/wp-content\/uploads\/dallar12-360x480.jpg 360w\" sizes=\"(max-width: 450px) 100vw, 450px\" \/><\/a><figcaption class=\"wp-element-caption\">Juin 2022<\/figcaption><\/figure>\n\n\n\n<figure class=\"wp-block-image size-large\"><a href=\"https:\/\/remembermefrance.org\/wp-content\/uploads\/dallar11-2-e1656166163207.jpg\"><img decoding=\"async\" width=\"450\" height=\"450\" data-id=\"41668\" src=\"https:\/\/remembermefrance.org\/wp-content\/uploads\/dallar11-2-e1656166163207.jpg\" alt=\"\" class=\"wp-image-41668\" srcset=\"https:\/\/remembermefrance.org\/wp-content\/uploads\/dallar11-2-e1656166163207.jpg 450w, https:\/\/remembermefrance.org\/wp-content\/uploads\/dallar11-2-e1656166163207-100x100.jpg 100w, https:\/\/remembermefrance.org\/wp-content\/uploads\/dallar11-2-e1656166163207-300x300.jpg 300w, https:\/\/remembermefrance.org\/wp-content\/uploads\/dallar11-2-e1656166163207-150x150.jpg 150w, https:\/\/remembermefrance.org\/wp-content\/uploads\/dallar11-2-e1656166163207-12x12.jpg 12w, https:\/\/remembermefrance.org\/wp-content\/uploads\/dallar11-2-e1656166163207-360x360.jpg 360w\" sizes=\"(max-width: 450px) 100vw, 450px\" \/><\/a><figcaption class=\"wp-element-caption\">Juin 2022<\/figcaption><\/figure>\n\n\n\n<figure class=\"wp-block-image size-large\"><a href=\"https:\/\/remembermefrance.org\/wp-content\/uploads\/dallar15.jpg\"><img decoding=\"async\" width=\"342\" height=\"500\" data-id=\"26473\" src=\"https:\/\/remembermefrance.org\/wp-content\/uploads\/dallar15-342x500.jpg\" alt=\"\" class=\"wp-image-26473\" srcset=\"https:\/\/remembermefrance.org\/wp-content\/uploads\/dallar15-342x500.jpg 342w, https:\/\/remembermefrance.org\/wp-content\/uploads\/dallar15-205x300.jpg 205w, https:\/\/remembermefrance.org\/wp-content\/uploads\/dallar15-768x1121.jpg 768w, https:\/\/remembermefrance.org\/wp-content\/uploads\/dallar15-8x12.jpg 8w, https:\/\/remembermefrance.org\/wp-content\/uploads\/dallar15-360x526.jpg 360w, https:\/\/remembermefrance.org\/wp-content\/uploads\/dallar15.jpg 1024w\" sizes=\"(max-width: 342px) 100vw, 342px\" \/><\/a><figcaption class=\"wp-element-caption\">novembre 2021<\/figcaption><\/figure>\n\n\n\n<figure class=\"wp-block-image size-large\"><a href=\"https:\/\/remembermefrance.org\/wp-content\/uploads\/dallar14-e1630442279940.jpg\"><img decoding=\"async\" width=\"500\" height=\"375\" data-id=\"22348\" src=\"https:\/\/remembermefrance.org\/wp-content\/uploads\/dallar14-500x375.jpg\" alt=\"\" class=\"wp-image-22348\"\/><\/a><\/figure>\n\n\n\n<figure class=\"wp-block-image size-large\"><a href=\"https:\/\/remembermefrance.org\/wp-content\/uploads\/dallar73.jpg\"><img decoding=\"async\" width=\"355\" height=\"500\" data-id=\"2868\" src=\"https:\/\/remembermefrance.org\/wp-content\/uploads\/dallar73-355x500.jpg\" alt=\"\" class=\"wp-image-2868\" srcset=\"https:\/\/remembermefrance.org\/wp-content\/uploads\/dallar73-355x500.jpg 355w, https:\/\/remembermefrance.org\/wp-content\/uploads\/dallar73-213x300.jpg 213w, https:\/\/remembermefrance.org\/wp-content\/uploads\/dallar73-768x1082.jpg 768w, https:\/\/remembermefrance.org\/wp-content\/uploads\/dallar73-360x507.jpg 360w, https:\/\/remembermefrance.org\/wp-content\/uploads\/dallar73.jpg 800w\" sizes=\"(max-width: 355px) 100vw, 355px\" \/><\/a><\/figure>\n\n\n\n<figure class=\"wp-block-image size-large\"><a href=\"https:\/\/remembermefrance.org\/wp-content\/uploads\/dallar65.jpg\"><img decoding=\"async\" width=\"479\" height=\"500\" data-id=\"2867\" src=\"https:\/\/remembermefrance.org\/wp-content\/uploads\/dallar65-479x500.jpg\" alt=\"\" class=\"wp-image-2867\" srcset=\"https:\/\/remembermefrance.org\/wp-content\/uploads\/dallar65-479x500.jpg 479w, https:\/\/remembermefrance.org\/wp-content\/uploads\/dallar65-287x300.jpg 287w, https:\/\/remembermefrance.org\/wp-content\/uploads\/dallar65-360x376.jpg 360w, https:\/\/remembermefrance.org\/wp-content\/uploads\/dallar65.jpg 640w\" sizes=\"(max-width: 479px) 100vw, 479px\" \/><\/a><\/figure>\n\n\n\n<figure class=\"wp-block-image size-large\"><a href=\"https:\/\/remembermefrance.org\/wp-content\/uploads\/dallar58.jpg\"><img decoding=\"async\" width=\"338\" height=\"500\" data-id=\"2865\" src=\"https:\/\/remembermefrance.org\/wp-content\/uploads\/dallar58-338x500.jpg\" alt=\"\" class=\"wp-image-2865\" srcset=\"https:\/\/remembermefrance.org\/wp-content\/uploads\/dallar58-338x500.jpg 338w, https:\/\/remembermefrance.org\/wp-content\/uploads\/dallar58-203x300.jpg 203w, https:\/\/remembermefrance.org\/wp-content\/uploads\/dallar58-360x532.jpg 360w, https:\/\/remembermefrance.org\/wp-content\/uploads\/dallar58.jpg 640w\" sizes=\"(max-width: 338px) 100vw, 338px\" \/><\/a><\/figure>\n\n\n\n<figure class=\"wp-block-image size-large\"><a href=\"https:\/\/remembermefrance.org\/wp-content\/uploads\/dallar50-e1605549765697.jpg\"><img decoding=\"async\" width=\"500\" height=\"500\" data-id=\"2863\" src=\"https:\/\/remembermefrance.org\/wp-content\/uploads\/dallar50-e1605549765697-500x500.jpg\" alt=\"\" class=\"wp-image-2863\" srcset=\"https:\/\/remembermefrance.org\/wp-content\/uploads\/dallar50-e1605549765697-500x500.jpg 500w, https:\/\/remembermefrance.org\/wp-content\/uploads\/dallar50-e1605549765697-100x100.jpg 100w, https:\/\/remembermefrance.org\/wp-content\/uploads\/dallar50-e1605549765697-300x300.jpg 300w, https:\/\/remembermefrance.org\/wp-content\/uploads\/dallar50-e1605549765697-150x150.jpg 150w, https:\/\/remembermefrance.org\/wp-content\/uploads\/dallar50-e1605549765697-360x360.jpg 360w, https:\/\/remembermefrance.org\/wp-content\/uploads\/dallar50-e1605549765697.jpg 639w\" sizes=\"(max-width: 500px) 100vw, 500px\" \/><\/a><\/figure>\n\n\n\n<figure class=\"wp-block-image size-large\"><a href=\"https:\/\/remembermefrance.org\/wp-content\/uploads\/dallar32.jpg\"><img decoding=\"async\" width=\"375\" height=\"500\" data-id=\"2861\" src=\"https:\/\/remembermefrance.org\/wp-content\/uploads\/dallar32-375x500.jpg\" alt=\"\" class=\"wp-image-2861\" srcset=\"https:\/\/remembermefrance.org\/wp-content\/uploads\/dallar32-375x500.jpg 375w, https:\/\/remembermefrance.org\/wp-content\/uploads\/dallar32-225x300.jpg 225w, https:\/\/remembermefrance.org\/wp-content\/uploads\/dallar32-360x480.jpg 360w, https:\/\/remembermefrance.org\/wp-content\/uploads\/dallar32.jpg 640w\" sizes=\"(max-width: 375px) 100vw, 375px\" \/><\/a><\/figure>\n\n\n\n<figure class=\"wp-block-image size-large\"><a href=\"https:\/\/remembermefrance.org\/wp-content\/uploads\/dallar18.jpg\"><img decoding=\"async\" width=\"500\" height=\"375\" data-id=\"2857\" src=\"https:\/\/remembermefrance.org\/wp-content\/uploads\/dallar18-500x375.jpg\" alt=\"\" class=\"wp-image-2857\" srcset=\"https:\/\/remembermefrance.org\/wp-content\/uploads\/dallar18-500x375.jpg 500w, https:\/\/remembermefrance.org\/wp-content\/uploads\/dallar18-300x225.jpg 300w, https:\/\/remembermefrance.org\/wp-content\/uploads\/dallar18-768x576.jpg 768w, https:\/\/remembermefrance.org\/wp-content\/uploads\/dallar18-360x270.jpg 360w, https:\/\/remembermefrance.org\/wp-content\/uploads\/dallar18.jpg 800w\" sizes=\"(max-width: 500px) 100vw, 500px\" \/><\/a><\/figure>\n\n\n\n<figure class=\"wp-block-image size-large\"><a href=\"https:\/\/remembermefrance.org\/wp-content\/uploads\/dallar13.jpg\"><img decoding=\"async\" width=\"375\" height=\"500\" data-id=\"2855\" src=\"https:\/\/remembermefrance.org\/wp-content\/uploads\/dallar13-375x500.jpg\" alt=\"\" class=\"wp-image-2855\" srcset=\"https:\/\/remembermefrance.org\/wp-content\/uploads\/dallar13-375x500.jpg 375w, https:\/\/remembermefrance.org\/wp-content\/uploads\/dallar13-225x300.jpg 225w, https:\/\/remembermefrance.org\/wp-content\/uploads\/dallar13-360x480.jpg 360w, https:\/\/remembermefrance.org\/wp-content\/uploads\/dallar13.jpg 450w\" sizes=\"(max-width: 375px) 100vw, 375px\" \/><\/a><\/figure>\n\n\n\n<figure class=\"wp-block-image size-large\"><a href=\"https:\/\/remembermefrance.org\/wp-content\/uploads\/dallar11.jpg\"><img decoding=\"async\" width=\"500\" height=\"386\" data-id=\"2854\" src=\"https:\/\/remembermefrance.org\/wp-content\/uploads\/dallar11-500x386.jpg\" alt=\"\" class=\"wp-image-2854\" srcset=\"https:\/\/remembermefrance.org\/wp-content\/uploads\/dallar11-500x386.jpg 500w, https:\/\/remembermefrance.org\/wp-content\/uploads\/dallar11-300x232.jpg 300w, https:\/\/remembermefrance.org\/wp-content\/uploads\/dallar11-360x278.jpg 360w, https:\/\/remembermefrance.org\/wp-content\/uploads\/dallar11.jpg 735w\" sizes=\"(max-width: 500px) 100vw, 500px\" \/><\/a><\/figure>\n\n\n\n<figure class=\"wp-block-image size-large\"><a href=\"https:\/\/remembermefrance.org\/wp-content\/uploads\/dallar11-1.jpg\"><img decoding=\"async\" width=\"372\" height=\"500\" data-id=\"2853\" src=\"https:\/\/remembermefrance.org\/wp-content\/uploads\/dallar11-1-372x500.jpg\" alt=\"\" class=\"wp-image-2853\" srcset=\"https:\/\/remembermefrance.org\/wp-content\/uploads\/dallar11-1-372x500.jpg 372w, https:\/\/remembermefrance.org\/wp-content\/uploads\/dallar11-1-223x300.jpg 223w, https:\/\/remembermefrance.org\/wp-content\/uploads\/dallar11-1-360x483.jpg 360w, https:\/\/remembermefrance.org\/wp-content\/uploads\/dallar11-1.jpg 621w\" sizes=\"(max-width: 372px) 100vw, 372px\" \/><\/a><\/figure>\n\n\n\n<figure class=\"wp-block-image size-large\"><a href=\"https:\/\/remembermefrance.org\/wp-content\/uploads\/dallar10.jpg\"><img decoding=\"async\" width=\"335\" height=\"500\" data-id=\"2852\" src=\"https:\/\/remembermefrance.org\/wp-content\/uploads\/dallar10-335x500.jpg\" alt=\"\" class=\"wp-image-2852\" srcset=\"https:\/\/remembermefrance.org\/wp-content\/uploads\/dallar10-335x500.jpg 335w, https:\/\/remembermefrance.org\/wp-content\/uploads\/dallar10-201x300.jpg 201w, https:\/\/remembermefrance.org\/wp-content\/uploads\/dallar10-360x537.jpg 360w, https:\/\/remembermefrance.org\/wp-content\/uploads\/dallar10.jpg 536w\" sizes=\"(max-width: 335px) 100vw, 335px\" \/><\/a><\/figure>\n\n\n\n<figure class=\"wp-block-image size-large\"><a href=\"https:\/\/remembermefrance.org\/wp-content\/uploads\/19238610.jpg\"><img decoding=\"async\" width=\"281\" height=\"500\" data-id=\"2851\" src=\"https:\/\/remembermefrance.org\/wp-content\/uploads\/19238610-281x500.jpg\" alt=\"\" class=\"wp-image-2851\" srcset=\"https:\/\/remembermefrance.org\/wp-content\/uploads\/19238610-281x500.jpg 281w, https:\/\/remembermefrance.org\/wp-content\/uploads\/19238610-169x300.jpg 169w, https:\/\/remembermefrance.org\/wp-content\/uploads\/19238610-768x1365.jpg 768w, https:\/\/remembermefrance.org\/wp-content\/uploads\/19238610-360x640.jpg 360w, https:\/\/remembermefrance.org\/wp-content\/uploads\/19238610.jpg 800w\" sizes=\"(max-width: 281px) 100vw, 281px\" \/><\/a><\/figure>\n<\/figure>\n\n\n\n<hr class=\"wp-block-separator has-css-opacity\"\/>\n\n\n\n<div class=\"wp-block-columns is-layout-flex wp-container-core-columns-is-layout-9d6595d7 wp-block-columns-is-layout-flex\">\n<div class=\"wp-block-column is-layout-flow wp-block-column-is-layout-flow\">\n<figure class=\"wp-block-embed is-type-video is-provider-youtube wp-block-embed-youtube wp-embed-aspect-16-9 wp-has-aspect-ratio\"><div class=\"wp-block-embed__wrapper\">\n<iframe title=\"Dallara Narco Viking\" width=\"843\" height=\"474\" src=\"https:\/\/www.youtube.com\/embed\/5m-aMkspX9A?feature=oembed\" frameborder=\"0\" allow=\"accelerometer; autoplay; clipboard-write; encrypted-media; gyroscope; picture-in-picture; web-share\" referrerpolicy=\"strict-origin-when-cross-origin\" allowfullscreen><\/iframe>\n<\/div><\/figure>\n\n\n\n<figure class=\"wp-block-embed is-type-video is-provider-youtube wp-block-embed-youtube wp-embed-aspect-16-9 wp-has-aspect-ratio\"><div class=\"wp-block-embed__wrapper\">\n<iframe title=\"GB8 - Juillet 2017  - RML\" width=\"843\" height=\"474\" src=\"https:\/\/www.youtube.com\/embed\/ivrWp8k6IKE?feature=oembed\" frameborder=\"0\" allow=\"accelerometer; autoplay; clipboard-write; encrypted-media; gyroscope; picture-in-picture; web-share\" referrerpolicy=\"strict-origin-when-cross-origin\" allowfullscreen><\/iframe>\n<\/div><\/figure>\n\n\n\n<figure class=\"wp-block-embed is-type-video is-provider-youtube wp-block-embed-youtube wp-embed-aspect-16-9 wp-has-aspect-ratio\"><div class=\"wp-block-embed__wrapper\">\n<iframe title=\"Viking Dallara Pacific Narco\" width=\"843\" height=\"474\" src=\"https:\/\/www.youtube.com\/embed\/Frp5XB9n9Rs?feature=oembed\" frameborder=\"0\" allow=\"accelerometer; autoplay; clipboard-write; encrypted-media; gyroscope; picture-in-picture; web-share\" referrerpolicy=\"strict-origin-when-cross-origin\" allowfullscreen><\/iframe>\n<\/div><\/figure>\n\n\n\n<figure class=\"wp-block-embed is-type-video is-provider-youtube wp-block-embed-youtube wp-embed-aspect-16-9 wp-has-aspect-ratio\"><div class=\"wp-block-embed__wrapper\">\n<iframe title=\"Narco Pacific Viking et Dallara\" width=\"843\" height=\"474\" src=\"https:\/\/www.youtube.com\/embed\/Xskt-Ga1t1s?feature=oembed\" frameborder=\"0\" allow=\"accelerometer; autoplay; clipboard-write; encrypted-media; gyroscope; picture-in-picture; web-share\" referrerpolicy=\"strict-origin-when-cross-origin\" allowfullscreen><\/iframe>\n<\/div><\/figure>\n<\/div>\n\n\n\n<div class=\"wp-block-column is-layout-flow wp-block-column-is-layout-flow\">\n<figure class=\"wp-block-embed is-type-video is-provider-youtube wp-block-embed-youtube wp-embed-aspect-16-9 wp-has-aspect-ratio\"><div class=\"wp-block-embed__wrapper\">\n<iframe title=\"VIKING DALLA PACIFIC\" width=\"843\" height=\"474\" src=\"https:\/\/www.youtube.com\/embed\/tID8tNBiH-s?feature=oembed\" frameborder=\"0\" allow=\"accelerometer; autoplay; clipboard-write; encrypted-media; gyroscope; picture-in-picture; web-share\" referrerpolicy=\"strict-origin-when-cross-origin\" allowfullscreen><\/iframe>\n<\/div><\/figure>\n\n\n\n<figure class=\"wp-block-embed is-type-video is-provider-youtube wp-block-embed-youtube wp-embed-aspect-16-9 wp-has-aspect-ratio\"><div class=\"wp-block-embed__wrapper\">\n<iframe title=\"Dallara   Narco   Pacific   Viking\" width=\"843\" height=\"474\" src=\"https:\/\/www.youtube.com\/embed\/6e2ZNijKxTk?feature=oembed\" frameborder=\"0\" allow=\"accelerometer; autoplay; clipboard-write; encrypted-media; gyroscope; picture-in-picture; web-share\" referrerpolicy=\"strict-origin-when-cross-origin\" allowfullscreen><\/iframe>\n<\/div><\/figure>\n\n\n\n<figure class=\"wp-block-embed is-type-video is-provider-youtube wp-block-embed-youtube wp-embed-aspect-16-9 wp-has-aspect-ratio\"><div class=\"wp-block-embed__wrapper\">\n<iframe title=\"VIKING NARCO DALLARA PACIFIC\" width=\"843\" height=\"474\" src=\"https:\/\/www.youtube.com\/embed\/uw66SlVii3A?feature=oembed\" frameborder=\"0\" allow=\"accelerometer; autoplay; clipboard-write; encrypted-media; gyroscope; picture-in-picture; web-share\" referrerpolicy=\"strict-origin-when-cross-origin\" allowfullscreen><\/iframe>\n<\/div><\/figure>\n\n\n\n<figure class=\"wp-block-embed is-type-video is-provider-youtube wp-block-embed-youtube wp-embed-aspect-16-9 wp-has-aspect-ratio\"><div class=\"wp-block-embed__wrapper\">\n<iframe title=\"Narco Pacific Viking et Dallara\" width=\"843\" height=\"474\" src=\"https:\/\/www.youtube.com\/embed\/wjG5bqdxjyc?feature=oembed\" frameborder=\"0\" allow=\"accelerometer; autoplay; clipboard-write; encrypted-media; gyroscope; picture-in-picture; web-share\" referrerpolicy=\"strict-origin-when-cross-origin\" allowfullscreen><\/iframe>\n<\/div><\/figure>\n<\/div>\n<\/div>\n\n\n\n<figure class=\"wp-block-embed is-type-video is-provider-youtube wp-block-embed-youtube wp-embed-aspect-4-3 wp-has-aspect-ratio\"><div class=\"wp-block-embed__wrapper\">\n<iframe title=\"DALLARA - REMEMBER ME\" width=\"843\" height=\"632\" src=\"https:\/\/www.youtube.com\/embed\/bsUIRRe4VDM?feature=oembed\" frameborder=\"0\" allow=\"accelerometer; autoplay; clipboard-write; encrypted-media; gyroscope; picture-in-picture; web-share\" referrerpolicy=\"strict-origin-when-cross-origin\" allowfullscreen><\/iframe>\n<\/div><\/figure>\n\n\n\n<figure class=\"wp-block-embed is-type-video is-provider-youtube wp-block-embed-youtube wp-embed-aspect-16-9 wp-has-aspect-ratio\"><div class=\"wp-block-embed__wrapper\">\n<iframe title=\"DALLARA et MONTANA - REMEMBER ME\" width=\"843\" height=\"474\" src=\"https:\/\/www.youtube.com\/embed\/jA8Tcz3nweU?feature=oembed\" frameborder=\"0\" allow=\"accelerometer; autoplay; clipboard-write; encrypted-media; gyroscope; picture-in-picture; web-share\" referrerpolicy=\"strict-origin-when-cross-origin\" allowfullscreen><\/iframe>\n<\/div><figcaption class=\"wp-element-caption\">Dallara et Montana commencent \u00e0 reprendre du poids<\/figcaption><\/figure>","protected":false},"excerpt":{"rendered":"<p>Female, born in 2015<br \/>\nAt our shelter since June 2017<\/p>","protected":false},"featured_media":103510,"template":"","breed":[27],"pet-color":[],"class_list":["post-2832","pets","type-pets","status-publish","has-post-thumbnail","hentry","breed-adulte-moyen"],"yoast_head":"<!-- This site is optimized with the Yoast SEO plugin v27.5 - https:\/\/yoast.com\/product\/yoast-seo-wordpress\/ -->\n<title>Dallara - Association RMF<\/title>\n<meta name=\"robots\" content=\"index, follow, max-snippet:-1, max-image-preview:large, max-video-preview:-1\" \/>\n<link rel=\"canonical\" href=\"https:\/\/remembermefrance.org\/en\/pets\/dallara\/\" \/>\n<meta property=\"og:locale\" content=\"en_GB\" \/>\n<meta property=\"og:type\" content=\"article\" \/>\n<meta property=\"og:title\" content=\"Dallara - Association RMF\" \/>\n<meta property=\"og:description\" content=\"Femelle, n\u00e9e environ en 2015 Au refuge depuis juin 2017\" \/>\n<meta property=\"og:url\" content=\"https:\/\/remembermefrance.org\/en\/pets\/dallara\/\" \/>\n<meta property=\"og:site_name\" content=\"Association RMF\" \/>\n<meta property=\"article:publisher\" content=\"https:\/\/www.facebook.com\/remembermefrance\" \/>\n<meta property=\"article:modified_time\" content=\"2026-04-21T12:25:43+00:00\" \/>\n<meta property=\"og:image\" content=\"https:\/\/remembermefrance.org\/wp-content\/uploads\/IMG_8388-e1776774339227.jpeg\" \/>\n\t<meta property=\"og:image:width\" content=\"640\" \/>\n\t<meta property=\"og:image:height\" content=\"640\" \/>\n\t<meta property=\"og:image:type\" content=\"image\/jpeg\" \/>\n<meta name=\"twitter:card\" content=\"summary_large_image\" \/>\n<meta name=\"twitter:label1\" content=\"Estimated reading time\" \/>\n\t<meta name=\"twitter:data1\" content=\"11 minutes\" \/>\n<script type=\"application\/ld+json\" class=\"yoast-schema-graph\">{\"@context\":\"https:\\\/\\\/schema.org\",\"@graph\":[{\"@type\":\"WebPage\",\"@id\":\"https:\\\/\\\/remembermefrance.org\\\/pets\\\/dallara\\\/\",\"url\":\"https:\\\/\\\/remembermefrance.org\\\/pets\\\/dallara\\\/\",\"name\":\"Dallara - Association RMF\",\"isPartOf\":{\"@id\":\"https:\\\/\\\/remembermefrance.org\\\/#website\"},\"primaryImageOfPage\":{\"@id\":\"https:\\\/\\\/remembermefrance.org\\\/pets\\\/dallara\\\/#primaryimage\"},\"image\":{\"@id\":\"https:\\\/\\\/remembermefrance.org\\\/pets\\\/dallara\\\/#primaryimage\"},\"thumbnailUrl\":\"https:\\\/\\\/remembermefrance.org\\\/wp-content\\\/uploads\\\/IMG_8388-e1776774339227.jpeg\",\"datePublished\":\"2024-09-24T06:32:00+00:00\",\"dateModified\":\"2026-04-21T12:25:43+00:00\",\"breadcrumb\":{\"@id\":\"https:\\\/\\\/remembermefrance.org\\\/pets\\\/dallara\\\/#breadcrumb\"},\"inLanguage\":\"en-GB\",\"potentialAction\":[{\"@type\":\"ReadAction\",\"target\":[\"https:\\\/\\\/remembermefrance.org\\\/pets\\\/dallara\\\/\"]}]},{\"@type\":\"ImageObject\",\"inLanguage\":\"en-GB\",\"@id\":\"https:\\\/\\\/remembermefrance.org\\\/pets\\\/dallara\\\/#primaryimage\",\"url\":\"https:\\\/\\\/remembermefrance.org\\\/wp-content\\\/uploads\\\/IMG_8388-e1776774339227.jpeg\",\"contentUrl\":\"https:\\\/\\\/remembermefrance.org\\\/wp-content\\\/uploads\\\/IMG_8388-e1776774339227.jpeg\",\"width\":640,\"height\":640},{\"@type\":\"BreadcrumbList\",\"@id\":\"https:\\\/\\\/remembermefrance.org\\\/pets\\\/dallara\\\/#breadcrumb\",\"itemListElement\":[{\"@type\":\"ListItem\",\"position\":1,\"name\":\"Accueil\",\"item\":\"https:\\\/\\\/remembermefrance.org\\\/\"},{\"@type\":\"ListItem\",\"position\":2,\"name\":\"Pets\",\"item\":\"https:\\\/\\\/remembermefrance.org\\\/pets\\\/\"},{\"@type\":\"ListItem\",\"position\":3,\"name\":\"Dallara\"}]},{\"@type\":\"WebSite\",\"@id\":\"https:\\\/\\\/remembermefrance.org\\\/#website\",\"url\":\"https:\\\/\\\/remembermefrance.org\\\/\",\"name\":\"Remember me France\",\"description\":\"Adopter un chien roumain\",\"publisher\":{\"@id\":\"https:\\\/\\\/remembermefrance.org\\\/#organization\"},\"potentialAction\":[{\"@type\":\"SearchAction\",\"target\":{\"@type\":\"EntryPoint\",\"urlTemplate\":\"https:\\\/\\\/remembermefrance.org\\\/?s={search_term_string}\"},\"query-input\":{\"@type\":\"PropertyValueSpecification\",\"valueRequired\":true,\"valueName\":\"search_term_string\"}}],\"inLanguage\":\"en-GB\"},{\"@type\":\"Organization\",\"@id\":\"https:\\\/\\\/remembermefrance.org\\\/#organization\",\"name\":\"Remember me\",\"url\":\"https:\\\/\\\/remembermefrance.org\\\/\",\"logo\":{\"@type\":\"ImageObject\",\"inLanguage\":\"en-GB\",\"@id\":\"https:\\\/\\\/remembermefrance.org\\\/#\\\/schema\\\/logo\\\/image\\\/\",\"url\":\"https:\\\/\\\/remembermefrance.org\\\/wp-content\\\/uploads\\\/logo-remember.png\",\"contentUrl\":\"https:\\\/\\\/remembermefrance.org\\\/wp-content\\\/uploads\\\/logo-remember.png\",\"width\":325,\"height\":60,\"caption\":\"Remember me\"},\"image\":{\"@id\":\"https:\\\/\\\/remembermefrance.org\\\/#\\\/schema\\\/logo\\\/image\\\/\"},\"sameAs\":[\"https:\\\/\\\/www.facebook.com\\\/remembermefrance\",\"https:\\\/\\\/www.instagram.com\\\/remembermefrance\\\/\"]}]}<\/script>\n<!-- \/ Yoast SEO plugin. -->","yoast_head_json":{"title":"Dallara - Association RMF","robots":{"index":"index","follow":"follow","max-snippet":"max-snippet:-1","max-image-preview":"max-image-preview:large","max-video-preview":"max-video-preview:-1"},"canonical":"https:\/\/remembermefrance.org\/en\/pets\/dallara\/","og_locale":"en_GB","og_type":"article","og_title":"Dallara - Association RMF","og_description":"Femelle, n\u00e9e environ en 2015 Au refuge depuis juin 2017","og_url":"https:\/\/remembermefrance.org\/en\/pets\/dallara\/","og_site_name":"Association RMF","article_publisher":"https:\/\/www.facebook.com\/remembermefrance","article_modified_time":"2026-04-21T12:25:43+00:00","og_image":[{"width":640,"height":640,"url":"https:\/\/remembermefrance.org\/wp-content\/uploads\/IMG_8388-e1776774339227.jpeg","type":"image\/jpeg"}],"twitter_card":"summary_large_image","twitter_misc":{"Estimated reading time":"11 minutes"},"schema":{"@context":"https:\/\/schema.org","@graph":[{"@type":"WebPage","@id":"https:\/\/remembermefrance.org\/pets\/dallara\/","url":"https:\/\/remembermefrance.org\/pets\/dallara\/","name":"Dallara - Association RMF","isPartOf":{"@id":"https:\/\/remembermefrance.org\/#website"},"primaryImageOfPage":{"@id":"https:\/\/remembermefrance.org\/pets\/dallara\/#primaryimage"},"image":{"@id":"https:\/\/remembermefrance.org\/pets\/dallara\/#primaryimage"},"thumbnailUrl":"https:\/\/remembermefrance.org\/wp-content\/uploads\/IMG_8388-e1776774339227.jpeg","datePublished":"2024-09-24T06:32:00+00:00","dateModified":"2026-04-21T12:25:43+00:00","breadcrumb":{"@id":"https:\/\/remembermefrance.org\/pets\/dallara\/#breadcrumb"},"inLanguage":"en-GB","potentialAction":[{"@type":"ReadAction","target":["https:\/\/remembermefrance.org\/pets\/dallara\/"]}]},{"@type":"ImageObject","inLanguage":"en-GB","@id":"https:\/\/remembermefrance.org\/pets\/dallara\/#primaryimage","url":"https:\/\/remembermefrance.org\/wp-content\/uploads\/IMG_8388-e1776774339227.jpeg","contentUrl":"https:\/\/remembermefrance.org\/wp-content\/uploads\/IMG_8388-e1776774339227.jpeg","width":640,"height":640},{"@type":"BreadcrumbList","@id":"https:\/\/remembermefrance.org\/pets\/dallara\/#breadcrumb","itemListElement":[{"@type":"ListItem","position":1,"name":"Accueil","item":"https:\/\/remembermefrance.org\/"},{"@type":"ListItem","position":2,"name":"Pets","item":"https:\/\/remembermefrance.org\/pets\/"},{"@type":"ListItem","position":3,"name":"Dallara"}]},{"@type":"WebSite","@id":"https:\/\/remembermefrance.org\/#website","url":"https:\/\/remembermefrance.org\/","name":"Remember me France","description":"Adopt a Romanian dog","publisher":{"@id":"https:\/\/remembermefrance.org\/#organization"},"potentialAction":[{"@type":"SearchAction","target":{"@type":"EntryPoint","urlTemplate":"https:\/\/remembermefrance.org\/?s={search_term_string}"},"query-input":{"@type":"PropertyValueSpecification","valueRequired":true,"valueName":"search_term_string"}}],"inLanguage":"en-GB"},{"@type":"Organization","@id":"https:\/\/remembermefrance.org\/#organization","name":"Remember me","url":"https:\/\/remembermefrance.org\/","logo":{"@type":"ImageObject","inLanguage":"en-GB","@id":"https:\/\/remembermefrance.org\/#\/schema\/logo\/image\/","url":"https:\/\/remembermefrance.org\/wp-content\/uploads\/logo-remember.png","contentUrl":"https:\/\/remembermefrance.org\/wp-content\/uploads\/logo-remember.png","width":325,"height":60,"caption":"Remember me"},"image":{"@id":"https:\/\/remembermefrance.org\/#\/schema\/logo\/image\/"},"sameAs":["https:\/\/www.facebook.com\/remembermefrance","https:\/\/www.instagram.com\/remembermefrance\/"]}]}},"_links":{"self":[{"href":"https:\/\/remembermefrance.org\/en\/wp-json\/wp\/v2\/pets\/2832","targetHints":{"allow":["GET"]}}],"collection":[{"href":"https:\/\/remembermefrance.org\/en\/wp-json\/wp\/v2\/pets"}],"about":[{"href":"https:\/\/remembermefrance.org\/en\/wp-json\/wp\/v2\/types\/pets"}],"wp:featuredmedia":[{"embeddable":true,"href":"https:\/\/remembermefrance.org\/en\/wp-json\/wp\/v2\/media\/103510"}],"wp:attachment":[{"href":"https:\/\/remembermefrance.org\/en\/wp-json\/wp\/v2\/media?parent=2832"}],"wp:term":[{"taxonomy":"breed","embeddable":true,"href":"https:\/\/remembermefrance.org\/en\/wp-json\/wp\/v2\/breed?post=2832"},{"taxonomy":"pet-color","embeddable":true,"href":"https:\/\/remembermefrance.org\/en\/wp-json\/wp\/v2\/pet-color?post=2832"}],"curies":[{"name":"wp","href":"https:\/\/api.w.org\/{rel}","templated":true}]}}