{"id":3357,"date":"2024-07-09T19:23:33","date_gmt":"2024-07-09T17:23:33","guid":{"rendered":"https:\/\/remembermefrance.org\/?post_type=pets&#038;p=3357"},"modified":"2026-03-23T10:37:42","modified_gmt":"2026-03-23T09:37:42","slug":"florentina","status":"publish","type":"pets","link":"https:\/\/remembermefrance.org\/en\/pets\/florentina\/","title":{"rendered":"Florentina"},"content":{"rendered":"<p><img decoding=\"async\" src=\"https:\/\/remembermefrance.org\/wp-content\/uploads\/balloons-1.png\" alt=\"\"> <img decoding=\"async\" width=\"50\" height=\"52\" class=\"wp-image-65987\" style=\"width: 50px;\" src=\"https:\/\/remembermefrance.org\/wp-content\/uploads\/Ballons.png\" alt=\"\" srcset=\"https:\/\/remembermefrance.org\/wp-content\/uploads\/Ballons.png 337w, https:\/\/remembermefrance.org\/wp-content\/uploads\/Ballons-289x300.png 289w, https:\/\/remembermefrance.org\/wp-content\/uploads\/Ballons-12x12.png 12w\" sizes=\"(max-width: 50px) 100vw, 50px\" \/><strong>Florentina est parrain\u00e9e par Myriam B. <\/strong><img decoding=\"async\" width=\"50\" height=\"52\" class=\"wp-image-65987\" style=\"width: 50px;\" src=\"https:\/\/remembermefrance.org\/wp-content\/uploads\/Ballons.png\" alt=\"\" srcset=\"https:\/\/remembermefrance.org\/wp-content\/uploads\/Ballons.png 337w, https:\/\/remembermefrance.org\/wp-content\/uploads\/Ballons-289x300.png 289w, https:\/\/remembermefrance.org\/wp-content\/uploads\/Ballons-12x12.png 12w\" sizes=\"(max-width: 50px) 100vw, 50px\" \/><\/p>\n\n\n\n<p class=\"has-text-align-left\"><strong>Age:<\/strong> : born in February 2015 (estimation)<br><strong>Color<\/strong> : chestnut brown - black<br><strong>Breed<\/strong> : mixed<br><strong>Size:<\/strong>&nbsp;medium (15 kg)<br><br><strong>Spayed<\/strong> : yes<br><strong>Vaccinated<\/strong> : yes<br><strong>Chipped<\/strong> : yes<\/p>\n\n\n\n<p><strong>Arrived at Remember Me Land<\/strong> : February 2020<\/p>\n\n\n\n<p class=\"has-text-align-left\"><strong>Good with<\/strong> : Cohabite avec les chiens de son box\/enclos (cela ne veut pas dire qu&rsquo;elle s&rsquo;entendra obligatoirement avec tous les canid\u00e9s ; chaque animal a ses t\u00eates et ses affinit\u00e9s). Ne pourra pas \u00eatre plac\u00e9e dans un foyer avec des enfants en bas-\u00e2ge. N&rsquo;\u00e9tant pas manipulable pour le moment, il nous est impossible d&rsquo;effectuer un test chat s\u00e9curitaire pour le f\u00e9lin.<\/p>\n\n\n\n<p><strong>Character<\/strong> : mars 2021: elle est tr\u00e8s timide, aboyeuse<br>f\u00e9vrier 2020: sociable<\/p>\n\n\n\n<p><strong>History<\/strong> : Attrap\u00e9e par les dogcatchers. <a href=\"https:\/\/remembermefrance.org\/en\/pets\/straciatella\/\">Straciatella<\/a>, Florentina et Canon viennent du m\u00eame endroit et ont eu le m\u00eame genre de vie jusqu&rsquo;\u00e0 maintenant : attach\u00e9s \u00e0 la cha\u00eene \u00e0 une niche<\/p>\n\n\n\n<p>Pour suivre son \u00e9volution : <a href=\"https:\/\/remembermefrance.forumactif.org\/t8825-florentina-de-5-ans-de-box-femelle-de-taille-moyenne-nee-environ-environ-fevrier-2015-remember-me-land?highlight=Florentina\">voir sur le forum<\/a><\/p>\n\n\n\n<p><strong>Frais d&rsquo;adoption r\u00e9duits<\/strong> : 200 \u20ac <br><a href=\"https:\/\/remembermefrance.org\/index.php\/adopter\/procedure-dadoption#lesfrais\">Click here<\/a> pour plus d&rsquo;infos sur les frais<\/p>\n\n\n<div class=\"wp-block-button button1\"><a class=\"wp-block-button__link\" href=\"https:\/\/remembermefrance.org\/wp-content\/uploads\/2020\/05\/formulaire_rmf.docx\">T\u00e9l\u00e9chargez le formulaire d&rsquo;adoption<\/a><\/div>\n\n\n<hr class=\"wp-block-separator has-css-opacity\"\/>\n\n\n\n<figure class=\"wp-block-gallery has-nested-images columns-default is-cropped wp-block-gallery-1 is-layout-flex wp-block-gallery-is-layout-flex\">\n<figure class=\"wp-block-image size-large\"><a href=\"https:\/\/remembermefrance.org\/wp-content\/uploads\/IMG_4153.jpeg\"><img decoding=\"async\" width=\"375\" height=\"500\" data-id=\"94969\" src=\"https:\/\/remembermefrance.org\/wp-content\/uploads\/IMG_4153-375x500.jpeg\" alt=\"\" class=\"wp-image-94969\" srcset=\"https:\/\/remembermefrance.org\/wp-content\/uploads\/IMG_4153-375x500.jpeg 375w, https:\/\/remembermefrance.org\/wp-content\/uploads\/IMG_4153-225x300.jpeg 225w, https:\/\/remembermefrance.org\/wp-content\/uploads\/IMG_4153-9x12.jpeg 9w, https:\/\/remembermefrance.org\/wp-content\/uploads\/IMG_4153-360x480.jpeg 360w, https:\/\/remembermefrance.org\/wp-content\/uploads\/IMG_4153.jpeg 640w\" sizes=\"(max-width: 375px) 100vw, 375px\" \/><\/a><figcaption class=\"wp-element-caption\">30 novembre 2025<\/figcaption><\/figure>\n\n\n\n<figure class=\"wp-block-image size-large\"><a href=\"https:\/\/remembermefrance.org\/wp-content\/uploads\/IMG_4154.jpeg\"><img decoding=\"async\" width=\"360\" height=\"480\" data-id=\"94968\" src=\"https:\/\/remembermefrance.org\/wp-content\/uploads\/IMG_4154.jpeg\" alt=\"\" class=\"wp-image-94968\" srcset=\"https:\/\/remembermefrance.org\/wp-content\/uploads\/IMG_4154.jpeg 360w, https:\/\/remembermefrance.org\/wp-content\/uploads\/IMG_4154-225x300.jpeg 225w, https:\/\/remembermefrance.org\/wp-content\/uploads\/IMG_4154-9x12.jpeg 9w\" sizes=\"(max-width: 360px) 100vw, 360px\" \/><\/a><figcaption class=\"wp-element-caption\">30 novembre 2025<\/figcaption><\/figure>\n\n\n\n<figure class=\"wp-block-image size-large\"><a href=\"https:\/\/remembermefrance.org\/wp-content\/uploads\/IMG_4156.jpeg\"><img decoding=\"async\" width=\"360\" height=\"480\" data-id=\"94967\" src=\"https:\/\/remembermefrance.org\/wp-content\/uploads\/IMG_4156.jpeg\" alt=\"\" class=\"wp-image-94967\" srcset=\"https:\/\/remembermefrance.org\/wp-content\/uploads\/IMG_4156.jpeg 360w, https:\/\/remembermefrance.org\/wp-content\/uploads\/IMG_4156-225x300.jpeg 225w, https:\/\/remembermefrance.org\/wp-content\/uploads\/IMG_4156-9x12.jpeg 9w\" sizes=\"(max-width: 360px) 100vw, 360px\" \/><\/a><figcaption class=\"wp-element-caption\">30 novembre 2025<\/figcaption><\/figure>\n\n\n\n<figure class=\"wp-block-image size-large\"><a href=\"https:\/\/remembermefrance.org\/wp-content\/uploads\/IMG_4157.jpeg\"><img decoding=\"async\" width=\"360\" height=\"480\" data-id=\"94966\" src=\"https:\/\/remembermefrance.org\/wp-content\/uploads\/IMG_4157.jpeg\" alt=\"\" class=\"wp-image-94966\" srcset=\"https:\/\/remembermefrance.org\/wp-content\/uploads\/IMG_4157.jpeg 360w, https:\/\/remembermefrance.org\/wp-content\/uploads\/IMG_4157-225x300.jpeg 225w, https:\/\/remembermefrance.org\/wp-content\/uploads\/IMG_4157-9x12.jpeg 9w\" sizes=\"(max-width: 360px) 100vw, 360px\" \/><\/a><figcaption class=\"wp-element-caption\">30 novembre 2025<\/figcaption><\/figure>\n\n\n\n<figure class=\"wp-block-image size-large\"><a href=\"https:\/\/remembermefrance.org\/wp-content\/uploads\/Florentina1.jpg\"><img decoding=\"async\" width=\"375\" height=\"500\" data-id=\"86405\" src=\"https:\/\/remembermefrance.org\/wp-content\/uploads\/Florentina1-375x500.jpg\" alt=\"\" class=\"wp-image-86405\" srcset=\"https:\/\/remembermefrance.org\/wp-content\/uploads\/Florentina1-375x500.jpg 375w, https:\/\/remembermefrance.org\/wp-content\/uploads\/Florentina1-225x300.jpg 225w, https:\/\/remembermefrance.org\/wp-content\/uploads\/Florentina1-9x12.jpg 9w, https:\/\/remembermefrance.org\/wp-content\/uploads\/Florentina1-360x480.jpg 360w, https:\/\/remembermefrance.org\/wp-content\/uploads\/Florentina1.jpg 640w\" sizes=\"(max-width: 375px) 100vw, 375px\" \/><\/a><figcaption class=\"wp-element-caption\">juin 2025<\/figcaption><\/figure>\n\n\n\n<figure class=\"wp-block-image size-large\"><a href=\"https:\/\/remembermefrance.org\/wp-content\/uploads\/Florentina2.jpg\"><img decoding=\"async\" width=\"375\" height=\"500\" data-id=\"86404\" src=\"https:\/\/remembermefrance.org\/wp-content\/uploads\/Florentina2-375x500.jpg\" alt=\"\" class=\"wp-image-86404\" srcset=\"https:\/\/remembermefrance.org\/wp-content\/uploads\/Florentina2-375x500.jpg 375w, https:\/\/remembermefrance.org\/wp-content\/uploads\/Florentina2-225x300.jpg 225w, https:\/\/remembermefrance.org\/wp-content\/uploads\/Florentina2-9x12.jpg 9w, https:\/\/remembermefrance.org\/wp-content\/uploads\/Florentina2-360x480.jpg 360w, https:\/\/remembermefrance.org\/wp-content\/uploads\/Florentina2.jpg 640w\" sizes=\"(max-width: 375px) 100vw, 375px\" \/><\/a><figcaption class=\"wp-element-caption\">juin 2025<\/figcaption><\/figure>\n\n\n\n<figure class=\"wp-block-image size-large\"><a href=\"https:\/\/remembermefrance.org\/wp-content\/uploads\/Florentina3.jpg\"><img decoding=\"async\" width=\"360\" height=\"480\" data-id=\"86403\" src=\"https:\/\/remembermefrance.org\/wp-content\/uploads\/Florentina3.jpg\" alt=\"\" class=\"wp-image-86403\" srcset=\"https:\/\/remembermefrance.org\/wp-content\/uploads\/Florentina3.jpg 360w, https:\/\/remembermefrance.org\/wp-content\/uploads\/Florentina3-225x300.jpg 225w, https:\/\/remembermefrance.org\/wp-content\/uploads\/Florentina3-9x12.jpg 9w\" sizes=\"(max-width: 360px) 100vw, 360px\" \/><\/a><figcaption class=\"wp-element-caption\">juin 2025<\/figcaption><\/figure>\n\n\n\n<figure class=\"wp-block-image size-large\"><a href=\"https:\/\/remembermefrance.org\/wp-content\/uploads\/Florentina4.jpg\"><img decoding=\"async\" width=\"360\" height=\"480\" data-id=\"86402\" src=\"https:\/\/remembermefrance.org\/wp-content\/uploads\/Florentina4.jpg\" alt=\"\" class=\"wp-image-86402\" srcset=\"https:\/\/remembermefrance.org\/wp-content\/uploads\/Florentina4.jpg 360w, https:\/\/remembermefrance.org\/wp-content\/uploads\/Florentina4-225x300.jpg 225w, https:\/\/remembermefrance.org\/wp-content\/uploads\/Florentina4-9x12.jpg 9w\" sizes=\"(max-width: 360px) 100vw, 360px\" \/><\/a><figcaption class=\"wp-element-caption\">juin 2025<\/figcaption><\/figure>\n\n\n\n<figure class=\"wp-block-image size-large\"><a href=\"https:\/\/remembermefrance.org\/wp-content\/uploads\/floren14-1.jpg\"><img decoding=\"async\" width=\"360\" height=\"480\" data-id=\"76730\" src=\"https:\/\/remembermefrance.org\/wp-content\/uploads\/floren14-1.jpg\" alt=\"\" class=\"wp-image-76730\" srcset=\"https:\/\/remembermefrance.org\/wp-content\/uploads\/floren14-1.jpg 360w, https:\/\/remembermefrance.org\/wp-content\/uploads\/floren14-1-225x300.jpg 225w, https:\/\/remembermefrance.org\/wp-content\/uploads\/floren14-1-9x12.jpg 9w\" sizes=\"(max-width: 360px) 100vw, 360px\" \/><\/a><figcaption class=\"wp-element-caption\">Juillet 2024<\/figcaption><\/figure>\n\n\n\n<figure class=\"wp-block-image size-large\"><a href=\"https:\/\/remembermefrance.org\/wp-content\/uploads\/floren12-2.jpg\"><img decoding=\"async\" data-id=\"76729\" src=\"https:\/\/remembermefrance.org\/wp-content\/uploads\/floren12-2.jpg\" alt=\"\" class=\"wp-image-76729\"\/><\/a><figcaption class=\"wp-element-caption\">Juillet 2024<\/figcaption><\/figure>\n\n\n\n<figure class=\"wp-block-image size-large\"><a href=\"https:\/\/remembermefrance.org\/wp-content\/uploads\/floren27-1.jpg\"><img decoding=\"async\" data-id=\"70063\" src=\"https:\/\/remembermefrance.org\/wp-content\/uploads\/floren27-1-375x500.jpg\" alt=\"\" class=\"wp-image-70063\"\/><\/a><figcaption class=\"wp-element-caption\">D\u00e9cembre 2023<\/figcaption><\/figure>\n\n\n\n<figure class=\"wp-block-image size-large\"><a href=\"https:\/\/remembermefrance.org\/wp-content\/uploads\/floren29.jpg\"><img decoding=\"async\" width=\"360\" height=\"480\" data-id=\"70062\" src=\"https:\/\/remembermefrance.org\/wp-content\/uploads\/floren29.jpg\" alt=\"\" class=\"wp-image-70062\" srcset=\"https:\/\/remembermefrance.org\/wp-content\/uploads\/floren29.jpg 360w, https:\/\/remembermefrance.org\/wp-content\/uploads\/floren29-225x300.jpg 225w, https:\/\/remembermefrance.org\/wp-content\/uploads\/floren29-9x12.jpg 9w\" sizes=\"(max-width: 360px) 100vw, 360px\" \/><\/a><figcaption class=\"wp-element-caption\">D\u00e9cembre 2023<\/figcaption><\/figure>\n\n\n\n<figure class=\"wp-block-image size-large\"><a href=\"https:\/\/remembermefrance.org\/wp-content\/uploads\/floren25.jpg\"><img decoding=\"async\" width=\"364\" height=\"500\" data-id=\"65505\" src=\"https:\/\/remembermefrance.org\/wp-content\/uploads\/floren25-364x500.jpg\" alt=\"\" class=\"wp-image-65505\" srcset=\"https:\/\/remembermefrance.org\/wp-content\/uploads\/floren25-364x500.jpg 364w, https:\/\/remembermefrance.org\/wp-content\/uploads\/floren25-219x300.jpg 219w, https:\/\/remembermefrance.org\/wp-content\/uploads\/floren25-9x12.jpg 9w, https:\/\/remembermefrance.org\/wp-content\/uploads\/floren25-360x494.jpg 360w, https:\/\/remembermefrance.org\/wp-content\/uploads\/floren25.jpg 640w\" sizes=\"(max-width: 364px) 100vw, 364px\" \/><\/a><figcaption class=\"wp-element-caption\">Ao\u00fbt 2023<\/figcaption><\/figure>\n\n\n\n<figure class=\"wp-block-image size-large\"><a href=\"https:\/\/remembermefrance.org\/wp-content\/uploads\/floren20-e1691949061883.jpg\"><img decoding=\"async\" width=\"500\" height=\"500\" data-id=\"65504\" src=\"https:\/\/remembermefrance.org\/wp-content\/uploads\/floren20-e1691949061883-500x500.jpg\" alt=\"\" class=\"wp-image-65504\" srcset=\"https:\/\/remembermefrance.org\/wp-content\/uploads\/floren20-e1691949061883-500x500.jpg 500w, https:\/\/remembermefrance.org\/wp-content\/uploads\/floren20-e1691949061883-100x100.jpg 100w, https:\/\/remembermefrance.org\/wp-content\/uploads\/floren20-e1691949061883-300x300.jpg 300w, https:\/\/remembermefrance.org\/wp-content\/uploads\/floren20-e1691949061883-150x150.jpg 150w, https:\/\/remembermefrance.org\/wp-content\/uploads\/floren20-e1691949061883-12x12.jpg 12w, https:\/\/remembermefrance.org\/wp-content\/uploads\/floren20-e1691949061883-360x360.jpg 360w, https:\/\/remembermefrance.org\/wp-content\/uploads\/floren20-e1691949061883.jpg 640w\" sizes=\"(max-width: 500px) 100vw, 500px\" \/><\/a><figcaption class=\"wp-element-caption\">Ao\u00fbt 2023<\/figcaption><\/figure>\n\n\n\n<figure class=\"wp-block-image size-large\"><a href=\"https:\/\/remembermefrance.org\/wp-content\/uploads\/floren19.jpg\"><img decoding=\"async\" width=\"365\" height=\"500\" data-id=\"65503\" src=\"https:\/\/remembermefrance.org\/wp-content\/uploads\/floren19-365x500.jpg\" alt=\"\" class=\"wp-image-65503\" srcset=\"https:\/\/remembermefrance.org\/wp-content\/uploads\/floren19-365x500.jpg 365w, https:\/\/remembermefrance.org\/wp-content\/uploads\/floren19-219x300.jpg 219w, https:\/\/remembermefrance.org\/wp-content\/uploads\/floren19-9x12.jpg 9w, https:\/\/remembermefrance.org\/wp-content\/uploads\/floren19-360x493.jpg 360w, https:\/\/remembermefrance.org\/wp-content\/uploads\/floren19.jpg 640w\" sizes=\"(max-width: 365px) 100vw, 365px\" \/><\/a><figcaption class=\"wp-element-caption\">Ao\u00fbt 2023<\/figcaption><\/figure>\n\n\n\n<figure class=\"wp-block-image size-large\"><a href=\"https:\/\/remembermefrance.org\/wp-content\/uploads\/ed4b1018-e1675504475377.jpeg\"><img decoding=\"async\" width=\"500\" height=\"500\" data-id=\"55732\" src=\"https:\/\/remembermefrance.org\/wp-content\/uploads\/ed4b1018-e1675504475377-500x500.jpeg\" alt=\"\" class=\"wp-image-55732\" srcset=\"https:\/\/remembermefrance.org\/wp-content\/uploads\/ed4b1018-e1675504475377-500x500.jpeg 500w, https:\/\/remembermefrance.org\/wp-content\/uploads\/ed4b1018-e1675504475377-100x100.jpeg 100w, https:\/\/remembermefrance.org\/wp-content\/uploads\/ed4b1018-e1675504475377-300x300.jpeg 300w, https:\/\/remembermefrance.org\/wp-content\/uploads\/ed4b1018-e1675504475377-150x150.jpeg 150w, https:\/\/remembermefrance.org\/wp-content\/uploads\/ed4b1018-e1675504475377-12x12.jpeg 12w, https:\/\/remembermefrance.org\/wp-content\/uploads\/ed4b1018-e1675504475377-360x360.jpeg 360w, https:\/\/remembermefrance.org\/wp-content\/uploads\/ed4b1018-e1675504475377.jpeg 683w\" sizes=\"(max-width: 500px) 100vw, 500px\" \/><\/a><figcaption class=\"wp-element-caption\">F\u00e9vrier 2023<\/figcaption><\/figure>\n\n\n\n<figure class=\"wp-block-image size-large\"><a href=\"https:\/\/remembermefrance.org\/wp-content\/uploads\/a-2-e1668968159748.png\"><img decoding=\"async\" width=\"500\" height=\"500\" data-id=\"50810\" src=\"https:\/\/remembermefrance.org\/wp-content\/uploads\/a-2-e1668968159748-500x500.png\" alt=\"\" class=\"wp-image-50810\" srcset=\"https:\/\/remembermefrance.org\/wp-content\/uploads\/a-2-e1668968159748-500x500.png 500w, https:\/\/remembermefrance.org\/wp-content\/uploads\/a-2-e1668968159748-100x100.png 100w, https:\/\/remembermefrance.org\/wp-content\/uploads\/a-2-e1668968159748-300x300.png 300w, https:\/\/remembermefrance.org\/wp-content\/uploads\/a-2-e1668968159748-150x150.png 150w, https:\/\/remembermefrance.org\/wp-content\/uploads\/a-2-e1668968159748-12x12.png 12w, https:\/\/remembermefrance.org\/wp-content\/uploads\/a-2-e1668968159748-360x360.png 360w, https:\/\/remembermefrance.org\/wp-content\/uploads\/a-2-e1668968159748.png 656w\" sizes=\"(max-width: 500px) 100vw, 500px\" \/><\/a><figcaption class=\"wp-element-caption\">Novembre 2022<\/figcaption><\/figure>\n\n\n\n<figure class=\"wp-block-image size-large\"><a href=\"https:\/\/remembermefrance.org\/wp-content\/uploads\/floren16.jpeg\"><img decoding=\"async\" width=\"360\" height=\"480\" data-id=\"50809\" src=\"https:\/\/remembermefrance.org\/wp-content\/uploads\/floren16.jpeg\" alt=\"\" class=\"wp-image-50809\" srcset=\"https:\/\/remembermefrance.org\/wp-content\/uploads\/floren16.jpeg 360w, https:\/\/remembermefrance.org\/wp-content\/uploads\/floren16-225x300.jpeg 225w, https:\/\/remembermefrance.org\/wp-content\/uploads\/floren16-9x12.jpeg 9w\" sizes=\"(max-width: 360px) 100vw, 360px\" \/><\/a><figcaption class=\"wp-element-caption\">Novembre 2022<\/figcaption><\/figure>\n\n\n\n<figure class=\"wp-block-image size-large\"><a href=\"https:\/\/remembermefrance.org\/wp-content\/uploads\/Sans-titref-e1659216206918.png\"><img decoding=\"async\" width=\"650\" height=\"650\" data-id=\"43785\" src=\"https:\/\/remembermefrance.org\/wp-content\/uploads\/Sans-titref-e1659216206918.png\" alt=\"\" class=\"wp-image-43785\" srcset=\"https:\/\/remembermefrance.org\/wp-content\/uploads\/Sans-titref-e1659216206918.png 650w, https:\/\/remembermefrance.org\/wp-content\/uploads\/Sans-titref-e1659216206918-100x100.png 100w, https:\/\/remembermefrance.org\/wp-content\/uploads\/Sans-titref-e1659216206918-300x300.png 300w, https:\/\/remembermefrance.org\/wp-content\/uploads\/Sans-titref-e1659216206918-500x500.png 500w, https:\/\/remembermefrance.org\/wp-content\/uploads\/Sans-titref-e1659216206918-150x150.png 150w, https:\/\/remembermefrance.org\/wp-content\/uploads\/Sans-titref-e1659216206918-12x12.png 12w, https:\/\/remembermefrance.org\/wp-content\/uploads\/Sans-titref-e1659216206918-360x360.png 360w\" sizes=\"(max-width: 650px) 100vw, 650px\" \/><\/a><figcaption class=\"wp-element-caption\">Juillet 2022<\/figcaption><\/figure>\n\n\n\n<figure class=\"wp-block-image size-large\"><a href=\"https:\/\/remembermefrance.org\/wp-content\/uploads\/floren13.jpg\"><img decoding=\"async\" width=\"360\" height=\"480\" data-id=\"43782\" src=\"https:\/\/remembermefrance.org\/wp-content\/uploads\/floren13.jpg\" alt=\"\" class=\"wp-image-43782\" srcset=\"https:\/\/remembermefrance.org\/wp-content\/uploads\/floren13.jpg 360w, https:\/\/remembermefrance.org\/wp-content\/uploads\/floren13-225x300.jpg 225w, https:\/\/remembermefrance.org\/wp-content\/uploads\/floren13-9x12.jpg 9w\" sizes=\"(max-width: 360px) 100vw, 360px\" \/><\/a><figcaption class=\"wp-element-caption\">Juillet 2022<\/figcaption><\/figure>\n\n\n\n<figure class=\"wp-block-image size-large\"><a href=\"https:\/\/remembermefrance.org\/wp-content\/uploads\/floren13-1-e1652785230221.jpg\"><img decoding=\"async\" width=\"450\" height=\"450\" data-id=\"38733\" src=\"https:\/\/remembermefrance.org\/wp-content\/uploads\/floren13-1-e1652785230221.jpg\" alt=\"\" class=\"wp-image-38733\" srcset=\"https:\/\/remembermefrance.org\/wp-content\/uploads\/floren13-1-e1652785230221.jpg 450w, https:\/\/remembermefrance.org\/wp-content\/uploads\/floren13-1-e1652785230221-100x100.jpg 100w, https:\/\/remembermefrance.org\/wp-content\/uploads\/floren13-1-e1652785230221-300x300.jpg 300w, https:\/\/remembermefrance.org\/wp-content\/uploads\/floren13-1-e1652785230221-150x150.jpg 150w, https:\/\/remembermefrance.org\/wp-content\/uploads\/floren13-1-e1652785230221-12x12.jpg 12w, https:\/\/remembermefrance.org\/wp-content\/uploads\/floren13-1-e1652785230221-360x360.jpg 360w\" sizes=\"(max-width: 450px) 100vw, 450px\" \/><\/a><figcaption class=\"wp-element-caption\">Mai 2022<\/figcaption><\/figure>\n\n\n\n<figure class=\"wp-block-image size-large\"><a href=\"https:\/\/remembermefrance.org\/wp-content\/uploads\/floren11.jpg\"><img decoding=\"async\" width=\"450\" height=\"600\" data-id=\"38732\" src=\"https:\/\/remembermefrance.org\/wp-content\/uploads\/floren11.jpg\" alt=\"\" class=\"wp-image-38732\" srcset=\"https:\/\/remembermefrance.org\/wp-content\/uploads\/floren11.jpg 450w, https:\/\/remembermefrance.org\/wp-content\/uploads\/floren11-225x300.jpg 225w, https:\/\/remembermefrance.org\/wp-content\/uploads\/floren11-375x500.jpg 375w, https:\/\/remembermefrance.org\/wp-content\/uploads\/floren11-9x12.jpg 9w, https:\/\/remembermefrance.org\/wp-content\/uploads\/floren11-360x480.jpg 360w\" sizes=\"(max-width: 450px) 100vw, 450px\" \/><\/a><figcaption class=\"wp-element-caption\">Mai 2022<\/figcaption><\/figure>\n\n\n\n<figure class=\"wp-block-image size-large\"><a href=\"https:\/\/remembermefrance.org\/wp-content\/uploads\/floren36-1.jpg\"><img decoding=\"async\" width=\"576\" height=\"768\" data-id=\"30653\" src=\"https:\/\/remembermefrance.org\/wp-content\/uploads\/floren36-1.jpg\" alt=\"\" class=\"wp-image-30653\" srcset=\"https:\/\/remembermefrance.org\/wp-content\/uploads\/floren36-1.jpg 576w, https:\/\/remembermefrance.org\/wp-content\/uploads\/floren36-1-225x300.jpg 225w, https:\/\/remembermefrance.org\/wp-content\/uploads\/floren36-1-375x500.jpg 375w, https:\/\/remembermefrance.org\/wp-content\/uploads\/floren36-1-9x12.jpg 9w, https:\/\/remembermefrance.org\/wp-content\/uploads\/floren36-1-360x480.jpg 360w\" sizes=\"(max-width: 576px) 100vw, 576px\" \/><\/a><figcaption class=\"wp-element-caption\">janvier 2022<\/figcaption><\/figure>\n\n\n\n<figure class=\"wp-block-image size-large\"><a href=\"https:\/\/remembermefrance.org\/wp-content\/uploads\/floren33-1.jpg\"><img decoding=\"async\" width=\"355\" height=\"500\" data-id=\"27212\" src=\"https:\/\/remembermefrance.org\/wp-content\/uploads\/floren33-1-355x500.jpg\" alt=\"\" class=\"wp-image-27212\" srcset=\"https:\/\/remembermefrance.org\/wp-content\/uploads\/floren33-1-355x500.jpg 355w, https:\/\/remembermefrance.org\/wp-content\/uploads\/floren33-1-213x300.jpg 213w, https:\/\/remembermefrance.org\/wp-content\/uploads\/floren33-1-768x1082.jpg 768w, https:\/\/remembermefrance.org\/wp-content\/uploads\/floren33-1-9x12.jpg 9w, https:\/\/remembermefrance.org\/wp-content\/uploads\/floren33-1-360x507.jpg 360w, https:\/\/remembermefrance.org\/wp-content\/uploads\/floren33-1.jpg 1024w\" sizes=\"(max-width: 355px) 100vw, 355px\" \/><\/a><figcaption class=\"wp-element-caption\">novembre 2021<\/figcaption><\/figure>\n\n\n\n<figure class=\"wp-block-image size-large\"><a href=\"https:\/\/remembermefrance.org\/wp-content\/uploads\/floren31.jpg\"><img decoding=\"async\" width=\"500\" height=\"375\" data-id=\"26034\" src=\"https:\/\/remembermefrance.org\/wp-content\/uploads\/floren31-500x375.jpg\" alt=\"\" class=\"wp-image-26034\" srcset=\"https:\/\/remembermefrance.org\/wp-content\/uploads\/floren31-500x375.jpg 500w, https:\/\/remembermefrance.org\/wp-content\/uploads\/floren31-300x225.jpg 300w, https:\/\/remembermefrance.org\/wp-content\/uploads\/floren31-768x576.jpg 768w, https:\/\/remembermefrance.org\/wp-content\/uploads\/floren31-16x12.jpg 16w, https:\/\/remembermefrance.org\/wp-content\/uploads\/floren31-360x270.jpg 360w, https:\/\/remembermefrance.org\/wp-content\/uploads\/floren31.jpg 1024w\" sizes=\"(max-width: 500px) 100vw, 500px\" \/><\/a><figcaption class=\"wp-element-caption\">octobre 2021<\/figcaption><\/figure>\n\n\n\n<figure class=\"wp-block-image size-large\"><a href=\"https:\/\/remembermefrance.org\/wp-content\/uploads\/floren24.jpg\"><img decoding=\"async\" width=\"375\" height=\"500\" data-id=\"21654\" src=\"https:\/\/remembermefrance.org\/wp-content\/uploads\/floren24-375x500.jpg\" alt=\"\" class=\"wp-image-21654\" srcset=\"https:\/\/remembermefrance.org\/wp-content\/uploads\/floren24-375x500.jpg 375w, https:\/\/remembermefrance.org\/wp-content\/uploads\/floren24-225x300.jpg 225w, https:\/\/remembermefrance.org\/wp-content\/uploads\/floren24-9x12.jpg 9w, https:\/\/remembermefrance.org\/wp-content\/uploads\/floren24-360x480.jpg 360w, https:\/\/remembermefrance.org\/wp-content\/uploads\/floren24.jpg 576w\" sizes=\"(max-width: 375px) 100vw, 375px\" \/><\/a><figcaption class=\"wp-element-caption\">ao\u00fbt 2021<\/figcaption><\/figure>\n\n\n\n<figure class=\"wp-block-image size-large\"><a href=\"https:\/\/remembermefrance.org\/wp-content\/uploads\/floren16.jpg\"><img decoding=\"async\" width=\"375\" height=\"500\" data-id=\"10725\" src=\"https:\/\/remembermefrance.org\/wp-content\/uploads\/floren16-375x500.jpg\" alt=\"\" class=\"wp-image-10725\" srcset=\"https:\/\/remembermefrance.org\/wp-content\/uploads\/floren16-375x500.jpg 375w, https:\/\/remembermefrance.org\/wp-content\/uploads\/floren16-225x300.jpg 225w, https:\/\/remembermefrance.org\/wp-content\/uploads\/floren16-360x480.jpg 360w, https:\/\/remembermefrance.org\/wp-content\/uploads\/floren16.jpg 576w\" sizes=\"(max-width: 375px) 100vw, 375px\" \/><\/a><\/figure>\n\n\n\n<figure class=\"wp-block-image size-large\"><a href=\"https:\/\/remembermefrance.org\/wp-content\/uploads\/floren14.jpg\"><img decoding=\"async\" width=\"375\" height=\"500\" data-id=\"10724\" src=\"https:\/\/remembermefrance.org\/wp-content\/uploads\/floren14-375x500.jpg\" alt=\"\" class=\"wp-image-10724\" srcset=\"https:\/\/remembermefrance.org\/wp-content\/uploads\/floren14-375x500.jpg 375w, https:\/\/remembermefrance.org\/wp-content\/uploads\/floren14-225x300.jpg 225w, https:\/\/remembermefrance.org\/wp-content\/uploads\/floren14-360x480.jpg 360w, https:\/\/remembermefrance.org\/wp-content\/uploads\/floren14.jpg 576w\" sizes=\"(max-width: 375px) 100vw, 375px\" \/><\/a><\/figure>\n\n\n\n<figure class=\"wp-block-image size-large\"><a href=\"https:\/\/remembermefrance.org\/wp-content\/uploads\/floren12-1.jpg\"><img decoding=\"async\" width=\"375\" height=\"500\" data-id=\"9367\" src=\"https:\/\/remembermefrance.org\/wp-content\/uploads\/floren12-1-375x500.jpg\" alt=\"\" class=\"wp-image-9367\" srcset=\"https:\/\/remembermefrance.org\/wp-content\/uploads\/floren12-1-375x500.jpg 375w, https:\/\/remembermefrance.org\/wp-content\/uploads\/floren12-1-225x300.jpg 225w, https:\/\/remembermefrance.org\/wp-content\/uploads\/floren12-1-360x480.jpg 360w, https:\/\/remembermefrance.org\/wp-content\/uploads\/floren12-1.jpg 576w\" sizes=\"(max-width: 375px) 100vw, 375px\" \/><\/a><\/figure>\n\n\n\n<figure class=\"wp-block-image size-large\"><a href=\"https:\/\/remembermefrance.org\/wp-content\/uploads\/floren10.jpg\"><img decoding=\"async\" width=\"375\" height=\"500\" data-id=\"9365\" src=\"https:\/\/remembermefrance.org\/wp-content\/uploads\/floren10-375x500.jpg\" alt=\"\" class=\"wp-image-9365\" srcset=\"https:\/\/remembermefrance.org\/wp-content\/uploads\/floren10-375x500.jpg 375w, https:\/\/remembermefrance.org\/wp-content\/uploads\/floren10-225x300.jpg 225w, https:\/\/remembermefrance.org\/wp-content\/uploads\/floren10-360x480.jpg 360w, https:\/\/remembermefrance.org\/wp-content\/uploads\/floren10.jpg 576w\" sizes=\"(max-width: 375px) 100vw, 375px\" \/><\/a><\/figure>\n\n\n\n<figure class=\"wp-block-image size-large\"><a href=\"https:\/\/remembermefrance.org\/wp-content\/uploads\/floren40.jpg\"><img decoding=\"async\" width=\"375\" height=\"500\" data-id=\"3383\" src=\"https:\/\/remembermefrance.org\/wp-content\/uploads\/floren40-375x500.jpg\" alt=\"\" class=\"wp-image-3383\" srcset=\"https:\/\/remembermefrance.org\/wp-content\/uploads\/floren40-375x500.jpg 375w, https:\/\/remembermefrance.org\/wp-content\/uploads\/floren40-225x300.jpg 225w, https:\/\/remembermefrance.org\/wp-content\/uploads\/floren40-360x480.jpg 360w, https:\/\/remembermefrance.org\/wp-content\/uploads\/floren40.jpg 450w\" sizes=\"(max-width: 375px) 100vw, 375px\" \/><\/a><\/figure>\n\n\n\n<figure class=\"wp-block-image size-large\"><a href=\"https:\/\/remembermefrance.org\/wp-content\/uploads\/floren39-e1606325480158.jpg\"><img decoding=\"async\" width=\"500\" height=\"500\" data-id=\"3382\" src=\"https:\/\/remembermefrance.org\/wp-content\/uploads\/floren39-e1606325480158-500x500.jpg\" alt=\"\" class=\"wp-image-3382\" srcset=\"https:\/\/remembermefrance.org\/wp-content\/uploads\/floren39-e1606325480158-500x500.jpg 500w, https:\/\/remembermefrance.org\/wp-content\/uploads\/floren39-e1606325480158-100x100.jpg 100w, https:\/\/remembermefrance.org\/wp-content\/uploads\/floren39-e1606325480158-300x300.jpg 300w, https:\/\/remembermefrance.org\/wp-content\/uploads\/floren39-e1606325480158-150x150.jpg 150w, https:\/\/remembermefrance.org\/wp-content\/uploads\/floren39-e1606325480158-360x360.jpg 360w, https:\/\/remembermefrance.org\/wp-content\/uploads\/floren39-e1606325480158.jpg 667w\" sizes=\"(max-width: 500px) 100vw, 500px\" \/><\/a><\/figure>\n\n\n\n<figure class=\"wp-block-image size-large\"><a href=\"https:\/\/remembermefrance.org\/wp-content\/uploads\/floren32.jpg\"><img decoding=\"async\" width=\"375\" height=\"500\" data-id=\"3378\" src=\"https:\/\/remembermefrance.org\/wp-content\/uploads\/floren32-375x500.jpg\" alt=\"\" class=\"wp-image-3378\" srcset=\"https:\/\/remembermefrance.org\/wp-content\/uploads\/floren32-375x500.jpg 375w, https:\/\/remembermefrance.org\/wp-content\/uploads\/floren32-225x300.jpg 225w, https:\/\/remembermefrance.org\/wp-content\/uploads\/floren32-360x480.jpg 360w, https:\/\/remembermefrance.org\/wp-content\/uploads\/floren32.jpg 450w\" sizes=\"(max-width: 375px) 100vw, 375px\" \/><\/a><\/figure>\n\n\n\n<figure class=\"wp-block-image size-large\"><a href=\"https:\/\/remembermefrance.org\/wp-content\/uploads\/floren30.jpg\"><img decoding=\"async\" width=\"375\" height=\"500\" data-id=\"3377\" src=\"https:\/\/remembermefrance.org\/wp-content\/uploads\/floren30-375x500.jpg\" alt=\"\" class=\"wp-image-3377\" srcset=\"https:\/\/remembermefrance.org\/wp-content\/uploads\/floren30-375x500.jpg 375w, https:\/\/remembermefrance.org\/wp-content\/uploads\/floren30-225x300.jpg 225w, https:\/\/remembermefrance.org\/wp-content\/uploads\/floren30-360x480.jpg 360w, https:\/\/remembermefrance.org\/wp-content\/uploads\/floren30.jpg 450w\" sizes=\"(max-width: 375px) 100vw, 375px\" \/><\/a><\/figure>\n\n\n\n<figure class=\"wp-block-image size-large\"><a href=\"https:\/\/remembermefrance.org\/wp-content\/uploads\/floren27.jpg\"><img decoding=\"async\" width=\"500\" height=\"375\" data-id=\"3376\" src=\"https:\/\/remembermefrance.org\/wp-content\/uploads\/floren27-500x375.jpg\" alt=\"\" class=\"wp-image-3376\" srcset=\"https:\/\/remembermefrance.org\/wp-content\/uploads\/floren27-500x375.jpg 500w, https:\/\/remembermefrance.org\/wp-content\/uploads\/floren27-300x225.jpg 300w, https:\/\/remembermefrance.org\/wp-content\/uploads\/floren27-768x576.jpg 768w, https:\/\/remembermefrance.org\/wp-content\/uploads\/floren27-360x270.jpg 360w, https:\/\/remembermefrance.org\/wp-content\/uploads\/floren27.jpg 800w\" sizes=\"(max-width: 500px) 100vw, 500px\" \/><\/a><\/figure>\n\n\n\n<figure class=\"wp-block-image size-large\"><a href=\"https:\/\/remembermefrance.org\/wp-content\/uploads\/floren21.jpg\"><img decoding=\"async\" width=\"500\" height=\"375\" data-id=\"3373\" src=\"https:\/\/remembermefrance.org\/wp-content\/uploads\/floren21-500x375.jpg\" alt=\"\" class=\"wp-image-3373\" srcset=\"https:\/\/remembermefrance.org\/wp-content\/uploads\/floren21-500x375.jpg 500w, https:\/\/remembermefrance.org\/wp-content\/uploads\/floren21-300x225.jpg 300w, https:\/\/remembermefrance.org\/wp-content\/uploads\/floren21-360x270.jpg 360w, https:\/\/remembermefrance.org\/wp-content\/uploads\/floren21.jpg 640w\" sizes=\"(max-width: 500px) 100vw, 500px\" \/><\/a><\/figure>\n\n\n\n<figure class=\"wp-block-image size-large\"><a href=\"https:\/\/remembermefrance.org\/wp-content\/uploads\/floren12.jpg\"><img decoding=\"async\" width=\"374\" height=\"500\" data-id=\"3372\" src=\"https:\/\/remembermefrance.org\/wp-content\/uploads\/floren12-374x500.jpg\" alt=\"\" class=\"wp-image-3372\" srcset=\"https:\/\/remembermefrance.org\/wp-content\/uploads\/floren12-374x500.jpg 374w, https:\/\/remembermefrance.org\/wp-content\/uploads\/floren12-225x300.jpg 225w, https:\/\/remembermefrance.org\/wp-content\/uploads\/floren12-360x481.jpg 360w, https:\/\/remembermefrance.org\/wp-content\/uploads\/floren12.jpg 640w\" sizes=\"(max-width: 374px) 100vw, 374px\" \/><\/a><\/figure>\n<\/figure>\n\n\n\n<hr class=\"wp-block-separator has-css-opacity\"\/>\n\n\n\n<figure class=\"wp-block-embed is-type-video is-provider-youtube wp-block-embed-youtube wp-embed-aspect-16-9 wp-has-aspect-ratio\"><div class=\"wp-block-embed__wrapper\">\n<iframe title=\"Pippin Shirley Aura Florentina  Arley Braco Ricko Morwen Paloma\" width=\"843\" height=\"474\" src=\"https:\/\/www.youtube.com\/embed\/BRw-tFaXdwM?feature=oembed\" frameborder=\"0\" allow=\"accelerometer; autoplay; clipboard-write; encrypted-media; gyroscope; picture-in-picture; web-share\" referrerpolicy=\"strict-origin-when-cross-origin\" allowfullscreen><\/iframe>\n<\/div><\/figure>\n\n\n\n<figure class=\"wp-block-embed is-type-video is-provider-youtube wp-block-embed-youtube wp-embed-aspect-16-9 wp-has-aspect-ratio\"><div class=\"wp-block-embed__wrapper\">\n<iframe title=\"Pippin Shirley Aura Florentina Arley Braco Paloma\" width=\"843\" height=\"474\" src=\"https:\/\/www.youtube.com\/embed\/9pBa5uuFJRU?feature=oembed\" frameborder=\"0\" allow=\"accelerometer; autoplay; clipboard-write; encrypted-media; gyroscope; picture-in-picture; web-share\" referrerpolicy=\"strict-origin-when-cross-origin\" allowfullscreen><\/iframe>\n<\/div><\/figure>\n\n\n\n<figure class=\"wp-block-embed is-type-video is-provider-youtube wp-block-embed-youtube wp-embed-aspect-16-9 wp-has-aspect-ratio\"><div class=\"wp-block-embed__wrapper\">\n<iframe title=\"Florentina et Eugenia Remember Me\" width=\"843\" height=\"474\" src=\"https:\/\/www.youtube.com\/embed\/68C7C8Zbq6o?feature=oembed\" frameborder=\"0\" allow=\"accelerometer; autoplay; clipboard-write; encrypted-media; gyroscope; picture-in-picture; web-share\" referrerpolicy=\"strict-origin-when-cross-origin\" allowfullscreen><\/iframe>\n<\/div><\/figure>\n\n\n\n<figure class=\"wp-block-embed is-type-video is-provider-youtube wp-block-embed-youtube wp-embed-aspect-4-3 wp-has-aspect-ratio\"><div class=\"wp-block-embed__wrapper\">\n<iframe title=\"Boketto Florentina Eug\u00e9nie Moon Arley Mitsubishi Cha\u00efna - REMEMBER ME\" width=\"843\" height=\"632\" src=\"https:\/\/www.youtube.com\/embed\/QBw6g7BTP9o?feature=oembed\" frameborder=\"0\" allow=\"accelerometer; autoplay; clipboard-write; encrypted-media; gyroscope; picture-in-picture; web-share\" referrerpolicy=\"strict-origin-when-cross-origin\" allowfullscreen><\/iframe>\n<\/div><\/figure>","protected":false},"excerpt":{"rendered":"<p>Female, born in February 2015<br \/>\nAt our shelter since February 2020<\/p>","protected":false},"featured_media":76729,"template":"","breed":[27],"pet-color":[],"class_list":["post-3357","pets","type-pets","status-publish","has-post-thumbnail","hentry","breed-adulte-moyen"],"yoast_head":"<!-- This site is optimized with the Yoast SEO plugin v27.5 - https:\/\/yoast.com\/product\/yoast-seo-wordpress\/ -->\n<title>Florentina - Association RMF<\/title>\n<meta name=\"robots\" content=\"index, follow, max-snippet:-1, max-image-preview:large, max-video-preview:-1\" \/>\n<link rel=\"canonical\" href=\"https:\/\/remembermefrance.org\/en\/pets\/florentina\/\" \/>\n<meta property=\"og:locale\" content=\"en_GB\" \/>\n<meta property=\"og:type\" content=\"article\" \/>\n<meta property=\"og:title\" content=\"Florentina - Association RMF\" \/>\n<meta property=\"og:description\" content=\"Femelle, n\u00e9e environ en f\u00e9vrier 2015 Au refuge depuis f\u00e9vrier 2020\" \/>\n<meta property=\"og:url\" content=\"https:\/\/remembermefrance.org\/en\/pets\/florentina\/\" \/>\n<meta property=\"og:site_name\" content=\"Association RMF\" \/>\n<meta property=\"article:publisher\" content=\"https:\/\/www.facebook.com\/remembermefrance\" \/>\n<meta property=\"article:modified_time\" content=\"2026-03-23T09:37:42+00:00\" \/>\n<meta property=\"og:image\" content=\"https:\/\/remembermefrance.org\/wp-content\/uploads\/floren12-2-e1720545811305.jpg\" \/>\n\t<meta property=\"og:image:width\" content=\"360\" \/>\n\t<meta property=\"og:image:height\" content=\"360\" \/>\n\t<meta property=\"og:image:type\" content=\"image\/jpeg\" \/>\n<meta name=\"twitter:card\" content=\"summary_large_image\" \/>\n<meta name=\"twitter:label1\" content=\"Estimated reading time\" \/>\n\t<meta name=\"twitter:data1\" content=\"10 minutes\" \/>\n<script type=\"application\/ld+json\" class=\"yoast-schema-graph\">{\"@context\":\"https:\\\/\\\/schema.org\",\"@graph\":[{\"@type\":\"WebPage\",\"@id\":\"https:\\\/\\\/remembermefrance.org\\\/pets\\\/florentina\\\/\",\"url\":\"https:\\\/\\\/remembermefrance.org\\\/pets\\\/florentina\\\/\",\"name\":\"Florentina - Association RMF\",\"isPartOf\":{\"@id\":\"https:\\\/\\\/remembermefrance.org\\\/#website\"},\"primaryImageOfPage\":{\"@id\":\"https:\\\/\\\/remembermefrance.org\\\/pets\\\/florentina\\\/#primaryimage\"},\"image\":{\"@id\":\"https:\\\/\\\/remembermefrance.org\\\/pets\\\/florentina\\\/#primaryimage\"},\"thumbnailUrl\":\"https:\\\/\\\/remembermefrance.org\\\/wp-content\\\/uploads\\\/floren12-2-e1720545811305.jpg\",\"datePublished\":\"2024-07-09T17:23:33+00:00\",\"dateModified\":\"2026-03-23T09:37:42+00:00\",\"breadcrumb\":{\"@id\":\"https:\\\/\\\/remembermefrance.org\\\/pets\\\/florentina\\\/#breadcrumb\"},\"inLanguage\":\"en-GB\",\"potentialAction\":[{\"@type\":\"ReadAction\",\"target\":[\"https:\\\/\\\/remembermefrance.org\\\/pets\\\/florentina\\\/\"]}]},{\"@type\":\"ImageObject\",\"inLanguage\":\"en-GB\",\"@id\":\"https:\\\/\\\/remembermefrance.org\\\/pets\\\/florentina\\\/#primaryimage\",\"url\":\"https:\\\/\\\/remembermefrance.org\\\/wp-content\\\/uploads\\\/floren12-2-e1720545811305.jpg\",\"contentUrl\":\"https:\\\/\\\/remembermefrance.org\\\/wp-content\\\/uploads\\\/floren12-2-e1720545811305.jpg\",\"width\":360,\"height\":360},{\"@type\":\"BreadcrumbList\",\"@id\":\"https:\\\/\\\/remembermefrance.org\\\/pets\\\/florentina\\\/#breadcrumb\",\"itemListElement\":[{\"@type\":\"ListItem\",\"position\":1,\"name\":\"Accueil\",\"item\":\"https:\\\/\\\/remembermefrance.org\\\/\"},{\"@type\":\"ListItem\",\"position\":2,\"name\":\"Pets\",\"item\":\"https:\\\/\\\/remembermefrance.org\\\/pets\\\/\"},{\"@type\":\"ListItem\",\"position\":3,\"name\":\"Florentina\"}]},{\"@type\":\"WebSite\",\"@id\":\"https:\\\/\\\/remembermefrance.org\\\/#website\",\"url\":\"https:\\\/\\\/remembermefrance.org\\\/\",\"name\":\"Remember me France\",\"description\":\"Adopter un chien roumain\",\"publisher\":{\"@id\":\"https:\\\/\\\/remembermefrance.org\\\/#organization\"},\"potentialAction\":[{\"@type\":\"SearchAction\",\"target\":{\"@type\":\"EntryPoint\",\"urlTemplate\":\"https:\\\/\\\/remembermefrance.org\\\/?s={search_term_string}\"},\"query-input\":{\"@type\":\"PropertyValueSpecification\",\"valueRequired\":true,\"valueName\":\"search_term_string\"}}],\"inLanguage\":\"en-GB\"},{\"@type\":\"Organization\",\"@id\":\"https:\\\/\\\/remembermefrance.org\\\/#organization\",\"name\":\"Remember me\",\"url\":\"https:\\\/\\\/remembermefrance.org\\\/\",\"logo\":{\"@type\":\"ImageObject\",\"inLanguage\":\"en-GB\",\"@id\":\"https:\\\/\\\/remembermefrance.org\\\/#\\\/schema\\\/logo\\\/image\\\/\",\"url\":\"https:\\\/\\\/remembermefrance.org\\\/wp-content\\\/uploads\\\/logo-remember.png\",\"contentUrl\":\"https:\\\/\\\/remembermefrance.org\\\/wp-content\\\/uploads\\\/logo-remember.png\",\"width\":325,\"height\":60,\"caption\":\"Remember me\"},\"image\":{\"@id\":\"https:\\\/\\\/remembermefrance.org\\\/#\\\/schema\\\/logo\\\/image\\\/\"},\"sameAs\":[\"https:\\\/\\\/www.facebook.com\\\/remembermefrance\",\"https:\\\/\\\/www.instagram.com\\\/remembermefrance\\\/\"]}]}<\/script>\n<!-- \/ Yoast SEO plugin. -->","yoast_head_json":{"title":"Florentina - Association RMF","robots":{"index":"index","follow":"follow","max-snippet":"max-snippet:-1","max-image-preview":"max-image-preview:large","max-video-preview":"max-video-preview:-1"},"canonical":"https:\/\/remembermefrance.org\/en\/pets\/florentina\/","og_locale":"en_GB","og_type":"article","og_title":"Florentina - Association RMF","og_description":"Femelle, n\u00e9e environ en f\u00e9vrier 2015 Au refuge depuis f\u00e9vrier 2020","og_url":"https:\/\/remembermefrance.org\/en\/pets\/florentina\/","og_site_name":"Association RMF","article_publisher":"https:\/\/www.facebook.com\/remembermefrance","article_modified_time":"2026-03-23T09:37:42+00:00","og_image":[{"width":360,"height":360,"url":"https:\/\/remembermefrance.org\/wp-content\/uploads\/floren12-2-e1720545811305.jpg","type":"image\/jpeg"}],"twitter_card":"summary_large_image","twitter_misc":{"Estimated reading time":"10 minutes"},"schema":{"@context":"https:\/\/schema.org","@graph":[{"@type":"WebPage","@id":"https:\/\/remembermefrance.org\/pets\/florentina\/","url":"https:\/\/remembermefrance.org\/pets\/florentina\/","name":"Florentina - Association RMF","isPartOf":{"@id":"https:\/\/remembermefrance.org\/#website"},"primaryImageOfPage":{"@id":"https:\/\/remembermefrance.org\/pets\/florentina\/#primaryimage"},"image":{"@id":"https:\/\/remembermefrance.org\/pets\/florentina\/#primaryimage"},"thumbnailUrl":"https:\/\/remembermefrance.org\/wp-content\/uploads\/floren12-2-e1720545811305.jpg","datePublished":"2024-07-09T17:23:33+00:00","dateModified":"2026-03-23T09:37:42+00:00","breadcrumb":{"@id":"https:\/\/remembermefrance.org\/pets\/florentina\/#breadcrumb"},"inLanguage":"en-GB","potentialAction":[{"@type":"ReadAction","target":["https:\/\/remembermefrance.org\/pets\/florentina\/"]}]},{"@type":"ImageObject","inLanguage":"en-GB","@id":"https:\/\/remembermefrance.org\/pets\/florentina\/#primaryimage","url":"https:\/\/remembermefrance.org\/wp-content\/uploads\/floren12-2-e1720545811305.jpg","contentUrl":"https:\/\/remembermefrance.org\/wp-content\/uploads\/floren12-2-e1720545811305.jpg","width":360,"height":360},{"@type":"BreadcrumbList","@id":"https:\/\/remembermefrance.org\/pets\/florentina\/#breadcrumb","itemListElement":[{"@type":"ListItem","position":1,"name":"Accueil","item":"https:\/\/remembermefrance.org\/"},{"@type":"ListItem","position":2,"name":"Pets","item":"https:\/\/remembermefrance.org\/pets\/"},{"@type":"ListItem","position":3,"name":"Florentina"}]},{"@type":"WebSite","@id":"https:\/\/remembermefrance.org\/#website","url":"https:\/\/remembermefrance.org\/","name":"Remember me France","description":"Adopt a Romanian dog","publisher":{"@id":"https:\/\/remembermefrance.org\/#organization"},"potentialAction":[{"@type":"SearchAction","target":{"@type":"EntryPoint","urlTemplate":"https:\/\/remembermefrance.org\/?s={search_term_string}"},"query-input":{"@type":"PropertyValueSpecification","valueRequired":true,"valueName":"search_term_string"}}],"inLanguage":"en-GB"},{"@type":"Organization","@id":"https:\/\/remembermefrance.org\/#organization","name":"Remember me","url":"https:\/\/remembermefrance.org\/","logo":{"@type":"ImageObject","inLanguage":"en-GB","@id":"https:\/\/remembermefrance.org\/#\/schema\/logo\/image\/","url":"https:\/\/remembermefrance.org\/wp-content\/uploads\/logo-remember.png","contentUrl":"https:\/\/remembermefrance.org\/wp-content\/uploads\/logo-remember.png","width":325,"height":60,"caption":"Remember me"},"image":{"@id":"https:\/\/remembermefrance.org\/#\/schema\/logo\/image\/"},"sameAs":["https:\/\/www.facebook.com\/remembermefrance","https:\/\/www.instagram.com\/remembermefrance\/"]}]}},"_links":{"self":[{"href":"https:\/\/remembermefrance.org\/en\/wp-json\/wp\/v2\/pets\/3357","targetHints":{"allow":["GET"]}}],"collection":[{"href":"https:\/\/remembermefrance.org\/en\/wp-json\/wp\/v2\/pets"}],"about":[{"href":"https:\/\/remembermefrance.org\/en\/wp-json\/wp\/v2\/types\/pets"}],"wp:featuredmedia":[{"embeddable":true,"href":"https:\/\/remembermefrance.org\/en\/wp-json\/wp\/v2\/media\/76729"}],"wp:attachment":[{"href":"https:\/\/remembermefrance.org\/en\/wp-json\/wp\/v2\/media?parent=3357"}],"wp:term":[{"taxonomy":"breed","embeddable":true,"href":"https:\/\/remembermefrance.org\/en\/wp-json\/wp\/v2\/breed?post=3357"},{"taxonomy":"pet-color","embeddable":true,"href":"https:\/\/remembermefrance.org\/en\/wp-json\/wp\/v2\/pet-color?post=3357"}],"curies":[{"name":"wp","href":"https:\/\/api.w.org\/{rel}","templated":true}]}}