{"id":42934,"date":"2023-05-15T16:57:58","date_gmt":"2023-05-15T14:57:58","guid":{"rendered":"https:\/\/remembermefrance.org\/?post_type=pets&#038;p=42934"},"modified":"2026-03-23T15:39:55","modified_gmt":"2026-03-23T14:39:55","slug":"lincoln","status":"publish","type":"pets","link":"https:\/\/remembermefrance.org\/en\/pets\/lincoln\/","title":{"rendered":"Lincoln"},"content":{"rendered":"<h4 class=\"wp-block-heading has-text-align-center\"><img decoding=\"async\" width=\"50\" height=\"52\" class=\"wp-image-65987\" style=\"width: 50px;\" src=\"https:\/\/remembermefrance.org\/wp-content\/uploads\/Ballons.png\" alt=\"\" srcset=\"https:\/\/remembermefrance.org\/wp-content\/uploads\/Ballons.png 337w, https:\/\/remembermefrance.org\/wp-content\/uploads\/Ballons-289x300.png 289w, https:\/\/remembermefrance.org\/wp-content\/uploads\/Ballons-12x12.png 12w\" sizes=\"(max-width: 50px) 100vw, 50px\" \/>&nbsp;Lincoln est parrain\u00e9 par Oph\u00e9lie et Fran\u00e7oise G.&nbsp;<img decoding=\"async\" width=\"50\" height=\"52\" class=\"wp-image-65987\" style=\"width: 50px;\" src=\"https:\/\/remembermefrance.org\/wp-content\/uploads\/Ballons.png\" alt=\"\" srcset=\"https:\/\/remembermefrance.org\/wp-content\/uploads\/Ballons.png 337w, https:\/\/remembermefrance.org\/wp-content\/uploads\/Ballons-289x300.png 289w, https:\/\/remembermefrance.org\/wp-content\/uploads\/Ballons-12x12.png 12w\" sizes=\"(max-width: 50px) 100vw, 50px\" \/><\/h4>\n\n\n\n<p class=\"has-text-align-left\"><strong>Age:<\/strong> : n\u00e9 environ en juin 2010 (date estim\u00e9e approximative)<br><strong>Breed<\/strong> : mixed<br><strong>Size:<\/strong>&nbsp;medium<br><br><strong>Neutered\/spayed<\/strong> : yes<br><strong>Vaccinated<\/strong> : yes<br><strong>Chipped<\/strong> : yes<\/p>\n\n\n\n<p><strong>Arriv\u00e9e<\/strong> : depuis plusieurs ann\u00e9es en fourri\u00e8re \u00e0 Bucarest (Roumanie)<\/p>\n\n\n\n<p class=\"has-text-align-left\"><strong>Good with<\/strong> : PAS OK chiens<\/p>\n\n\n\n<p><strong>Character<\/strong> : Tr\u00e8s sociable et affectueux<\/p>\n\n\n\n<p><strong>History<\/strong> : En fourri\u00e8re \u00e0 Bucarest depuis plusieurs ann\u00e9es<\/p>\n\n\n\n<p>Pour suivre son \u00e9volution : <a href=\"https:\/\/remembermefrance.forumactif.org\/t15960-lincoln-male-de-taille-moyenne-ne-environ-en-juin-2010-en-fourriere-a-bucarest-roumanie?highlight=Lincoln\">voir sur le forum<\/a><\/p>\n\n\n\n<p><strong>Frais d&rsquo;adoption r\u00e9duits<\/strong> : 50\u20ac + don libre<br><a href=\"https:\/\/remembermefrance.org\/index.php\/adopter\/procedure-dadoption#lesfrais\">Click here<\/a> pour plus d&rsquo;infos sur les frais<\/p>\n\n\n<div class=\"wp-block-button button1\"><a class=\"wp-block-button__link\" href=\"https:\/\/remembermefrance.org\/wp-content\/uploads\/formulaire_rmf.docx\">T\u00e9l\u00e9chargez le formulaire d&rsquo;adoption<\/a><\/div>\n\n\n<hr class=\"wp-block-separator has-css-opacity\"\/>\n\n\n\n<figure class=\"wp-block-gallery has-nested-images columns-default is-cropped wp-block-gallery-1 is-layout-flex wp-block-gallery-is-layout-flex\">\n<figure class=\"wp-block-image size-large\"><a href=\"https:\/\/remembermefrance.org\/wp-content\/uploads\/29337611.jpg\"><img decoding=\"async\" width=\"640\" height=\"1125\" data-id=\"42939\" src=\"https:\/\/remembermefrance.org\/wp-content\/uploads\/29337611.jpg\" alt=\"\" class=\"wp-image-42939\" srcset=\"https:\/\/remembermefrance.org\/wp-content\/uploads\/29337611.jpg 640w, https:\/\/remembermefrance.org\/wp-content\/uploads\/29337611-171x300.jpg 171w, https:\/\/remembermefrance.org\/wp-content\/uploads\/29337611-284x500.jpg 284w, https:\/\/remembermefrance.org\/wp-content\/uploads\/29337611-7x12.jpg 7w, https:\/\/remembermefrance.org\/wp-content\/uploads\/29337611-360x633.jpg 360w\" sizes=\"(max-width: 640px) 100vw, 640px\" \/><\/a><figcaption class=\"wp-element-caption\">Juillet 2022<\/figcaption><\/figure>\n\n\n\n<figure class=\"wp-block-image size-large\"><a href=\"https:\/\/remembermefrance.org\/wp-content\/uploads\/29314511.jpg\"><img decoding=\"async\" width=\"640\" height=\"1139\" data-id=\"42938\" src=\"https:\/\/remembermefrance.org\/wp-content\/uploads\/29314511.jpg\" alt=\"\" class=\"wp-image-42938\" srcset=\"https:\/\/remembermefrance.org\/wp-content\/uploads\/29314511.jpg 640w, https:\/\/remembermefrance.org\/wp-content\/uploads\/29314511-169x300.jpg 169w, https:\/\/remembermefrance.org\/wp-content\/uploads\/29314511-281x500.jpg 281w, https:\/\/remembermefrance.org\/wp-content\/uploads\/29314511-7x12.jpg 7w, https:\/\/remembermefrance.org\/wp-content\/uploads\/29314511-360x641.jpg 360w\" sizes=\"(max-width: 640px) 100vw, 640px\" \/><\/a><figcaption class=\"wp-element-caption\">Juillet 2022<\/figcaption><\/figure>\n\n\n\n<figure class=\"wp-block-image size-large\"><a href=\"https:\/\/remembermefrance.org\/wp-content\/uploads\/29301211.jpg\"><img decoding=\"async\" width=\"640\" height=\"1138\" data-id=\"42937\" src=\"https:\/\/remembermefrance.org\/wp-content\/uploads\/29301211.jpg\" alt=\"\" class=\"wp-image-42937\" srcset=\"https:\/\/remembermefrance.org\/wp-content\/uploads\/29301211.jpg 640w, https:\/\/remembermefrance.org\/wp-content\/uploads\/29301211-169x300.jpg 169w, https:\/\/remembermefrance.org\/wp-content\/uploads\/29301211-281x500.jpg 281w, https:\/\/remembermefrance.org\/wp-content\/uploads\/29301211-7x12.jpg 7w, https:\/\/remembermefrance.org\/wp-content\/uploads\/29301211-360x640.jpg 360w\" sizes=\"(max-width: 640px) 100vw, 640px\" \/><\/a><figcaption class=\"wp-element-caption\">Juillet 2022<\/figcaption><\/figure>\n\n\n\n<figure class=\"wp-block-image size-large\"><a href=\"https:\/\/remembermefrance.org\/wp-content\/uploads\/29251811-e1657730942513.jpg\"><img decoding=\"async\" width=\"638\" height=\"638\" data-id=\"42936\" src=\"https:\/\/remembermefrance.org\/wp-content\/uploads\/29251811-e1657730942513.jpg\" alt=\"\" class=\"wp-image-42936\" srcset=\"https:\/\/remembermefrance.org\/wp-content\/uploads\/29251811-e1657730942513.jpg 638w, https:\/\/remembermefrance.org\/wp-content\/uploads\/29251811-e1657730942513-100x100.jpg 100w, https:\/\/remembermefrance.org\/wp-content\/uploads\/29251811-e1657730942513-300x300.jpg 300w, https:\/\/remembermefrance.org\/wp-content\/uploads\/29251811-e1657730942513-500x500.jpg 500w, https:\/\/remembermefrance.org\/wp-content\/uploads\/29251811-e1657730942513-150x150.jpg 150w, https:\/\/remembermefrance.org\/wp-content\/uploads\/29251811-e1657730942513-12x12.jpg 12w, https:\/\/remembermefrance.org\/wp-content\/uploads\/29251811-e1657730942513-360x360.jpg 360w\" sizes=\"(max-width: 638px) 100vw, 638px\" \/><\/a><figcaption class=\"wp-element-caption\">Juillet 2022<\/figcaption><\/figure>\n\n\n\n<figure class=\"wp-block-image size-large\"><a href=\"https:\/\/remembermefrance.org\/wp-content\/uploads\/29235811.jpg\"><img decoding=\"async\" width=\"640\" height=\"1161\" data-id=\"42935\" src=\"https:\/\/remembermefrance.org\/wp-content\/uploads\/29235811.jpg\" alt=\"\" class=\"wp-image-42935\" srcset=\"https:\/\/remembermefrance.org\/wp-content\/uploads\/29235811.jpg 640w, https:\/\/remembermefrance.org\/wp-content\/uploads\/29235811-165x300.jpg 165w, https:\/\/remembermefrance.org\/wp-content\/uploads\/29235811-276x500.jpg 276w, https:\/\/remembermefrance.org\/wp-content\/uploads\/29235811-7x12.jpg 7w, https:\/\/remembermefrance.org\/wp-content\/uploads\/29235811-360x653.jpg 360w\" sizes=\"(max-width: 640px) 100vw, 640px\" \/><\/a><figcaption class=\"wp-element-caption\">Juillet 2022<\/figcaption><\/figure>\n<\/figure>\n\n\n\n<hr class=\"wp-block-separator has-css-opacity\"\/>","protected":false},"excerpt":{"rendered":"<p>Male, born in June 2010<br \/>\nAt our shelter since July 2022<\/p>","protected":false},"featured_media":42936,"template":"","breed":[27],"pet-color":[],"class_list":["post-42934","pets","type-pets","status-publish","has-post-thumbnail","hentry","breed-adulte-moyen"],"yoast_head":"<!-- This site is optimized with the Yoast SEO plugin v27.5 - https:\/\/yoast.com\/product\/yoast-seo-wordpress\/ -->\n<title>Lincoln - Association RMF<\/title>\n<meta name=\"robots\" content=\"index, follow, max-snippet:-1, max-image-preview:large, max-video-preview:-1\" \/>\n<link rel=\"canonical\" href=\"https:\/\/remembermefrance.org\/en\/pets\/lincoln\/\" \/>\n<meta property=\"og:locale\" content=\"en_GB\" \/>\n<meta property=\"og:type\" content=\"article\" \/>\n<meta property=\"og:title\" content=\"Lincoln - Association RMF\" \/>\n<meta property=\"og:description\" content=\"M\u00e2le, n\u00e9 environ en juin 2010 Au refuge depuis juillet 2022\" \/>\n<meta property=\"og:url\" content=\"https:\/\/remembermefrance.org\/en\/pets\/lincoln\/\" \/>\n<meta property=\"og:site_name\" content=\"Association RMF\" \/>\n<meta property=\"article:publisher\" content=\"https:\/\/www.facebook.com\/remembermefrance\" \/>\n<meta property=\"article:modified_time\" content=\"2026-03-23T14:39:55+00:00\" \/>\n<meta property=\"og:image\" content=\"https:\/\/remembermefrance.org\/wp-content\/uploads\/29251811-e1657730942513.jpg\" \/>\n\t<meta property=\"og:image:width\" content=\"638\" \/>\n\t<meta property=\"og:image:height\" content=\"638\" \/>\n\t<meta property=\"og:image:type\" content=\"image\/jpeg\" \/>\n<meta name=\"twitter:card\" content=\"summary_large_image\" \/>\n<meta name=\"twitter:label1\" content=\"Estimated reading time\" \/>\n\t<meta name=\"twitter:data1\" content=\"3 minutes\" \/>\n<script type=\"application\/ld+json\" class=\"yoast-schema-graph\">{\"@context\":\"https:\\\/\\\/schema.org\",\"@graph\":[{\"@type\":\"WebPage\",\"@id\":\"https:\\\/\\\/remembermefrance.org\\\/pets\\\/lincoln\\\/\",\"url\":\"https:\\\/\\\/remembermefrance.org\\\/pets\\\/lincoln\\\/\",\"name\":\"Lincoln - Association RMF\",\"isPartOf\":{\"@id\":\"https:\\\/\\\/remembermefrance.org\\\/#website\"},\"primaryImageOfPage\":{\"@id\":\"https:\\\/\\\/remembermefrance.org\\\/pets\\\/lincoln\\\/#primaryimage\"},\"image\":{\"@id\":\"https:\\\/\\\/remembermefrance.org\\\/pets\\\/lincoln\\\/#primaryimage\"},\"thumbnailUrl\":\"https:\\\/\\\/remembermefrance.org\\\/wp-content\\\/uploads\\\/29251811-e1657730942513.jpg\",\"datePublished\":\"2023-05-15T14:57:58+00:00\",\"dateModified\":\"2026-03-23T14:39:55+00:00\",\"breadcrumb\":{\"@id\":\"https:\\\/\\\/remembermefrance.org\\\/pets\\\/lincoln\\\/#breadcrumb\"},\"inLanguage\":\"en-GB\",\"potentialAction\":[{\"@type\":\"ReadAction\",\"target\":[\"https:\\\/\\\/remembermefrance.org\\\/pets\\\/lincoln\\\/\"]}]},{\"@type\":\"ImageObject\",\"inLanguage\":\"en-GB\",\"@id\":\"https:\\\/\\\/remembermefrance.org\\\/pets\\\/lincoln\\\/#primaryimage\",\"url\":\"https:\\\/\\\/remembermefrance.org\\\/wp-content\\\/uploads\\\/29251811-e1657730942513.jpg\",\"contentUrl\":\"https:\\\/\\\/remembermefrance.org\\\/wp-content\\\/uploads\\\/29251811-e1657730942513.jpg\",\"width\":638,\"height\":638},{\"@type\":\"BreadcrumbList\",\"@id\":\"https:\\\/\\\/remembermefrance.org\\\/pets\\\/lincoln\\\/#breadcrumb\",\"itemListElement\":[{\"@type\":\"ListItem\",\"position\":1,\"name\":\"Accueil\",\"item\":\"https:\\\/\\\/remembermefrance.org\\\/\"},{\"@type\":\"ListItem\",\"position\":2,\"name\":\"Pets\",\"item\":\"https:\\\/\\\/remembermefrance.org\\\/pets\\\/\"},{\"@type\":\"ListItem\",\"position\":3,\"name\":\"Lincoln\"}]},{\"@type\":\"WebSite\",\"@id\":\"https:\\\/\\\/remembermefrance.org\\\/#website\",\"url\":\"https:\\\/\\\/remembermefrance.org\\\/\",\"name\":\"Remember me France\",\"description\":\"Adopter un chien roumain\",\"publisher\":{\"@id\":\"https:\\\/\\\/remembermefrance.org\\\/#organization\"},\"potentialAction\":[{\"@type\":\"SearchAction\",\"target\":{\"@type\":\"EntryPoint\",\"urlTemplate\":\"https:\\\/\\\/remembermefrance.org\\\/?s={search_term_string}\"},\"query-input\":{\"@type\":\"PropertyValueSpecification\",\"valueRequired\":true,\"valueName\":\"search_term_string\"}}],\"inLanguage\":\"en-GB\"},{\"@type\":\"Organization\",\"@id\":\"https:\\\/\\\/remembermefrance.org\\\/#organization\",\"name\":\"Remember me\",\"url\":\"https:\\\/\\\/remembermefrance.org\\\/\",\"logo\":{\"@type\":\"ImageObject\",\"inLanguage\":\"en-GB\",\"@id\":\"https:\\\/\\\/remembermefrance.org\\\/#\\\/schema\\\/logo\\\/image\\\/\",\"url\":\"https:\\\/\\\/remembermefrance.org\\\/wp-content\\\/uploads\\\/logo-remember.png\",\"contentUrl\":\"https:\\\/\\\/remembermefrance.org\\\/wp-content\\\/uploads\\\/logo-remember.png\",\"width\":325,\"height\":60,\"caption\":\"Remember me\"},\"image\":{\"@id\":\"https:\\\/\\\/remembermefrance.org\\\/#\\\/schema\\\/logo\\\/image\\\/\"},\"sameAs\":[\"https:\\\/\\\/www.facebook.com\\\/remembermefrance\",\"https:\\\/\\\/www.instagram.com\\\/remembermefrance\\\/\"]}]}<\/script>\n<!-- \/ Yoast SEO plugin. -->","yoast_head_json":{"title":"Lincoln - Association RMF","robots":{"index":"index","follow":"follow","max-snippet":"max-snippet:-1","max-image-preview":"max-image-preview:large","max-video-preview":"max-video-preview:-1"},"canonical":"https:\/\/remembermefrance.org\/en\/pets\/lincoln\/","og_locale":"en_GB","og_type":"article","og_title":"Lincoln - Association RMF","og_description":"M\u00e2le, n\u00e9 environ en juin 2010 Au refuge depuis juillet 2022","og_url":"https:\/\/remembermefrance.org\/en\/pets\/lincoln\/","og_site_name":"Association RMF","article_publisher":"https:\/\/www.facebook.com\/remembermefrance","article_modified_time":"2026-03-23T14:39:55+00:00","og_image":[{"width":638,"height":638,"url":"https:\/\/remembermefrance.org\/wp-content\/uploads\/29251811-e1657730942513.jpg","type":"image\/jpeg"}],"twitter_card":"summary_large_image","twitter_misc":{"Estimated reading time":"3 minutes"},"schema":{"@context":"https:\/\/schema.org","@graph":[{"@type":"WebPage","@id":"https:\/\/remembermefrance.org\/pets\/lincoln\/","url":"https:\/\/remembermefrance.org\/pets\/lincoln\/","name":"Lincoln - Association RMF","isPartOf":{"@id":"https:\/\/remembermefrance.org\/#website"},"primaryImageOfPage":{"@id":"https:\/\/remembermefrance.org\/pets\/lincoln\/#primaryimage"},"image":{"@id":"https:\/\/remembermefrance.org\/pets\/lincoln\/#primaryimage"},"thumbnailUrl":"https:\/\/remembermefrance.org\/wp-content\/uploads\/29251811-e1657730942513.jpg","datePublished":"2023-05-15T14:57:58+00:00","dateModified":"2026-03-23T14:39:55+00:00","breadcrumb":{"@id":"https:\/\/remembermefrance.org\/pets\/lincoln\/#breadcrumb"},"inLanguage":"en-GB","potentialAction":[{"@type":"ReadAction","target":["https:\/\/remembermefrance.org\/pets\/lincoln\/"]}]},{"@type":"ImageObject","inLanguage":"en-GB","@id":"https:\/\/remembermefrance.org\/pets\/lincoln\/#primaryimage","url":"https:\/\/remembermefrance.org\/wp-content\/uploads\/29251811-e1657730942513.jpg","contentUrl":"https:\/\/remembermefrance.org\/wp-content\/uploads\/29251811-e1657730942513.jpg","width":638,"height":638},{"@type":"BreadcrumbList","@id":"https:\/\/remembermefrance.org\/pets\/lincoln\/#breadcrumb","itemListElement":[{"@type":"ListItem","position":1,"name":"Accueil","item":"https:\/\/remembermefrance.org\/"},{"@type":"ListItem","position":2,"name":"Pets","item":"https:\/\/remembermefrance.org\/pets\/"},{"@type":"ListItem","position":3,"name":"Lincoln"}]},{"@type":"WebSite","@id":"https:\/\/remembermefrance.org\/#website","url":"https:\/\/remembermefrance.org\/","name":"Remember me France","description":"Adopt a Romanian dog","publisher":{"@id":"https:\/\/remembermefrance.org\/#organization"},"potentialAction":[{"@type":"SearchAction","target":{"@type":"EntryPoint","urlTemplate":"https:\/\/remembermefrance.org\/?s={search_term_string}"},"query-input":{"@type":"PropertyValueSpecification","valueRequired":true,"valueName":"search_term_string"}}],"inLanguage":"en-GB"},{"@type":"Organization","@id":"https:\/\/remembermefrance.org\/#organization","name":"Remember me","url":"https:\/\/remembermefrance.org\/","logo":{"@type":"ImageObject","inLanguage":"en-GB","@id":"https:\/\/remembermefrance.org\/#\/schema\/logo\/image\/","url":"https:\/\/remembermefrance.org\/wp-content\/uploads\/logo-remember.png","contentUrl":"https:\/\/remembermefrance.org\/wp-content\/uploads\/logo-remember.png","width":325,"height":60,"caption":"Remember me"},"image":{"@id":"https:\/\/remembermefrance.org\/#\/schema\/logo\/image\/"},"sameAs":["https:\/\/www.facebook.com\/remembermefrance","https:\/\/www.instagram.com\/remembermefrance\/"]}]}},"_links":{"self":[{"href":"https:\/\/remembermefrance.org\/en\/wp-json\/wp\/v2\/pets\/42934","targetHints":{"allow":["GET"]}}],"collection":[{"href":"https:\/\/remembermefrance.org\/en\/wp-json\/wp\/v2\/pets"}],"about":[{"href":"https:\/\/remembermefrance.org\/en\/wp-json\/wp\/v2\/types\/pets"}],"wp:featuredmedia":[{"embeddable":true,"href":"https:\/\/remembermefrance.org\/en\/wp-json\/wp\/v2\/media\/42936"}],"wp:attachment":[{"href":"https:\/\/remembermefrance.org\/en\/wp-json\/wp\/v2\/media?parent=42934"}],"wp:term":[{"taxonomy":"breed","embeddable":true,"href":"https:\/\/remembermefrance.org\/en\/wp-json\/wp\/v2\/breed?post=42934"},{"taxonomy":"pet-color","embeddable":true,"href":"https:\/\/remembermefrance.org\/en\/wp-json\/wp\/v2\/pet-color?post=42934"}],"curies":[{"name":"wp","href":"https:\/\/api.w.org\/{rel}","templated":true}]}}