{"id":66018,"date":"2025-11-17T22:14:55","date_gmt":"2025-11-17T21:14:55","guid":{"rendered":"https:\/\/remembermefrance.org\/?post_type=pets&#038;p=66018"},"modified":"2025-11-17T22:14:55","modified_gmt":"2025-11-17T21:14:55","slug":"coral","status":"publish","type":"pets","link":"https:\/\/remembermefrance.org\/en\/pets\/coral\/","title":{"rendered":"Coral"},"content":{"rendered":"<p><strong>Coral n&rsquo;est pas encore parrain\u00e9e.<\/strong> <strong>If you would like to sponsor one of our animals, <a href=\"https:\/\/remembermefrance.org\/index.php\/agir\/parrainer\/\">click here<\/a>.<\/strong><\/p>\n\n\n\n<p class=\"has-text-align-left\"><strong>Age:<\/strong> : n\u00e9e environ en f\u00e9vrier 2022 (date estim\u00e9e approximative)<br><strong>Breed<\/strong> : mixed<br><strong>Size:<\/strong>&nbsp;petite \u00e0 moyenne (14.5 kg &#8211; ao\u00fbt 2023)<br><br><strong>Spayed<\/strong> : yes<br><strong>Vaccinated<\/strong> : yes<br><strong>Chipped<\/strong> : yes<\/p>\n\n\n\n<p><strong>Arrived at Remember Me Land<\/strong> : ao\u00fbt 2023<\/p>\n\n\n\n<p class=\"has-text-align-left\"><strong>Good with<\/strong> : Cohabite avec les chiens de son box\/enclos (cela ne veut pas dire qu\u2019elle s\u2019entendra obligatoirement avec tous les canid\u00e9s ; chaque animal a ses t\u00eates et ses affinit\u00e9s). Ne pourra pas \u00eatre plac\u00e9e dans un foyer avec des enfants en bas-\u00e2ge. N\u2019\u00e9tant pas manipulable pour le moment, il nous est impossible d\u2019effectuer un test chat s\u00e9curitaire pour le f\u00e9lin.<\/p>\n\n\n\n<p><strong>Character<\/strong> : 8 novembre 2023 : elle progresse bien<br>craintive \u00e0 son arriv\u00e9e (ao\u00fbt 2023)<\/p>\n\n\n\n<p><strong>History<\/strong> : attrap\u00e9e par les dogcatchers de Pascani<\/p>\n\n\n\n<p>Pour suivre son \u00e9volution : <a href=\"https:\/\/remembermefrance.forumactif.org\/t19488-coral-femelle-de-taille-petite-a-moyenne-nee-environ-en-fevrier-2022-remember-me-land?highlight=coral\">voir sur le forum<\/a><\/p>\n\n\n\n<p><strong>Frais d&rsquo;adoption<\/strong> : 300 \u20ac <br><a href=\"https:\/\/remembermefrance.org\/index.php\/adopter\/procedure-dadoption#lesfrais\">Click here<\/a> pour plus d&rsquo;infos sur les frais<\/p>\n\n\n<div class=\"wp-block-button button1\"><a class=\"wp-block-button__link\" href=\"https:\/\/remembermefrance.org\/wp-content\/uploads\/formulaire_rmf.docx\">T\u00e9l\u00e9chargez le formulaire d&rsquo;adoption<\/a><\/div>\n\n\n<hr class=\"wp-block-separator has-css-opacity\"\/>\n\n\n\n<figure class=\"wp-block-gallery has-nested-images columns-default is-cropped wp-block-gallery-1 is-layout-flex wp-block-gallery-is-layout-flex\">\n<figure class=\"wp-block-image size-large\"><a href=\"https:\/\/remembermefrance.org\/wp-content\/uploads\/coral_38.jpg\"><img decoding=\"async\" width=\"375\" height=\"500\" data-id=\"93860\" src=\"https:\/\/remembermefrance.org\/wp-content\/uploads\/coral_38-375x500.jpg\" alt=\"\" class=\"wp-image-93860\" srcset=\"https:\/\/remembermefrance.org\/wp-content\/uploads\/coral_38-375x500.jpg 375w, https:\/\/remembermefrance.org\/wp-content\/uploads\/coral_38-225x300.jpg 225w, https:\/\/remembermefrance.org\/wp-content\/uploads\/coral_38-9x12.jpg 9w, https:\/\/remembermefrance.org\/wp-content\/uploads\/coral_38-360x480.jpg 360w, https:\/\/remembermefrance.org\/wp-content\/uploads\/coral_38.jpg 640w\" sizes=\"(max-width: 375px) 100vw, 375px\" \/><\/a><figcaption class=\"wp-element-caption\">Novembre 2025<\/figcaption><\/figure>\n\n\n\n<figure class=\"wp-block-image size-large\"><a href=\"https:\/\/remembermefrance.org\/wp-content\/uploads\/coral_39.jpg\"><img decoding=\"async\" width=\"360\" height=\"480\" data-id=\"93861\" src=\"https:\/\/remembermefrance.org\/wp-content\/uploads\/coral_39.jpg\" alt=\"\" class=\"wp-image-93861\" srcset=\"https:\/\/remembermefrance.org\/wp-content\/uploads\/coral_39.jpg 360w, https:\/\/remembermefrance.org\/wp-content\/uploads\/coral_39-225x300.jpg 225w, https:\/\/remembermefrance.org\/wp-content\/uploads\/coral_39-9x12.jpg 9w\" sizes=\"(max-width: 360px) 100vw, 360px\" \/><\/a><figcaption class=\"wp-element-caption\">Novembre 2025<\/figcaption><\/figure>\n\n\n\n<figure class=\"wp-block-image size-large\"><a href=\"https:\/\/remembermefrance.org\/wp-content\/uploads\/coral_34.jpg\"><img decoding=\"async\" width=\"360\" height=\"480\" data-id=\"93862\" src=\"https:\/\/remembermefrance.org\/wp-content\/uploads\/coral_34.jpg\" alt=\"\" class=\"wp-image-93862\" srcset=\"https:\/\/remembermefrance.org\/wp-content\/uploads\/coral_34.jpg 360w, https:\/\/remembermefrance.org\/wp-content\/uploads\/coral_34-225x300.jpg 225w, https:\/\/remembermefrance.org\/wp-content\/uploads\/coral_34-9x12.jpg 9w\" sizes=\"(max-width: 360px) 100vw, 360px\" \/><\/a><figcaption class=\"wp-element-caption\">Novembre 2025<\/figcaption><\/figure>\n\n\n\n<figure class=\"wp-block-image size-large\"><a href=\"https:\/\/remembermefrance.org\/wp-content\/uploads\/coral_18.jpg\"><img decoding=\"async\" width=\"360\" height=\"480\" data-id=\"83995\" src=\"https:\/\/remembermefrance.org\/wp-content\/uploads\/coral_18.jpg\" alt=\"\" class=\"wp-image-83995\" srcset=\"https:\/\/remembermefrance.org\/wp-content\/uploads\/coral_18.jpg 360w, https:\/\/remembermefrance.org\/wp-content\/uploads\/coral_18-225x300.jpg 225w, https:\/\/remembermefrance.org\/wp-content\/uploads\/coral_18-9x12.jpg 9w\" sizes=\"(max-width: 360px) 100vw, 360px\" \/><\/a><figcaption class=\"wp-element-caption\">Mai 2025<\/figcaption><\/figure>\n\n\n\n<figure class=\"wp-block-image size-large\"><a href=\"https:\/\/remembermefrance.org\/wp-content\/uploads\/coral_17-1.jpg\"><img decoding=\"async\" width=\"359\" height=\"479\" data-id=\"83998\" src=\"https:\/\/remembermefrance.org\/wp-content\/uploads\/coral_17-1.jpg\" alt=\"\" class=\"wp-image-83998\" srcset=\"https:\/\/remembermefrance.org\/wp-content\/uploads\/coral_17-1.jpg 359w, https:\/\/remembermefrance.org\/wp-content\/uploads\/coral_17-1-225x300.jpg 225w, https:\/\/remembermefrance.org\/wp-content\/uploads\/coral_17-1-9x12.jpg 9w\" sizes=\"(max-width: 359px) 100vw, 359px\" \/><\/a><figcaption class=\"wp-element-caption\">Mai 2025<\/figcaption><\/figure>\n\n\n\n<figure class=\"wp-block-image size-large\"><a href=\"https:\/\/remembermefrance.org\/wp-content\/uploads\/coral_20.jpg\"><img decoding=\"async\" width=\"355\" height=\"479\" data-id=\"83994\" src=\"https:\/\/remembermefrance.org\/wp-content\/uploads\/coral_20.jpg\" alt=\"\" class=\"wp-image-83994\" srcset=\"https:\/\/remembermefrance.org\/wp-content\/uploads\/coral_20.jpg 355w, https:\/\/remembermefrance.org\/wp-content\/uploads\/coral_20-222x300.jpg 222w, https:\/\/remembermefrance.org\/wp-content\/uploads\/coral_20-9x12.jpg 9w\" sizes=\"(max-width: 355px) 100vw, 355px\" \/><\/a><figcaption class=\"wp-element-caption\">Mai 2025<\/figcaption><\/figure>\n\n\n\n<figure class=\"wp-block-image size-large\"><a href=\"https:\/\/remembermefrance.org\/wp-content\/uploads\/coral_22.jpg\"><img decoding=\"async\" width=\"360\" height=\"480\" data-id=\"83993\" src=\"https:\/\/remembermefrance.org\/wp-content\/uploads\/coral_22.jpg\" alt=\"\" class=\"wp-image-83993\" srcset=\"https:\/\/remembermefrance.org\/wp-content\/uploads\/coral_22.jpg 360w, https:\/\/remembermefrance.org\/wp-content\/uploads\/coral_22-225x300.jpg 225w, https:\/\/remembermefrance.org\/wp-content\/uploads\/coral_22-9x12.jpg 9w\" sizes=\"(max-width: 360px) 100vw, 360px\" \/><\/a><figcaption class=\"wp-element-caption\">Mai 2025<\/figcaption><\/figure>\n\n\n\n<figure class=\"wp-block-image size-large\"><a href=\"https:\/\/remembermefrance.org\/wp-content\/uploads\/coral_21-1.jpg\"><img decoding=\"async\" width=\"360\" height=\"480\" data-id=\"83992\" src=\"https:\/\/remembermefrance.org\/wp-content\/uploads\/coral_21-1.jpg\" alt=\"\" class=\"wp-image-83992\" srcset=\"https:\/\/remembermefrance.org\/wp-content\/uploads\/coral_21-1.jpg 360w, https:\/\/remembermefrance.org\/wp-content\/uploads\/coral_21-1-225x300.jpg 225w, https:\/\/remembermefrance.org\/wp-content\/uploads\/coral_21-1-9x12.jpg 9w\" sizes=\"(max-width: 360px) 100vw, 360px\" \/><\/a><figcaption class=\"wp-element-caption\">Mai 2025<\/figcaption><\/figure>\n\n\n\n<figure class=\"wp-block-image size-large\"><a href=\"https:\/\/remembermefrance.org\/wp-content\/uploads\/coral_28.jpg\"><img decoding=\"async\" width=\"356\" height=\"479\" data-id=\"83996\" src=\"https:\/\/remembermefrance.org\/wp-content\/uploads\/coral_28.jpg\" alt=\"\" class=\"wp-image-83996\" srcset=\"https:\/\/remembermefrance.org\/wp-content\/uploads\/coral_28.jpg 356w, https:\/\/remembermefrance.org\/wp-content\/uploads\/coral_28-223x300.jpg 223w, https:\/\/remembermefrance.org\/wp-content\/uploads\/coral_28-9x12.jpg 9w\" sizes=\"(max-width: 356px) 100vw, 356px\" \/><\/a><figcaption class=\"wp-element-caption\">Mai 2025<\/figcaption><\/figure>\n\n\n\n<figure class=\"wp-block-image size-large\"><a href=\"https:\/\/remembermefrance.org\/wp-content\/uploads\/coral_15-1.jpg\"><img decoding=\"async\" width=\"360\" height=\"480\" data-id=\"79330\" src=\"https:\/\/remembermefrance.org\/wp-content\/uploads\/coral_15-1.jpg\" alt=\"\" class=\"wp-image-79330\" srcset=\"https:\/\/remembermefrance.org\/wp-content\/uploads\/coral_15-1.jpg 360w, https:\/\/remembermefrance.org\/wp-content\/uploads\/coral_15-1-225x300.jpg 225w, https:\/\/remembermefrance.org\/wp-content\/uploads\/coral_15-1-9x12.jpg 9w\" sizes=\"(max-width: 360px) 100vw, 360px\" \/><\/a><figcaption class=\"wp-element-caption\">Octobre 2024<\/figcaption><\/figure>\n\n\n\n<figure class=\"wp-block-image size-large\"><a href=\"https:\/\/remembermefrance.org\/wp-content\/uploads\/coral_10-2.jpg\"><img decoding=\"async\" data-id=\"79331\" src=\"https:\/\/remembermefrance.org\/wp-content\/uploads\/coral_10-2-377x500.jpg\" alt=\"\" class=\"wp-image-79331\"\/><\/a><figcaption class=\"wp-element-caption\">Octobre 2024<\/figcaption><\/figure>\n\n\n\n<figure class=\"wp-block-image size-large\"><a href=\"https:\/\/remembermefrance.org\/wp-content\/uploads\/coral_26.jpg\"><img decoding=\"async\" data-id=\"73452\" src=\"https:\/\/remembermefrance.org\/wp-content\/uploads\/coral_26-375x500.jpg\" alt=\"\" class=\"wp-image-73452\"\/><\/a><figcaption class=\"wp-element-caption\">Mars 2024<\/figcaption><\/figure>\n\n\n\n<figure class=\"wp-block-image size-large\"><a href=\"https:\/\/remembermefrance.org\/wp-content\/uploads\/coral_30.jpg\"><img decoding=\"async\" width=\"360\" height=\"480\" data-id=\"73451\" src=\"https:\/\/remembermefrance.org\/wp-content\/uploads\/coral_30.jpg\" alt=\"\" class=\"wp-image-73451\" srcset=\"https:\/\/remembermefrance.org\/wp-content\/uploads\/coral_30.jpg 360w, https:\/\/remembermefrance.org\/wp-content\/uploads\/coral_30-225x300.jpg 225w, https:\/\/remembermefrance.org\/wp-content\/uploads\/coral_30-9x12.jpg 9w\" sizes=\"(max-width: 360px) 100vw, 360px\" \/><\/a><figcaption class=\"wp-element-caption\">Mars 2024<\/figcaption><\/figure>\n\n\n\n<figure class=\"wp-block-image size-large\"><a href=\"https:\/\/remembermefrance.org\/wp-content\/uploads\/coral_12-1.jpg\"><img decoding=\"async\" width=\"576\" height=\"768\" data-id=\"67192\" src=\"https:\/\/remembermefrance.org\/wp-content\/uploads\/coral_12-1.jpg\" alt=\"\" class=\"wp-image-67192\"\/><\/a><figcaption class=\"wp-element-caption\">Septembre 2023<\/figcaption><\/figure>\n\n\n\n<figure class=\"wp-block-image size-large\"><a href=\"https:\/\/remembermefrance.org\/wp-content\/uploads\/coral_10-1.jpg\"><img decoding=\"async\" width=\"375\" height=\"500\" data-id=\"67190\" src=\"https:\/\/remembermefrance.org\/wp-content\/uploads\/coral_10-1-375x500.jpg\" alt=\"\" class=\"wp-image-67190\" srcset=\"https:\/\/remembermefrance.org\/wp-content\/uploads\/coral_10-1-375x500.jpg 375w, https:\/\/remembermefrance.org\/wp-content\/uploads\/coral_10-1-225x300.jpg 225w, https:\/\/remembermefrance.org\/wp-content\/uploads\/coral_10-1-9x12.jpg 9w, https:\/\/remembermefrance.org\/wp-content\/uploads\/coral_10-1-360x480.jpg 360w, https:\/\/remembermefrance.org\/wp-content\/uploads\/coral_10-1.jpg 576w\" sizes=\"(max-width: 375px) 100vw, 375px\" \/><\/a><figcaption class=\"wp-element-caption\">Septembre 2023<\/figcaption><\/figure>\n\n\n\n<figure class=\"wp-block-image size-large\"><a href=\"https:\/\/remembermefrance.org\/wp-content\/uploads\/coral_16.jpg\"><img decoding=\"async\" width=\"360\" height=\"480\" data-id=\"66414\" src=\"https:\/\/remembermefrance.org\/wp-content\/uploads\/coral_16.jpg\" alt=\"\" class=\"wp-image-66414\" srcset=\"https:\/\/remembermefrance.org\/wp-content\/uploads\/coral_16.jpg 360w, https:\/\/remembermefrance.org\/wp-content\/uploads\/coral_16-225x300.jpg 225w, https:\/\/remembermefrance.org\/wp-content\/uploads\/coral_16-9x12.jpg 9w\" sizes=\"(max-width: 360px) 100vw, 360px\" \/><\/a><figcaption class=\"wp-element-caption\">Septembre 2023<\/figcaption><\/figure>\n\n\n\n<figure class=\"wp-block-image size-large\"><a href=\"https:\/\/remembermefrance.org\/wp-content\/uploads\/coral_23.jpg\"><img decoding=\"async\" width=\"360\" height=\"480\" data-id=\"66421\" src=\"https:\/\/remembermefrance.org\/wp-content\/uploads\/coral_23.jpg\" alt=\"\" class=\"wp-image-66421\" srcset=\"https:\/\/remembermefrance.org\/wp-content\/uploads\/coral_23.jpg 360w, https:\/\/remembermefrance.org\/wp-content\/uploads\/coral_23-225x300.jpg 225w, https:\/\/remembermefrance.org\/wp-content\/uploads\/coral_23-9x12.jpg 9w\" sizes=\"(max-width: 360px) 100vw, 360px\" \/><\/a><figcaption class=\"wp-element-caption\">Septembre 2023<\/figcaption><\/figure>\n\n\n\n<figure class=\"wp-block-image size-large\"><a href=\"https:\/\/remembermefrance.org\/wp-content\/uploads\/coral_13.jpg\"><img decoding=\"async\" width=\"640\" height=\"480\" data-id=\"66411\" src=\"https:\/\/remembermefrance.org\/wp-content\/uploads\/coral_13.jpg\" alt=\"\" class=\"wp-image-66411\"\/><\/a><figcaption class=\"wp-element-caption\">Septembre 2023<\/figcaption><\/figure>\n\n\n\n<figure class=\"wp-block-image size-large\"><a href=\"https:\/\/remembermefrance.org\/wp-content\/uploads\/coral_21.jpg\"><img decoding=\"async\" width=\"640\" height=\"480\" data-id=\"66419\" src=\"https:\/\/remembermefrance.org\/wp-content\/uploads\/coral_21.jpg\" alt=\"\" class=\"wp-image-66419\"\/><\/a><figcaption class=\"wp-element-caption\">Septembre 2023<\/figcaption><\/figure>\n\n\n\n<figure class=\"wp-block-image size-large\"><a href=\"https:\/\/remembermefrance.org\/wp-content\/uploads\/coral_12.jpg\"><img decoding=\"async\" width=\"500\" height=\"375\" data-id=\"66410\" src=\"https:\/\/remembermefrance.org\/wp-content\/uploads\/coral_12-500x375.jpg\" alt=\"\" class=\"wp-image-66410\" srcset=\"https:\/\/remembermefrance.org\/wp-content\/uploads\/coral_12-500x375.jpg 500w, https:\/\/remembermefrance.org\/wp-content\/uploads\/coral_12-300x225.jpg 300w, https:\/\/remembermefrance.org\/wp-content\/uploads\/coral_12-16x12.jpg 16w, https:\/\/remembermefrance.org\/wp-content\/uploads\/coral_12-360x270.jpg 360w, https:\/\/remembermefrance.org\/wp-content\/uploads\/coral_12.jpg 640w\" sizes=\"(max-width: 500px) 100vw, 500px\" \/><\/a><figcaption class=\"wp-element-caption\">Septembre 2023<\/figcaption><\/figure>\n\n\n\n<figure class=\"wp-block-image size-large\"><a href=\"https:\/\/remembermefrance.org\/wp-content\/uploads\/coral_11.jpg\"><img decoding=\"async\" data-id=\"66409\" src=\"https:\/\/remembermefrance.org\/wp-content\/uploads\/coral_11.jpg\" alt=\"\" class=\"wp-image-66409\"\/><\/a><figcaption class=\"wp-element-caption\">Septembre 2023<\/figcaption><\/figure>\n\n\n\n<figure class=\"wp-block-image size-large\"><a href=\"https:\/\/remembermefrance.org\/wp-content\/uploads\/coral_10.jpg\"><img decoding=\"async\" width=\"375\" height=\"500\" data-id=\"66408\" src=\"https:\/\/remembermefrance.org\/wp-content\/uploads\/coral_10-375x500.jpg\" alt=\"\" class=\"wp-image-66408\" srcset=\"https:\/\/remembermefrance.org\/wp-content\/uploads\/coral_10-375x500.jpg 375w, https:\/\/remembermefrance.org\/wp-content\/uploads\/coral_10-225x300.jpg 225w, https:\/\/remembermefrance.org\/wp-content\/uploads\/coral_10-9x12.jpg 9w, https:\/\/remembermefrance.org\/wp-content\/uploads\/coral_10-360x480.jpg 360w, https:\/\/remembermefrance.org\/wp-content\/uploads\/coral_10.jpg 640w\" sizes=\"(max-width: 375px) 100vw, 375px\" \/><\/a><figcaption class=\"wp-element-caption\">Septembre 2023<\/figcaption><\/figure>\n\n\n\n<figure class=\"wp-block-image size-large\"><a href=\"https:\/\/remembermefrance.org\/wp-content\/uploads\/coral_17.jpg\"><img decoding=\"async\" width=\"500\" height=\"375\" data-id=\"66415\" src=\"https:\/\/remembermefrance.org\/wp-content\/uploads\/coral_17-500x375.jpg\" alt=\"\" class=\"wp-image-66415\" srcset=\"https:\/\/remembermefrance.org\/wp-content\/uploads\/coral_17-500x375.jpg 500w, https:\/\/remembermefrance.org\/wp-content\/uploads\/coral_17-300x225.jpg 300w, https:\/\/remembermefrance.org\/wp-content\/uploads\/coral_17-16x12.jpg 16w, https:\/\/remembermefrance.org\/wp-content\/uploads\/coral_17-360x270.jpg 360w, https:\/\/remembermefrance.org\/wp-content\/uploads\/coral_17.jpg 640w\" sizes=\"(max-width: 500px) 100vw, 500px\" \/><\/a><figcaption class=\"wp-element-caption\">Septembre 2023<\/figcaption><\/figure>\n\n\n\n<figure class=\"wp-block-image size-large\"><a href=\"https:\/\/remembermefrance.org\/wp-content\/uploads\/36759510-e1692970554951.jpg\"><img decoding=\"async\" width=\"375\" height=\"500\" data-id=\"66017\" src=\"https:\/\/remembermefrance.org\/wp-content\/uploads\/36759510-375x500.jpg\" alt=\"\" class=\"wp-image-66017\"\/><\/a><figcaption class=\"wp-element-caption\">Ao\u00fbt 2023<\/figcaption><\/figure>\n<\/figure>\n\n\n\n<hr class=\"wp-block-separator has-css-opacity\"\/>\n\n\n\n<figure class=\"wp-block-embed is-type-video is-provider-youtube wp-block-embed-youtube wp-embed-aspect-4-3 wp-has-aspect-ratio\"><div class=\"wp-block-embed__wrapper\">\n<iframe title=\"CORAL - REMEMBER ME\" width=\"843\" height=\"632\" src=\"https:\/\/www.youtube.com\/embed\/4B3-OOy-i0s?feature=oembed\" frameborder=\"0\" allow=\"accelerometer; autoplay; clipboard-write; encrypted-media; gyroscope; picture-in-picture; web-share\" referrerpolicy=\"strict-origin-when-cross-origin\" allowfullscreen><\/iframe>\n<\/div><\/figure>\n\n\n\n<figure class=\"wp-block-embed is-type-video is-provider-youtube wp-block-embed-youtube wp-embed-aspect-4-3 wp-has-aspect-ratio\"><div class=\"wp-block-embed__wrapper\">\n<iframe title=\"CORAL - REMEMBER ME\" width=\"563\" height=\"1000\" src=\"https:\/\/www.youtube.com\/embed\/AuO9ekBV2BM?feature=oembed\" frameborder=\"0\" allow=\"accelerometer; autoplay; clipboard-write; encrypted-media; gyroscope; picture-in-picture; web-share\" referrerpolicy=\"strict-origin-when-cross-origin\" allowfullscreen><\/iframe>\n<\/div><\/figure>\n\n\n\n<figure class=\"wp-block-embed is-type-video is-provider-youtube wp-block-embed-youtube wp-embed-aspect-4-3 wp-has-aspect-ratio\"><div class=\"wp-block-embed__wrapper\">\n<iframe title=\"CORAL - REMEMBER ME\" width=\"843\" height=\"632\" src=\"https:\/\/www.youtube.com\/embed\/46oAuttOZ-8?feature=oembed\" frameborder=\"0\" allow=\"accelerometer; autoplay; clipboard-write; encrypted-media; gyroscope; picture-in-picture; web-share\" referrerpolicy=\"strict-origin-when-cross-origin\" allowfullscreen><\/iframe>\n<\/div><\/figure>\n\n\n\n<figure class=\"wp-block-gallery has-nested-images columns-default is-cropped wp-block-gallery-2 is-layout-flex wp-block-gallery-is-layout-flex\">\n<figure class=\"wp-block-image size-large\"><img decoding=\"async\" width=\"359\" height=\"479\" data-id=\"83998\" src=\"https:\/\/remembermefrance.org\/wp-content\/uploads\/coral_17-1.jpg\" alt=\"\" class=\"wp-image-83998\" srcset=\"https:\/\/remembermefrance.org\/wp-content\/uploads\/coral_17-1.jpg 359w, https:\/\/remembermefrance.org\/wp-content\/uploads\/coral_17-1-225x300.jpg 225w, https:\/\/remembermefrance.org\/wp-content\/uploads\/coral_17-1-9x12.jpg 9w\" sizes=\"(max-width: 359px) 100vw, 359px\" \/><\/figure>\n\n\n\n<figure class=\"wp-block-image size-large\"><img decoding=\"async\" width=\"360\" height=\"480\" data-id=\"83995\" src=\"https:\/\/remembermefrance.org\/wp-content\/uploads\/coral_18.jpg\" alt=\"\" class=\"wp-image-83995\" srcset=\"https:\/\/remembermefrance.org\/wp-content\/uploads\/coral_18.jpg 360w, https:\/\/remembermefrance.org\/wp-content\/uploads\/coral_18-225x300.jpg 225w, https:\/\/remembermefrance.org\/wp-content\/uploads\/coral_18-9x12.jpg 9w\" sizes=\"(max-width: 360px) 100vw, 360px\" \/><\/figure>\n\n\n\n<figure class=\"wp-block-image size-large\"><img decoding=\"async\" width=\"355\" height=\"479\" data-id=\"83994\" src=\"https:\/\/remembermefrance.org\/wp-content\/uploads\/coral_20.jpg\" alt=\"\" class=\"wp-image-83994\" srcset=\"https:\/\/remembermefrance.org\/wp-content\/uploads\/coral_20.jpg 355w, https:\/\/remembermefrance.org\/wp-content\/uploads\/coral_20-222x300.jpg 222w, https:\/\/remembermefrance.org\/wp-content\/uploads\/coral_20-9x12.jpg 9w\" sizes=\"(max-width: 355px) 100vw, 355px\" \/><\/figure>\n\n\n\n<figure class=\"wp-block-image size-large\"><img decoding=\"async\" width=\"360\" height=\"480\" data-id=\"83992\" src=\"https:\/\/remembermefrance.org\/wp-content\/uploads\/coral_21-1.jpg\" alt=\"\" class=\"wp-image-83992\" srcset=\"https:\/\/remembermefrance.org\/wp-content\/uploads\/coral_21-1.jpg 360w, https:\/\/remembermefrance.org\/wp-content\/uploads\/coral_21-1-225x300.jpg 225w, https:\/\/remembermefrance.org\/wp-content\/uploads\/coral_21-1-9x12.jpg 9w\" sizes=\"(max-width: 360px) 100vw, 360px\" \/><\/figure>\n\n\n\n<figure class=\"wp-block-image size-large\"><img decoding=\"async\" width=\"360\" height=\"480\" data-id=\"83993\" src=\"https:\/\/remembermefrance.org\/wp-content\/uploads\/coral_22.jpg\" alt=\"\" class=\"wp-image-83993\" srcset=\"https:\/\/remembermefrance.org\/wp-content\/uploads\/coral_22.jpg 360w, https:\/\/remembermefrance.org\/wp-content\/uploads\/coral_22-225x300.jpg 225w, https:\/\/remembermefrance.org\/wp-content\/uploads\/coral_22-9x12.jpg 9w\" sizes=\"(max-width: 360px) 100vw, 360px\" \/><\/figure>\n\n\n\n<figure class=\"wp-block-image size-large\"><img decoding=\"async\" width=\"360\" height=\"480\" data-id=\"83997\" src=\"https:\/\/remembermefrance.org\/wp-content\/uploads\/coral_24.jpg\" alt=\"\" class=\"wp-image-83997\" srcset=\"https:\/\/remembermefrance.org\/wp-content\/uploads\/coral_24.jpg 360w, https:\/\/remembermefrance.org\/wp-content\/uploads\/coral_24-225x300.jpg 225w, https:\/\/remembermefrance.org\/wp-content\/uploads\/coral_24-9x12.jpg 9w\" sizes=\"(max-width: 360px) 100vw, 360px\" \/><\/figure>\n\n\n\n<figure class=\"wp-block-image size-large\"><img decoding=\"async\" width=\"356\" height=\"479\" data-id=\"83996\" src=\"https:\/\/remembermefrance.org\/wp-content\/uploads\/coral_28.jpg\" alt=\"\" class=\"wp-image-83996\" srcset=\"https:\/\/remembermefrance.org\/wp-content\/uploads\/coral_28.jpg 356w, https:\/\/remembermefrance.org\/wp-content\/uploads\/coral_28-223x300.jpg 223w, https:\/\/remembermefrance.org\/wp-content\/uploads\/coral_28-9x12.jpg 9w\" sizes=\"(max-width: 356px) 100vw, 356px\" \/><\/figure>\n<\/figure>","protected":false},"excerpt":{"rendered":"<p>Female, born in February 2022<br \/>\nAu refuge depuis ao\u00fbt 2023<\/p>","protected":false},"featured_media":83996,"template":"","breed":[27,26],"pet-color":[],"class_list":["post-66018","pets","type-pets","status-publish","has-post-thumbnail","hentry","breed-adulte-moyen","breed-adulte-petit"],"yoast_head":"<!-- This site is optimized with the Yoast SEO plugin v27.5 - https:\/\/yoast.com\/product\/yoast-seo-wordpress\/ -->\n<title>Coral - Association RMF<\/title>\n<meta name=\"robots\" content=\"index, follow, max-snippet:-1, max-image-preview:large, max-video-preview:-1\" \/>\n<link rel=\"canonical\" href=\"https:\/\/remembermefrance.org\/en\/pets\/coral\/\" \/>\n<meta property=\"og:locale\" content=\"en_GB\" \/>\n<meta property=\"og:type\" content=\"article\" \/>\n<meta property=\"og:title\" content=\"Coral - Association RMF\" \/>\n<meta property=\"og:description\" content=\"Femelle, n\u00e9e environ en f\u00e9vrier 2022 Au refuge depuis ao\u00fbt 2023\" \/>\n<meta property=\"og:url\" content=\"https:\/\/remembermefrance.org\/en\/pets\/coral\/\" \/>\n<meta property=\"og:site_name\" content=\"Association RMF\" \/>\n<meta property=\"article:publisher\" content=\"https:\/\/www.facebook.com\/remembermefrance\" \/>\n<meta property=\"og:image\" content=\"https:\/\/remembermefrance.org\/wp-content\/uploads\/coral_28.jpg\" \/>\n\t<meta property=\"og:image:width\" content=\"356\" \/>\n\t<meta property=\"og:image:height\" content=\"479\" \/>\n\t<meta property=\"og:image:type\" content=\"image\/jpeg\" \/>\n<meta name=\"twitter:card\" content=\"summary_large_image\" \/>\n<meta name=\"twitter:label1\" content=\"Estimated reading time\" \/>\n\t<meta name=\"twitter:data1\" content=\"8 minutes\" \/>\n<script type=\"application\/ld+json\" class=\"yoast-schema-graph\">{\"@context\":\"https:\\\/\\\/schema.org\",\"@graph\":[{\"@type\":\"WebPage\",\"@id\":\"https:\\\/\\\/remembermefrance.org\\\/pets\\\/coral\\\/\",\"url\":\"https:\\\/\\\/remembermefrance.org\\\/pets\\\/coral\\\/\",\"name\":\"Coral - Association RMF\",\"isPartOf\":{\"@id\":\"https:\\\/\\\/remembermefrance.org\\\/#website\"},\"primaryImageOfPage\":{\"@id\":\"https:\\\/\\\/remembermefrance.org\\\/pets\\\/coral\\\/#primaryimage\"},\"image\":{\"@id\":\"https:\\\/\\\/remembermefrance.org\\\/pets\\\/coral\\\/#primaryimage\"},\"thumbnailUrl\":\"https:\\\/\\\/remembermefrance.org\\\/wp-content\\\/uploads\\\/coral_28.jpg\",\"datePublished\":\"2025-11-17T21:14:55+00:00\",\"breadcrumb\":{\"@id\":\"https:\\\/\\\/remembermefrance.org\\\/pets\\\/coral\\\/#breadcrumb\"},\"inLanguage\":\"en-GB\",\"potentialAction\":[{\"@type\":\"ReadAction\",\"target\":[\"https:\\\/\\\/remembermefrance.org\\\/pets\\\/coral\\\/\"]}]},{\"@type\":\"ImageObject\",\"inLanguage\":\"en-GB\",\"@id\":\"https:\\\/\\\/remembermefrance.org\\\/pets\\\/coral\\\/#primaryimage\",\"url\":\"https:\\\/\\\/remembermefrance.org\\\/wp-content\\\/uploads\\\/coral_28.jpg\",\"contentUrl\":\"https:\\\/\\\/remembermefrance.org\\\/wp-content\\\/uploads\\\/coral_28.jpg\",\"width\":356,\"height\":479},{\"@type\":\"BreadcrumbList\",\"@id\":\"https:\\\/\\\/remembermefrance.org\\\/pets\\\/coral\\\/#breadcrumb\",\"itemListElement\":[{\"@type\":\"ListItem\",\"position\":1,\"name\":\"Accueil\",\"item\":\"https:\\\/\\\/remembermefrance.org\\\/\"},{\"@type\":\"ListItem\",\"position\":2,\"name\":\"Pets\",\"item\":\"https:\\\/\\\/remembermefrance.org\\\/pets\\\/\"},{\"@type\":\"ListItem\",\"position\":3,\"name\":\"Coral\"}]},{\"@type\":\"WebSite\",\"@id\":\"https:\\\/\\\/remembermefrance.org\\\/#website\",\"url\":\"https:\\\/\\\/remembermefrance.org\\\/\",\"name\":\"Remember me France\",\"description\":\"Adopter un chien roumain\",\"publisher\":{\"@id\":\"https:\\\/\\\/remembermefrance.org\\\/#organization\"},\"potentialAction\":[{\"@type\":\"SearchAction\",\"target\":{\"@type\":\"EntryPoint\",\"urlTemplate\":\"https:\\\/\\\/remembermefrance.org\\\/?s={search_term_string}\"},\"query-input\":{\"@type\":\"PropertyValueSpecification\",\"valueRequired\":true,\"valueName\":\"search_term_string\"}}],\"inLanguage\":\"en-GB\"},{\"@type\":\"Organization\",\"@id\":\"https:\\\/\\\/remembermefrance.org\\\/#organization\",\"name\":\"Remember me\",\"url\":\"https:\\\/\\\/remembermefrance.org\\\/\",\"logo\":{\"@type\":\"ImageObject\",\"inLanguage\":\"en-GB\",\"@id\":\"https:\\\/\\\/remembermefrance.org\\\/#\\\/schema\\\/logo\\\/image\\\/\",\"url\":\"https:\\\/\\\/remembermefrance.org\\\/wp-content\\\/uploads\\\/logo-remember.png\",\"contentUrl\":\"https:\\\/\\\/remembermefrance.org\\\/wp-content\\\/uploads\\\/logo-remember.png\",\"width\":325,\"height\":60,\"caption\":\"Remember me\"},\"image\":{\"@id\":\"https:\\\/\\\/remembermefrance.org\\\/#\\\/schema\\\/logo\\\/image\\\/\"},\"sameAs\":[\"https:\\\/\\\/www.facebook.com\\\/remembermefrance\",\"https:\\\/\\\/www.instagram.com\\\/remembermefrance\\\/\"]}]}<\/script>\n<!-- \/ Yoast SEO plugin. -->","yoast_head_json":{"title":"Coral - Association RMF","robots":{"index":"index","follow":"follow","max-snippet":"max-snippet:-1","max-image-preview":"max-image-preview:large","max-video-preview":"max-video-preview:-1"},"canonical":"https:\/\/remembermefrance.org\/en\/pets\/coral\/","og_locale":"en_GB","og_type":"article","og_title":"Coral - Association RMF","og_description":"Femelle, n\u00e9e environ en f\u00e9vrier 2022 Au refuge depuis ao\u00fbt 2023","og_url":"https:\/\/remembermefrance.org\/en\/pets\/coral\/","og_site_name":"Association RMF","article_publisher":"https:\/\/www.facebook.com\/remembermefrance","og_image":[{"width":356,"height":479,"url":"https:\/\/remembermefrance.org\/wp-content\/uploads\/coral_28.jpg","type":"image\/jpeg"}],"twitter_card":"summary_large_image","twitter_misc":{"Estimated reading time":"8 minutes"},"schema":{"@context":"https:\/\/schema.org","@graph":[{"@type":"WebPage","@id":"https:\/\/remembermefrance.org\/pets\/coral\/","url":"https:\/\/remembermefrance.org\/pets\/coral\/","name":"Coral - Association RMF","isPartOf":{"@id":"https:\/\/remembermefrance.org\/#website"},"primaryImageOfPage":{"@id":"https:\/\/remembermefrance.org\/pets\/coral\/#primaryimage"},"image":{"@id":"https:\/\/remembermefrance.org\/pets\/coral\/#primaryimage"},"thumbnailUrl":"https:\/\/remembermefrance.org\/wp-content\/uploads\/coral_28.jpg","datePublished":"2025-11-17T21:14:55+00:00","breadcrumb":{"@id":"https:\/\/remembermefrance.org\/pets\/coral\/#breadcrumb"},"inLanguage":"en-GB","potentialAction":[{"@type":"ReadAction","target":["https:\/\/remembermefrance.org\/pets\/coral\/"]}]},{"@type":"ImageObject","inLanguage":"en-GB","@id":"https:\/\/remembermefrance.org\/pets\/coral\/#primaryimage","url":"https:\/\/remembermefrance.org\/wp-content\/uploads\/coral_28.jpg","contentUrl":"https:\/\/remembermefrance.org\/wp-content\/uploads\/coral_28.jpg","width":356,"height":479},{"@type":"BreadcrumbList","@id":"https:\/\/remembermefrance.org\/pets\/coral\/#breadcrumb","itemListElement":[{"@type":"ListItem","position":1,"name":"Accueil","item":"https:\/\/remembermefrance.org\/"},{"@type":"ListItem","position":2,"name":"Pets","item":"https:\/\/remembermefrance.org\/pets\/"},{"@type":"ListItem","position":3,"name":"Coral"}]},{"@type":"WebSite","@id":"https:\/\/remembermefrance.org\/#website","url":"https:\/\/remembermefrance.org\/","name":"Remember me France","description":"Adopt a Romanian dog","publisher":{"@id":"https:\/\/remembermefrance.org\/#organization"},"potentialAction":[{"@type":"SearchAction","target":{"@type":"EntryPoint","urlTemplate":"https:\/\/remembermefrance.org\/?s={search_term_string}"},"query-input":{"@type":"PropertyValueSpecification","valueRequired":true,"valueName":"search_term_string"}}],"inLanguage":"en-GB"},{"@type":"Organization","@id":"https:\/\/remembermefrance.org\/#organization","name":"Remember me","url":"https:\/\/remembermefrance.org\/","logo":{"@type":"ImageObject","inLanguage":"en-GB","@id":"https:\/\/remembermefrance.org\/#\/schema\/logo\/image\/","url":"https:\/\/remembermefrance.org\/wp-content\/uploads\/logo-remember.png","contentUrl":"https:\/\/remembermefrance.org\/wp-content\/uploads\/logo-remember.png","width":325,"height":60,"caption":"Remember me"},"image":{"@id":"https:\/\/remembermefrance.org\/#\/schema\/logo\/image\/"},"sameAs":["https:\/\/www.facebook.com\/remembermefrance","https:\/\/www.instagram.com\/remembermefrance\/"]}]}},"_links":{"self":[{"href":"https:\/\/remembermefrance.org\/en\/wp-json\/wp\/v2\/pets\/66018","targetHints":{"allow":["GET"]}}],"collection":[{"href":"https:\/\/remembermefrance.org\/en\/wp-json\/wp\/v2\/pets"}],"about":[{"href":"https:\/\/remembermefrance.org\/en\/wp-json\/wp\/v2\/types\/pets"}],"wp:featuredmedia":[{"embeddable":true,"href":"https:\/\/remembermefrance.org\/en\/wp-json\/wp\/v2\/media\/83996"}],"wp:attachment":[{"href":"https:\/\/remembermefrance.org\/en\/wp-json\/wp\/v2\/media?parent=66018"}],"wp:term":[{"taxonomy":"breed","embeddable":true,"href":"https:\/\/remembermefrance.org\/en\/wp-json\/wp\/v2\/breed?post=66018"},{"taxonomy":"pet-color","embeddable":true,"href":"https:\/\/remembermefrance.org\/en\/wp-json\/wp\/v2\/pet-color?post=66018"}],"curies":[{"name":"wp","href":"https:\/\/api.w.org\/{rel}","templated":true}]}}