{"id":96639,"date":"2026-01-01T14:00:27","date_gmt":"2026-01-01T13:00:27","guid":{"rendered":"https:\/\/remembermefrance.org\/?post_type=pets&#038;p=96639"},"modified":"2026-04-26T11:48:07","modified_gmt":"2026-04-26T09:48:07","slug":"pilaf","status":"publish","type":"pets","link":"https:\/\/remembermefrance.org\/en\/pets\/pilaf\/","title":{"rendered":"Pilaf"},"content":{"rendered":"<p><strong>If you would like to sponsor one of our animals, <a href=\"https:\/\/remembermefrance.org\/index.php\/agir\/parrainer\/\">click here<\/a>.<\/strong><\/p>\n\n\n\n<p class=\"has-text-align-left\"><strong>Age:<\/strong> : n\u00e9e environ en f\u00e9vrier 2019 (date estim\u00e9e approximative)<br><strong>Breed<\/strong> : mixed<br><strong>Size:<\/strong>&nbsp;moyenne \u00e0 grande (28kg en d\u00e9cembre 2025)<br><br><strong>Neutered\/spayed<\/strong> : yes<br><strong>Vaccinated<\/strong> : yes<br><strong>Chipped<\/strong> : yes<\/p>\n\n\n\n<p><strong>Arrived at Remember Me Land<\/strong> : May 2019<\/p>\n\n\n\n<p class=\"has-text-align-left\">Ententes: ok chiens, ok chats, ok enfants <\/p>\n\n\n\n<p><\/p>\n\n\n\n<p><strong>Character<\/strong> : <strong>30 d\u00e9cembre 2025<\/strong>\u00a0:\u00a0<strong>Pilaf<\/strong>\u00a0est une chienne extr\u00eamement gentille et extr\u00eamement sociable. Elle adore les humains. Elle s&rsquo;entend avec tous les animaux. Mais je ne sais pas si elle serait pr\u00eate \u00e0 partager sa maison avec un autre chien. Elle adore les enfants mais peu parfois avoir des r\u00e9actions bizarres avec eux, les pincer par exemple, ou montrer les crocs si ils sont trop oppressant. Elle n&rsquo;a jamais mordu. Mais je pense qu&rsquo;elle serait mieux dans une maison soit avec des grands enfants, soit sans enfants. Plut\u00f4t une vie en campagne avec jardin car elle adore \u00eatre dehors. Elle passe \u00e9norm\u00e9ment de temps dans le jardin et en balade.<br>Elle p\u00e8se environ 28 kg, elle est tr\u00e8s calme en int\u00e9rieur, ne d\u00e9truit rien, elle est propre mais a parfois des accident dans son sommeil la nuit et donc, il faut r\u00e9guli\u00e8rement nettoyer son panier. C&rsquo;est pour ce soucis qu&rsquo;elle m\u00e9riterait une visite chez le v\u00e9to. Je pense que c&rsquo;est un soucis hormonal, mais j&rsquo;ai remarqu\u00e9 que c&rsquo;\u00e9tait plus souvent depuis qu&rsquo;elle a son grand lit o\u00f9 elle peu totalement s&rsquo;etaler et se d\u00e9tendre. Je la prom\u00e8ne sans laisse, son rappel est de plus en plus bon. Je la rattache toujours quand je croise des gens car elle est tellement sociable qu&rsquo;elle va vers eux en courant comme une folle. Avant elle leur sauter m\u00eame dessus de joie, mais c&rsquo;est bcp mieux aujourd&rsquo;hui, elle a compris que c&rsquo;\u00e9tait interdit.<\/p>\n\n\n\n<p><strong>History<\/strong> : Sauv\u00e9e dans la rue<\/p>\n\n\n\n<p>Nous avons sauv\u00e9 plusieurs chiots de la rue, ils \u00e9taient ensemble. Sont-ils fr\u00e8res et soeurs ou se sont ils regroup\u00e9s pour ne pas \u00eatre seuls?Nous ne le saurons jamais.&nbsp;Ils ont tous plus ou moins le m\u00eame \u00e2ge<\/p>\n\n\n\n<p>Les chiots trouv\u00e9s ensemble sont : Pepino,&nbsp;<strong>Pilaf<\/strong>, Paillotte, Pinball, Polenta, Prune et Pomy&nbsp;<\/p>\n\n\n\n<p>Pour suivre son \u00e9volution : <a href=\"https:\/\/remembermefrance.forumactif.org\/t7360-pilaf-femelle-taille-moyenne-nee-en-fevrier-2019-chez-anaiskatt-50-cherche-une-fa-ou-des-adoptants-d-urgence?highlight=Pilaf\">voir sur le forum<\/a><\/p>\n\n\n\n<p><strong>Frais d&rsquo;adoption<\/strong> : 200 \u20ac <br><a href=\"https:\/\/remembermefrance.org\/index.php\/adopter\/procedure-dadoption#lesfrais\">Click here<\/a> pour plus d&rsquo;infos sur les frais<\/p>\n\n\n<div class=\"wp-block-button button1\"><a class=\"wp-block-button__link\" href=\"https:\/\/remembermefrance.org\/wp-content\/uploads\/formulaire_rmf.docx\">T\u00e9l\u00e9chargez le formulaire d&rsquo;adoption<\/a><\/div>\n\n\n<hr class=\"wp-block-separator has-css-opacity\"\/>\n\n\n\n<figure class=\"wp-block-gallery has-nested-images columns-default is-cropped wp-block-gallery-1 is-layout-flex wp-block-gallery-is-layout-flex\">\n<figure class=\"wp-block-image size-large\"><a href=\"https:\/\/remembermefrance.org\/wp-content\/uploads\/PilafA.jpg\"><img decoding=\"async\" width=\"375\" height=\"500\" data-id=\"103709\" src=\"https:\/\/remembermefrance.org\/wp-content\/uploads\/PilafA-375x500.jpg\" alt=\"\" class=\"wp-image-103709\" srcset=\"https:\/\/remembermefrance.org\/wp-content\/uploads\/PilafA-375x500.jpg 375w, https:\/\/remembermefrance.org\/wp-content\/uploads\/PilafA-225x300.jpg 225w, https:\/\/remembermefrance.org\/wp-content\/uploads\/PilafA-9x12.jpg 9w, https:\/\/remembermefrance.org\/wp-content\/uploads\/PilafA-360x480.jpg 360w, https:\/\/remembermefrance.org\/wp-content\/uploads\/PilafA.jpg 640w\" sizes=\"(max-width: 375px) 100vw, 375px\" \/><\/a><figcaption class=\"wp-element-caption\">25 avril 2026<\/figcaption><\/figure>\n\n\n\n<figure class=\"wp-block-image size-large\"><a href=\"https:\/\/remembermefrance.org\/wp-content\/uploads\/IMG_4790.jpeg\"><img decoding=\"async\" width=\"375\" height=\"500\" data-id=\"96638\" src=\"https:\/\/remembermefrance.org\/wp-content\/uploads\/IMG_4790-375x500.jpeg\" alt=\"\" class=\"wp-image-96638\" srcset=\"https:\/\/remembermefrance.org\/wp-content\/uploads\/IMG_4790-375x500.jpeg 375w, https:\/\/remembermefrance.org\/wp-content\/uploads\/IMG_4790-225x300.jpeg 225w, https:\/\/remembermefrance.org\/wp-content\/uploads\/IMG_4790-768x1024.jpeg 768w, https:\/\/remembermefrance.org\/wp-content\/uploads\/IMG_4790-9x12.jpeg 9w, https:\/\/remembermefrance.org\/wp-content\/uploads\/IMG_4790-360x480.jpeg 360w, https:\/\/remembermefrance.org\/wp-content\/uploads\/IMG_4790.jpeg 1024w\" sizes=\"(max-width: 375px) 100vw, 375px\" \/><\/a><figcaption class=\"wp-element-caption\">D\u00e9cembre 2025<\/figcaption><\/figure>\n\n\n\n<figure class=\"wp-block-image size-large\"><a href=\"https:\/\/remembermefrance.org\/wp-content\/uploads\/IMG_4789.jpeg\"><img decoding=\"async\" width=\"281\" height=\"500\" data-id=\"96637\" src=\"https:\/\/remembermefrance.org\/wp-content\/uploads\/IMG_4789-281x500.jpeg\" alt=\"\" class=\"wp-image-96637\" srcset=\"https:\/\/remembermefrance.org\/wp-content\/uploads\/IMG_4789-281x500.jpeg 281w, https:\/\/remembermefrance.org\/wp-content\/uploads\/IMG_4789-169x300.jpeg 169w, https:\/\/remembermefrance.org\/wp-content\/uploads\/IMG_4789-768x1365.jpeg 768w, https:\/\/remembermefrance.org\/wp-content\/uploads\/IMG_4789-864x1536.jpeg 864w, https:\/\/remembermefrance.org\/wp-content\/uploads\/IMG_4789-7x12.jpeg 7w, https:\/\/remembermefrance.org\/wp-content\/uploads\/IMG_4789-360x640.jpeg 360w, https:\/\/remembermefrance.org\/wp-content\/uploads\/IMG_4789.jpeg 1024w\" sizes=\"(max-width: 281px) 100vw, 281px\" \/><\/a><figcaption class=\"wp-element-caption\">D\u00e9cembre 2025<\/figcaption><\/figure>\n\n\n\n<figure class=\"wp-block-image size-large\"><a href=\"https:\/\/remembermefrance.org\/wp-content\/uploads\/IMG_4788.jpeg\"><img decoding=\"async\" width=\"375\" height=\"500\" data-id=\"96636\" src=\"https:\/\/remembermefrance.org\/wp-content\/uploads\/IMG_4788-375x500.jpeg\" alt=\"\" class=\"wp-image-96636\" srcset=\"https:\/\/remembermefrance.org\/wp-content\/uploads\/IMG_4788-375x500.jpeg 375w, https:\/\/remembermefrance.org\/wp-content\/uploads\/IMG_4788-225x300.jpeg 225w, https:\/\/remembermefrance.org\/wp-content\/uploads\/IMG_4788-768x1024.jpeg 768w, https:\/\/remembermefrance.org\/wp-content\/uploads\/IMG_4788-9x12.jpeg 9w, https:\/\/remembermefrance.org\/wp-content\/uploads\/IMG_4788-360x480.jpeg 360w, https:\/\/remembermefrance.org\/wp-content\/uploads\/IMG_4788.jpeg 1024w\" sizes=\"(max-width: 375px) 100vw, 375px\" \/><\/a><figcaption class=\"wp-element-caption\">D\u00e9cembre 2025<\/figcaption><\/figure>\n\n\n\n<figure class=\"wp-block-image size-large\"><a href=\"https:\/\/remembermefrance.org\/wp-content\/uploads\/IMG_4787.jpeg\"><img decoding=\"async\" width=\"500\" height=\"375\" data-id=\"96635\" src=\"https:\/\/remembermefrance.org\/wp-content\/uploads\/IMG_4787-500x375.jpeg\" alt=\"\" class=\"wp-image-96635\" srcset=\"https:\/\/remembermefrance.org\/wp-content\/uploads\/IMG_4787-500x375.jpeg 500w, https:\/\/remembermefrance.org\/wp-content\/uploads\/IMG_4787-300x225.jpeg 300w, https:\/\/remembermefrance.org\/wp-content\/uploads\/IMG_4787-768x576.jpeg 768w, https:\/\/remembermefrance.org\/wp-content\/uploads\/IMG_4787-16x12.jpeg 16w, https:\/\/remembermefrance.org\/wp-content\/uploads\/IMG_4787-360x270.jpeg 360w, https:\/\/remembermefrance.org\/wp-content\/uploads\/IMG_4787.jpeg 1024w\" sizes=\"(max-width: 500px) 100vw, 500px\" \/><\/a><figcaption class=\"wp-element-caption\">D\u00e9cembre 2025<\/figcaption><\/figure>\n\n\n\n<figure class=\"wp-block-image size-large\"><a href=\"https:\/\/remembermefrance.org\/wp-content\/uploads\/IMG_4786.jpeg\"><img decoding=\"async\" width=\"375\" height=\"500\" data-id=\"96634\" src=\"https:\/\/remembermefrance.org\/wp-content\/uploads\/IMG_4786-375x500.jpeg\" alt=\"\" class=\"wp-image-96634\" srcset=\"https:\/\/remembermefrance.org\/wp-content\/uploads\/IMG_4786-375x500.jpeg 375w, https:\/\/remembermefrance.org\/wp-content\/uploads\/IMG_4786-225x300.jpeg 225w, https:\/\/remembermefrance.org\/wp-content\/uploads\/IMG_4786-768x1023.jpeg 768w, https:\/\/remembermefrance.org\/wp-content\/uploads\/IMG_4786-9x12.jpeg 9w, https:\/\/remembermefrance.org\/wp-content\/uploads\/IMG_4786-360x480.jpeg 360w, https:\/\/remembermefrance.org\/wp-content\/uploads\/IMG_4786.jpeg 1024w\" sizes=\"(max-width: 375px) 100vw, 375px\" \/><\/a><figcaption class=\"wp-element-caption\">Novembre 2024<\/figcaption><\/figure>\n\n\n\n<figure class=\"wp-block-image size-large\"><a href=\"https:\/\/remembermefrance.org\/wp-content\/uploads\/IMG_4785.jpeg\"><img decoding=\"async\" width=\"375\" height=\"500\" data-id=\"96633\" src=\"https:\/\/remembermefrance.org\/wp-content\/uploads\/IMG_4785-375x500.jpeg\" alt=\"\" class=\"wp-image-96633\" srcset=\"https:\/\/remembermefrance.org\/wp-content\/uploads\/IMG_4785-375x500.jpeg 375w, https:\/\/remembermefrance.org\/wp-content\/uploads\/IMG_4785-225x300.jpeg 225w, https:\/\/remembermefrance.org\/wp-content\/uploads\/IMG_4785-9x12.jpeg 9w, https:\/\/remembermefrance.org\/wp-content\/uploads\/IMG_4785-360x480.jpeg 360w, https:\/\/remembermefrance.org\/wp-content\/uploads\/IMG_4785.jpeg 576w\" sizes=\"(max-width: 375px) 100vw, 375px\" \/><\/a><figcaption class=\"wp-element-caption\">D\u00e9cembre 2020<\/figcaption><\/figure>\n\n\n\n<figure class=\"wp-block-image size-large\"><a href=\"https:\/\/remembermefrance.org\/wp-content\/uploads\/IMG_4784.jpeg\"><img decoding=\"async\" width=\"500\" height=\"375\" data-id=\"96632\" src=\"https:\/\/remembermefrance.org\/wp-content\/uploads\/IMG_4784-500x375.jpeg\" alt=\"\" class=\"wp-image-96632\" srcset=\"https:\/\/remembermefrance.org\/wp-content\/uploads\/IMG_4784-500x375.jpeg 500w, https:\/\/remembermefrance.org\/wp-content\/uploads\/IMG_4784-300x225.jpeg 300w, https:\/\/remembermefrance.org\/wp-content\/uploads\/IMG_4784-768x576.jpeg 768w, https:\/\/remembermefrance.org\/wp-content\/uploads\/IMG_4784-16x12.jpeg 16w, https:\/\/remembermefrance.org\/wp-content\/uploads\/IMG_4784-360x270.jpeg 360w, https:\/\/remembermefrance.org\/wp-content\/uploads\/IMG_4784.jpeg 1024w\" sizes=\"(max-width: 500px) 100vw, 500px\" \/><\/a><figcaption class=\"wp-element-caption\">D\u00e9cembre 2020<\/figcaption><\/figure>\n\n\n\n<figure class=\"wp-block-image size-large\"><a href=\"https:\/\/remembermefrance.org\/wp-content\/uploads\/IMG_4783.jpeg\"><img decoding=\"async\" width=\"375\" height=\"500\" data-id=\"96631\" src=\"https:\/\/remembermefrance.org\/wp-content\/uploads\/IMG_4783-375x500.jpeg\" alt=\"\" class=\"wp-image-96631\"\/><\/a><figcaption class=\"wp-element-caption\">Mai 2020<\/figcaption><\/figure>\n\n\n\n<figure class=\"wp-block-image size-large\"><a href=\"https:\/\/remembermefrance.org\/wp-content\/uploads\/IMG_4782.jpeg\"><img decoding=\"async\" width=\"375\" height=\"500\" data-id=\"96630\" src=\"https:\/\/remembermefrance.org\/wp-content\/uploads\/IMG_4782-375x500.jpeg\" alt=\"\" class=\"wp-image-96630\" srcset=\"https:\/\/remembermefrance.org\/wp-content\/uploads\/IMG_4782-375x500.jpeg 375w, https:\/\/remembermefrance.org\/wp-content\/uploads\/IMG_4782-225x300.jpeg 225w, https:\/\/remembermefrance.org\/wp-content\/uploads\/IMG_4782-9x12.jpeg 9w, https:\/\/remembermefrance.org\/wp-content\/uploads\/IMG_4782-360x480.jpeg 360w, https:\/\/remembermefrance.org\/wp-content\/uploads\/IMG_4782.jpeg 720w\" sizes=\"(max-width: 375px) 100vw, 375px\" \/><\/a><figcaption class=\"wp-element-caption\">Mars 2020<\/figcaption><\/figure>\n\n\n\n<figure class=\"wp-block-image size-large\"><a href=\"https:\/\/remembermefrance.org\/wp-content\/uploads\/IMG_4781.jpeg\"><img decoding=\"async\" width=\"375\" height=\"500\" data-id=\"96629\" src=\"https:\/\/remembermefrance.org\/wp-content\/uploads\/IMG_4781-375x500.jpeg\" alt=\"\" class=\"wp-image-96629\" srcset=\"https:\/\/remembermefrance.org\/wp-content\/uploads\/IMG_4781-375x500.jpeg 375w, https:\/\/remembermefrance.org\/wp-content\/uploads\/IMG_4781-225x300.jpeg 225w, https:\/\/remembermefrance.org\/wp-content\/uploads\/IMG_4781-768x1024.jpeg 768w, https:\/\/remembermefrance.org\/wp-content\/uploads\/IMG_4781-9x12.jpeg 9w, https:\/\/remembermefrance.org\/wp-content\/uploads\/IMG_4781-360x480.jpeg 360w, https:\/\/remembermefrance.org\/wp-content\/uploads\/IMG_4781.jpeg 1024w\" sizes=\"(max-width: 375px) 100vw, 375px\" \/><\/a><figcaption class=\"wp-element-caption\">F\u00e9vrier 2020<\/figcaption><\/figure>\n\n\n\n<figure class=\"wp-block-image size-large\"><a href=\"https:\/\/remembermefrance.org\/wp-content\/uploads\/IMG_4780.jpeg\"><img decoding=\"async\" width=\"375\" height=\"500\" data-id=\"96628\" src=\"https:\/\/remembermefrance.org\/wp-content\/uploads\/IMG_4780-375x500.jpeg\" alt=\"\" class=\"wp-image-96628\" srcset=\"https:\/\/remembermefrance.org\/wp-content\/uploads\/IMG_4780-375x500.jpeg 375w, https:\/\/remembermefrance.org\/wp-content\/uploads\/IMG_4780-225x300.jpeg 225w, https:\/\/remembermefrance.org\/wp-content\/uploads\/IMG_4780-768x1024.jpeg 768w, https:\/\/remembermefrance.org\/wp-content\/uploads\/IMG_4780-9x12.jpeg 9w, https:\/\/remembermefrance.org\/wp-content\/uploads\/IMG_4780-360x480.jpeg 360w, https:\/\/remembermefrance.org\/wp-content\/uploads\/IMG_4780.jpeg 1024w\" sizes=\"(max-width: 375px) 100vw, 375px\" \/><\/a><figcaption class=\"wp-element-caption\">Janvier 2020<\/figcaption><\/figure>\n\n\n\n<figure class=\"wp-block-image size-large\"><a href=\"https:\/\/remembermefrance.org\/wp-content\/uploads\/IMG_4779.jpeg\"><img decoding=\"async\" width=\"500\" height=\"375\" data-id=\"96627\" src=\"https:\/\/remembermefrance.org\/wp-content\/uploads\/IMG_4779-500x375.jpeg\" alt=\"\" class=\"wp-image-96627\" srcset=\"https:\/\/remembermefrance.org\/wp-content\/uploads\/IMG_4779-500x375.jpeg 500w, https:\/\/remembermefrance.org\/wp-content\/uploads\/IMG_4779-300x225.jpeg 300w, https:\/\/remembermefrance.org\/wp-content\/uploads\/IMG_4779-768x576.jpeg 768w, https:\/\/remembermefrance.org\/wp-content\/uploads\/IMG_4779-16x12.jpeg 16w, https:\/\/remembermefrance.org\/wp-content\/uploads\/IMG_4779-360x270.jpeg 360w, https:\/\/remembermefrance.org\/wp-content\/uploads\/IMG_4779.jpeg 1024w\" sizes=\"(max-width: 500px) 100vw, 500px\" \/><\/a><figcaption class=\"wp-element-caption\">Novembre 2019<\/figcaption><\/figure>\n\n\n\n<figure class=\"wp-block-image size-large\"><a href=\"https:\/\/remembermefrance.org\/wp-content\/uploads\/IMG_4778.jpeg\"><img decoding=\"async\" width=\"375\" height=\"500\" data-id=\"96626\" src=\"https:\/\/remembermefrance.org\/wp-content\/uploads\/IMG_4778-375x500.jpeg\" alt=\"\" class=\"wp-image-96626\" srcset=\"https:\/\/remembermefrance.org\/wp-content\/uploads\/IMG_4778-375x500.jpeg 375w, https:\/\/remembermefrance.org\/wp-content\/uploads\/IMG_4778-225x300.jpeg 225w, https:\/\/remembermefrance.org\/wp-content\/uploads\/IMG_4778-768x1024.jpeg 768w, https:\/\/remembermefrance.org\/wp-content\/uploads\/IMG_4778-9x12.jpeg 9w, https:\/\/remembermefrance.org\/wp-content\/uploads\/IMG_4778-360x480.jpeg 360w, https:\/\/remembermefrance.org\/wp-content\/uploads\/IMG_4778.jpeg 1024w\" sizes=\"(max-width: 375px) 100vw, 375px\" \/><\/a><figcaption class=\"wp-element-caption\">Septembre 2019<\/figcaption><\/figure>\n\n\n\n<figure class=\"wp-block-image size-large\"><a href=\"https:\/\/remembermefrance.org\/wp-content\/uploads\/IMG_4777.jpeg\"><img decoding=\"async\" width=\"375\" height=\"500\" data-id=\"96625\" src=\"https:\/\/remembermefrance.org\/wp-content\/uploads\/IMG_4777-375x500.jpeg\" alt=\"\" class=\"wp-image-96625\" srcset=\"https:\/\/remembermefrance.org\/wp-content\/uploads\/IMG_4777-375x500.jpeg 375w, https:\/\/remembermefrance.org\/wp-content\/uploads\/IMG_4777-225x300.jpeg 225w, https:\/\/remembermefrance.org\/wp-content\/uploads\/IMG_4777-768x1024.jpeg 768w, https:\/\/remembermefrance.org\/wp-content\/uploads\/IMG_4777-9x12.jpeg 9w, https:\/\/remembermefrance.org\/wp-content\/uploads\/IMG_4777-360x480.jpeg 360w, https:\/\/remembermefrance.org\/wp-content\/uploads\/IMG_4777.jpeg 1024w\" sizes=\"(max-width: 375px) 100vw, 375px\" \/><\/a><figcaption class=\"wp-element-caption\">Septembre 2019<\/figcaption><\/figure>\n\n\n\n<figure class=\"wp-block-image size-large\"><a href=\"https:\/\/remembermefrance.org\/wp-content\/uploads\/IMG_4776.jpeg\"><img decoding=\"async\" width=\"375\" height=\"500\" data-id=\"96624\" src=\"https:\/\/remembermefrance.org\/wp-content\/uploads\/IMG_4776-375x500.jpeg\" alt=\"\" class=\"wp-image-96624\" srcset=\"https:\/\/remembermefrance.org\/wp-content\/uploads\/IMG_4776-375x500.jpeg 375w, https:\/\/remembermefrance.org\/wp-content\/uploads\/IMG_4776-225x300.jpeg 225w, https:\/\/remembermefrance.org\/wp-content\/uploads\/IMG_4776-768x1024.jpeg 768w, https:\/\/remembermefrance.org\/wp-content\/uploads\/IMG_4776-9x12.jpeg 9w, https:\/\/remembermefrance.org\/wp-content\/uploads\/IMG_4776-360x480.jpeg 360w, https:\/\/remembermefrance.org\/wp-content\/uploads\/IMG_4776.jpeg 1024w\" sizes=\"(max-width: 375px) 100vw, 375px\" \/><\/a><figcaption class=\"wp-element-caption\">Ao\u00fbt 2019<\/figcaption><\/figure>\n\n\n\n<figure class=\"wp-block-image size-large\"><a href=\"https:\/\/remembermefrance.org\/wp-content\/uploads\/IMG_4775.jpeg\"><img decoding=\"async\" width=\"375\" height=\"500\" data-id=\"96623\" src=\"https:\/\/remembermefrance.org\/wp-content\/uploads\/IMG_4775-375x500.jpeg\" alt=\"\" class=\"wp-image-96623\" srcset=\"https:\/\/remembermefrance.org\/wp-content\/uploads\/IMG_4775-375x500.jpeg 375w, https:\/\/remembermefrance.org\/wp-content\/uploads\/IMG_4775-225x300.jpeg 225w, https:\/\/remembermefrance.org\/wp-content\/uploads\/IMG_4775-768x1024.jpeg 768w, https:\/\/remembermefrance.org\/wp-content\/uploads\/IMG_4775-9x12.jpeg 9w, https:\/\/remembermefrance.org\/wp-content\/uploads\/IMG_4775-360x480.jpeg 360w, https:\/\/remembermefrance.org\/wp-content\/uploads\/IMG_4775.jpeg 1024w\" sizes=\"(max-width: 375px) 100vw, 375px\" \/><\/a><figcaption class=\"wp-element-caption\">Juin 2019<\/figcaption><\/figure>\n\n\n\n<figure class=\"wp-block-image size-large\"><a href=\"https:\/\/remembermefrance.org\/wp-content\/uploads\/IMG_4774.jpeg\"><img decoding=\"async\" width=\"375\" height=\"500\" data-id=\"96622\" src=\"https:\/\/remembermefrance.org\/wp-content\/uploads\/IMG_4774-375x500.jpeg\" alt=\"\" class=\"wp-image-96622\" srcset=\"https:\/\/remembermefrance.org\/wp-content\/uploads\/IMG_4774-375x500.jpeg 375w, https:\/\/remembermefrance.org\/wp-content\/uploads\/IMG_4774-225x300.jpeg 225w, https:\/\/remembermefrance.org\/wp-content\/uploads\/IMG_4774-768x1024.jpeg 768w, https:\/\/remembermefrance.org\/wp-content\/uploads\/IMG_4774-9x12.jpeg 9w, https:\/\/remembermefrance.org\/wp-content\/uploads\/IMG_4774-360x480.jpeg 360w, https:\/\/remembermefrance.org\/wp-content\/uploads\/IMG_4774.jpeg 1024w\" sizes=\"(max-width: 375px) 100vw, 375px\" \/><\/a><figcaption class=\"wp-element-caption\">Juin 2019<\/figcaption><\/figure>\n\n\n\n<figure class=\"wp-block-image size-large\"><a href=\"https:\/\/remembermefrance.org\/wp-content\/uploads\/IMG_4773.jpeg\"><img decoding=\"async\" width=\"375\" height=\"500\" data-id=\"96621\" src=\"https:\/\/remembermefrance.org\/wp-content\/uploads\/IMG_4773-375x500.jpeg\" alt=\"\" class=\"wp-image-96621\" srcset=\"https:\/\/remembermefrance.org\/wp-content\/uploads\/IMG_4773-375x500.jpeg 375w, https:\/\/remembermefrance.org\/wp-content\/uploads\/IMG_4773-225x300.jpeg 225w, https:\/\/remembermefrance.org\/wp-content\/uploads\/IMG_4773-768x1024.jpeg 768w, https:\/\/remembermefrance.org\/wp-content\/uploads\/IMG_4773-9x12.jpeg 9w, https:\/\/remembermefrance.org\/wp-content\/uploads\/IMG_4773-360x480.jpeg 360w, https:\/\/remembermefrance.org\/wp-content\/uploads\/IMG_4773.jpeg 1024w\" sizes=\"(max-width: 375px) 100vw, 375px\" \/><\/a><figcaption class=\"wp-element-caption\">Juin 2019<\/figcaption><\/figure>\n\n\n\n<figure class=\"wp-block-image size-large\"><a href=\"https:\/\/remembermefrance.org\/wp-content\/uploads\/IMG_4772.jpeg\"><img decoding=\"async\" width=\"375\" height=\"500\" data-id=\"96620\" src=\"https:\/\/remembermefrance.org\/wp-content\/uploads\/IMG_4772-375x500.jpeg\" alt=\"\" class=\"wp-image-96620\" srcset=\"https:\/\/remembermefrance.org\/wp-content\/uploads\/IMG_4772-375x500.jpeg 375w, https:\/\/remembermefrance.org\/wp-content\/uploads\/IMG_4772-225x300.jpeg 225w, https:\/\/remembermefrance.org\/wp-content\/uploads\/IMG_4772-768x1024.jpeg 768w, https:\/\/remembermefrance.org\/wp-content\/uploads\/IMG_4772-9x12.jpeg 9w, https:\/\/remembermefrance.org\/wp-content\/uploads\/IMG_4772-360x480.jpeg 360w, https:\/\/remembermefrance.org\/wp-content\/uploads\/IMG_4772.jpeg 1024w\" sizes=\"(max-width: 375px) 100vw, 375px\" \/><\/a><figcaption class=\"wp-element-caption\">Juin 2019<\/figcaption><\/figure>\n\n\n\n<figure class=\"wp-block-image size-large\"><a href=\"https:\/\/remembermefrance.org\/wp-content\/uploads\/IMG_4771.jpeg\"><img decoding=\"async\" width=\"281\" height=\"500\" data-id=\"96619\" src=\"https:\/\/remembermefrance.org\/wp-content\/uploads\/IMG_4771-281x500.jpeg\" alt=\"\" class=\"wp-image-96619\" srcset=\"https:\/\/remembermefrance.org\/wp-content\/uploads\/IMG_4771-281x500.jpeg 281w, https:\/\/remembermefrance.org\/wp-content\/uploads\/IMG_4771-169x300.jpeg 169w, https:\/\/remembermefrance.org\/wp-content\/uploads\/IMG_4771-7x12.jpeg 7w, https:\/\/remembermefrance.org\/wp-content\/uploads\/IMG_4771-360x640.jpeg 360w, https:\/\/remembermefrance.org\/wp-content\/uploads\/IMG_4771.jpeg 720w\" sizes=\"(max-width: 281px) 100vw, 281px\" \/><\/a><figcaption class=\"wp-element-caption\">Juin 2019<\/figcaption><\/figure>\n\n\n\n<figure class=\"wp-block-image size-large\"><a href=\"https:\/\/remembermefrance.org\/wp-content\/uploads\/IMG_4770.jpeg\"><img decoding=\"async\" width=\"375\" height=\"500\" data-id=\"96618\" src=\"https:\/\/remembermefrance.org\/wp-content\/uploads\/IMG_4770-375x500.jpeg\" alt=\"\" class=\"wp-image-96618\" srcset=\"https:\/\/remembermefrance.org\/wp-content\/uploads\/IMG_4770-375x500.jpeg 375w, https:\/\/remembermefrance.org\/wp-content\/uploads\/IMG_4770-225x300.jpeg 225w, https:\/\/remembermefrance.org\/wp-content\/uploads\/IMG_4770-768x1024.jpeg 768w, https:\/\/remembermefrance.org\/wp-content\/uploads\/IMG_4770-9x12.jpeg 9w, https:\/\/remembermefrance.org\/wp-content\/uploads\/IMG_4770-360x480.jpeg 360w, https:\/\/remembermefrance.org\/wp-content\/uploads\/IMG_4770.jpeg 1024w\" sizes=\"(max-width: 375px) 100vw, 375px\" \/><\/a><figcaption class=\"wp-element-caption\">Juin 2019<\/figcaption><\/figure>\n\n\n\n<figure class=\"wp-block-image size-large\"><a href=\"https:\/\/remembermefrance.org\/wp-content\/uploads\/IMG_4769.jpeg\"><img decoding=\"async\" width=\"378\" height=\"500\" data-id=\"96617\" src=\"https:\/\/remembermefrance.org\/wp-content\/uploads\/IMG_4769-378x500.jpeg\" alt=\"\" class=\"wp-image-96617\" srcset=\"https:\/\/remembermefrance.org\/wp-content\/uploads\/IMG_4769-378x500.jpeg 378w, https:\/\/remembermefrance.org\/wp-content\/uploads\/IMG_4769-227x300.jpeg 227w, https:\/\/remembermefrance.org\/wp-content\/uploads\/IMG_4769-9x12.jpeg 9w, https:\/\/remembermefrance.org\/wp-content\/uploads\/IMG_4769-360x476.jpeg 360w, https:\/\/remembermefrance.org\/wp-content\/uploads\/IMG_4769.jpeg 558w\" sizes=\"(max-width: 378px) 100vw, 378px\" \/><\/a><figcaption class=\"wp-element-caption\">Mai 2019<\/figcaption><\/figure>\n\n\n\n<figure class=\"wp-block-image size-large\"><a href=\"https:\/\/remembermefrance.org\/wp-content\/uploads\/IMG_4768.jpeg\"><img decoding=\"async\" width=\"367\" height=\"500\" data-id=\"96616\" src=\"https:\/\/remembermefrance.org\/wp-content\/uploads\/IMG_4768-367x500.jpeg\" alt=\"\" class=\"wp-image-96616\" srcset=\"https:\/\/remembermefrance.org\/wp-content\/uploads\/IMG_4768-367x500.jpeg 367w, https:\/\/remembermefrance.org\/wp-content\/uploads\/IMG_4768-220x300.jpeg 220w, https:\/\/remembermefrance.org\/wp-content\/uploads\/IMG_4768-9x12.jpeg 9w, https:\/\/remembermefrance.org\/wp-content\/uploads\/IMG_4768-360x491.jpeg 360w, https:\/\/remembermefrance.org\/wp-content\/uploads\/IMG_4768.jpeg 579w\" sizes=\"(max-width: 367px) 100vw, 367px\" \/><\/a><figcaption class=\"wp-element-caption\">Mai 2019<\/figcaption><\/figure>\n\n\n\n<figure class=\"wp-block-image size-large\"><a href=\"https:\/\/remembermefrance.org\/wp-content\/uploads\/IMG_4767.jpeg\"><img decoding=\"async\" width=\"500\" height=\"395\" data-id=\"96615\" src=\"https:\/\/remembermefrance.org\/wp-content\/uploads\/IMG_4767-500x395.jpeg\" alt=\"\" class=\"wp-image-96615\" srcset=\"https:\/\/remembermefrance.org\/wp-content\/uploads\/IMG_4767-500x395.jpeg 500w, https:\/\/remembermefrance.org\/wp-content\/uploads\/IMG_4767-300x237.jpeg 300w, https:\/\/remembermefrance.org\/wp-content\/uploads\/IMG_4767-15x12.jpeg 15w, https:\/\/remembermefrance.org\/wp-content\/uploads\/IMG_4767-360x285.jpeg 360w, https:\/\/remembermefrance.org\/wp-content\/uploads\/IMG_4767.jpeg 640w\" sizes=\"(max-width: 500px) 100vw, 500px\" \/><\/a><figcaption class=\"wp-element-caption\">Mai 2019<\/figcaption><\/figure>\n\n\n\n<figure class=\"wp-block-image size-large\"><a href=\"https:\/\/remembermefrance.org\/wp-content\/uploads\/IMG_4766.jpeg\"><img decoding=\"async\" width=\"375\" height=\"500\" data-id=\"96614\" src=\"https:\/\/remembermefrance.org\/wp-content\/uploads\/IMG_4766-375x500.jpeg\" alt=\"\" class=\"wp-image-96614\" srcset=\"https:\/\/remembermefrance.org\/wp-content\/uploads\/IMG_4766-375x500.jpeg 375w, https:\/\/remembermefrance.org\/wp-content\/uploads\/IMG_4766-225x300.jpeg 225w, https:\/\/remembermefrance.org\/wp-content\/uploads\/IMG_4766-9x12.jpeg 9w, https:\/\/remembermefrance.org\/wp-content\/uploads\/IMG_4766-360x480.jpeg 360w, https:\/\/remembermefrance.org\/wp-content\/uploads\/IMG_4766.jpeg 640w\" sizes=\"(max-width: 375px) 100vw, 375px\" \/><\/a><figcaption class=\"wp-element-caption\">Mai 2019<\/figcaption><\/figure>\n<\/figure>\n\n\n\n<hr class=\"wp-block-separator has-css-opacity\"\/>\n\n\n\n<figure class=\"wp-block-embed is-type-video is-provider-youtube wp-block-embed-youtube wp-embed-aspect-16-9 wp-has-aspect-ratio\"><div class=\"wp-block-embed__wrapper\">\n<iframe title=\"Pilaf dans l&#039;eau\" width=\"843\" height=\"474\" src=\"https:\/\/www.youtube.com\/embed\/okVpT5Dmt1s?feature=oembed\" frameborder=\"0\" allow=\"accelerometer; autoplay; clipboard-write; encrypted-media; gyroscope; picture-in-picture; web-share\" referrerpolicy=\"strict-origin-when-cross-origin\" allowfullscreen><\/iframe>\n<\/div><figcaption class=\"wp-element-caption\">Novembre 2019<\/figcaption><\/figure>\n\n\n\n<figure class=\"wp-block-embed is-type-video is-provider-youtube wp-block-embed-youtube wp-embed-aspect-16-9 wp-has-aspect-ratio\"><div class=\"wp-block-embed__wrapper\">\n<iframe title=\"PILAF - REMEMBER ME\" width=\"843\" height=\"474\" src=\"https:\/\/www.youtube.com\/embed\/_v-I2FDSMpM?start=3&#038;feature=oembed\" frameborder=\"0\" allow=\"accelerometer; autoplay; clipboard-write; encrypted-media; gyroscope; picture-in-picture; web-share\" referrerpolicy=\"strict-origin-when-cross-origin\" allowfullscreen><\/iframe>\n<\/div><figcaption class=\"wp-element-caption\">25 avril 2026<\/figcaption><\/figure>\n\n\n\n<figure class=\"wp-block-embed is-type-video is-provider-youtube wp-block-embed-youtube wp-embed-aspect-16-9 wp-has-aspect-ratio\"><div class=\"wp-block-embed__wrapper\">\n<iframe title=\"PILAF 1 - REMEMBER ME\" width=\"843\" height=\"474\" src=\"https:\/\/www.youtube.com\/embed\/d-JvVPPyGBc?start=21&#038;feature=oembed\" frameborder=\"0\" allow=\"accelerometer; autoplay; clipboard-write; encrypted-media; gyroscope; picture-in-picture; web-share\" referrerpolicy=\"strict-origin-when-cross-origin\" allowfullscreen><\/iframe>\n<\/div><figcaption class=\"wp-element-caption\">25 avril 2026<\/figcaption><\/figure>\n\n\n\n<figure class=\"wp-block-embed is-type-video is-provider-youtube wp-block-embed-youtube wp-embed-aspect-16-9 wp-has-aspect-ratio\"><div class=\"wp-block-embed__wrapper\">\n<iframe title=\"PILAF 2 - REMEMBER ME\" width=\"843\" height=\"474\" src=\"https:\/\/www.youtube.com\/embed\/bH0dA8_zoUc?start=4&#038;feature=oembed\" frameborder=\"0\" allow=\"accelerometer; autoplay; clipboard-write; encrypted-media; gyroscope; picture-in-picture; web-share\" referrerpolicy=\"strict-origin-when-cross-origin\" allowfullscreen><\/iframe>\n<\/div><figcaption class=\"wp-element-caption\">25 avril 2026<\/figcaption><\/figure>\n\n\n\n<figure class=\"wp-block-embed is-type-video is-provider-youtube wp-block-embed-youtube wp-embed-aspect-16-9 wp-has-aspect-ratio\"><div class=\"wp-block-embed__wrapper\">\n<iframe title=\"PILAF 3 - REMEMBER ME\" width=\"843\" height=\"474\" src=\"https:\/\/www.youtube.com\/embed\/AufLw7aeZXw?feature=oembed\" frameborder=\"0\" allow=\"accelerometer; autoplay; clipboard-write; encrypted-media; gyroscope; picture-in-picture; web-share\" referrerpolicy=\"strict-origin-when-cross-origin\" allowfullscreen><\/iframe>\n<\/div><figcaption class=\"wp-element-caption\">25 avril 2026<\/figcaption><\/figure>\n\n\n\n<p><\/p>","protected":false},"excerpt":{"rendered":"<p>Female, born in February 2019<br \/>\nLocalisation : dpt 50<\/p>","protected":false},"featured_media":96631,"template":"","breed":[28,27],"pet-color":[],"class_list":["post-96639","pets","type-pets","status-publish","has-post-thumbnail","hentry","breed-adulte-grand","breed-adulte-moyen"],"yoast_head":"<!-- This site is optimized with the Yoast SEO plugin v27.5 - https:\/\/yoast.com\/product\/yoast-seo-wordpress\/ -->\n<title>Pilaf - Association RMF<\/title>\n<meta name=\"robots\" content=\"index, follow, max-snippet:-1, max-image-preview:large, max-video-preview:-1\" \/>\n<link rel=\"canonical\" href=\"https:\/\/remembermefrance.org\/en\/pets\/pilaf\/\" \/>\n<meta property=\"og:locale\" content=\"en_GB\" \/>\n<meta property=\"og:type\" content=\"article\" \/>\n<meta property=\"og:title\" content=\"Pilaf - Association RMF\" \/>\n<meta property=\"og:description\" content=\"Femelle, n\u00e9e environ en f\u00e9vrier 2019 Localisation : dpt 50\" \/>\n<meta property=\"og:url\" content=\"https:\/\/remembermefrance.org\/en\/pets\/pilaf\/\" \/>\n<meta property=\"og:site_name\" content=\"Association RMF\" \/>\n<meta property=\"article:publisher\" content=\"https:\/\/www.facebook.com\/remembermefrance\" \/>\n<meta property=\"article:modified_time\" content=\"2026-04-26T09:48:07+00:00\" \/>\n<meta property=\"og:image\" content=\"https:\/\/remembermefrance.org\/wp-content\/uploads\/IMG_4783-e1767272423512.jpeg\" \/>\n\t<meta property=\"og:image:width\" content=\"500\" \/>\n\t<meta property=\"og:image:height\" content=\"500\" \/>\n\t<meta property=\"og:image:type\" content=\"image\/jpeg\" \/>\n<meta name=\"twitter:card\" content=\"summary_large_image\" \/>\n<meta name=\"twitter:label1\" content=\"Estimated reading time\" \/>\n\t<meta name=\"twitter:data1\" content=\"8 minutes\" \/>\n<script type=\"application\/ld+json\" class=\"yoast-schema-graph\">{\"@context\":\"https:\\\/\\\/schema.org\",\"@graph\":[{\"@type\":\"WebPage\",\"@id\":\"https:\\\/\\\/remembermefrance.org\\\/pets\\\/pilaf\\\/\",\"url\":\"https:\\\/\\\/remembermefrance.org\\\/pets\\\/pilaf\\\/\",\"name\":\"Pilaf - Association RMF\",\"isPartOf\":{\"@id\":\"https:\\\/\\\/remembermefrance.org\\\/#website\"},\"primaryImageOfPage\":{\"@id\":\"https:\\\/\\\/remembermefrance.org\\\/pets\\\/pilaf\\\/#primaryimage\"},\"image\":{\"@id\":\"https:\\\/\\\/remembermefrance.org\\\/pets\\\/pilaf\\\/#primaryimage\"},\"thumbnailUrl\":\"https:\\\/\\\/remembermefrance.org\\\/wp-content\\\/uploads\\\/IMG_4783-e1767272423512.jpeg\",\"datePublished\":\"2026-01-01T13:00:27+00:00\",\"dateModified\":\"2026-04-26T09:48:07+00:00\",\"breadcrumb\":{\"@id\":\"https:\\\/\\\/remembermefrance.org\\\/pets\\\/pilaf\\\/#breadcrumb\"},\"inLanguage\":\"en-GB\",\"potentialAction\":[{\"@type\":\"ReadAction\",\"target\":[\"https:\\\/\\\/remembermefrance.org\\\/pets\\\/pilaf\\\/\"]}]},{\"@type\":\"ImageObject\",\"inLanguage\":\"en-GB\",\"@id\":\"https:\\\/\\\/remembermefrance.org\\\/pets\\\/pilaf\\\/#primaryimage\",\"url\":\"https:\\\/\\\/remembermefrance.org\\\/wp-content\\\/uploads\\\/IMG_4783-e1767272423512.jpeg\",\"contentUrl\":\"https:\\\/\\\/remembermefrance.org\\\/wp-content\\\/uploads\\\/IMG_4783-e1767272423512.jpeg\",\"width\":500,\"height\":500},{\"@type\":\"BreadcrumbList\",\"@id\":\"https:\\\/\\\/remembermefrance.org\\\/pets\\\/pilaf\\\/#breadcrumb\",\"itemListElement\":[{\"@type\":\"ListItem\",\"position\":1,\"name\":\"Accueil\",\"item\":\"https:\\\/\\\/remembermefrance.org\\\/\"},{\"@type\":\"ListItem\",\"position\":2,\"name\":\"Pets\",\"item\":\"https:\\\/\\\/remembermefrance.org\\\/pets\\\/\"},{\"@type\":\"ListItem\",\"position\":3,\"name\":\"Pilaf\"}]},{\"@type\":\"WebSite\",\"@id\":\"https:\\\/\\\/remembermefrance.org\\\/#website\",\"url\":\"https:\\\/\\\/remembermefrance.org\\\/\",\"name\":\"Remember me France\",\"description\":\"Adopter un chien roumain\",\"publisher\":{\"@id\":\"https:\\\/\\\/remembermefrance.org\\\/#organization\"},\"potentialAction\":[{\"@type\":\"SearchAction\",\"target\":{\"@type\":\"EntryPoint\",\"urlTemplate\":\"https:\\\/\\\/remembermefrance.org\\\/?s={search_term_string}\"},\"query-input\":{\"@type\":\"PropertyValueSpecification\",\"valueRequired\":true,\"valueName\":\"search_term_string\"}}],\"inLanguage\":\"en-GB\"},{\"@type\":\"Organization\",\"@id\":\"https:\\\/\\\/remembermefrance.org\\\/#organization\",\"name\":\"Remember me\",\"url\":\"https:\\\/\\\/remembermefrance.org\\\/\",\"logo\":{\"@type\":\"ImageObject\",\"inLanguage\":\"en-GB\",\"@id\":\"https:\\\/\\\/remembermefrance.org\\\/#\\\/schema\\\/logo\\\/image\\\/\",\"url\":\"https:\\\/\\\/remembermefrance.org\\\/wp-content\\\/uploads\\\/logo-remember.png\",\"contentUrl\":\"https:\\\/\\\/remembermefrance.org\\\/wp-content\\\/uploads\\\/logo-remember.png\",\"width\":325,\"height\":60,\"caption\":\"Remember me\"},\"image\":{\"@id\":\"https:\\\/\\\/remembermefrance.org\\\/#\\\/schema\\\/logo\\\/image\\\/\"},\"sameAs\":[\"https:\\\/\\\/www.facebook.com\\\/remembermefrance\",\"https:\\\/\\\/www.instagram.com\\\/remembermefrance\\\/\"]}]}<\/script>\n<!-- \/ Yoast SEO plugin. -->","yoast_head_json":{"title":"Pilaf - Association RMF","robots":{"index":"index","follow":"follow","max-snippet":"max-snippet:-1","max-image-preview":"max-image-preview:large","max-video-preview":"max-video-preview:-1"},"canonical":"https:\/\/remembermefrance.org\/en\/pets\/pilaf\/","og_locale":"en_GB","og_type":"article","og_title":"Pilaf - Association RMF","og_description":"Femelle, n\u00e9e environ en f\u00e9vrier 2019 Localisation : dpt 50","og_url":"https:\/\/remembermefrance.org\/en\/pets\/pilaf\/","og_site_name":"Association RMF","article_publisher":"https:\/\/www.facebook.com\/remembermefrance","article_modified_time":"2026-04-26T09:48:07+00:00","og_image":[{"width":500,"height":500,"url":"https:\/\/remembermefrance.org\/wp-content\/uploads\/IMG_4783-e1767272423512.jpeg","type":"image\/jpeg"}],"twitter_card":"summary_large_image","twitter_misc":{"Estimated reading time":"8 minutes"},"schema":{"@context":"https:\/\/schema.org","@graph":[{"@type":"WebPage","@id":"https:\/\/remembermefrance.org\/pets\/pilaf\/","url":"https:\/\/remembermefrance.org\/pets\/pilaf\/","name":"Pilaf - Association RMF","isPartOf":{"@id":"https:\/\/remembermefrance.org\/#website"},"primaryImageOfPage":{"@id":"https:\/\/remembermefrance.org\/pets\/pilaf\/#primaryimage"},"image":{"@id":"https:\/\/remembermefrance.org\/pets\/pilaf\/#primaryimage"},"thumbnailUrl":"https:\/\/remembermefrance.org\/wp-content\/uploads\/IMG_4783-e1767272423512.jpeg","datePublished":"2026-01-01T13:00:27+00:00","dateModified":"2026-04-26T09:48:07+00:00","breadcrumb":{"@id":"https:\/\/remembermefrance.org\/pets\/pilaf\/#breadcrumb"},"inLanguage":"en-GB","potentialAction":[{"@type":"ReadAction","target":["https:\/\/remembermefrance.org\/pets\/pilaf\/"]}]},{"@type":"ImageObject","inLanguage":"en-GB","@id":"https:\/\/remembermefrance.org\/pets\/pilaf\/#primaryimage","url":"https:\/\/remembermefrance.org\/wp-content\/uploads\/IMG_4783-e1767272423512.jpeg","contentUrl":"https:\/\/remembermefrance.org\/wp-content\/uploads\/IMG_4783-e1767272423512.jpeg","width":500,"height":500},{"@type":"BreadcrumbList","@id":"https:\/\/remembermefrance.org\/pets\/pilaf\/#breadcrumb","itemListElement":[{"@type":"ListItem","position":1,"name":"Accueil","item":"https:\/\/remembermefrance.org\/"},{"@type":"ListItem","position":2,"name":"Pets","item":"https:\/\/remembermefrance.org\/pets\/"},{"@type":"ListItem","position":3,"name":"Pilaf"}]},{"@type":"WebSite","@id":"https:\/\/remembermefrance.org\/#website","url":"https:\/\/remembermefrance.org\/","name":"Remember me France","description":"Adopt a Romanian dog","publisher":{"@id":"https:\/\/remembermefrance.org\/#organization"},"potentialAction":[{"@type":"SearchAction","target":{"@type":"EntryPoint","urlTemplate":"https:\/\/remembermefrance.org\/?s={search_term_string}"},"query-input":{"@type":"PropertyValueSpecification","valueRequired":true,"valueName":"search_term_string"}}],"inLanguage":"en-GB"},{"@type":"Organization","@id":"https:\/\/remembermefrance.org\/#organization","name":"Remember me","url":"https:\/\/remembermefrance.org\/","logo":{"@type":"ImageObject","inLanguage":"en-GB","@id":"https:\/\/remembermefrance.org\/#\/schema\/logo\/image\/","url":"https:\/\/remembermefrance.org\/wp-content\/uploads\/logo-remember.png","contentUrl":"https:\/\/remembermefrance.org\/wp-content\/uploads\/logo-remember.png","width":325,"height":60,"caption":"Remember me"},"image":{"@id":"https:\/\/remembermefrance.org\/#\/schema\/logo\/image\/"},"sameAs":["https:\/\/www.facebook.com\/remembermefrance","https:\/\/www.instagram.com\/remembermefrance\/"]}]}},"_links":{"self":[{"href":"https:\/\/remembermefrance.org\/en\/wp-json\/wp\/v2\/pets\/96639","targetHints":{"allow":["GET"]}}],"collection":[{"href":"https:\/\/remembermefrance.org\/en\/wp-json\/wp\/v2\/pets"}],"about":[{"href":"https:\/\/remembermefrance.org\/en\/wp-json\/wp\/v2\/types\/pets"}],"wp:featuredmedia":[{"embeddable":true,"href":"https:\/\/remembermefrance.org\/en\/wp-json\/wp\/v2\/media\/96631"}],"wp:attachment":[{"href":"https:\/\/remembermefrance.org\/en\/wp-json\/wp\/v2\/media?parent=96639"}],"wp:term":[{"taxonomy":"breed","embeddable":true,"href":"https:\/\/remembermefrance.org\/en\/wp-json\/wp\/v2\/breed?post=96639"},{"taxonomy":"pet-color","embeddable":true,"href":"https:\/\/remembermefrance.org\/en\/wp-json\/wp\/v2\/pet-color?post=96639"}],"curies":[{"name":"wp","href":"https:\/\/api.w.org\/{rel}","templated":true}]}}