{"id":99295,"date":"2026-02-23T21:35:43","date_gmt":"2026-02-23T20:35:43","guid":{"rendered":"https:\/\/remembermefrance.org\/?post_type=pets&#038;p=99295"},"modified":"2026-04-21T16:43:52","modified_gmt":"2026-04-21T14:43:52","slug":"elton","status":"publish","type":"pets","link":"https:\/\/remembermefrance.org\/en\/pets\/elton\/","title":{"rendered":"Elton"},"content":{"rendered":"<p><strong>Elton n&rsquo;est pas encore parrain\u00e9.<\/strong> <strong>If you would like to sponsor one of our animals, <a href=\"https:\/\/remembermefrance.org\/index.php\/agir\/parrainer\/\">click here<\/a>.<\/strong><\/p>\n\n\n\n<p class=\"has-text-align-left\"><strong>Age:<\/strong> : n\u00e9 environ en ao\u00fbt 2024 (date estim\u00e9e approximative)<br><strong>Breed<\/strong> : crois\u00e9e &#8211; type beauceron <br><strong>Size:<\/strong>&nbsp;grande (29,2kg en f\u00e9vrier 2026)<br><br><strong>Neutered\/spayed<\/strong> : yes<br><strong>Vaccinated<\/strong> : yes<br><strong>Chipped <\/strong>: yes<\/p>\n\n\n\n<p><strong>Arrived at Remember Me Land<\/strong> : f\u00e9vrier 2026<\/p>\n\n\n\n<p class=\"has-text-align-left\"><strong>Good with<\/strong> : ok with dogs<\/p>\n\n\n\n<p class=\"has-text-align-left\"> Cohabite avec les chiens de son box\/enclos (cela ne veut pas dire qu&rsquo;il s\u2019entendra obligatoirement avec tous les canid\u00e9s ; chaque animal a ses t\u00eates et ses affinit\u00e9s). Ne pourra pas \u00eatre plac\u00e9 dans un foyer avec des enfants en bas-\u00e2ge. N\u2019\u00e9tant pas manipulable pour le moment, il nous est impossible d\u2019effectuer un test chat s\u00e9curitaire pour le f\u00e9lin.<\/p>\n\n\n\n<p><strong>Character<\/strong> : <strong>8 mars 2026<\/strong>&nbsp;: il s&rsquo;est d\u00e9tendu, il est vraiment sociable maintenant<br><strong>Elton<\/strong>&nbsp;est un peu r\u00e9serv\u00e9, timide, mais est sympa et appr\u00e9cie les caresses, il va s\u00fbrement se d\u00e9tendre rapidement (f\u00e9vrier 2026)<\/p>\n\n\n\n<p><strong>History<\/strong> : attrap\u00e9e par les dogcatchers de Pascani <\/p>\n\n\n\n<p>Pour suivre son \u00e9volution : <a href=\"https:\/\/remembermefrance.forumactif.org\/t26250-elton-male-type-beauceron-de-grande-taille-ne-environ-en-aout-2024-remember-me-land?highlight=Elton\">voir sur le forum<\/a><\/p>\n\n\n\n<p><strong>Frais d&rsquo;adoption<\/strong> : 300 \u20ac <br><a href=\"https:\/\/remembermefrance.org\/index.php\/adopter\/procedure-dadoption#lesfrais\">Click here<\/a> pour plus d&rsquo;infos sur les frais<\/p>\n\n\n<div class=\"wp-block-button button1\"><a class=\"wp-block-button__link\" href=\"https:\/\/remembermefrance.org\/wp-content\/uploads\/formulaire_rmf.docx\">T\u00e9l\u00e9chargez le formulaire d&rsquo;adoption<\/a><\/div>\n\n\n<hr class=\"wp-block-separator has-css-opacity\"\/>\n\n\n\n<figure class=\"wp-block-gallery has-nested-images columns-default is-cropped wp-block-gallery-1 is-layout-flex wp-block-gallery-is-layout-flex\">\n<figure class=\"wp-block-image size-large\"><a href=\"https:\/\/remembermefrance.org\/wp-content\/uploads\/IMG_8403.jpeg\"><img decoding=\"async\" data-id=\"103531\" src=\"https:\/\/remembermefrance.org\/wp-content\/uploads\/IMG_8403-375x500.jpeg\" alt=\"\" class=\"wp-image-103531\"\/><\/a><figcaption class=\"wp-element-caption\">19 avril 2026<\/figcaption><\/figure>\n\n\n\n<figure class=\"wp-block-image size-large\"><a href=\"https:\/\/remembermefrance.org\/wp-content\/uploads\/IMG_8404.jpeg\"><img decoding=\"async\" width=\"360\" height=\"480\" data-id=\"103530\" src=\"https:\/\/remembermefrance.org\/wp-content\/uploads\/IMG_8404.jpeg\" alt=\"\" class=\"wp-image-103530\" srcset=\"https:\/\/remembermefrance.org\/wp-content\/uploads\/IMG_8404.jpeg 360w, https:\/\/remembermefrance.org\/wp-content\/uploads\/IMG_8404-225x300.jpeg 225w, https:\/\/remembermefrance.org\/wp-content\/uploads\/IMG_8404-9x12.jpeg 9w\" sizes=\"(max-width: 360px) 100vw, 360px\" \/><\/a><figcaption class=\"wp-element-caption\">19 avril 2026<\/figcaption><\/figure>\n\n\n\n<figure class=\"wp-block-image size-large\"><a href=\"https:\/\/remembermefrance.org\/wp-content\/uploads\/IMG_8405.jpeg\"><img decoding=\"async\" width=\"360\" height=\"480\" data-id=\"103529\" src=\"https:\/\/remembermefrance.org\/wp-content\/uploads\/IMG_8405.jpeg\" alt=\"\" class=\"wp-image-103529\" srcset=\"https:\/\/remembermefrance.org\/wp-content\/uploads\/IMG_8405.jpeg 360w, https:\/\/remembermefrance.org\/wp-content\/uploads\/IMG_8405-225x300.jpeg 225w, https:\/\/remembermefrance.org\/wp-content\/uploads\/IMG_8405-9x12.jpeg 9w\" sizes=\"(max-width: 360px) 100vw, 360px\" \/><\/a><figcaption class=\"wp-element-caption\">19 avril 2026<\/figcaption><\/figure>\n\n\n\n<figure class=\"wp-block-image size-large\"><a href=\"https:\/\/remembermefrance.org\/wp-content\/uploads\/IMG_8407.jpeg\"><img decoding=\"async\" width=\"360\" height=\"480\" data-id=\"103528\" src=\"https:\/\/remembermefrance.org\/wp-content\/uploads\/IMG_8407.jpeg\" alt=\"\" class=\"wp-image-103528\" srcset=\"https:\/\/remembermefrance.org\/wp-content\/uploads\/IMG_8407.jpeg 360w, https:\/\/remembermefrance.org\/wp-content\/uploads\/IMG_8407-225x300.jpeg 225w, https:\/\/remembermefrance.org\/wp-content\/uploads\/IMG_8407-9x12.jpeg 9w\" sizes=\"(max-width: 360px) 100vw, 360px\" \/><\/a><figcaption class=\"wp-element-caption\">19 avril 2026<\/figcaption><\/figure>\n\n\n\n<figure class=\"wp-block-image size-large\"><a href=\"https:\/\/remembermefrance.org\/wp-content\/uploads\/IMG_8408.jpeg\"><img decoding=\"async\" width=\"500\" height=\"375\" data-id=\"103527\" src=\"https:\/\/remembermefrance.org\/wp-content\/uploads\/IMG_8408-500x375.jpeg\" alt=\"\" class=\"wp-image-103527\" srcset=\"https:\/\/remembermefrance.org\/wp-content\/uploads\/IMG_8408-500x375.jpeg 500w, https:\/\/remembermefrance.org\/wp-content\/uploads\/IMG_8408-300x225.jpeg 300w, https:\/\/remembermefrance.org\/wp-content\/uploads\/IMG_8408-16x12.jpeg 16w, https:\/\/remembermefrance.org\/wp-content\/uploads\/IMG_8408-360x270.jpeg 360w, https:\/\/remembermefrance.org\/wp-content\/uploads\/IMG_8408.jpeg 640w\" sizes=\"(max-width: 500px) 100vw, 500px\" \/><\/a><figcaption class=\"wp-element-caption\">19 avril 2026<\/figcaption><\/figure>\n\n\n\n<figure class=\"wp-block-image size-large\"><a href=\"https:\/\/remembermefrance.org\/wp-content\/uploads\/IMG_8409.jpeg\"><img decoding=\"async\" width=\"360\" height=\"480\" data-id=\"103526\" src=\"https:\/\/remembermefrance.org\/wp-content\/uploads\/IMG_8409.jpeg\" alt=\"\" class=\"wp-image-103526\" srcset=\"https:\/\/remembermefrance.org\/wp-content\/uploads\/IMG_8409.jpeg 360w, https:\/\/remembermefrance.org\/wp-content\/uploads\/IMG_8409-225x300.jpeg 225w, https:\/\/remembermefrance.org\/wp-content\/uploads\/IMG_8409-9x12.jpeg 9w\" sizes=\"(max-width: 360px) 100vw, 360px\" \/><\/a><figcaption class=\"wp-element-caption\">19 avril 2026<\/figcaption><\/figure>\n\n\n\n<figure class=\"wp-block-image size-large\"><a href=\"https:\/\/remembermefrance.org\/wp-content\/uploads\/IMG_6900.jpeg\"><img decoding=\"async\" width=\"360\" height=\"480\" data-id=\"103532\" src=\"https:\/\/remembermefrance.org\/wp-content\/uploads\/IMG_6900-edited-1.jpeg\" alt=\"\" class=\"wp-image-103532\" srcset=\"https:\/\/remembermefrance.org\/wp-content\/uploads\/IMG_6900-edited-1.jpeg 360w, https:\/\/remembermefrance.org\/wp-content\/uploads\/IMG_6900-edited-1-225x300.jpeg 225w, https:\/\/remembermefrance.org\/wp-content\/uploads\/IMG_6900-edited-1-9x12.jpeg 9w\" sizes=\"(max-width: 360px) 100vw, 360px\" \/><\/a><figcaption class=\"wp-element-caption\">19 avril 2026<\/figcaption><\/figure>\n\n\n\n<figure class=\"wp-block-image size-large\"><a href=\"https:\/\/remembermefrance.org\/wp-content\/uploads\/IMG_6900.jpeg\"><img decoding=\"async\" width=\"360\" height=\"480\" data-id=\"100422\" src=\"https:\/\/remembermefrance.org\/wp-content\/uploads\/IMG_6900-edited.jpeg\" alt=\"\" class=\"wp-image-100422\" srcset=\"https:\/\/remembermefrance.org\/wp-content\/uploads\/IMG_6900-edited.jpeg 360w, https:\/\/remembermefrance.org\/wp-content\/uploads\/IMG_6900-edited-225x300.jpeg 225w, https:\/\/remembermefrance.org\/wp-content\/uploads\/IMG_6900-edited-9x12.jpeg 9w\" sizes=\"(max-width: 360px) 100vw, 360px\" \/><\/a><figcaption class=\"wp-element-caption\">1 mars 2026<\/figcaption><\/figure>\n\n\n\n<figure class=\"wp-block-image size-large\"><a href=\"https:\/\/remembermefrance.org\/wp-content\/uploads\/IMG_6901.jpeg\"><img decoding=\"async\" width=\"360\" height=\"480\" data-id=\"100419\" src=\"https:\/\/remembermefrance.org\/wp-content\/uploads\/IMG_6901.jpeg\" alt=\"\" class=\"wp-image-100419\" srcset=\"https:\/\/remembermefrance.org\/wp-content\/uploads\/IMG_6901.jpeg 360w, https:\/\/remembermefrance.org\/wp-content\/uploads\/IMG_6901-225x300.jpeg 225w, https:\/\/remembermefrance.org\/wp-content\/uploads\/IMG_6901-9x12.jpeg 9w\" sizes=\"(max-width: 360px) 100vw, 360px\" \/><\/a><figcaption class=\"wp-element-caption\">1 mars 2026<\/figcaption><\/figure>\n\n\n\n<figure class=\"wp-block-image size-large\"><a href=\"https:\/\/remembermefrance.org\/wp-content\/uploads\/IMG_6902.jpeg\"><img decoding=\"async\" width=\"375\" height=\"500\" data-id=\"100418\" src=\"https:\/\/remembermefrance.org\/wp-content\/uploads\/IMG_6902-375x500.jpeg\" alt=\"\" class=\"wp-image-100418\" srcset=\"https:\/\/remembermefrance.org\/wp-content\/uploads\/IMG_6902-375x500.jpeg 375w, https:\/\/remembermefrance.org\/wp-content\/uploads\/IMG_6902-225x300.jpeg 225w, https:\/\/remembermefrance.org\/wp-content\/uploads\/IMG_6902-9x12.jpeg 9w, https:\/\/remembermefrance.org\/wp-content\/uploads\/IMG_6902-360x480.jpeg 360w, https:\/\/remembermefrance.org\/wp-content\/uploads\/IMG_6902.jpeg 640w\" sizes=\"(max-width: 375px) 100vw, 375px\" \/><\/a><figcaption class=\"wp-element-caption\">1 mars 2026<\/figcaption><\/figure>\n\n\n\n<figure class=\"wp-block-image size-large\"><a href=\"https:\/\/remembermefrance.org\/wp-content\/uploads\/IMG_6904.jpeg\"><img decoding=\"async\" width=\"360\" height=\"480\" data-id=\"100417\" src=\"https:\/\/remembermefrance.org\/wp-content\/uploads\/IMG_6904.jpeg\" alt=\"\" class=\"wp-image-100417\" srcset=\"https:\/\/remembermefrance.org\/wp-content\/uploads\/IMG_6904.jpeg 360w, https:\/\/remembermefrance.org\/wp-content\/uploads\/IMG_6904-225x300.jpeg 225w, https:\/\/remembermefrance.org\/wp-content\/uploads\/IMG_6904-9x12.jpeg 9w\" sizes=\"(max-width: 360px) 100vw, 360px\" \/><\/a><figcaption class=\"wp-element-caption\">1 mars 2026<\/figcaption><\/figure>\n\n\n\n<figure class=\"wp-block-image size-large\"><a href=\"https:\/\/remembermefrance.org\/wp-content\/uploads\/IMG_6905.jpeg\"><img decoding=\"async\" width=\"375\" height=\"500\" data-id=\"100416\" src=\"https:\/\/remembermefrance.org\/wp-content\/uploads\/IMG_6905-375x500.jpeg\" alt=\"\" class=\"wp-image-100416\" srcset=\"https:\/\/remembermefrance.org\/wp-content\/uploads\/IMG_6905-375x500.jpeg 375w, https:\/\/remembermefrance.org\/wp-content\/uploads\/IMG_6905-225x300.jpeg 225w, https:\/\/remembermefrance.org\/wp-content\/uploads\/IMG_6905-9x12.jpeg 9w, https:\/\/remembermefrance.org\/wp-content\/uploads\/IMG_6905-360x480.jpeg 360w, https:\/\/remembermefrance.org\/wp-content\/uploads\/IMG_6905.jpeg 640w\" sizes=\"(max-width: 375px) 100vw, 375px\" \/><\/a><figcaption class=\"wp-element-caption\">1 mars 2026<\/figcaption><\/figure>\n\n\n\n<figure class=\"wp-block-image size-large\"><a href=\"https:\/\/remembermefrance.org\/wp-content\/uploads\/IMG_6907.jpeg\"><img decoding=\"async\" width=\"360\" height=\"480\" data-id=\"100415\" src=\"https:\/\/remembermefrance.org\/wp-content\/uploads\/IMG_6907.jpeg\" alt=\"\" class=\"wp-image-100415\" srcset=\"https:\/\/remembermefrance.org\/wp-content\/uploads\/IMG_6907.jpeg 360w, https:\/\/remembermefrance.org\/wp-content\/uploads\/IMG_6907-225x300.jpeg 225w, https:\/\/remembermefrance.org\/wp-content\/uploads\/IMG_6907-9x12.jpeg 9w\" sizes=\"(max-width: 360px) 100vw, 360px\" \/><\/a><figcaption class=\"wp-element-caption\">1 mars 2026<\/figcaption><\/figure>\n\n\n\n<figure class=\"wp-block-image size-large\"><a href=\"https:\/\/remembermefrance.org\/wp-content\/uploads\/IMG_6908.jpeg\"><img decoding=\"async\" data-id=\"100414\" src=\"https:\/\/remembermefrance.org\/wp-content\/uploads\/IMG_6908-375x500.jpeg\" alt=\"\" class=\"wp-image-100414\"\/><\/a><figcaption class=\"wp-element-caption\">1 mars 2026<\/figcaption><\/figure>\n\n\n\n<figure class=\"wp-block-image size-large\"><a href=\"https:\/\/remembermefrance.org\/wp-content\/uploads\/IMG_6909.jpeg\"><img decoding=\"async\" width=\"358\" height=\"500\" data-id=\"100413\" src=\"https:\/\/remembermefrance.org\/wp-content\/uploads\/IMG_6909-358x500.jpeg\" alt=\"\" class=\"wp-image-100413\" srcset=\"https:\/\/remembermefrance.org\/wp-content\/uploads\/IMG_6909-358x500.jpeg 358w, https:\/\/remembermefrance.org\/wp-content\/uploads\/IMG_6909-215x300.jpeg 215w, https:\/\/remembermefrance.org\/wp-content\/uploads\/IMG_6909-9x12.jpeg 9w, https:\/\/remembermefrance.org\/wp-content\/uploads\/IMG_6909-360x503.jpeg 360w, https:\/\/remembermefrance.org\/wp-content\/uploads\/IMG_6909.jpeg 640w\" sizes=\"(max-width: 358px) 100vw, 358px\" \/><\/a><figcaption class=\"wp-element-caption\">1 mars 2026<\/figcaption><\/figure>\n\n\n\n<figure class=\"wp-block-image size-large\"><a href=\"https:\/\/remembermefrance.org\/wp-content\/uploads\/IMG_6910.jpeg\"><img decoding=\"async\" width=\"360\" height=\"480\" data-id=\"100412\" src=\"https:\/\/remembermefrance.org\/wp-content\/uploads\/IMG_6910.jpeg\" alt=\"\" class=\"wp-image-100412\" srcset=\"https:\/\/remembermefrance.org\/wp-content\/uploads\/IMG_6910.jpeg 360w, https:\/\/remembermefrance.org\/wp-content\/uploads\/IMG_6910-225x300.jpeg 225w, https:\/\/remembermefrance.org\/wp-content\/uploads\/IMG_6910-9x12.jpeg 9w\" sizes=\"(max-width: 360px) 100vw, 360px\" \/><\/a><figcaption class=\"wp-element-caption\">1 mars 2026<\/figcaption><\/figure>\n\n\n\n<figure class=\"wp-block-image size-large\"><a href=\"https:\/\/remembermefrance.org\/wp-content\/uploads\/IMG_6911.jpeg\"><img decoding=\"async\" width=\"375\" height=\"500\" data-id=\"100411\" src=\"https:\/\/remembermefrance.org\/wp-content\/uploads\/IMG_6911-375x500.jpeg\" alt=\"\" class=\"wp-image-100411\" srcset=\"https:\/\/remembermefrance.org\/wp-content\/uploads\/IMG_6911-375x500.jpeg 375w, https:\/\/remembermefrance.org\/wp-content\/uploads\/IMG_6911-225x300.jpeg 225w, https:\/\/remembermefrance.org\/wp-content\/uploads\/IMG_6911-9x12.jpeg 9w, https:\/\/remembermefrance.org\/wp-content\/uploads\/IMG_6911-360x480.jpeg 360w, https:\/\/remembermefrance.org\/wp-content\/uploads\/IMG_6911.jpeg 640w\" sizes=\"(max-width: 375px) 100vw, 375px\" \/><\/a><figcaption class=\"wp-element-caption\">1 mars 2026<\/figcaption><\/figure>\n\n\n\n<figure class=\"wp-block-image size-large\"><a href=\"https:\/\/remembermefrance.org\/wp-content\/uploads\/IMG_6912.jpeg\"><img decoding=\"async\" width=\"360\" height=\"480\" data-id=\"100410\" src=\"https:\/\/remembermefrance.org\/wp-content\/uploads\/IMG_6912.jpeg\" alt=\"\" class=\"wp-image-100410\" srcset=\"https:\/\/remembermefrance.org\/wp-content\/uploads\/IMG_6912.jpeg 360w, https:\/\/remembermefrance.org\/wp-content\/uploads\/IMG_6912-225x300.jpeg 225w, https:\/\/remembermefrance.org\/wp-content\/uploads\/IMG_6912-9x12.jpeg 9w\" sizes=\"(max-width: 360px) 100vw, 360px\" \/><\/a><figcaption class=\"wp-element-caption\">1 mars 2026<\/figcaption><\/figure>\n\n\n\n<figure class=\"wp-block-image size-large\"><a href=\"https:\/\/remembermefrance.org\/wp-content\/uploads\/IMG_6134.jpeg\"><img decoding=\"async\" width=\"281\" height=\"500\" data-id=\"99294\" src=\"https:\/\/remembermefrance.org\/wp-content\/uploads\/IMG_6134-281x500.jpeg\" alt=\"\" class=\"wp-image-99294\" srcset=\"https:\/\/remembermefrance.org\/wp-content\/uploads\/IMG_6134-281x500.jpeg 281w, https:\/\/remembermefrance.org\/wp-content\/uploads\/IMG_6134-169x300.jpeg 169w, https:\/\/remembermefrance.org\/wp-content\/uploads\/IMG_6134-7x12.jpeg 7w, https:\/\/remembermefrance.org\/wp-content\/uploads\/IMG_6134-360x640.jpeg 360w, https:\/\/remembermefrance.org\/wp-content\/uploads\/IMG_6134.jpeg 640w\" sizes=\"(max-width: 281px) 100vw, 281px\" \/><\/a><figcaption class=\"wp-element-caption\">F\u00e9vrier 2026<\/figcaption><\/figure>\n\n\n\n<figure class=\"wp-block-image size-large\"><a href=\"https:\/\/remembermefrance.org\/wp-content\/uploads\/IMG_6132.jpeg\"><img decoding=\"async\" width=\"281\" height=\"500\" data-id=\"99293\" src=\"https:\/\/remembermefrance.org\/wp-content\/uploads\/IMG_6132-281x500.jpeg\" alt=\"\" class=\"wp-image-99293\"\/><\/a><figcaption class=\"wp-element-caption\">F\u00e9vrier 2026<\/figcaption><\/figure>\n<\/figure>\n\n\n\n<hr class=\"wp-block-separator has-css-opacity\"\/>\n\n\n\n<figure class=\"wp-block-embed is-type-video is-provider-youtube wp-block-embed-youtube wp-embed-aspect-16-9 wp-has-aspect-ratio\"><div class=\"wp-block-embed__wrapper\">\n<iframe title=\"ELTON - REMEMBER ME\" width=\"843\" height=\"474\" src=\"https:\/\/www.youtube.com\/embed\/VRrhsPhzttA?feature=oembed\" frameborder=\"0\" allow=\"accelerometer; autoplay; clipboard-write; encrypted-media; gyroscope; picture-in-picture; web-share\" referrerpolicy=\"strict-origin-when-cross-origin\" allowfullscreen><\/iframe>\n<\/div><figcaption class=\"wp-element-caption\">8 mars 2026 : <strong>Elton<\/strong>&nbsp;s&rsquo;est d\u00e9tendu il est vraiment sociable maintenant<\/figcaption><\/figure>","protected":false},"excerpt":{"rendered":"<p>M\u00e2le, n\u00e9 environ en ao\u00fbt 2024<br \/>\nAu refuge depuis f\u00e9vrier 2026<\/p>","protected":false},"featured_media":103531,"template":"","breed":[28],"pet-color":[],"class_list":["post-99295","pets","type-pets","status-publish","has-post-thumbnail","hentry","breed-adulte-grand"],"yoast_head":"<!-- This site is optimized with the Yoast SEO plugin v27.5 - https:\/\/yoast.com\/product\/yoast-seo-wordpress\/ -->\n<title>Elton - Association RMF<\/title>\n<meta name=\"robots\" content=\"index, follow, max-snippet:-1, max-image-preview:large, max-video-preview:-1\" \/>\n<link rel=\"canonical\" href=\"https:\/\/remembermefrance.org\/en\/pets\/elton\/\" \/>\n<meta property=\"og:locale\" content=\"en_GB\" \/>\n<meta property=\"og:type\" content=\"article\" \/>\n<meta property=\"og:title\" content=\"Elton - Association RMF\" \/>\n<meta property=\"og:description\" content=\"M\u00e2le, n\u00e9 environ en ao\u00fbt 2024 Au refuge depuis f\u00e9vrier 2026\" \/>\n<meta property=\"og:url\" content=\"https:\/\/remembermefrance.org\/en\/pets\/elton\/\" \/>\n<meta property=\"og:site_name\" content=\"Association RMF\" \/>\n<meta property=\"article:publisher\" content=\"https:\/\/www.facebook.com\/remembermefrance\" \/>\n<meta property=\"article:modified_time\" content=\"2026-04-21T14:43:52+00:00\" \/>\n<meta property=\"og:image\" content=\"https:\/\/remembermefrance.org\/wp-content\/uploads\/IMG_8403-e1776782628579.jpeg\" \/>\n\t<meta property=\"og:image:width\" content=\"640\" \/>\n\t<meta property=\"og:image:height\" content=\"640\" \/>\n\t<meta property=\"og:image:type\" content=\"image\/jpeg\" \/>\n<meta name=\"twitter:card\" content=\"summary_large_image\" \/>\n<meta name=\"twitter:label1\" content=\"Estimated reading time\" \/>\n\t<meta name=\"twitter:data1\" content=\"6 minutes\" \/>\n<script type=\"application\/ld+json\" class=\"yoast-schema-graph\">{\"@context\":\"https:\\\/\\\/schema.org\",\"@graph\":[{\"@type\":\"WebPage\",\"@id\":\"https:\\\/\\\/remembermefrance.org\\\/pets\\\/elton\\\/\",\"url\":\"https:\\\/\\\/remembermefrance.org\\\/pets\\\/elton\\\/\",\"name\":\"Elton - Association RMF\",\"isPartOf\":{\"@id\":\"https:\\\/\\\/remembermefrance.org\\\/#website\"},\"primaryImageOfPage\":{\"@id\":\"https:\\\/\\\/remembermefrance.org\\\/pets\\\/elton\\\/#primaryimage\"},\"image\":{\"@id\":\"https:\\\/\\\/remembermefrance.org\\\/pets\\\/elton\\\/#primaryimage\"},\"thumbnailUrl\":\"https:\\\/\\\/remembermefrance.org\\\/wp-content\\\/uploads\\\/IMG_8403-e1776782628579.jpeg\",\"datePublished\":\"2026-02-23T20:35:43+00:00\",\"dateModified\":\"2026-04-21T14:43:52+00:00\",\"breadcrumb\":{\"@id\":\"https:\\\/\\\/remembermefrance.org\\\/pets\\\/elton\\\/#breadcrumb\"},\"inLanguage\":\"en-GB\",\"potentialAction\":[{\"@type\":\"ReadAction\",\"target\":[\"https:\\\/\\\/remembermefrance.org\\\/pets\\\/elton\\\/\"]}]},{\"@type\":\"ImageObject\",\"inLanguage\":\"en-GB\",\"@id\":\"https:\\\/\\\/remembermefrance.org\\\/pets\\\/elton\\\/#primaryimage\",\"url\":\"https:\\\/\\\/remembermefrance.org\\\/wp-content\\\/uploads\\\/IMG_8403-e1776782628579.jpeg\",\"contentUrl\":\"https:\\\/\\\/remembermefrance.org\\\/wp-content\\\/uploads\\\/IMG_8403-e1776782628579.jpeg\",\"width\":640,\"height\":640},{\"@type\":\"BreadcrumbList\",\"@id\":\"https:\\\/\\\/remembermefrance.org\\\/pets\\\/elton\\\/#breadcrumb\",\"itemListElement\":[{\"@type\":\"ListItem\",\"position\":1,\"name\":\"Accueil\",\"item\":\"https:\\\/\\\/remembermefrance.org\\\/\"},{\"@type\":\"ListItem\",\"position\":2,\"name\":\"Pets\",\"item\":\"https:\\\/\\\/remembermefrance.org\\\/pets\\\/\"},{\"@type\":\"ListItem\",\"position\":3,\"name\":\"Elton\"}]},{\"@type\":\"WebSite\",\"@id\":\"https:\\\/\\\/remembermefrance.org\\\/#website\",\"url\":\"https:\\\/\\\/remembermefrance.org\\\/\",\"name\":\"Remember me France\",\"description\":\"Adopter un chien roumain\",\"publisher\":{\"@id\":\"https:\\\/\\\/remembermefrance.org\\\/#organization\"},\"potentialAction\":[{\"@type\":\"SearchAction\",\"target\":{\"@type\":\"EntryPoint\",\"urlTemplate\":\"https:\\\/\\\/remembermefrance.org\\\/?s={search_term_string}\"},\"query-input\":{\"@type\":\"PropertyValueSpecification\",\"valueRequired\":true,\"valueName\":\"search_term_string\"}}],\"inLanguage\":\"en-GB\"},{\"@type\":\"Organization\",\"@id\":\"https:\\\/\\\/remembermefrance.org\\\/#organization\",\"name\":\"Remember me\",\"url\":\"https:\\\/\\\/remembermefrance.org\\\/\",\"logo\":{\"@type\":\"ImageObject\",\"inLanguage\":\"en-GB\",\"@id\":\"https:\\\/\\\/remembermefrance.org\\\/#\\\/schema\\\/logo\\\/image\\\/\",\"url\":\"https:\\\/\\\/remembermefrance.org\\\/wp-content\\\/uploads\\\/logo-remember.png\",\"contentUrl\":\"https:\\\/\\\/remembermefrance.org\\\/wp-content\\\/uploads\\\/logo-remember.png\",\"width\":325,\"height\":60,\"caption\":\"Remember me\"},\"image\":{\"@id\":\"https:\\\/\\\/remembermefrance.org\\\/#\\\/schema\\\/logo\\\/image\\\/\"},\"sameAs\":[\"https:\\\/\\\/www.facebook.com\\\/remembermefrance\",\"https:\\\/\\\/www.instagram.com\\\/remembermefrance\\\/\"]}]}<\/script>\n<!-- \/ Yoast SEO plugin. -->","yoast_head_json":{"title":"Elton - Association RMF","robots":{"index":"index","follow":"follow","max-snippet":"max-snippet:-1","max-image-preview":"max-image-preview:large","max-video-preview":"max-video-preview:-1"},"canonical":"https:\/\/remembermefrance.org\/en\/pets\/elton\/","og_locale":"en_GB","og_type":"article","og_title":"Elton - Association RMF","og_description":"M\u00e2le, n\u00e9 environ en ao\u00fbt 2024 Au refuge depuis f\u00e9vrier 2026","og_url":"https:\/\/remembermefrance.org\/en\/pets\/elton\/","og_site_name":"Association RMF","article_publisher":"https:\/\/www.facebook.com\/remembermefrance","article_modified_time":"2026-04-21T14:43:52+00:00","og_image":[{"width":640,"height":640,"url":"https:\/\/remembermefrance.org\/wp-content\/uploads\/IMG_8403-e1776782628579.jpeg","type":"image\/jpeg"}],"twitter_card":"summary_large_image","twitter_misc":{"Estimated reading time":"6 minutes"},"schema":{"@context":"https:\/\/schema.org","@graph":[{"@type":"WebPage","@id":"https:\/\/remembermefrance.org\/pets\/elton\/","url":"https:\/\/remembermefrance.org\/pets\/elton\/","name":"Elton - Association RMF","isPartOf":{"@id":"https:\/\/remembermefrance.org\/#website"},"primaryImageOfPage":{"@id":"https:\/\/remembermefrance.org\/pets\/elton\/#primaryimage"},"image":{"@id":"https:\/\/remembermefrance.org\/pets\/elton\/#primaryimage"},"thumbnailUrl":"https:\/\/remembermefrance.org\/wp-content\/uploads\/IMG_8403-e1776782628579.jpeg","datePublished":"2026-02-23T20:35:43+00:00","dateModified":"2026-04-21T14:43:52+00:00","breadcrumb":{"@id":"https:\/\/remembermefrance.org\/pets\/elton\/#breadcrumb"},"inLanguage":"en-GB","potentialAction":[{"@type":"ReadAction","target":["https:\/\/remembermefrance.org\/pets\/elton\/"]}]},{"@type":"ImageObject","inLanguage":"en-GB","@id":"https:\/\/remembermefrance.org\/pets\/elton\/#primaryimage","url":"https:\/\/remembermefrance.org\/wp-content\/uploads\/IMG_8403-e1776782628579.jpeg","contentUrl":"https:\/\/remembermefrance.org\/wp-content\/uploads\/IMG_8403-e1776782628579.jpeg","width":640,"height":640},{"@type":"BreadcrumbList","@id":"https:\/\/remembermefrance.org\/pets\/elton\/#breadcrumb","itemListElement":[{"@type":"ListItem","position":1,"name":"Accueil","item":"https:\/\/remembermefrance.org\/"},{"@type":"ListItem","position":2,"name":"Pets","item":"https:\/\/remembermefrance.org\/pets\/"},{"@type":"ListItem","position":3,"name":"Elton"}]},{"@type":"WebSite","@id":"https:\/\/remembermefrance.org\/#website","url":"https:\/\/remembermefrance.org\/","name":"Remember me France","description":"Adopt a Romanian dog","publisher":{"@id":"https:\/\/remembermefrance.org\/#organization"},"potentialAction":[{"@type":"SearchAction","target":{"@type":"EntryPoint","urlTemplate":"https:\/\/remembermefrance.org\/?s={search_term_string}"},"query-input":{"@type":"PropertyValueSpecification","valueRequired":true,"valueName":"search_term_string"}}],"inLanguage":"en-GB"},{"@type":"Organization","@id":"https:\/\/remembermefrance.org\/#organization","name":"Remember me","url":"https:\/\/remembermefrance.org\/","logo":{"@type":"ImageObject","inLanguage":"en-GB","@id":"https:\/\/remembermefrance.org\/#\/schema\/logo\/image\/","url":"https:\/\/remembermefrance.org\/wp-content\/uploads\/logo-remember.png","contentUrl":"https:\/\/remembermefrance.org\/wp-content\/uploads\/logo-remember.png","width":325,"height":60,"caption":"Remember me"},"image":{"@id":"https:\/\/remembermefrance.org\/#\/schema\/logo\/image\/"},"sameAs":["https:\/\/www.facebook.com\/remembermefrance","https:\/\/www.instagram.com\/remembermefrance\/"]}]}},"_links":{"self":[{"href":"https:\/\/remembermefrance.org\/en\/wp-json\/wp\/v2\/pets\/99295","targetHints":{"allow":["GET"]}}],"collection":[{"href":"https:\/\/remembermefrance.org\/en\/wp-json\/wp\/v2\/pets"}],"about":[{"href":"https:\/\/remembermefrance.org\/en\/wp-json\/wp\/v2\/types\/pets"}],"wp:featuredmedia":[{"embeddable":true,"href":"https:\/\/remembermefrance.org\/en\/wp-json\/wp\/v2\/media\/103531"}],"wp:attachment":[{"href":"https:\/\/remembermefrance.org\/en\/wp-json\/wp\/v2\/media?parent=99295"}],"wp:term":[{"taxonomy":"breed","embeddable":true,"href":"https:\/\/remembermefrance.org\/en\/wp-json\/wp\/v2\/breed?post=99295"},{"taxonomy":"pet-color","embeddable":true,"href":"https:\/\/remembermefrance.org\/en\/wp-json\/wp\/v2\/pet-color?post=99295"}],"curies":[{"name":"wp","href":"https:\/\/api.w.org\/{rel}","templated":true}]}}