{"id":99320,"date":"2026-02-23T22:07:59","date_gmt":"2026-02-23T21:07:59","guid":{"rendered":"https:\/\/remembermefrance.org\/?post_type=pets&#038;p=99320"},"modified":"2026-04-20T19:53:44","modified_gmt":"2026-04-20T17:53:44","slug":"sabayon","status":"publish","type":"pets","link":"https:\/\/remembermefrance.org\/en\/pets\/sabayon\/","title":{"rendered":"Sabayon"},"content":{"rendered":"<p><strong>Sabayon<\/strong> <strong>n&rsquo;est pas encore parrain\u00e9.<\/strong> <strong>If you would like to sponsor one of our animals, <a href=\"https:\/\/remembermefrance.org\/index.php\/agir\/parrainer\/\">click here<\/a>.<\/strong><\/p>\n\n\n\n<p class=\"has-text-align-left\"><strong>Age:<\/strong> : born in February 2020 (estimation)<br><strong>Breed<\/strong> : crois\u00e9e &#8211; petit berger<br><strong>Size:<\/strong>&nbsp;petite \u00e0 moyenne (13,2 kg &#8211; f\u00e9vrier 2026)<br><br>Castr\u00e9 : oui<br><strong>Vaccinated<\/strong> : yes<br><strong>Chipped<\/strong> : yes<\/p>\n\n\n\n<p><strong>Arrived at Remember Me Land<\/strong> : f\u00e9vrier 2026<\/p>\n\n\n\n<p class=\"has-text-align-left\"><strong>Good with<\/strong> : ok chiens.<\/p>\n\n\n\n<p class=\"has-text-align-left\">Cohabite avec les chiens de son box\/enclos (cela ne veut pas dire qu&rsquo;il s\u2019entendra obligatoirement avec tous les canid\u00e9s ; chaque animal a ses t\u00eates et ses affinit\u00e9s). Ne pourra pas \u00eatre plac\u00e9e dans un foyer avec des enfants en bas-\u00e2ge. N\u2019\u00e9tant pas manipulable pour le moment, il nous est impossible d\u2019effectuer un test chat s\u00e9curitaire pour le f\u00e9lin.<\/p>\n\n\n\n<p><strong>Character<\/strong> : timide \u00e0 son arriv\u00e9e (f\u00e9vrier 2026)<\/p>\n\n\n\n<p><strong>History<\/strong> : attrap\u00e9 par les dogcatchers de Pascani. Il a une ancienne blessure presque gu\u00e9rie au troisi\u00e8me doigt (patte avant droite) dont l&rsquo;ongle est manquant.<\/p>\n\n\n\n<p>Pour suivre son \u00e9volution : <a href=\"https:\/\/remembermefrance.forumactif.org\/t26213-sabayon-male-petit-berger-de-taille-petite-a-moyenne-ne-environ-en-fevrier-2020-remember-me-land?highlight=Sabayon\">voir sur le forum<\/a><\/p>\n\n\n\n<p><strong>Frais d&rsquo;adoption<\/strong> : 300 \u20ac <br><a href=\"https:\/\/remembermefrance.org\/index.php\/adopter\/procedure-dadoption#lesfrais\">Click here<\/a> pour plus d&rsquo;infos sur les frais<\/p>\n\n\n<div class=\"wp-block-button button1\"><a class=\"wp-block-button__link\" href=\"https:\/\/remembermefrance.org\/wp-content\/uploads\/formulaire_rmf.docx\">T\u00e9l\u00e9chargez le formulaire d&rsquo;adoption<\/a><\/div>\n\n\n<hr class=\"wp-block-separator has-css-opacity\"\/>\n\n\n\n<figure class=\"wp-block-gallery has-nested-images columns-default is-cropped wp-block-gallery-1 is-layout-flex wp-block-gallery-is-layout-flex\">\n<figure class=\"wp-block-image size-large\"><a href=\"https:\/\/remembermefrance.org\/wp-content\/uploads\/IMG_8184.jpeg\"><img decoding=\"async\" width=\"500\" height=\"375\" data-id=\"103068\" src=\"https:\/\/remembermefrance.org\/wp-content\/uploads\/IMG_8184-500x375.jpeg\" alt=\"\" class=\"wp-image-103068\" srcset=\"https:\/\/remembermefrance.org\/wp-content\/uploads\/IMG_8184-500x375.jpeg 500w, https:\/\/remembermefrance.org\/wp-content\/uploads\/IMG_8184-300x225.jpeg 300w, https:\/\/remembermefrance.org\/wp-content\/uploads\/IMG_8184-16x12.jpeg 16w, https:\/\/remembermefrance.org\/wp-content\/uploads\/IMG_8184-360x270.jpeg 360w, https:\/\/remembermefrance.org\/wp-content\/uploads\/IMG_8184.jpeg 640w\" sizes=\"(max-width: 500px) 100vw, 500px\" \/><\/a><figcaption class=\"wp-element-caption\">19 avril 2026<\/figcaption><\/figure>\n\n\n\n<figure class=\"wp-block-image size-large\"><a href=\"https:\/\/remembermefrance.org\/wp-content\/uploads\/IMG_8183.jpeg\"><img decoding=\"async\" width=\"360\" height=\"480\" data-id=\"103067\" src=\"https:\/\/remembermefrance.org\/wp-content\/uploads\/IMG_8183.jpeg\" alt=\"\" class=\"wp-image-103067\" srcset=\"https:\/\/remembermefrance.org\/wp-content\/uploads\/IMG_8183.jpeg 360w, https:\/\/remembermefrance.org\/wp-content\/uploads\/IMG_8183-225x300.jpeg 225w, https:\/\/remembermefrance.org\/wp-content\/uploads\/IMG_8183-9x12.jpeg 9w\" sizes=\"(max-width: 360px) 100vw, 360px\" \/><\/a><figcaption class=\"wp-element-caption\">19 avril 2026<\/figcaption><\/figure>\n\n\n\n<figure class=\"wp-block-image size-large\"><a href=\"https:\/\/remembermefrance.org\/wp-content\/uploads\/IMG_8182.jpeg\"><img decoding=\"async\" width=\"360\" height=\"480\" data-id=\"103066\" src=\"https:\/\/remembermefrance.org\/wp-content\/uploads\/IMG_8182.jpeg\" alt=\"\" class=\"wp-image-103066\" srcset=\"https:\/\/remembermefrance.org\/wp-content\/uploads\/IMG_8182.jpeg 360w, https:\/\/remembermefrance.org\/wp-content\/uploads\/IMG_8182-225x300.jpeg 225w, https:\/\/remembermefrance.org\/wp-content\/uploads\/IMG_8182-9x12.jpeg 9w\" sizes=\"(max-width: 360px) 100vw, 360px\" \/><\/a><figcaption class=\"wp-element-caption\">19 avril 2026<\/figcaption><\/figure>\n\n\n\n<figure class=\"wp-block-image size-large\"><a href=\"https:\/\/remembermefrance.org\/wp-content\/uploads\/IMG_8181.jpeg\"><img decoding=\"async\" width=\"360\" height=\"480\" data-id=\"103065\" src=\"https:\/\/remembermefrance.org\/wp-content\/uploads\/IMG_8181.jpeg\" alt=\"\" class=\"wp-image-103065\" srcset=\"https:\/\/remembermefrance.org\/wp-content\/uploads\/IMG_8181.jpeg 360w, https:\/\/remembermefrance.org\/wp-content\/uploads\/IMG_8181-225x300.jpeg 225w, https:\/\/remembermefrance.org\/wp-content\/uploads\/IMG_8181-9x12.jpeg 9w\" sizes=\"(max-width: 360px) 100vw, 360px\" \/><\/a><figcaption class=\"wp-element-caption\">19 avril 2026<\/figcaption><\/figure>\n\n\n\n<figure class=\"wp-block-image size-large\"><a href=\"https:\/\/remembermefrance.org\/wp-content\/uploads\/IMG_8180.jpeg\"><img decoding=\"async\" data-id=\"103064\" src=\"https:\/\/remembermefrance.org\/wp-content\/uploads\/IMG_8180-375x500.jpeg\" alt=\"\" class=\"wp-image-103064\"\/><\/a><figcaption class=\"wp-element-caption\">19 avril 2026<\/figcaption><\/figure>\n\n\n\n<figure class=\"wp-block-image size-large\"><a href=\"https:\/\/remembermefrance.org\/wp-content\/uploads\/IMG_8179.jpeg\"><img decoding=\"async\" width=\"360\" height=\"480\" data-id=\"103063\" src=\"https:\/\/remembermefrance.org\/wp-content\/uploads\/IMG_8179.jpeg\" alt=\"\" class=\"wp-image-103063\" srcset=\"https:\/\/remembermefrance.org\/wp-content\/uploads\/IMG_8179.jpeg 360w, https:\/\/remembermefrance.org\/wp-content\/uploads\/IMG_8179-225x300.jpeg 225w, https:\/\/remembermefrance.org\/wp-content\/uploads\/IMG_8179-9x12.jpeg 9w\" sizes=\"(max-width: 360px) 100vw, 360px\" \/><\/a><figcaption class=\"wp-element-caption\">19 avril 2026<\/figcaption><\/figure>\n\n\n\n<figure class=\"wp-block-image size-large\"><a href=\"https:\/\/remembermefrance.org\/wp-content\/uploads\/IMG_8178.jpeg\"><img decoding=\"async\" width=\"360\" height=\"480\" data-id=\"103062\" src=\"https:\/\/remembermefrance.org\/wp-content\/uploads\/IMG_8178.jpeg\" alt=\"\" class=\"wp-image-103062\" srcset=\"https:\/\/remembermefrance.org\/wp-content\/uploads\/IMG_8178.jpeg 360w, https:\/\/remembermefrance.org\/wp-content\/uploads\/IMG_8178-225x300.jpeg 225w, https:\/\/remembermefrance.org\/wp-content\/uploads\/IMG_8178-9x12.jpeg 9w\" sizes=\"(max-width: 360px) 100vw, 360px\" \/><\/a><figcaption class=\"wp-element-caption\">19 avril 2026<\/figcaption><\/figure>\n\n\n\n<figure class=\"wp-block-image size-large\"><a href=\"https:\/\/remembermefrance.org\/wp-content\/uploads\/IMG_8177.jpeg\"><img decoding=\"async\" width=\"360\" height=\"480\" data-id=\"103061\" src=\"https:\/\/remembermefrance.org\/wp-content\/uploads\/IMG_8177.jpeg\" alt=\"\" class=\"wp-image-103061\" srcset=\"https:\/\/remembermefrance.org\/wp-content\/uploads\/IMG_8177.jpeg 360w, https:\/\/remembermefrance.org\/wp-content\/uploads\/IMG_8177-225x300.jpeg 225w, https:\/\/remembermefrance.org\/wp-content\/uploads\/IMG_8177-9x12.jpeg 9w\" sizes=\"(max-width: 360px) 100vw, 360px\" \/><\/a><figcaption class=\"wp-element-caption\">19 avril 2026<\/figcaption><\/figure>\n\n\n\n<figure class=\"wp-block-image size-large\"><a href=\"https:\/\/remembermefrance.org\/wp-content\/uploads\/IMG_8176.jpeg\"><img decoding=\"async\" width=\"360\" height=\"480\" data-id=\"103060\" src=\"https:\/\/remembermefrance.org\/wp-content\/uploads\/IMG_8176.jpeg\" alt=\"\" class=\"wp-image-103060\" srcset=\"https:\/\/remembermefrance.org\/wp-content\/uploads\/IMG_8176.jpeg 360w, https:\/\/remembermefrance.org\/wp-content\/uploads\/IMG_8176-225x300.jpeg 225w, https:\/\/remembermefrance.org\/wp-content\/uploads\/IMG_8176-9x12.jpeg 9w\" sizes=\"(max-width: 360px) 100vw, 360px\" \/><\/a><figcaption class=\"wp-element-caption\">19 avril 2026<\/figcaption><\/figure>\n\n\n\n<figure class=\"wp-block-image size-large\"><a href=\"https:\/\/remembermefrance.org\/wp-content\/uploads\/IMG_6613.jpeg\"><img decoding=\"async\" width=\"360\" height=\"480\" data-id=\"100121\" src=\"https:\/\/remembermefrance.org\/wp-content\/uploads\/IMG_6613-edited.jpeg\" alt=\"\" class=\"wp-image-100121\" srcset=\"https:\/\/remembermefrance.org\/wp-content\/uploads\/IMG_6613-edited.jpeg 360w, https:\/\/remembermefrance.org\/wp-content\/uploads\/IMG_6613-edited-225x300.jpeg 225w, https:\/\/remembermefrance.org\/wp-content\/uploads\/IMG_6613-edited-9x12.jpeg 9w\" sizes=\"(max-width: 360px) 100vw, 360px\" \/><\/a><figcaption class=\"wp-element-caption\">1 mars 2026<\/figcaption><\/figure>\n\n\n\n<figure class=\"wp-block-image size-large\"><a href=\"https:\/\/remembermefrance.org\/wp-content\/uploads\/IMG_6611.jpeg\"><img decoding=\"async\" width=\"360\" height=\"480\" data-id=\"100119\" src=\"https:\/\/remembermefrance.org\/wp-content\/uploads\/IMG_6611.jpeg\" alt=\"\" class=\"wp-image-100119\" srcset=\"https:\/\/remembermefrance.org\/wp-content\/uploads\/IMG_6611.jpeg 360w, https:\/\/remembermefrance.org\/wp-content\/uploads\/IMG_6611-225x300.jpeg 225w, https:\/\/remembermefrance.org\/wp-content\/uploads\/IMG_6611-9x12.jpeg 9w\" sizes=\"(max-width: 360px) 100vw, 360px\" \/><\/a><figcaption class=\"wp-element-caption\">1 mars 2026<\/figcaption><\/figure>\n\n\n\n<figure class=\"wp-block-image size-large\"><a href=\"https:\/\/remembermefrance.org\/wp-content\/uploads\/IMG_6614.jpeg\"><img decoding=\"async\" width=\"360\" height=\"480\" data-id=\"100117\" src=\"https:\/\/remembermefrance.org\/wp-content\/uploads\/IMG_6614.jpeg\" alt=\"\" class=\"wp-image-100117\" srcset=\"https:\/\/remembermefrance.org\/wp-content\/uploads\/IMG_6614.jpeg 360w, https:\/\/remembermefrance.org\/wp-content\/uploads\/IMG_6614-225x300.jpeg 225w, https:\/\/remembermefrance.org\/wp-content\/uploads\/IMG_6614-9x12.jpeg 9w\" sizes=\"(max-width: 360px) 100vw, 360px\" \/><\/a><figcaption class=\"wp-element-caption\">1 mars 2026<\/figcaption><\/figure>\n\n\n\n<figure class=\"wp-block-image size-large\"><a href=\"https:\/\/remembermefrance.org\/wp-content\/uploads\/IMG_6615.jpeg\"><img decoding=\"async\" width=\"360\" height=\"480\" data-id=\"100116\" src=\"https:\/\/remembermefrance.org\/wp-content\/uploads\/IMG_6615.jpeg\" alt=\"\" class=\"wp-image-100116\" srcset=\"https:\/\/remembermefrance.org\/wp-content\/uploads\/IMG_6615.jpeg 360w, https:\/\/remembermefrance.org\/wp-content\/uploads\/IMG_6615-225x300.jpeg 225w, https:\/\/remembermefrance.org\/wp-content\/uploads\/IMG_6615-9x12.jpeg 9w\" sizes=\"(max-width: 360px) 100vw, 360px\" \/><\/a><figcaption class=\"wp-element-caption\">1 mars 2026<\/figcaption><\/figure>\n\n\n\n<figure class=\"wp-block-image size-large\"><a href=\"https:\/\/remembermefrance.org\/wp-content\/uploads\/IMG_6616.jpeg\"><img decoding=\"async\" width=\"375\" height=\"500\" data-id=\"100115\" src=\"https:\/\/remembermefrance.org\/wp-content\/uploads\/IMG_6616-375x500.jpeg\" alt=\"\" class=\"wp-image-100115\" srcset=\"https:\/\/remembermefrance.org\/wp-content\/uploads\/IMG_6616-375x500.jpeg 375w, https:\/\/remembermefrance.org\/wp-content\/uploads\/IMG_6616-225x300.jpeg 225w, https:\/\/remembermefrance.org\/wp-content\/uploads\/IMG_6616-9x12.jpeg 9w, https:\/\/remembermefrance.org\/wp-content\/uploads\/IMG_6616-360x480.jpeg 360w, https:\/\/remembermefrance.org\/wp-content\/uploads\/IMG_6616.jpeg 640w\" sizes=\"(max-width: 375px) 100vw, 375px\" \/><\/a><figcaption class=\"wp-element-caption\">1 mars 2026<\/figcaption><\/figure>\n\n\n\n<figure class=\"wp-block-image size-large\"><a href=\"https:\/\/remembermefrance.org\/wp-content\/uploads\/IMG_6617.jpeg\"><img decoding=\"async\" width=\"375\" height=\"500\" data-id=\"100114\" src=\"https:\/\/remembermefrance.org\/wp-content\/uploads\/IMG_6617-375x500.jpeg\" alt=\"\" class=\"wp-image-100114\" srcset=\"https:\/\/remembermefrance.org\/wp-content\/uploads\/IMG_6617-375x500.jpeg 375w, https:\/\/remembermefrance.org\/wp-content\/uploads\/IMG_6617-225x300.jpeg 225w, https:\/\/remembermefrance.org\/wp-content\/uploads\/IMG_6617-9x12.jpeg 9w, https:\/\/remembermefrance.org\/wp-content\/uploads\/IMG_6617-360x480.jpeg 360w, https:\/\/remembermefrance.org\/wp-content\/uploads\/IMG_6617.jpeg 640w\" sizes=\"(max-width: 375px) 100vw, 375px\" \/><\/a><figcaption class=\"wp-element-caption\">1 mars 2026<\/figcaption><\/figure>\n\n\n\n<figure class=\"wp-block-image size-large\"><a href=\"https:\/\/remembermefrance.org\/wp-content\/uploads\/IMG_6618.jpeg\"><img decoding=\"async\" data-id=\"100113\" src=\"https:\/\/remembermefrance.org\/wp-content\/uploads\/IMG_6618.jpeg\" alt=\"\" class=\"wp-image-100113\"\/><\/a><figcaption class=\"wp-element-caption\">1 mars 2026<\/figcaption><\/figure>\n\n\n\n<figure class=\"wp-block-image size-large\"><a href=\"https:\/\/remembermefrance.org\/wp-content\/uploads\/IMG_6619.jpeg\"><img decoding=\"async\" width=\"375\" height=\"500\" data-id=\"100112\" src=\"https:\/\/remembermefrance.org\/wp-content\/uploads\/IMG_6619-375x500.jpeg\" alt=\"\" class=\"wp-image-100112\" srcset=\"https:\/\/remembermefrance.org\/wp-content\/uploads\/IMG_6619-375x500.jpeg 375w, https:\/\/remembermefrance.org\/wp-content\/uploads\/IMG_6619-225x300.jpeg 225w, https:\/\/remembermefrance.org\/wp-content\/uploads\/IMG_6619-9x12.jpeg 9w, https:\/\/remembermefrance.org\/wp-content\/uploads\/IMG_6619-360x480.jpeg 360w, https:\/\/remembermefrance.org\/wp-content\/uploads\/IMG_6619.jpeg 640w\" sizes=\"(max-width: 375px) 100vw, 375px\" \/><\/a><figcaption class=\"wp-element-caption\">1 mars 2026<\/figcaption><\/figure>\n\n\n\n<figure class=\"wp-block-image size-large\"><a href=\"https:\/\/remembermefrance.org\/wp-content\/uploads\/Sabayon.jpg\"><img decoding=\"async\" width=\"281\" height=\"500\" data-id=\"99315\" src=\"https:\/\/remembermefrance.org\/wp-content\/uploads\/Sabayon-281x500.jpg\" alt=\"\" class=\"wp-image-99315\" srcset=\"https:\/\/remembermefrance.org\/wp-content\/uploads\/Sabayon-281x500.jpg 281w, https:\/\/remembermefrance.org\/wp-content\/uploads\/Sabayon-169x300.jpg 169w, https:\/\/remembermefrance.org\/wp-content\/uploads\/Sabayon-7x12.jpg 7w, https:\/\/remembermefrance.org\/wp-content\/uploads\/Sabayon-360x640.jpg 360w, https:\/\/remembermefrance.org\/wp-content\/uploads\/Sabayon.jpg 640w\" sizes=\"(max-width: 281px) 100vw, 281px\" \/><\/a><figcaption class=\"wp-element-caption\">F\u00e9vrier 2026<\/figcaption><\/figure>\n\n\n\n<figure class=\"wp-block-image size-large\"><a href=\"https:\/\/remembermefrance.org\/wp-content\/uploads\/Sabayon2.jpg\"><img decoding=\"async\" width=\"281\" height=\"500\" data-id=\"99314\" src=\"https:\/\/remembermefrance.org\/wp-content\/uploads\/Sabayon2-281x500.jpg\" alt=\"\" class=\"wp-image-99314\" srcset=\"https:\/\/remembermefrance.org\/wp-content\/uploads\/Sabayon2-281x500.jpg 281w, https:\/\/remembermefrance.org\/wp-content\/uploads\/Sabayon2-169x300.jpg 169w, https:\/\/remembermefrance.org\/wp-content\/uploads\/Sabayon2-7x12.jpg 7w, https:\/\/remembermefrance.org\/wp-content\/uploads\/Sabayon2-360x640.jpg 360w, https:\/\/remembermefrance.org\/wp-content\/uploads\/Sabayon2.jpg 640w\" sizes=\"(max-width: 281px) 100vw, 281px\" \/><\/a><figcaption class=\"wp-element-caption\">F\u00e9vrier 2026<\/figcaption><\/figure>\n\n\n\n<figure class=\"wp-block-image size-large\"><a href=\"https:\/\/remembermefrance.org\/wp-content\/uploads\/Sabayon3.jpg\"><img decoding=\"async\" data-id=\"99313\" src=\"https:\/\/remembermefrance.org\/wp-content\/uploads\/Sabayon3-281x500.jpg\" alt=\"\" class=\"wp-image-99313\"\/><\/a><figcaption class=\"wp-element-caption\">F\u00e9vrier 2026<\/figcaption><\/figure>\n\n\n\n<figure class=\"wp-block-image size-large\"><a href=\"https:\/\/remembermefrance.org\/wp-content\/uploads\/Sabayon4.jpg\"><img decoding=\"async\" width=\"281\" height=\"500\" data-id=\"99312\" src=\"https:\/\/remembermefrance.org\/wp-content\/uploads\/Sabayon4-281x500.jpg\" alt=\"\" class=\"wp-image-99312\" srcset=\"https:\/\/remembermefrance.org\/wp-content\/uploads\/Sabayon4-281x500.jpg 281w, https:\/\/remembermefrance.org\/wp-content\/uploads\/Sabayon4-169x300.jpg 169w, https:\/\/remembermefrance.org\/wp-content\/uploads\/Sabayon4-7x12.jpg 7w, https:\/\/remembermefrance.org\/wp-content\/uploads\/Sabayon4-360x640.jpg 360w, https:\/\/remembermefrance.org\/wp-content\/uploads\/Sabayon4.jpg 640w\" sizes=\"(max-width: 281px) 100vw, 281px\" \/><\/a><figcaption class=\"wp-element-caption\">F\u00e9vrier 2026<\/figcaption><\/figure>\n<\/figure>\n\n\n\n<hr class=\"wp-block-separator has-css-opacity\"\/>","protected":false},"excerpt":{"rendered":"<p>Male, born in February 2020<br \/>\nAu refuge depuis f\u00e9vrier 2026<\/p>","protected":false},"featured_media":103064,"template":"","breed":[27,26],"pet-color":[],"class_list":["post-99320","pets","type-pets","status-publish","has-post-thumbnail","hentry","breed-adulte-moyen","breed-adulte-petit"],"yoast_head":"<!-- This site is optimized with the Yoast SEO plugin v27.5 - https:\/\/yoast.com\/product\/yoast-seo-wordpress\/ -->\n<title>Sabayon - Association RMF<\/title>\n<meta name=\"robots\" content=\"index, follow, max-snippet:-1, max-image-preview:large, max-video-preview:-1\" \/>\n<link rel=\"canonical\" href=\"https:\/\/remembermefrance.org\/en\/pets\/sabayon\/\" \/>\n<meta property=\"og:locale\" content=\"en_GB\" \/>\n<meta property=\"og:type\" content=\"article\" \/>\n<meta property=\"og:title\" content=\"Sabayon - Association RMF\" \/>\n<meta property=\"og:description\" content=\"M\u00e2le, n\u00e9 environ en f\u00e9vrier 2020 Au refuge depuis f\u00e9vrier 2026\" \/>\n<meta property=\"og:url\" content=\"https:\/\/remembermefrance.org\/en\/pets\/sabayon\/\" \/>\n<meta property=\"og:site_name\" content=\"Association RMF\" \/>\n<meta property=\"article:publisher\" content=\"https:\/\/www.facebook.com\/remembermefrance\" \/>\n<meta property=\"article:modified_time\" content=\"2026-04-20T17:53:44+00:00\" \/>\n<meta property=\"og:image\" content=\"https:\/\/remembermefrance.org\/wp-content\/uploads\/IMG_8180-e1776707621246.jpeg\" \/>\n\t<meta property=\"og:image:width\" content=\"640\" \/>\n\t<meta property=\"og:image:height\" content=\"640\" \/>\n\t<meta property=\"og:image:type\" content=\"image\/jpeg\" \/>\n<meta name=\"twitter:card\" content=\"summary_large_image\" \/>\n<meta name=\"twitter:label1\" content=\"Estimated reading time\" \/>\n\t<meta name=\"twitter:data1\" content=\"6 minutes\" \/>\n<script type=\"application\/ld+json\" class=\"yoast-schema-graph\">{\"@context\":\"https:\\\/\\\/schema.org\",\"@graph\":[{\"@type\":\"WebPage\",\"@id\":\"https:\\\/\\\/remembermefrance.org\\\/pets\\\/sabayon\\\/\",\"url\":\"https:\\\/\\\/remembermefrance.org\\\/pets\\\/sabayon\\\/\",\"name\":\"Sabayon - Association RMF\",\"isPartOf\":{\"@id\":\"https:\\\/\\\/remembermefrance.org\\\/#website\"},\"primaryImageOfPage\":{\"@id\":\"https:\\\/\\\/remembermefrance.org\\\/pets\\\/sabayon\\\/#primaryimage\"},\"image\":{\"@id\":\"https:\\\/\\\/remembermefrance.org\\\/pets\\\/sabayon\\\/#primaryimage\"},\"thumbnailUrl\":\"https:\\\/\\\/remembermefrance.org\\\/wp-content\\\/uploads\\\/IMG_8180-e1776707621246.jpeg\",\"datePublished\":\"2026-02-23T21:07:59+00:00\",\"dateModified\":\"2026-04-20T17:53:44+00:00\",\"breadcrumb\":{\"@id\":\"https:\\\/\\\/remembermefrance.org\\\/pets\\\/sabayon\\\/#breadcrumb\"},\"inLanguage\":\"en-GB\",\"potentialAction\":[{\"@type\":\"ReadAction\",\"target\":[\"https:\\\/\\\/remembermefrance.org\\\/pets\\\/sabayon\\\/\"]}]},{\"@type\":\"ImageObject\",\"inLanguage\":\"en-GB\",\"@id\":\"https:\\\/\\\/remembermefrance.org\\\/pets\\\/sabayon\\\/#primaryimage\",\"url\":\"https:\\\/\\\/remembermefrance.org\\\/wp-content\\\/uploads\\\/IMG_8180-e1776707621246.jpeg\",\"contentUrl\":\"https:\\\/\\\/remembermefrance.org\\\/wp-content\\\/uploads\\\/IMG_8180-e1776707621246.jpeg\",\"width\":640,\"height\":640},{\"@type\":\"BreadcrumbList\",\"@id\":\"https:\\\/\\\/remembermefrance.org\\\/pets\\\/sabayon\\\/#breadcrumb\",\"itemListElement\":[{\"@type\":\"ListItem\",\"position\":1,\"name\":\"Accueil\",\"item\":\"https:\\\/\\\/remembermefrance.org\\\/\"},{\"@type\":\"ListItem\",\"position\":2,\"name\":\"Pets\",\"item\":\"https:\\\/\\\/remembermefrance.org\\\/pets\\\/\"},{\"@type\":\"ListItem\",\"position\":3,\"name\":\"Sabayon\"}]},{\"@type\":\"WebSite\",\"@id\":\"https:\\\/\\\/remembermefrance.org\\\/#website\",\"url\":\"https:\\\/\\\/remembermefrance.org\\\/\",\"name\":\"Remember me France\",\"description\":\"Adopter un chien roumain\",\"publisher\":{\"@id\":\"https:\\\/\\\/remembermefrance.org\\\/#organization\"},\"potentialAction\":[{\"@type\":\"SearchAction\",\"target\":{\"@type\":\"EntryPoint\",\"urlTemplate\":\"https:\\\/\\\/remembermefrance.org\\\/?s={search_term_string}\"},\"query-input\":{\"@type\":\"PropertyValueSpecification\",\"valueRequired\":true,\"valueName\":\"search_term_string\"}}],\"inLanguage\":\"en-GB\"},{\"@type\":\"Organization\",\"@id\":\"https:\\\/\\\/remembermefrance.org\\\/#organization\",\"name\":\"Remember me\",\"url\":\"https:\\\/\\\/remembermefrance.org\\\/\",\"logo\":{\"@type\":\"ImageObject\",\"inLanguage\":\"en-GB\",\"@id\":\"https:\\\/\\\/remembermefrance.org\\\/#\\\/schema\\\/logo\\\/image\\\/\",\"url\":\"https:\\\/\\\/remembermefrance.org\\\/wp-content\\\/uploads\\\/logo-remember.png\",\"contentUrl\":\"https:\\\/\\\/remembermefrance.org\\\/wp-content\\\/uploads\\\/logo-remember.png\",\"width\":325,\"height\":60,\"caption\":\"Remember me\"},\"image\":{\"@id\":\"https:\\\/\\\/remembermefrance.org\\\/#\\\/schema\\\/logo\\\/image\\\/\"},\"sameAs\":[\"https:\\\/\\\/www.facebook.com\\\/remembermefrance\",\"https:\\\/\\\/www.instagram.com\\\/remembermefrance\\\/\"]}]}<\/script>\n<!-- \/ Yoast SEO plugin. -->","yoast_head_json":{"title":"Sabayon - Association RMF","robots":{"index":"index","follow":"follow","max-snippet":"max-snippet:-1","max-image-preview":"max-image-preview:large","max-video-preview":"max-video-preview:-1"},"canonical":"https:\/\/remembermefrance.org\/en\/pets\/sabayon\/","og_locale":"en_GB","og_type":"article","og_title":"Sabayon - Association RMF","og_description":"M\u00e2le, n\u00e9 environ en f\u00e9vrier 2020 Au refuge depuis f\u00e9vrier 2026","og_url":"https:\/\/remembermefrance.org\/en\/pets\/sabayon\/","og_site_name":"Association RMF","article_publisher":"https:\/\/www.facebook.com\/remembermefrance","article_modified_time":"2026-04-20T17:53:44+00:00","og_image":[{"width":640,"height":640,"url":"https:\/\/remembermefrance.org\/wp-content\/uploads\/IMG_8180-e1776707621246.jpeg","type":"image\/jpeg"}],"twitter_card":"summary_large_image","twitter_misc":{"Estimated reading time":"6 minutes"},"schema":{"@context":"https:\/\/schema.org","@graph":[{"@type":"WebPage","@id":"https:\/\/remembermefrance.org\/pets\/sabayon\/","url":"https:\/\/remembermefrance.org\/pets\/sabayon\/","name":"Sabayon - Association RMF","isPartOf":{"@id":"https:\/\/remembermefrance.org\/#website"},"primaryImageOfPage":{"@id":"https:\/\/remembermefrance.org\/pets\/sabayon\/#primaryimage"},"image":{"@id":"https:\/\/remembermefrance.org\/pets\/sabayon\/#primaryimage"},"thumbnailUrl":"https:\/\/remembermefrance.org\/wp-content\/uploads\/IMG_8180-e1776707621246.jpeg","datePublished":"2026-02-23T21:07:59+00:00","dateModified":"2026-04-20T17:53:44+00:00","breadcrumb":{"@id":"https:\/\/remembermefrance.org\/pets\/sabayon\/#breadcrumb"},"inLanguage":"en-GB","potentialAction":[{"@type":"ReadAction","target":["https:\/\/remembermefrance.org\/pets\/sabayon\/"]}]},{"@type":"ImageObject","inLanguage":"en-GB","@id":"https:\/\/remembermefrance.org\/pets\/sabayon\/#primaryimage","url":"https:\/\/remembermefrance.org\/wp-content\/uploads\/IMG_8180-e1776707621246.jpeg","contentUrl":"https:\/\/remembermefrance.org\/wp-content\/uploads\/IMG_8180-e1776707621246.jpeg","width":640,"height":640},{"@type":"BreadcrumbList","@id":"https:\/\/remembermefrance.org\/pets\/sabayon\/#breadcrumb","itemListElement":[{"@type":"ListItem","position":1,"name":"Accueil","item":"https:\/\/remembermefrance.org\/"},{"@type":"ListItem","position":2,"name":"Pets","item":"https:\/\/remembermefrance.org\/pets\/"},{"@type":"ListItem","position":3,"name":"Sabayon"}]},{"@type":"WebSite","@id":"https:\/\/remembermefrance.org\/#website","url":"https:\/\/remembermefrance.org\/","name":"Remember me France","description":"Adopt a Romanian dog","publisher":{"@id":"https:\/\/remembermefrance.org\/#organization"},"potentialAction":[{"@type":"SearchAction","target":{"@type":"EntryPoint","urlTemplate":"https:\/\/remembermefrance.org\/?s={search_term_string}"},"query-input":{"@type":"PropertyValueSpecification","valueRequired":true,"valueName":"search_term_string"}}],"inLanguage":"en-GB"},{"@type":"Organization","@id":"https:\/\/remembermefrance.org\/#organization","name":"Remember me","url":"https:\/\/remembermefrance.org\/","logo":{"@type":"ImageObject","inLanguage":"en-GB","@id":"https:\/\/remembermefrance.org\/#\/schema\/logo\/image\/","url":"https:\/\/remembermefrance.org\/wp-content\/uploads\/logo-remember.png","contentUrl":"https:\/\/remembermefrance.org\/wp-content\/uploads\/logo-remember.png","width":325,"height":60,"caption":"Remember me"},"image":{"@id":"https:\/\/remembermefrance.org\/#\/schema\/logo\/image\/"},"sameAs":["https:\/\/www.facebook.com\/remembermefrance","https:\/\/www.instagram.com\/remembermefrance\/"]}]}},"_links":{"self":[{"href":"https:\/\/remembermefrance.org\/en\/wp-json\/wp\/v2\/pets\/99320","targetHints":{"allow":["GET"]}}],"collection":[{"href":"https:\/\/remembermefrance.org\/en\/wp-json\/wp\/v2\/pets"}],"about":[{"href":"https:\/\/remembermefrance.org\/en\/wp-json\/wp\/v2\/types\/pets"}],"wp:featuredmedia":[{"embeddable":true,"href":"https:\/\/remembermefrance.org\/en\/wp-json\/wp\/v2\/media\/103064"}],"wp:attachment":[{"href":"https:\/\/remembermefrance.org\/en\/wp-json\/wp\/v2\/media?parent=99320"}],"wp:term":[{"taxonomy":"breed","embeddable":true,"href":"https:\/\/remembermefrance.org\/en\/wp-json\/wp\/v2\/breed?post=99320"},{"taxonomy":"pet-color","embeddable":true,"href":"https:\/\/remembermefrance.org\/en\/wp-json\/wp\/v2\/pet-color?post=99320"}],"curies":[{"name":"wp","href":"https:\/\/api.w.org\/{rel}","templated":true}]}}