{"id":99365,"date":"2026-02-23T23:01:50","date_gmt":"2026-02-23T22:01:50","guid":{"rendered":"https:\/\/remembermefrance.org\/?post_type=pets&#038;p=99365"},"modified":"2026-04-26T12:24:17","modified_gmt":"2026-04-26T10:24:17","slug":"shazam","status":"publish","type":"pets","link":"https:\/\/remembermefrance.org\/en\/pets\/shazam\/","title":{"rendered":"Shazam"},"content":{"rendered":"<p><strong>If you would like to sponsor one of our animals, <a href=\"https:\/\/remembermefrance.org\/index.php\/agir\/parrainer\/\">click here<\/a>.<\/strong><\/p>\n\n\n\n<p class=\"has-text-align-left\"><strong>Age:<\/strong> : n\u00e9 environ en novembre 2025 (date estim\u00e9e approximative)<br><strong>Breed<\/strong> : crois\u00e9e &#8211; type crois\u00e9 berger de bucovine <br><strong>Size:<\/strong> grande \u00e0 l&rsquo;\u00e2ge adulte (estimation)<br><br><strong>Neutered\/spayed <\/strong>: still to be done <br><strong>Vaccinated<\/strong> : yes<br><strong>Chipped<\/strong> : yes<\/p>\n\n\n\n<p><strong>Arrived at Remember Me Land<\/strong> : f\u00e9vrier 2026 &#8211; En famille d\u2019accueil chez Annie (01) depuis le 21 mars 2026<\/p>\n\n\n\n<p class=\"has-text-align-left\"><strong>Good with<\/strong> : Nos chiots cohabitent avec d&rsquo;autres chiens, mais ne c\u00f4toient pas d&rsquo;enfants ou de chats au refuge ; au vu de leur jeune \u00e2ge, nous n&rsquo;effectuons pas de test chat avec eux puisque nous partons du principe qu&rsquo;en les sociabilisant correctement, ils peuvent tout \u00e0 fait s&rsquo;habituer \u00e0 la vie de famille avec diff\u00e9rentes esp\u00e8ces. C&rsquo;est \u00e0 vous de leur apprendre \u00e0 vivre en harmonie avec vos autres animaux et vos enfants, qui doivent se montrer respectueux \u00e0 l\u2019\u00e9gard du nouveau venu. Une cohabitation saine et apais\u00e9e met plusieurs semaines, voire mois \u00e0 se mettre en place. Patience est de mise pour que tout le monde trouve sa place.<\/p>\n\n\n\n<p><strong>Character<\/strong> : <strong>26 avril 2026<\/strong>\u00a0: rdv chez la veto hier matin, il a \u00e0 nouveau une rhinite purulente donc on recommence les antibiotiques et on va renforcer ses d\u00e9fenses immunitaires. Et comme je trouvais qu\u2019il restait maigre malgr\u00e9 son solide app\u00e9tit et qu\u2019il n\u2019\u00e9tait pas top niveau intestinal, j\u2019ai en m\u00eame temps port\u00e9 des \u00e9chantillons de selles, la v\u00e9t\u00e9rinaire m\u2019a rappel\u00e9e en fin de journ\u00e9e, il est malheureusement positif \u00e0 la giardose\u00a0. On est parti pour plusieurs semaines de traitement et de d\u00e9sinfection\u00a0<\/p>\n\n\n\n<p>Mis \u00e0 part ses probl\u00e8mes de sant\u00e9, c\u2019est un chiot tr\u00e8s sympa qui s\u2019est tr\u00e8s bien int\u00e9gr\u00e9 dans ma petite troupe. Il adore jouer avec eux, par contre il ne supporte pas d\u2019\u00eatre seul. Nous avons commenc\u00e9 les cours d\u2019\u00e9ducation dans un club canin, il est tr\u00e8s \u00e0 l\u2019\u00e9coute et adore apprendre, mais nous avons d\u00fb suspendre le temps qu\u2019il aille mieux. Pour la queue les diff\u00e9rents v\u00e9tos qui ont vu la radio n\u2019ont pas r\u00e9ussi \u00e0 se mettre d\u2019accord, j\u2019ai donc fait faire une prise de sang pour un test g\u00e9n\u00e9tique, nous aurons la r\u00e9ponse fin de semaine prochaine \ud83e\udee4<br><strong>28 mars 2026<\/strong>\u00a0: Une petite merveille ce chiot\u00a0<\/p>\n\n\n\n<p>\u00a0Il va bien, on a termin\u00e9 les antibiotiques hier et je l\u2019ai lib\u00e9r\u00e9 de l\u2019isolement ce matin, il \u00e9tait tellement content de rencontrer les copains. Je ne sais pas quel probl\u00e8me il a \u00e0 la patte, mais \u00e7a ne le g\u00eane pas du tout pour faire le fou. Sinon il est juste g\u00e9nial, propre depuis le d\u00e9but, \u00e0 l\u2019\u00e9coute, c\u00e2lin. Il boite l\u00e9g\u00e8rement, mais le bout de la patte semble tr\u00e8s laxe, on verra mardi matin ce que dit le sp\u00e9cialiste<br>Sociable \u00e0 son arriv\u00e9e (f\u00e9vrier 2026)<\/p>\n\n\n\n<p><strong>History<\/strong> : <strong>14 mars 2026<\/strong>&nbsp;: Il a une possible luxation d&rsquo;un os du carpe, il a une attelle mais il faudrait qu&rsquo;il voit un sp\u00e9cialiste au plus vite comme c&rsquo;est un chiot en pleine croissance, si c&rsquo;est mal soign\u00e9 il risque de payer toute sa vie<br>Sauv\u00e9 de l&rsquo;euthanasie \u00e0 la fourri\u00e8re de Piatra Neamt : nous avons \u00e9t\u00e9 appel\u00e9s \u00e0 l&rsquo;aide par la police animale de Neamt, que nous aidons d\u00e9j\u00e0 dans leurs saisies pour maltraitance. Ils avaient connaissance de chiots \u00e0 la fourri\u00e8re publique qui n&rsquo;\u00e9taient pas r\u00e9serv\u00e9s et allaient \u00eatre euthanasi\u00e9s sur d\u00e9cision communale. Ils nous ont suppli\u00e9 de les sauver, ce que nous avons bien s\u00fbr imm\u00e9diatement fait. Emilie est all\u00e9e les chercher et a \u00e9galement r\u00e9cup\u00e9r\u00e9 une maman avec ses chiots sur place, impossible de les laisser&#8230; ils sont tous test\u00e9s coronavirus et parvovirose et sont tous n\u00e9gatifs<\/p>\n\n\n\n<p>Pour suivre son \u00e9volution : <a href=\"https:\/\/remembermefrance.forumactif.org\/t26237-shazam-chiot-male-type-croise-berger-de-bucovine-de-grande-taille-a-l-age-adulte-ne-environ-en-novembre-2025-remember-me-land?highlight=Shazam\">voir sur le forum<\/a><\/p>\n\n\n\n<p><strong>Frais d&rsquo;adoption<\/strong> : 320 \u20ac <br><a href=\"https:\/\/remembermefrance.org\/index.php\/adopter\/procedure-dadoption#lesfrais\">Click here<\/a> pour plus d&rsquo;infos sur les frais<\/p>\n\n\n<div class=\"wp-block-button button1\"><a class=\"wp-block-button__link\" href=\"https:\/\/remembermefrance.org\/wp-content\/uploads\/formulaire_rmf.docx\">T\u00e9l\u00e9chargez le formulaire d&rsquo;adoption<\/a><\/div>\n\n\n<hr class=\"wp-block-separator has-css-opacity\"\/>\n\n\n\n<figure class=\"wp-block-gallery has-nested-images columns-default is-cropped wp-block-gallery-1 is-layout-flex wp-block-gallery-is-layout-flex\">\n<figure class=\"wp-block-image size-large\"><a href=\"https:\/\/remembermefrance.org\/wp-content\/uploads\/IMG_7357.jpeg\"><img decoding=\"async\" width=\"500\" height=\"375\" data-id=\"101700\" src=\"https:\/\/remembermefrance.org\/wp-content\/uploads\/IMG_7357-500x375.jpeg\" alt=\"\" class=\"wp-image-101700\" srcset=\"https:\/\/remembermefrance.org\/wp-content\/uploads\/IMG_7357-500x375.jpeg 500w, https:\/\/remembermefrance.org\/wp-content\/uploads\/IMG_7357-300x225.jpeg 300w, https:\/\/remembermefrance.org\/wp-content\/uploads\/IMG_7357-16x12.jpeg 16w, https:\/\/remembermefrance.org\/wp-content\/uploads\/IMG_7357-360x270.jpeg 360w, https:\/\/remembermefrance.org\/wp-content\/uploads\/IMG_7357.jpeg 640w\" sizes=\"(max-width: 500px) 100vw, 500px\" \/><\/a><figcaption class=\"wp-element-caption\">28 mars 2026<\/figcaption><\/figure>\n\n\n\n<figure class=\"wp-block-image size-large\"><a href=\"https:\/\/remembermefrance.org\/wp-content\/uploads\/IMG_7356.jpeg\"><img decoding=\"async\" width=\"500\" height=\"375\" data-id=\"101699\" src=\"https:\/\/remembermefrance.org\/wp-content\/uploads\/IMG_7356-500x375.jpeg\" alt=\"\" class=\"wp-image-101699\" srcset=\"https:\/\/remembermefrance.org\/wp-content\/uploads\/IMG_7356-500x375.jpeg 500w, https:\/\/remembermefrance.org\/wp-content\/uploads\/IMG_7356-300x225.jpeg 300w, https:\/\/remembermefrance.org\/wp-content\/uploads\/IMG_7356-16x12.jpeg 16w, https:\/\/remembermefrance.org\/wp-content\/uploads\/IMG_7356-360x270.jpeg 360w, https:\/\/remembermefrance.org\/wp-content\/uploads\/IMG_7356.jpeg 640w\" sizes=\"(max-width: 500px) 100vw, 500px\" \/><\/a><figcaption class=\"wp-element-caption\">28 mars 2026<\/figcaption><\/figure>\n\n\n\n<figure class=\"wp-block-image size-large\"><a href=\"https:\/\/remembermefrance.org\/wp-content\/uploads\/IMG_6443.jpeg\"><img decoding=\"async\" width=\"375\" height=\"500\" data-id=\"99942\" src=\"https:\/\/remembermefrance.org\/wp-content\/uploads\/IMG_6443-375x500.jpeg\" alt=\"\" class=\"wp-image-99942\" srcset=\"https:\/\/remembermefrance.org\/wp-content\/uploads\/IMG_6443-375x500.jpeg 375w, https:\/\/remembermefrance.org\/wp-content\/uploads\/IMG_6443-225x300.jpeg 225w, https:\/\/remembermefrance.org\/wp-content\/uploads\/IMG_6443-9x12.jpeg 9w, https:\/\/remembermefrance.org\/wp-content\/uploads\/IMG_6443-360x480.jpeg 360w, https:\/\/remembermefrance.org\/wp-content\/uploads\/IMG_6443.jpeg 640w\" sizes=\"(max-width: 375px) 100vw, 375px\" \/><\/a><figcaption class=\"wp-element-caption\">1 mars 2026<\/figcaption><\/figure>\n\n\n\n<figure class=\"wp-block-image size-large\"><a href=\"https:\/\/remembermefrance.org\/wp-content\/uploads\/IMG_6444.jpeg\"><img decoding=\"async\" width=\"375\" height=\"500\" data-id=\"99941\" src=\"https:\/\/remembermefrance.org\/wp-content\/uploads\/IMG_6444-375x500.jpeg\" alt=\"\" class=\"wp-image-99941\" srcset=\"https:\/\/remembermefrance.org\/wp-content\/uploads\/IMG_6444-375x500.jpeg 375w, https:\/\/remembermefrance.org\/wp-content\/uploads\/IMG_6444-225x300.jpeg 225w, https:\/\/remembermefrance.org\/wp-content\/uploads\/IMG_6444-9x12.jpeg 9w, https:\/\/remembermefrance.org\/wp-content\/uploads\/IMG_6444-360x480.jpeg 360w, https:\/\/remembermefrance.org\/wp-content\/uploads\/IMG_6444.jpeg 640w\" sizes=\"(max-width: 375px) 100vw, 375px\" \/><\/a><figcaption class=\"wp-element-caption\">1 mars 2026<\/figcaption><\/figure>\n\n\n\n<figure class=\"wp-block-image size-large\"><a href=\"https:\/\/remembermefrance.org\/wp-content\/uploads\/IMG_6445.jpeg\"><img decoding=\"async\" width=\"360\" height=\"480\" data-id=\"99940\" src=\"https:\/\/remembermefrance.org\/wp-content\/uploads\/IMG_6445.jpeg\" alt=\"\" class=\"wp-image-99940\" srcset=\"https:\/\/remembermefrance.org\/wp-content\/uploads\/IMG_6445.jpeg 360w, https:\/\/remembermefrance.org\/wp-content\/uploads\/IMG_6445-225x300.jpeg 225w, https:\/\/remembermefrance.org\/wp-content\/uploads\/IMG_6445-9x12.jpeg 9w\" sizes=\"(max-width: 360px) 100vw, 360px\" \/><\/a><figcaption class=\"wp-element-caption\">1 mars 2026<\/figcaption><\/figure>\n\n\n\n<figure class=\"wp-block-image size-large\"><a href=\"https:\/\/remembermefrance.org\/wp-content\/uploads\/IMG_6446.jpeg\"><img decoding=\"async\" width=\"375\" height=\"500\" data-id=\"99939\" src=\"https:\/\/remembermefrance.org\/wp-content\/uploads\/IMG_6446-375x500.jpeg\" alt=\"\" class=\"wp-image-99939\" srcset=\"https:\/\/remembermefrance.org\/wp-content\/uploads\/IMG_6446-375x500.jpeg 375w, https:\/\/remembermefrance.org\/wp-content\/uploads\/IMG_6446-225x300.jpeg 225w, https:\/\/remembermefrance.org\/wp-content\/uploads\/IMG_6446-9x12.jpeg 9w, https:\/\/remembermefrance.org\/wp-content\/uploads\/IMG_6446-360x480.jpeg 360w, https:\/\/remembermefrance.org\/wp-content\/uploads\/IMG_6446.jpeg 640w\" sizes=\"(max-width: 375px) 100vw, 375px\" \/><\/a><figcaption class=\"wp-element-caption\">1 mars 2026<\/figcaption><\/figure>\n\n\n\n<figure class=\"wp-block-image size-large\"><a href=\"https:\/\/remembermefrance.org\/wp-content\/uploads\/IMG_6448.jpeg\"><img decoding=\"async\" width=\"360\" height=\"480\" data-id=\"99938\" src=\"https:\/\/remembermefrance.org\/wp-content\/uploads\/IMG_6448.jpeg\" alt=\"\" class=\"wp-image-99938\" srcset=\"https:\/\/remembermefrance.org\/wp-content\/uploads\/IMG_6448.jpeg 360w, https:\/\/remembermefrance.org\/wp-content\/uploads\/IMG_6448-225x300.jpeg 225w, https:\/\/remembermefrance.org\/wp-content\/uploads\/IMG_6448-9x12.jpeg 9w\" sizes=\"(max-width: 360px) 100vw, 360px\" \/><\/a><figcaption class=\"wp-element-caption\">1 mars 2026<\/figcaption><\/figure>\n\n\n\n<figure class=\"wp-block-image size-large\"><a href=\"https:\/\/remembermefrance.org\/wp-content\/uploads\/IMG_6450.jpeg\"><img decoding=\"async\" width=\"375\" height=\"500\" data-id=\"99937\" src=\"https:\/\/remembermefrance.org\/wp-content\/uploads\/IMG_6450-375x500.jpeg\" alt=\"\" class=\"wp-image-99937\" srcset=\"https:\/\/remembermefrance.org\/wp-content\/uploads\/IMG_6450-375x500.jpeg 375w, https:\/\/remembermefrance.org\/wp-content\/uploads\/IMG_6450-225x300.jpeg 225w, https:\/\/remembermefrance.org\/wp-content\/uploads\/IMG_6450-9x12.jpeg 9w, https:\/\/remembermefrance.org\/wp-content\/uploads\/IMG_6450-360x480.jpeg 360w, https:\/\/remembermefrance.org\/wp-content\/uploads\/IMG_6450.jpeg 640w\" sizes=\"(max-width: 375px) 100vw, 375px\" \/><\/a><figcaption class=\"wp-element-caption\">1 mars 2026<\/figcaption><\/figure>\n\n\n\n<figure class=\"wp-block-image size-large\"><a href=\"https:\/\/remembermefrance.org\/wp-content\/uploads\/IMG_6451.jpeg\"><img decoding=\"async\" width=\"375\" height=\"500\" data-id=\"99936\" src=\"https:\/\/remembermefrance.org\/wp-content\/uploads\/IMG_6451-375x500.jpeg\" alt=\"\" class=\"wp-image-99936\" srcset=\"https:\/\/remembermefrance.org\/wp-content\/uploads\/IMG_6451-375x500.jpeg 375w, https:\/\/remembermefrance.org\/wp-content\/uploads\/IMG_6451-225x300.jpeg 225w, https:\/\/remembermefrance.org\/wp-content\/uploads\/IMG_6451-9x12.jpeg 9w, https:\/\/remembermefrance.org\/wp-content\/uploads\/IMG_6451-360x480.jpeg 360w, https:\/\/remembermefrance.org\/wp-content\/uploads\/IMG_6451.jpeg 640w\" sizes=\"(max-width: 375px) 100vw, 375px\" \/><\/a><figcaption class=\"wp-element-caption\">1 mars 2026<\/figcaption><\/figure>\n\n\n\n<figure class=\"wp-block-image size-large\"><a href=\"https:\/\/remembermefrance.org\/wp-content\/uploads\/IMG_6452.jpeg\"><img decoding=\"async\" width=\"375\" height=\"500\" data-id=\"99935\" src=\"https:\/\/remembermefrance.org\/wp-content\/uploads\/IMG_6452-375x500.jpeg\" alt=\"\" class=\"wp-image-99935\" srcset=\"https:\/\/remembermefrance.org\/wp-content\/uploads\/IMG_6452-375x500.jpeg 375w, https:\/\/remembermefrance.org\/wp-content\/uploads\/IMG_6452-225x300.jpeg 225w, https:\/\/remembermefrance.org\/wp-content\/uploads\/IMG_6452-9x12.jpeg 9w, https:\/\/remembermefrance.org\/wp-content\/uploads\/IMG_6452-360x480.jpeg 360w, https:\/\/remembermefrance.org\/wp-content\/uploads\/IMG_6452.jpeg 640w\" sizes=\"(max-width: 375px) 100vw, 375px\" \/><\/a><figcaption class=\"wp-element-caption\">1 mars 2026<\/figcaption><\/figure>\n\n\n\n<figure class=\"wp-block-image size-large\"><a href=\"https:\/\/remembermefrance.org\/wp-content\/uploads\/IMG_6453.jpeg\"><img decoding=\"async\" data-id=\"99934\" src=\"https:\/\/remembermefrance.org\/wp-content\/uploads\/IMG_6453.jpeg\" alt=\"\" class=\"wp-image-99934\"\/><\/a><figcaption class=\"wp-element-caption\">1 mars 2026<\/figcaption><\/figure>\n\n\n\n<figure class=\"wp-block-image size-large\"><a href=\"https:\/\/remembermefrance.org\/wp-content\/uploads\/IMG_6159.jpeg\"><img decoding=\"async\" width=\"375\" height=\"500\" data-id=\"99363\" src=\"https:\/\/remembermefrance.org\/wp-content\/uploads\/IMG_6159-375x500.jpeg\" alt=\"\" class=\"wp-image-99363\" srcset=\"https:\/\/remembermefrance.org\/wp-content\/uploads\/IMG_6159-375x500.jpeg 375w, https:\/\/remembermefrance.org\/wp-content\/uploads\/IMG_6159-225x300.jpeg 225w, https:\/\/remembermefrance.org\/wp-content\/uploads\/IMG_6159-9x12.jpeg 9w, https:\/\/remembermefrance.org\/wp-content\/uploads\/IMG_6159-360x480.jpeg 360w, https:\/\/remembermefrance.org\/wp-content\/uploads\/IMG_6159.jpeg 640w\" sizes=\"(max-width: 375px) 100vw, 375px\" \/><\/a><figcaption class=\"wp-element-caption\">Shazam \u00e0 la fourri\u00e8re de Piatra Neamt &#8211; f\u00e9vrier 2026<\/figcaption><\/figure>\n\n\n\n<figure class=\"wp-block-image size-large\"><a href=\"https:\/\/remembermefrance.org\/wp-content\/uploads\/IMG_6158.jpeg\"><img decoding=\"async\" width=\"375\" height=\"500\" data-id=\"99362\" src=\"https:\/\/remembermefrance.org\/wp-content\/uploads\/IMG_6158-375x500.jpeg\" alt=\"\" class=\"wp-image-99362\" srcset=\"https:\/\/remembermefrance.org\/wp-content\/uploads\/IMG_6158-375x500.jpeg 375w, https:\/\/remembermefrance.org\/wp-content\/uploads\/IMG_6158-225x300.jpeg 225w, https:\/\/remembermefrance.org\/wp-content\/uploads\/IMG_6158-9x12.jpeg 9w, https:\/\/remembermefrance.org\/wp-content\/uploads\/IMG_6158-360x480.jpeg 360w, https:\/\/remembermefrance.org\/wp-content\/uploads\/IMG_6158.jpeg 640w\" sizes=\"(max-width: 375px) 100vw, 375px\" \/><\/a><figcaption class=\"wp-element-caption\">F\u00e9vrier 2026<\/figcaption><\/figure>\n\n\n\n<figure class=\"wp-block-image size-large\"><a href=\"https:\/\/remembermefrance.org\/wp-content\/uploads\/IMG_6157.jpeg\"><img decoding=\"async\" data-id=\"99361\" src=\"https:\/\/remembermefrance.org\/wp-content\/uploads\/IMG_6157-375x500.jpeg\" alt=\"\" class=\"wp-image-99361\"\/><\/a><figcaption class=\"wp-element-caption\">F\u00e9vrier 2026<\/figcaption><\/figure>\n<\/figure>\n\n\n\n<hr class=\"wp-block-separator has-css-opacity\"\/>\n\n\n\n<figure class=\"wp-block-embed is-type-video is-provider-youtube wp-block-embed-youtube wp-embed-aspect-16-9 wp-has-aspect-ratio\"><div class=\"wp-block-embed__wrapper\">\n<iframe title=\"SHAZAM - REMEMBER ME\" width=\"843\" height=\"474\" src=\"https:\/\/www.youtube.com\/embed\/cUYPaBofCOs?feature=oembed\" frameborder=\"0\" allow=\"accelerometer; autoplay; clipboard-write; encrypted-media; gyroscope; picture-in-picture; web-share\" referrerpolicy=\"strict-origin-when-cross-origin\" allowfullscreen><\/iframe>\n<\/div><figcaption class=\"wp-element-caption\">14 mars 2026 : <strong>Shazam<\/strong>&nbsp;est en urgence, il a une possible luxation d&rsquo;un os du carpe, il a une attelle mais il faudrait qu&rsquo;il voit un sp\u00e9cialiste au plus vite comme c&rsquo;est un chiot en pleine croissance, si c&rsquo;est mal soign\u00e9 il risque de payer toute sa vie<\/figcaption><\/figure>\n\n\n\n<figure class=\"wp-block-embed is-type-video is-provider-youtube wp-block-embed-youtube wp-embed-aspect-16-9 wp-has-aspect-ratio\"><div class=\"wp-block-embed__wrapper\">\n<iframe title=\"SHAZAM - BLUE (ex MIRACLE) et ISILDUR - REMEMBER ME\" width=\"843\" height=\"474\" src=\"https:\/\/www.youtube.com\/embed\/YiTpEtsT0Qc?feature=oembed\" frameborder=\"0\" allow=\"accelerometer; autoplay; clipboard-write; encrypted-media; gyroscope; picture-in-picture; web-share\" referrerpolicy=\"strict-origin-when-cross-origin\" allowfullscreen><\/iframe>\n<\/div><figcaption class=\"wp-element-caption\">28 mars 2026<\/figcaption><\/figure>","protected":false},"excerpt":{"rendered":"<p>M\u00e2le, n\u00e9 environ en novembre 2025<br \/>\nEn famille d\u2019accueil : dpt 01<\/p>","protected":false},"featured_media":99934,"template":"","breed":[32],"pet-color":[],"class_list":["post-99365","pets","type-pets","status-publish","has-post-thumbnail","hentry","breed-chiot-grand-a-lage-adulte"],"yoast_head":"<!-- This site is optimized with the Yoast SEO plugin v27.5 - https:\/\/yoast.com\/product\/yoast-seo-wordpress\/ -->\n<title>Shazam - Association RMF<\/title>\n<meta name=\"robots\" content=\"index, follow, max-snippet:-1, max-image-preview:large, max-video-preview:-1\" \/>\n<link rel=\"canonical\" href=\"https:\/\/remembermefrance.org\/en\/pets\/shazam\/\" \/>\n<meta property=\"og:locale\" content=\"en_GB\" \/>\n<meta property=\"og:type\" content=\"article\" \/>\n<meta property=\"og:title\" content=\"Shazam - Association RMF\" \/>\n<meta property=\"og:description\" content=\"M\u00e2le, n\u00e9 environ en novembre 2025 En famille d\u2019accueil : dpt 01\" \/>\n<meta property=\"og:url\" content=\"https:\/\/remembermefrance.org\/en\/pets\/shazam\/\" \/>\n<meta property=\"og:site_name\" content=\"Association RMF\" \/>\n<meta property=\"article:publisher\" content=\"https:\/\/www.facebook.com\/remembermefrance\" \/>\n<meta property=\"article:modified_time\" content=\"2026-04-26T10:24:17+00:00\" \/>\n<meta property=\"og:image\" content=\"https:\/\/remembermefrance.org\/wp-content\/uploads\/IMG_6453-e1772472879179.jpeg\" \/>\n\t<meta property=\"og:image:width\" content=\"360\" \/>\n\t<meta property=\"og:image:height\" content=\"360\" \/>\n\t<meta property=\"og:image:type\" content=\"image\/jpeg\" \/>\n<meta name=\"twitter:card\" content=\"summary_large_image\" \/>\n<meta name=\"twitter:label1\" content=\"Estimated reading time\" \/>\n\t<meta name=\"twitter:data1\" content=\"7 minutes\" \/>\n<script type=\"application\/ld+json\" class=\"yoast-schema-graph\">{\"@context\":\"https:\\\/\\\/schema.org\",\"@graph\":[{\"@type\":\"WebPage\",\"@id\":\"https:\\\/\\\/remembermefrance.org\\\/pets\\\/shazam\\\/\",\"url\":\"https:\\\/\\\/remembermefrance.org\\\/pets\\\/shazam\\\/\",\"name\":\"Shazam - Association RMF\",\"isPartOf\":{\"@id\":\"https:\\\/\\\/remembermefrance.org\\\/#website\"},\"primaryImageOfPage\":{\"@id\":\"https:\\\/\\\/remembermefrance.org\\\/pets\\\/shazam\\\/#primaryimage\"},\"image\":{\"@id\":\"https:\\\/\\\/remembermefrance.org\\\/pets\\\/shazam\\\/#primaryimage\"},\"thumbnailUrl\":\"https:\\\/\\\/remembermefrance.org\\\/wp-content\\\/uploads\\\/IMG_6453-e1772472879179.jpeg\",\"datePublished\":\"2026-02-23T22:01:50+00:00\",\"dateModified\":\"2026-04-26T10:24:17+00:00\",\"breadcrumb\":{\"@id\":\"https:\\\/\\\/remembermefrance.org\\\/pets\\\/shazam\\\/#breadcrumb\"},\"inLanguage\":\"en-GB\",\"potentialAction\":[{\"@type\":\"ReadAction\",\"target\":[\"https:\\\/\\\/remembermefrance.org\\\/pets\\\/shazam\\\/\"]}]},{\"@type\":\"ImageObject\",\"inLanguage\":\"en-GB\",\"@id\":\"https:\\\/\\\/remembermefrance.org\\\/pets\\\/shazam\\\/#primaryimage\",\"url\":\"https:\\\/\\\/remembermefrance.org\\\/wp-content\\\/uploads\\\/IMG_6453-e1772472879179.jpeg\",\"contentUrl\":\"https:\\\/\\\/remembermefrance.org\\\/wp-content\\\/uploads\\\/IMG_6453-e1772472879179.jpeg\",\"width\":360,\"height\":360},{\"@type\":\"BreadcrumbList\",\"@id\":\"https:\\\/\\\/remembermefrance.org\\\/pets\\\/shazam\\\/#breadcrumb\",\"itemListElement\":[{\"@type\":\"ListItem\",\"position\":1,\"name\":\"Accueil\",\"item\":\"https:\\\/\\\/remembermefrance.org\\\/\"},{\"@type\":\"ListItem\",\"position\":2,\"name\":\"Pets\",\"item\":\"https:\\\/\\\/remembermefrance.org\\\/pets\\\/\"},{\"@type\":\"ListItem\",\"position\":3,\"name\":\"Shazam\"}]},{\"@type\":\"WebSite\",\"@id\":\"https:\\\/\\\/remembermefrance.org\\\/#website\",\"url\":\"https:\\\/\\\/remembermefrance.org\\\/\",\"name\":\"Remember me France\",\"description\":\"Adopter un chien roumain\",\"publisher\":{\"@id\":\"https:\\\/\\\/remembermefrance.org\\\/#organization\"},\"potentialAction\":[{\"@type\":\"SearchAction\",\"target\":{\"@type\":\"EntryPoint\",\"urlTemplate\":\"https:\\\/\\\/remembermefrance.org\\\/?s={search_term_string}\"},\"query-input\":{\"@type\":\"PropertyValueSpecification\",\"valueRequired\":true,\"valueName\":\"search_term_string\"}}],\"inLanguage\":\"en-GB\"},{\"@type\":\"Organization\",\"@id\":\"https:\\\/\\\/remembermefrance.org\\\/#organization\",\"name\":\"Remember me\",\"url\":\"https:\\\/\\\/remembermefrance.org\\\/\",\"logo\":{\"@type\":\"ImageObject\",\"inLanguage\":\"en-GB\",\"@id\":\"https:\\\/\\\/remembermefrance.org\\\/#\\\/schema\\\/logo\\\/image\\\/\",\"url\":\"https:\\\/\\\/remembermefrance.org\\\/wp-content\\\/uploads\\\/logo-remember.png\",\"contentUrl\":\"https:\\\/\\\/remembermefrance.org\\\/wp-content\\\/uploads\\\/logo-remember.png\",\"width\":325,\"height\":60,\"caption\":\"Remember me\"},\"image\":{\"@id\":\"https:\\\/\\\/remembermefrance.org\\\/#\\\/schema\\\/logo\\\/image\\\/\"},\"sameAs\":[\"https:\\\/\\\/www.facebook.com\\\/remembermefrance\",\"https:\\\/\\\/www.instagram.com\\\/remembermefrance\\\/\"]}]}<\/script>\n<!-- \/ Yoast SEO plugin. -->","yoast_head_json":{"title":"Shazam - Association RMF","robots":{"index":"index","follow":"follow","max-snippet":"max-snippet:-1","max-image-preview":"max-image-preview:large","max-video-preview":"max-video-preview:-1"},"canonical":"https:\/\/remembermefrance.org\/en\/pets\/shazam\/","og_locale":"en_GB","og_type":"article","og_title":"Shazam - Association RMF","og_description":"M\u00e2le, n\u00e9 environ en novembre 2025 En famille d\u2019accueil : dpt 01","og_url":"https:\/\/remembermefrance.org\/en\/pets\/shazam\/","og_site_name":"Association RMF","article_publisher":"https:\/\/www.facebook.com\/remembermefrance","article_modified_time":"2026-04-26T10:24:17+00:00","og_image":[{"width":360,"height":360,"url":"https:\/\/remembermefrance.org\/wp-content\/uploads\/IMG_6453-e1772472879179.jpeg","type":"image\/jpeg"}],"twitter_card":"summary_large_image","twitter_misc":{"Estimated reading time":"7 minutes"},"schema":{"@context":"https:\/\/schema.org","@graph":[{"@type":"WebPage","@id":"https:\/\/remembermefrance.org\/pets\/shazam\/","url":"https:\/\/remembermefrance.org\/pets\/shazam\/","name":"Shazam - Association RMF","isPartOf":{"@id":"https:\/\/remembermefrance.org\/#website"},"primaryImageOfPage":{"@id":"https:\/\/remembermefrance.org\/pets\/shazam\/#primaryimage"},"image":{"@id":"https:\/\/remembermefrance.org\/pets\/shazam\/#primaryimage"},"thumbnailUrl":"https:\/\/remembermefrance.org\/wp-content\/uploads\/IMG_6453-e1772472879179.jpeg","datePublished":"2026-02-23T22:01:50+00:00","dateModified":"2026-04-26T10:24:17+00:00","breadcrumb":{"@id":"https:\/\/remembermefrance.org\/pets\/shazam\/#breadcrumb"},"inLanguage":"en-GB","potentialAction":[{"@type":"ReadAction","target":["https:\/\/remembermefrance.org\/pets\/shazam\/"]}]},{"@type":"ImageObject","inLanguage":"en-GB","@id":"https:\/\/remembermefrance.org\/pets\/shazam\/#primaryimage","url":"https:\/\/remembermefrance.org\/wp-content\/uploads\/IMG_6453-e1772472879179.jpeg","contentUrl":"https:\/\/remembermefrance.org\/wp-content\/uploads\/IMG_6453-e1772472879179.jpeg","width":360,"height":360},{"@type":"BreadcrumbList","@id":"https:\/\/remembermefrance.org\/pets\/shazam\/#breadcrumb","itemListElement":[{"@type":"ListItem","position":1,"name":"Accueil","item":"https:\/\/remembermefrance.org\/"},{"@type":"ListItem","position":2,"name":"Pets","item":"https:\/\/remembermefrance.org\/pets\/"},{"@type":"ListItem","position":3,"name":"Shazam"}]},{"@type":"WebSite","@id":"https:\/\/remembermefrance.org\/#website","url":"https:\/\/remembermefrance.org\/","name":"Remember me France","description":"Adopt a Romanian dog","publisher":{"@id":"https:\/\/remembermefrance.org\/#organization"},"potentialAction":[{"@type":"SearchAction","target":{"@type":"EntryPoint","urlTemplate":"https:\/\/remembermefrance.org\/?s={search_term_string}"},"query-input":{"@type":"PropertyValueSpecification","valueRequired":true,"valueName":"search_term_string"}}],"inLanguage":"en-GB"},{"@type":"Organization","@id":"https:\/\/remembermefrance.org\/#organization","name":"Remember me","url":"https:\/\/remembermefrance.org\/","logo":{"@type":"ImageObject","inLanguage":"en-GB","@id":"https:\/\/remembermefrance.org\/#\/schema\/logo\/image\/","url":"https:\/\/remembermefrance.org\/wp-content\/uploads\/logo-remember.png","contentUrl":"https:\/\/remembermefrance.org\/wp-content\/uploads\/logo-remember.png","width":325,"height":60,"caption":"Remember me"},"image":{"@id":"https:\/\/remembermefrance.org\/#\/schema\/logo\/image\/"},"sameAs":["https:\/\/www.facebook.com\/remembermefrance","https:\/\/www.instagram.com\/remembermefrance\/"]}]}},"_links":{"self":[{"href":"https:\/\/remembermefrance.org\/en\/wp-json\/wp\/v2\/pets\/99365","targetHints":{"allow":["GET"]}}],"collection":[{"href":"https:\/\/remembermefrance.org\/en\/wp-json\/wp\/v2\/pets"}],"about":[{"href":"https:\/\/remembermefrance.org\/en\/wp-json\/wp\/v2\/types\/pets"}],"wp:featuredmedia":[{"embeddable":true,"href":"https:\/\/remembermefrance.org\/en\/wp-json\/wp\/v2\/media\/99934"}],"wp:attachment":[{"href":"https:\/\/remembermefrance.org\/en\/wp-json\/wp\/v2\/media?parent=99365"}],"wp:term":[{"taxonomy":"breed","embeddable":true,"href":"https:\/\/remembermefrance.org\/en\/wp-json\/wp\/v2\/breed?post=99365"},{"taxonomy":"pet-color","embeddable":true,"href":"https:\/\/remembermefrance.org\/en\/wp-json\/wp\/v2\/pet-color?post=99365"}],"curies":[{"name":"wp","href":"https:\/\/api.w.org\/{rel}","templated":true}]}}