{"id":99491,"date":"2026-02-25T12:30:43","date_gmt":"2026-02-25T11:30:43","guid":{"rendered":"https:\/\/remembermefrance.org\/?post_type=pets&#038;p=99491"},"modified":"2026-04-20T18:53:41","modified_gmt":"2026-04-20T16:53:41","slug":"sarabi","status":"publish","type":"pets","link":"https:\/\/remembermefrance.org\/en\/pets\/sarabi\/","title":{"rendered":"Sarabi"},"content":{"rendered":"<p><strong>Sarabi n&rsquo;est pas encore parrain\u00e9e.<\/strong> <strong>If you would like to sponsor one of our animals, <a href=\"https:\/\/remembermefrance.org\/index.php\/agir\/parrainer\/\">click here<\/a>.<\/strong><\/p>\n\n\n\n<p class=\"has-text-align-left\"><strong>Age:<\/strong> : born in February 2020 (estimation)<br><strong>Breed<\/strong> : crois\u00e9e &#8211; type berger allemand <br><strong>Size:<\/strong>&nbsp;moyenne (20kg en f\u00e9vrier 2026)<br><br><strong>Neutered\/spayed<\/strong> : yes<br><strong>Vaccinated<\/strong> : yes<br><strong>Chipped<\/strong> : yes<\/p>\n\n\n\n<p><strong>Arrived at Remember Me Land<\/strong> : f\u00e9vrier 2026<\/p>\n\n\n\n<p class=\"has-text-align-left\"><strong>Good with<\/strong> : ok with dogs <\/p>\n\n\n\n<p class=\"has-text-align-left\">Cohabite avec les chiens de son box\/enclos (cela ne veut pas dire qu&rsquo;elle s\u2019entendra obligatoirement avec tous les canid\u00e9s ; chaque animal a ses t\u00eates et ses affinit\u00e9s). Ne pourra pas \u00eatre plac\u00e9e dans un foyer avec des enfants en bas-\u00e2ge. N\u2019\u00e9tant pas manipulable pour le moment, il nous est impossible d\u2019effectuer un test chat s\u00e9curitaire pour le f\u00e9lin.<\/p>\n\n\n\n<p><strong>Character<\/strong> : craintive \u00e0 son arriv\u00e9e (f\u00e9vrier 2026)<\/p>\n\n\n\n<p><strong>History<\/strong> : attrap\u00e9e par les dogcatchers de Pascani <\/p>\n\n\n\n<p>Pour suivre son \u00e9volution : <a href=\"https:\/\/remembermefrance.forumactif.org\/t26273-sarabi-femelle-type-berger-allemand-de-taille-moyenne-nee-environ-en-fevrier-2020-remember-me-land?highlight=Sarabi\">voir sur le forum<\/a><\/p>\n\n\n\n<p><strong>Frais d&rsquo;adoption<\/strong> : 300 \u20ac <br><a href=\"https:\/\/remembermefrance.org\/index.php\/adopter\/procedure-dadoption#lesfrais\">Click here<\/a> pour plus d&rsquo;infos sur les frais<\/p>\n\n\n<div class=\"wp-block-button button1\"><a class=\"wp-block-button__link\" href=\"https:\/\/remembermefrance.org\/wp-content\/uploads\/formulaire_rmf.docx\">T\u00e9l\u00e9chargez le formulaire d&rsquo;adoption<\/a><\/div>\n\n\n<hr class=\"wp-block-separator has-css-opacity\"\/>\n\n\n\n<figure class=\"wp-block-gallery has-nested-images columns-default is-cropped wp-block-gallery-1 is-layout-flex wp-block-gallery-is-layout-flex\">\n<figure class=\"wp-block-image size-large\"><a href=\"https:\/\/remembermefrance.org\/wp-content\/uploads\/IMG_8154.jpeg\"><img decoding=\"async\" data-id=\"103032\" src=\"https:\/\/remembermefrance.org\/wp-content\/uploads\/IMG_8154-375x500.jpeg\" alt=\"\" class=\"wp-image-103032\"\/><\/a><figcaption class=\"wp-element-caption\">19 avril 2026<\/figcaption><\/figure>\n\n\n\n<figure class=\"wp-block-image size-large\"><a href=\"https:\/\/remembermefrance.org\/wp-content\/uploads\/IMG_8153.jpeg\"><img decoding=\"async\" width=\"375\" height=\"500\" data-id=\"103033\" src=\"https:\/\/remembermefrance.org\/wp-content\/uploads\/IMG_8153-375x500.jpeg\" alt=\"\" class=\"wp-image-103033\" srcset=\"https:\/\/remembermefrance.org\/wp-content\/uploads\/IMG_8153-375x500.jpeg 375w, https:\/\/remembermefrance.org\/wp-content\/uploads\/IMG_8153-225x300.jpeg 225w, https:\/\/remembermefrance.org\/wp-content\/uploads\/IMG_8153-9x12.jpeg 9w, https:\/\/remembermefrance.org\/wp-content\/uploads\/IMG_8153-360x480.jpeg 360w, https:\/\/remembermefrance.org\/wp-content\/uploads\/IMG_8153.jpeg 640w\" sizes=\"(max-width: 375px) 100vw, 375px\" \/><\/a><figcaption class=\"wp-element-caption\">19 avril 2026<\/figcaption><\/figure>\n\n\n\n<figure class=\"wp-block-image size-large\"><a href=\"https:\/\/remembermefrance.org\/wp-content\/uploads\/IMG_8152.jpeg\"><img decoding=\"async\" width=\"375\" height=\"500\" data-id=\"103034\" src=\"https:\/\/remembermefrance.org\/wp-content\/uploads\/IMG_8152-375x500.jpeg\" alt=\"\" class=\"wp-image-103034\" srcset=\"https:\/\/remembermefrance.org\/wp-content\/uploads\/IMG_8152-375x500.jpeg 375w, https:\/\/remembermefrance.org\/wp-content\/uploads\/IMG_8152-225x300.jpeg 225w, https:\/\/remembermefrance.org\/wp-content\/uploads\/IMG_8152-9x12.jpeg 9w, https:\/\/remembermefrance.org\/wp-content\/uploads\/IMG_8152-360x480.jpeg 360w, https:\/\/remembermefrance.org\/wp-content\/uploads\/IMG_8152.jpeg 640w\" sizes=\"(max-width: 375px) 100vw, 375px\" \/><\/a><figcaption class=\"wp-element-caption\">19 avril 2026<\/figcaption><\/figure>\n\n\n\n<figure class=\"wp-block-image size-large\"><a href=\"https:\/\/remembermefrance.org\/wp-content\/uploads\/IMG_8150.jpeg\"><img decoding=\"async\" width=\"360\" height=\"480\" data-id=\"103035\" src=\"https:\/\/remembermefrance.org\/wp-content\/uploads\/IMG_8150.jpeg\" alt=\"\" class=\"wp-image-103035\" srcset=\"https:\/\/remembermefrance.org\/wp-content\/uploads\/IMG_8150.jpeg 360w, https:\/\/remembermefrance.org\/wp-content\/uploads\/IMG_8150-225x300.jpeg 225w, https:\/\/remembermefrance.org\/wp-content\/uploads\/IMG_8150-9x12.jpeg 9w\" sizes=\"(max-width: 360px) 100vw, 360px\" \/><\/a><figcaption class=\"wp-element-caption\">19 avril 2026<\/figcaption><\/figure>\n\n\n\n<figure class=\"wp-block-image size-large\"><a href=\"https:\/\/remembermefrance.org\/wp-content\/uploads\/IMG_8148.jpeg\"><img decoding=\"async\" width=\"375\" height=\"500\" data-id=\"103036\" src=\"https:\/\/remembermefrance.org\/wp-content\/uploads\/IMG_8148-375x500.jpeg\" alt=\"\" class=\"wp-image-103036\" srcset=\"https:\/\/remembermefrance.org\/wp-content\/uploads\/IMG_8148-375x500.jpeg 375w, https:\/\/remembermefrance.org\/wp-content\/uploads\/IMG_8148-225x300.jpeg 225w, https:\/\/remembermefrance.org\/wp-content\/uploads\/IMG_8148-9x12.jpeg 9w, https:\/\/remembermefrance.org\/wp-content\/uploads\/IMG_8148-360x480.jpeg 360w, https:\/\/remembermefrance.org\/wp-content\/uploads\/IMG_8148.jpeg 640w\" sizes=\"(max-width: 375px) 100vw, 375px\" \/><\/a><figcaption class=\"wp-element-caption\">19 avril 2026<\/figcaption><\/figure>\n\n\n\n<figure class=\"wp-block-image size-large\"><a href=\"https:\/\/remembermefrance.org\/wp-content\/uploads\/IMG_8145.jpeg\"><img decoding=\"async\" width=\"375\" height=\"500\" data-id=\"103037\" src=\"https:\/\/remembermefrance.org\/wp-content\/uploads\/IMG_8145-375x500.jpeg\" alt=\"\" class=\"wp-image-103037\" srcset=\"https:\/\/remembermefrance.org\/wp-content\/uploads\/IMG_8145-375x500.jpeg 375w, https:\/\/remembermefrance.org\/wp-content\/uploads\/IMG_8145-225x300.jpeg 225w, https:\/\/remembermefrance.org\/wp-content\/uploads\/IMG_8145-9x12.jpeg 9w, https:\/\/remembermefrance.org\/wp-content\/uploads\/IMG_8145-360x480.jpeg 360w, https:\/\/remembermefrance.org\/wp-content\/uploads\/IMG_8145.jpeg 640w\" sizes=\"(max-width: 375px) 100vw, 375px\" \/><\/a><figcaption class=\"wp-element-caption\">19 avril 2026<\/figcaption><\/figure>\n\n\n\n<figure class=\"wp-block-image size-large\"><a href=\"https:\/\/remembermefrance.org\/wp-content\/uploads\/IMG_6191.jpeg\"><img decoding=\"async\" width=\"375\" height=\"500\" data-id=\"99490\" src=\"https:\/\/remembermefrance.org\/wp-content\/uploads\/IMG_6191-375x500.jpeg\" alt=\"\" class=\"wp-image-99490\"\/><\/a><figcaption class=\"wp-element-caption\">F\u00e9vrier 2026<\/figcaption><\/figure>\n<\/figure>\n\n\n\n<hr class=\"wp-block-separator has-css-opacity\"\/>","protected":false},"excerpt":{"rendered":"<p>Female, born in February 2020<br \/>\nAu refuge depuis f\u00e9vrier 2026<\/p>","protected":false},"featured_media":103032,"template":"","breed":[27],"pet-color":[],"class_list":["post-99491","pets","type-pets","status-publish","has-post-thumbnail","hentry","breed-adulte-moyen"],"yoast_head":"<!-- This site is optimized with the Yoast SEO plugin v27.5 - https:\/\/yoast.com\/product\/yoast-seo-wordpress\/ -->\n<title>Sarabi - Association RMF<\/title>\n<meta name=\"robots\" content=\"index, follow, max-snippet:-1, max-image-preview:large, max-video-preview:-1\" \/>\n<link rel=\"canonical\" href=\"https:\/\/remembermefrance.org\/en\/pets\/sarabi\/\" \/>\n<meta property=\"og:locale\" content=\"en_GB\" \/>\n<meta property=\"og:type\" content=\"article\" \/>\n<meta property=\"og:title\" content=\"Sarabi - Association RMF\" \/>\n<meta property=\"og:description\" content=\"Femelle, n\u00e9e environ en f\u00e9vrier 2020 Au refuge depuis f\u00e9vrier 2026\" \/>\n<meta property=\"og:url\" content=\"https:\/\/remembermefrance.org\/en\/pets\/sarabi\/\" \/>\n<meta property=\"og:site_name\" content=\"Association RMF\" \/>\n<meta property=\"article:publisher\" content=\"https:\/\/www.facebook.com\/remembermefrance\" \/>\n<meta property=\"article:modified_time\" content=\"2026-04-20T16:53:41+00:00\" \/>\n<meta property=\"og:image\" content=\"https:\/\/remembermefrance.org\/wp-content\/uploads\/IMG_8154-e1776704019588.jpeg\" \/>\n\t<meta property=\"og:image:width\" content=\"640\" \/>\n\t<meta property=\"og:image:height\" content=\"640\" \/>\n\t<meta property=\"og:image:type\" content=\"image\/jpeg\" \/>\n<meta name=\"twitter:card\" content=\"summary_large_image\" \/>\n<meta name=\"twitter:label1\" content=\"Estimated reading time\" \/>\n\t<meta name=\"twitter:data1\" content=\"3 minutes\" \/>\n<script type=\"application\/ld+json\" class=\"yoast-schema-graph\">{\"@context\":\"https:\\\/\\\/schema.org\",\"@graph\":[{\"@type\":\"WebPage\",\"@id\":\"https:\\\/\\\/remembermefrance.org\\\/pets\\\/sarabi\\\/\",\"url\":\"https:\\\/\\\/remembermefrance.org\\\/pets\\\/sarabi\\\/\",\"name\":\"Sarabi - Association RMF\",\"isPartOf\":{\"@id\":\"https:\\\/\\\/remembermefrance.org\\\/#website\"},\"primaryImageOfPage\":{\"@id\":\"https:\\\/\\\/remembermefrance.org\\\/pets\\\/sarabi\\\/#primaryimage\"},\"image\":{\"@id\":\"https:\\\/\\\/remembermefrance.org\\\/pets\\\/sarabi\\\/#primaryimage\"},\"thumbnailUrl\":\"https:\\\/\\\/remembermefrance.org\\\/wp-content\\\/uploads\\\/IMG_8154-e1776704019588.jpeg\",\"datePublished\":\"2026-02-25T11:30:43+00:00\",\"dateModified\":\"2026-04-20T16:53:41+00:00\",\"breadcrumb\":{\"@id\":\"https:\\\/\\\/remembermefrance.org\\\/pets\\\/sarabi\\\/#breadcrumb\"},\"inLanguage\":\"en-GB\",\"potentialAction\":[{\"@type\":\"ReadAction\",\"target\":[\"https:\\\/\\\/remembermefrance.org\\\/pets\\\/sarabi\\\/\"]}]},{\"@type\":\"ImageObject\",\"inLanguage\":\"en-GB\",\"@id\":\"https:\\\/\\\/remembermefrance.org\\\/pets\\\/sarabi\\\/#primaryimage\",\"url\":\"https:\\\/\\\/remembermefrance.org\\\/wp-content\\\/uploads\\\/IMG_8154-e1776704019588.jpeg\",\"contentUrl\":\"https:\\\/\\\/remembermefrance.org\\\/wp-content\\\/uploads\\\/IMG_8154-e1776704019588.jpeg\",\"width\":640,\"height\":640},{\"@type\":\"BreadcrumbList\",\"@id\":\"https:\\\/\\\/remembermefrance.org\\\/pets\\\/sarabi\\\/#breadcrumb\",\"itemListElement\":[{\"@type\":\"ListItem\",\"position\":1,\"name\":\"Accueil\",\"item\":\"https:\\\/\\\/remembermefrance.org\\\/\"},{\"@type\":\"ListItem\",\"position\":2,\"name\":\"Pets\",\"item\":\"https:\\\/\\\/remembermefrance.org\\\/pets\\\/\"},{\"@type\":\"ListItem\",\"position\":3,\"name\":\"Sarabi\"}]},{\"@type\":\"WebSite\",\"@id\":\"https:\\\/\\\/remembermefrance.org\\\/#website\",\"url\":\"https:\\\/\\\/remembermefrance.org\\\/\",\"name\":\"Remember me France\",\"description\":\"Adopter un chien roumain\",\"publisher\":{\"@id\":\"https:\\\/\\\/remembermefrance.org\\\/#organization\"},\"potentialAction\":[{\"@type\":\"SearchAction\",\"target\":{\"@type\":\"EntryPoint\",\"urlTemplate\":\"https:\\\/\\\/remembermefrance.org\\\/?s={search_term_string}\"},\"query-input\":{\"@type\":\"PropertyValueSpecification\",\"valueRequired\":true,\"valueName\":\"search_term_string\"}}],\"inLanguage\":\"en-GB\"},{\"@type\":\"Organization\",\"@id\":\"https:\\\/\\\/remembermefrance.org\\\/#organization\",\"name\":\"Remember me\",\"url\":\"https:\\\/\\\/remembermefrance.org\\\/\",\"logo\":{\"@type\":\"ImageObject\",\"inLanguage\":\"en-GB\",\"@id\":\"https:\\\/\\\/remembermefrance.org\\\/#\\\/schema\\\/logo\\\/image\\\/\",\"url\":\"https:\\\/\\\/remembermefrance.org\\\/wp-content\\\/uploads\\\/logo-remember.png\",\"contentUrl\":\"https:\\\/\\\/remembermefrance.org\\\/wp-content\\\/uploads\\\/logo-remember.png\",\"width\":325,\"height\":60,\"caption\":\"Remember me\"},\"image\":{\"@id\":\"https:\\\/\\\/remembermefrance.org\\\/#\\\/schema\\\/logo\\\/image\\\/\"},\"sameAs\":[\"https:\\\/\\\/www.facebook.com\\\/remembermefrance\",\"https:\\\/\\\/www.instagram.com\\\/remembermefrance\\\/\"]}]}<\/script>\n<!-- \/ Yoast SEO plugin. -->","yoast_head_json":{"title":"Sarabi - Association RMF","robots":{"index":"index","follow":"follow","max-snippet":"max-snippet:-1","max-image-preview":"max-image-preview:large","max-video-preview":"max-video-preview:-1"},"canonical":"https:\/\/remembermefrance.org\/en\/pets\/sarabi\/","og_locale":"en_GB","og_type":"article","og_title":"Sarabi - Association RMF","og_description":"Femelle, n\u00e9e environ en f\u00e9vrier 2020 Au refuge depuis f\u00e9vrier 2026","og_url":"https:\/\/remembermefrance.org\/en\/pets\/sarabi\/","og_site_name":"Association RMF","article_publisher":"https:\/\/www.facebook.com\/remembermefrance","article_modified_time":"2026-04-20T16:53:41+00:00","og_image":[{"width":640,"height":640,"url":"https:\/\/remembermefrance.org\/wp-content\/uploads\/IMG_8154-e1776704019588.jpeg","type":"image\/jpeg"}],"twitter_card":"summary_large_image","twitter_misc":{"Estimated reading time":"3 minutes"},"schema":{"@context":"https:\/\/schema.org","@graph":[{"@type":"WebPage","@id":"https:\/\/remembermefrance.org\/pets\/sarabi\/","url":"https:\/\/remembermefrance.org\/pets\/sarabi\/","name":"Sarabi - Association RMF","isPartOf":{"@id":"https:\/\/remembermefrance.org\/#website"},"primaryImageOfPage":{"@id":"https:\/\/remembermefrance.org\/pets\/sarabi\/#primaryimage"},"image":{"@id":"https:\/\/remembermefrance.org\/pets\/sarabi\/#primaryimage"},"thumbnailUrl":"https:\/\/remembermefrance.org\/wp-content\/uploads\/IMG_8154-e1776704019588.jpeg","datePublished":"2026-02-25T11:30:43+00:00","dateModified":"2026-04-20T16:53:41+00:00","breadcrumb":{"@id":"https:\/\/remembermefrance.org\/pets\/sarabi\/#breadcrumb"},"inLanguage":"en-GB","potentialAction":[{"@type":"ReadAction","target":["https:\/\/remembermefrance.org\/pets\/sarabi\/"]}]},{"@type":"ImageObject","inLanguage":"en-GB","@id":"https:\/\/remembermefrance.org\/pets\/sarabi\/#primaryimage","url":"https:\/\/remembermefrance.org\/wp-content\/uploads\/IMG_8154-e1776704019588.jpeg","contentUrl":"https:\/\/remembermefrance.org\/wp-content\/uploads\/IMG_8154-e1776704019588.jpeg","width":640,"height":640},{"@type":"BreadcrumbList","@id":"https:\/\/remembermefrance.org\/pets\/sarabi\/#breadcrumb","itemListElement":[{"@type":"ListItem","position":1,"name":"Accueil","item":"https:\/\/remembermefrance.org\/"},{"@type":"ListItem","position":2,"name":"Pets","item":"https:\/\/remembermefrance.org\/pets\/"},{"@type":"ListItem","position":3,"name":"Sarabi"}]},{"@type":"WebSite","@id":"https:\/\/remembermefrance.org\/#website","url":"https:\/\/remembermefrance.org\/","name":"Remember me France","description":"Adopt a Romanian dog","publisher":{"@id":"https:\/\/remembermefrance.org\/#organization"},"potentialAction":[{"@type":"SearchAction","target":{"@type":"EntryPoint","urlTemplate":"https:\/\/remembermefrance.org\/?s={search_term_string}"},"query-input":{"@type":"PropertyValueSpecification","valueRequired":true,"valueName":"search_term_string"}}],"inLanguage":"en-GB"},{"@type":"Organization","@id":"https:\/\/remembermefrance.org\/#organization","name":"Remember me","url":"https:\/\/remembermefrance.org\/","logo":{"@type":"ImageObject","inLanguage":"en-GB","@id":"https:\/\/remembermefrance.org\/#\/schema\/logo\/image\/","url":"https:\/\/remembermefrance.org\/wp-content\/uploads\/logo-remember.png","contentUrl":"https:\/\/remembermefrance.org\/wp-content\/uploads\/logo-remember.png","width":325,"height":60,"caption":"Remember me"},"image":{"@id":"https:\/\/remembermefrance.org\/#\/schema\/logo\/image\/"},"sameAs":["https:\/\/www.facebook.com\/remembermefrance","https:\/\/www.instagram.com\/remembermefrance\/"]}]}},"_links":{"self":[{"href":"https:\/\/remembermefrance.org\/en\/wp-json\/wp\/v2\/pets\/99491","targetHints":{"allow":["GET"]}}],"collection":[{"href":"https:\/\/remembermefrance.org\/en\/wp-json\/wp\/v2\/pets"}],"about":[{"href":"https:\/\/remembermefrance.org\/en\/wp-json\/wp\/v2\/types\/pets"}],"wp:featuredmedia":[{"embeddable":true,"href":"https:\/\/remembermefrance.org\/en\/wp-json\/wp\/v2\/media\/103032"}],"wp:attachment":[{"href":"https:\/\/remembermefrance.org\/en\/wp-json\/wp\/v2\/media?parent=99491"}],"wp:term":[{"taxonomy":"breed","embeddable":true,"href":"https:\/\/remembermefrance.org\/en\/wp-json\/wp\/v2\/breed?post=99491"},{"taxonomy":"pet-color","embeddable":true,"href":"https:\/\/remembermefrance.org\/en\/wp-json\/wp\/v2\/pet-color?post=99491"}],"curies":[{"name":"wp","href":"https:\/\/api.w.org\/{rel}","templated":true}]}}